{"id":19,"date":"2014-01-28T17:02:57","date_gmt":"2014-01-28T17:02:57","guid":{"rendered":"https:\/\/outsiderland.com\/modele-mairie\/?page_id=19"},"modified":"2020-05-26T13:28:32","modified_gmt":"2020-05-26T13:28:32","slug":"le-patrimoine-bati","status":"publish","type":"page","link":"https:\/\/outsiderland.com\/paulhac\/?page_id=19","title":{"rendered":"Histoire et patrimoine"},"content":{"rendered":"\n<p class=\"has-medium-font-size\"><strong>Br\u00e8ve histoire de la commune<\/strong><\/p>\n\n\n<p>Vous pouvez consulter sur le site de <a href=\"http:\/\/www.geoportail.gouv.fr\/accueil\" target=\"_blank\" rel=\"noopener noreferrer\">geoportail<\/a> La <a href=\"https:\/\/fr.wikipedia.org\/wiki\/Carte_de_Cassini\" target=\"_blank\" rel=\"noopener noreferrer\">carte de(s) Cassini<\/a>, qui date du XVIII\u00e8me si\u00e8cle, premier relev\u00e9 fond\u00e9 sur la triangulation g\u00e9od\u00e9sique du territoire :<\/p>\n<p><iframe loading=\"lazy\" src=\"http:\/\/www.geoportail.gouv.fr\/embed\/visu.html?c=2.8873613078395857,45.0008549618651&amp;z=0.00017166137695937169&amp;l=GEOGRAPHICALGRIDSYSTEMS.CASSINI::GEOPORTAIL:OGC:WMTS(1)&amp;permalink=yes\" width=\"600\" height=\"400\" frameborder=\"0\" marginwidth=\"0\" marginheight=\"0\" scrolling=\"no\" allowfullscreen=\"allowfullscreen\"><\/iframe><\/p>\n<p>On se reportera pour des informations d\u00e9taill\u00e9es au \u00ab\u00a0Livre de la Paroisse de Paulhac\u00a0\u00bb publi\u00e9 en 1889 par le chanoine Pautard et \u00e0 l&rsquo;ouvrage de Pascale, Genevi\u00e8ve et Guy Lanoizelet, \u00ab\u00a0Il \u00e9tait une fois Paulhac\u00a0\u00bb, publi\u00e9 en 1996, livre qui fournit de nombreuses copies de documents d&rsquo;archives.<\/p>\n<p>Le pays de Paulhac conserve des traces importantes de culture m\u00e9galithique, comme sur toute la Plan\u00e8ze de Saint Flour, qui t\u00e9moignent d&rsquo;une occupation humaine continue depuis la pr\u00e9histoire. La premi\u00e8re mention \u00ab\u00a0officielle\u00a0\u00bb d&rsquo;une seigneurie concerne la \u00ab\u00a0<em>villa salex<\/em>\u00a0\u00bb (situ\u00e9e \u00e0 l&#8217;emplacement du village de La Salesse) en 923. La plupart des villages de la commune \u00e9taient au Moyen-\u00c2ge li\u00e9 \u00e0 une seigneurie dont les plus\u00a0 notables \u00e9taient celles de Paulhac, de Bressanges, du Jarry et de B\u00e9linay.<\/p>\n<p>La population de Paulhac a beaucoup vari\u00e9 dans l&rsquo;histoire, marqu\u00e9e comme toutes les communes fran\u00e7aises par les guerres, les \u00e9pid\u00e9mies, et les exodes. On \u00e9value toutefois \u00e0 environ 2000 le nombre d&rsquo;habitants au XVII\u00e8 si\u00e8cle, et le premier recensement, en 1790, confirme ce chiffre (1904 habitants). En 1831, la commune compte encore 1832 \u00e2mes, chiffre qui ne va pas cesser de d\u00e9cro\u00eetre jusqu&rsquo;\u00e0 nos jours.<\/p>\n<p>Cette dynamique d\u00e9mographique des si\u00e8cles pass\u00e9es a laiss\u00e9 de nombreuses traces patrimoniales dont nous vous donnons un aper\u00e7u ci-apr\u00e8s :<\/p>\n<p>\u00a0<\/p>\n\n\n<hr class=\"wp-block-separator\"\/>\n\n\n\n<p class=\"has-medium-font-size\"><strong>Le ch\u00e2teau de B\u00e9linay<\/strong><\/p>\n\n\n\n<p> Un tr\u00e8s bel \u00e9difice, dont certains \u00e9l\u00e9ments datent du XIV\u00e8me si\u00e8cle, qui se pose \u00e0 l&rsquo;entr\u00e9e de la haute vall\u00e9e de l&rsquo;\u00c9pie. B\u00e9linay \u00e9tait autrefois une seigneurie, appartenant \u00e0 la maison de Lastic.<br>  <br> La chapelle, de style n\u00e9ogothique, est plus r\u00e9cente (b\u00e9nie en 1885) et accueille aujourd&rsquo;hui des expositions et des animations.<br>  <br> (voir : Chanoine Pautard, <em>Le livre de paroisse de Paulhac<\/em>, 1889, p.27-30) <br><\/p>\n\n\n\n<figure class=\"wp-block-image\"><a href=\"https:\/\/outsiderland.com\/paulhac\/wp-content\/uploads\/2014\/01\/RIMG4439.jpg\"><img decoding=\"async\" loading=\"lazy\" width=\"500\" height=\"376\" src=\"https:\/\/outsiderland.com\/paulhac\/wp-content\/uploads\/2014\/01\/RIMG4439-500x376.jpg\" alt=\"ch\u00e2teau et chapelle de B\u00e9linay\" class=\"wp-image-1102\" srcset=\"https:\/\/outsiderland.com\/paulhac\/wp-content\/uploads\/2014\/01\/RIMG4439-500x376.jpg 500w, https:\/\/outsiderland.com\/paulhac\/wp-content\/uploads\/2014\/01\/RIMG4439-1024x769.jpg 1024w, https:\/\/outsiderland.com\/paulhac\/wp-content\/uploads\/2014\/01\/RIMG4439-200x150.jpg 200w, https:\/\/outsiderland.com\/paulhac\/wp-content\/uploads\/2014\/01\/RIMG4439-150x113.jpg 150w\" sizes=\"(max-width: 500px) 100vw, 500px\" \/><\/a><figcaption><br><\/figcaption><\/figure>\n\n\n\n<figure class=\"wp-block-image is-resized\"><a href=\"https:\/\/outsiderland.com\/paulhac\/wp-content\/uploads\/2015\/09\/chateau-de-belinay.jpg\"><img decoding=\"async\" loading=\"lazy\" src=\"https:\/\/outsiderland.com\/paulhac\/wp-content\/uploads\/2015\/09\/chateau-de-belinay-500x500.jpg\" alt=\"chateau-de-belinay\" class=\"wp-image-1151\" width=\"499\" height=\"499\" srcset=\"https:\/\/outsiderland.com\/paulhac\/wp-content\/uploads\/2015\/09\/chateau-de-belinay-500x500.jpg 500w, https:\/\/outsiderland.com\/paulhac\/wp-content\/uploads\/2015\/09\/chateau-de-belinay-200x200.jpg 200w, https:\/\/outsiderland.com\/paulhac\/wp-content\/uploads\/2015\/09\/chateau-de-belinay-1024x1024.jpg 1024w, https:\/\/outsiderland.com\/paulhac\/wp-content\/uploads\/2015\/09\/chateau-de-belinay-150x150.jpg 150w\" sizes=\"(max-width: 499px) 100vw, 499px\" \/><\/a><figcaption><br><\/figcaption><\/figure>\n\n\n\n<hr class=\"wp-block-separator\"\/>\n\n\n\n<p class=\"has-medium-font-size\"><strong>La grangette de B\u00e9linay<\/strong><\/p>\n\n\n\n<p>Grange restaur\u00e9e en face du ch\u00e2teau de l\u2019autre c\u00f4t\u00e9 de la vall\u00e9e sous le bois.<br><br><\/p>\n\n\n\n<hr class=\"wp-block-separator\"\/>\n\n\n\n<p class=\"has-medium-font-size\"><strong>L&rsquo;oratoire de la Chaumette<\/strong><\/p>\n\n\n\n<p>Oratoire ma\u00e7onn\u00e9 avec une niche ferm\u00e9e par un grillage, une petite statue \u00e0 l&rsquo;int\u00e9rieur et le tout est surmont\u00e9 d&rsquo;une petite croix.<\/p>\n\n\n\n<figure class=\"wp-block-image\"><img decoding=\"async\" loading=\"lazy\" width=\"376\" height=\"500\" src=\"https:\/\/outsiderland.com\/paulhac\/wp-content\/uploads\/2015\/09\/oratoire-de-la-chaumette-376x500.jpg\" alt=\"oratoire-de-la-chaumette\" class=\"wp-image-1097\" srcset=\"https:\/\/outsiderland.com\/paulhac\/wp-content\/uploads\/2015\/09\/oratoire-de-la-chaumette-376x500.jpg 376w, https:\/\/outsiderland.com\/paulhac\/wp-content\/uploads\/2015\/09\/oratoire-de-la-chaumette-769x1024.jpg 769w, https:\/\/outsiderland.com\/paulhac\/wp-content\/uploads\/2015\/09\/oratoire-de-la-chaumette-113x150.jpg 113w\" sizes=\"(max-width: 376px) 100vw, 376px\" \/><figcaption><br><\/figcaption><\/figure>\n\n\n\n<hr class=\"wp-block-separator\"\/>\n\n\n\n<p class=\"has-medium-font-size\"><strong>L\u2019espace Tradition \u00e0 La Peyre<\/strong><\/p>\n\n\n\n<p>Am\u00e9nag\u00e9 par des habitants du village dans les ann\u00e9es 90, un tr\u00e8s bel ensemble s\u2019\u00e9tendant de part et d\u2019autre d\u2019un petit ruisseau, dans un enclos librement accessible. On y verra : un four banal, un m\u00e9tier \u00e0 ferrer, et un lavoir de taille importante, tout ayant \u00e9t\u00e9 restaur\u00e9.<\/p>\n\n\n\n<figure class=\"wp-block-image\"><img decoding=\"async\" loading=\"lazy\" width=\"500\" height=\"376\" src=\"https:\/\/outsiderland.com\/paulhac\/wp-content\/uploads\/2015\/09\/RIMG4391-500x376.jpg\" alt=\"RIMG4391\" class=\"wp-image-1096\" srcset=\"https:\/\/outsiderland.com\/paulhac\/wp-content\/uploads\/2015\/09\/RIMG4391-500x376.jpg 500w, https:\/\/outsiderland.com\/paulhac\/wp-content\/uploads\/2015\/09\/RIMG4391-1024x769.jpg 1024w, https:\/\/outsiderland.com\/paulhac\/wp-content\/uploads\/2015\/09\/RIMG4391-200x150.jpg 200w, https:\/\/outsiderland.com\/paulhac\/wp-content\/uploads\/2015\/09\/RIMG4391-150x113.jpg 150w\" sizes=\"(max-width: 500px) 100vw, 500px\" \/><\/figure>\n\n\n\n<figure class=\"wp-block-image\"><img decoding=\"async\" loading=\"lazy\" width=\"500\" height=\"376\" src=\"https:\/\/outsiderland.com\/paulhac\/wp-content\/uploads\/2015\/09\/RIMG4401-500x376.jpg\" alt=\"RIMG4401\" class=\"wp-image-1095\" srcset=\"https:\/\/outsiderland.com\/paulhac\/wp-content\/uploads\/2015\/09\/RIMG4401-500x376.jpg 500w, https:\/\/outsiderland.com\/paulhac\/wp-content\/uploads\/2015\/09\/RIMG4401-1024x769.jpg 1024w, https:\/\/outsiderland.com\/paulhac\/wp-content\/uploads\/2015\/09\/RIMG4401-200x150.jpg 200w, https:\/\/outsiderland.com\/paulhac\/wp-content\/uploads\/2015\/09\/RIMG4401-150x113.jpg 150w\" sizes=\"(max-width: 500px) 100vw, 500px\" \/><\/figure>\n\n\n\n<hr class=\"wp-block-separator\"\/>\n\n\n\n<p class=\"has-medium-font-size\"><strong>La croix de La Peyre<br><\/strong><\/p>\n\n\n\n<p>Dans l\u2019Espace Tradition. Un \u00e9cu porte la date de 1558. Christ la t\u00eate l\u00e9g\u00e8rement inclin\u00e9e et Vierge voil\u00e9e \u00e0 l\u2019avers.<\/p>\n\n\n\n<p>(voir : Pierre Moulier,&nbsp;<em>Croix de Haute-Auvergne<\/em>, \u00c9ditions Cr\u00e9er, 2003, p. 175-6)<\/p>\n\n\n\n<figure class=\"wp-block-image\"><img decoding=\"async\" loading=\"lazy\" width=\"500\" height=\"376\" src=\"https:\/\/outsiderland.com\/paulhac\/wp-content\/uploads\/2015\/09\/RIMG4396-500x376.jpg\" alt=\"RIMG4396\" class=\"wp-image-1098\" srcset=\"https:\/\/outsiderland.com\/paulhac\/wp-content\/uploads\/2015\/09\/RIMG4396-500x376.jpg 500w, https:\/\/outsiderland.com\/paulhac\/wp-content\/uploads\/2015\/09\/RIMG4396-1024x769.jpg 1024w, https:\/\/outsiderland.com\/paulhac\/wp-content\/uploads\/2015\/09\/RIMG4396-200x150.jpg 200w, https:\/\/outsiderland.com\/paulhac\/wp-content\/uploads\/2015\/09\/RIMG4396-150x113.jpg 150w\" sizes=\"(max-width: 500px) 100vw, 500px\" \/><\/figure>\n\n\n\n<hr class=\"wp-block-separator\"\/>\n\n\n\n<p class=\"has-medium-font-size\"><strong>La croix de la Salesse<\/strong><\/p>\n\n\n\n<p>Un Christ aux cheveux longs accompagn\u00e9 de deux personnages. Au revers une vierge de piti\u00e9. Pierre Moulier date la croix du XVI\u00e8 si\u00e8cle et indique : \u00ab&nbsp;<em>Cette croix dut d\u00e9mont\u00e9e et cach\u00e9e par les habitants pendant la R\u00e9volution. Elle servait de point de d\u00e9part sur la voie des morts.<\/em>\u00ab&nbsp;<\/p>\n\n\n\n<p>(voir : Pierre Moulier,&nbsp;<em>Croix de Haute-Auvergne<\/em>, \u00c9ditions Cr\u00e9er, 2003, p. 174-5)<\/p>\n\n\n\n<figure class=\"wp-block-image\"><a href=\"https:\/\/outsiderland.com\/paulhac\/wp-content\/uploads\/2015\/09\/croix-de-la-salesse.jpg\"><img decoding=\"async\" loading=\"lazy\" width=\"344\" height=\"500\" src=\"https:\/\/outsiderland.com\/paulhac\/wp-content\/uploads\/2015\/09\/croix-de-la-salesse-344x500.jpg\" alt=\"croix-de-la-salesse\" class=\"wp-image-1152\" srcset=\"https:\/\/outsiderland.com\/paulhac\/wp-content\/uploads\/2015\/09\/croix-de-la-salesse-344x500.jpg 344w, https:\/\/outsiderland.com\/paulhac\/wp-content\/uploads\/2015\/09\/croix-de-la-salesse-704x1024.jpg 704w, https:\/\/outsiderland.com\/paulhac\/wp-content\/uploads\/2015\/09\/croix-de-la-salesse-103x150.jpg 103w, https:\/\/outsiderland.com\/paulhac\/wp-content\/uploads\/2015\/09\/croix-de-la-salesse.jpg 1216w\" sizes=\"(max-width: 344px) 100vw, 344px\" \/><\/a><\/figure>\n\n\n\n<hr class=\"wp-block-separator\"\/>\n\n\n\n<p class=\"has-medium-font-size\"><strong>La chapelle du Chambon<\/strong><\/p>\n\n\n\n<p>\u00c0 l\u2019entr\u00e9e du vieux pont sur l\u2019\u00c9pie, cette chapelle a remplac\u00e9 en 1886 un oratoire antique. La pierre taill\u00e9e au-dessus de la porte rappelle cette date et sa vocation : \u00ab&nbsp;Notre Dame de la Piti\u00e9&nbsp;\u00bb. Sous le chapelle jaillissait une source dont les eaux \u00e9taient consid\u00e9r\u00e9es autrefois comme favorables au traitement des maladies des yeux et du larynx.<\/p>\n\n\n\n<p>On trouve dans le village une maison forte qui a \u00e9t\u00e9 restaur\u00e9e ces derni\u00e8res ann\u00e9es.<\/p>\n\n\n\n<p>(sources : Pascale Moulier,&nbsp;<em>Chapelles rurales du cantal<\/em>, Lascelles : \u00c9d. de la Flandonni\u00e8re, 2014, p.112 ; Chanoine Pautard,&nbsp;<em>Le livre de paroisse de Paulhac<\/em>, 1889, p.43)<\/p>\n\n\n\n<figure class=\"wp-block-image\"><a href=\"https:\/\/outsiderland.com\/paulhac\/wp-content\/uploads\/2015\/09\/chapelle-du-chambon.jpg\"><img decoding=\"async\" loading=\"lazy\" width=\"500\" height=\"500\" src=\"https:\/\/outsiderland.com\/paulhac\/wp-content\/uploads\/2015\/09\/chapelle-du-chambon-500x500.jpg\" alt=\"chapelle-du-chambon\" class=\"wp-image-1150\" srcset=\"https:\/\/outsiderland.com\/paulhac\/wp-content\/uploads\/2015\/09\/chapelle-du-chambon-500x500.jpg 500w, https:\/\/outsiderland.com\/paulhac\/wp-content\/uploads\/2015\/09\/chapelle-du-chambon-200x200.jpg 200w, https:\/\/outsiderland.com\/paulhac\/wp-content\/uploads\/2015\/09\/chapelle-du-chambon-1024x1024.jpg 1024w, https:\/\/outsiderland.com\/paulhac\/wp-content\/uploads\/2015\/09\/chapelle-du-chambon-150x150.jpg 150w\" sizes=\"(max-width: 500px) 100vw, 500px\" \/><\/a><\/figure>\n\n\n\n<hr class=\"wp-block-separator\"\/>\n\n\n\n<p class=\"has-medium-font-size\"><strong>La croix du Chambon<\/strong><\/p>\n\n\n\n<p>\u00c0 l\u2019entr\u00e9e du village, avant le pont et face \u00e0 la chapelle. Une croix de facture originale, le sculpteur ayant ajout\u00e9 des personnages secondaires en bas du Christ. Au revers, une vierge \u00e0 l\u2019enfant.<\/p>\n\n\n\n<p>(voir : Pierre Moulier,&nbsp;<em>Croix de Haute-Auvergne<\/em>, \u00c9ditions Cr\u00e9er, 2003, p. 173-4)<\/p>\n\n\n\n<figure class=\"wp-block-image\"><a href=\"https:\/\/outsiderland.com\/paulhac\/wp-content\/uploads\/2014\/01\/croix-du-chambon1.jpg\"><img decoding=\"async\" loading=\"lazy\" width=\"376\" height=\"500\" src=\"https:\/\/outsiderland.com\/paulhac\/wp-content\/uploads\/2014\/01\/croix-du-chambon1-376x500.jpg\" alt=\"croix-du-chambon\" class=\"wp-image-1159\" srcset=\"https:\/\/outsiderland.com\/paulhac\/wp-content\/uploads\/2014\/01\/croix-du-chambon1-376x500.jpg 376w, https:\/\/outsiderland.com\/paulhac\/wp-content\/uploads\/2014\/01\/croix-du-chambon1-769x1024.jpg 769w, https:\/\/outsiderland.com\/paulhac\/wp-content\/uploads\/2014\/01\/croix-du-chambon1-113x150.jpg 113w\" sizes=\"(max-width: 376px) 100vw, 376px\" \/><\/a><\/figure>\n\n\n\n<hr class=\"wp-block-separator\"\/>\n\n\n\n<p class=\"has-medium-font-size\"><strong>Le ch\u00e2teau de Paulhac<\/strong><\/p>\n\n\n\n<p>Au c\u0153ur du bourg : probablement XIII\u00e8 si\u00e8cle, remani\u00e9 et amput\u00e9 de plusieurs parties au fil du temps.<\/p>\n\n\n\n<figure class=\"wp-block-image\"><a href=\"https:\/\/outsiderland.com\/paulhac\/wp-content\/uploads\/2015\/09\/chateau-de-paulhac.jpg\"><img decoding=\"async\" loading=\"lazy\" width=\"500\" height=\"375\" src=\"https:\/\/outsiderland.com\/paulhac\/wp-content\/uploads\/2015\/09\/chateau-de-paulhac-500x375.jpg\" alt=\"chateau-de-paulhac\" class=\"wp-image-1143\" srcset=\"https:\/\/outsiderland.com\/paulhac\/wp-content\/uploads\/2015\/09\/chateau-de-paulhac-500x375.jpg 500w, https:\/\/outsiderland.com\/paulhac\/wp-content\/uploads\/2015\/09\/chateau-de-paulhac-1024x768.jpg 1024w, https:\/\/outsiderland.com\/paulhac\/wp-content\/uploads\/2015\/09\/chateau-de-paulhac-200x150.jpg 200w, https:\/\/outsiderland.com\/paulhac\/wp-content\/uploads\/2015\/09\/chateau-de-paulhac-150x113.jpg 150w\" sizes=\"(max-width: 500px) 100vw, 500px\" \/><\/a><\/figure>\n\n\n\n<hr class=\"wp-block-separator\"\/>\n\n\n\n<p class=\"has-medium-font-size\"><strong>La croix du bourg \u00e0 Paulhac<\/strong><\/p>\n\n\n\n<p>(voir : Pierre Moulier,&nbsp;<em>Croix de Haute-Auvergne<\/em>, \u00c9ditions Cr\u00e9er, 2003, p. 172)<\/p>\n\n\n\n<figure class=\"wp-block-image\"><a href=\"https:\/\/outsiderland.com\/paulhac\/wp-content\/uploads\/2015\/09\/croix-du-bourg.jpg\"><img decoding=\"async\" loading=\"lazy\" width=\"500\" height=\"500\" src=\"https:\/\/outsiderland.com\/paulhac\/wp-content\/uploads\/2015\/09\/croix-du-bourg-500x500.jpg\" alt=\"croix-du-bourg\" class=\"wp-image-1142\" srcset=\"https:\/\/outsiderland.com\/paulhac\/wp-content\/uploads\/2015\/09\/croix-du-bourg-500x500.jpg 500w, https:\/\/outsiderland.com\/paulhac\/wp-content\/uploads\/2015\/09\/croix-du-bourg-768x768.jpg 768w, https:\/\/outsiderland.com\/paulhac\/wp-content\/uploads\/2015\/09\/croix-du-bourg-200x200.jpg 200w, https:\/\/outsiderland.com\/paulhac\/wp-content\/uploads\/2015\/09\/croix-du-bourg-1024x1024.jpg 1024w, https:\/\/outsiderland.com\/paulhac\/wp-content\/uploads\/2015\/09\/croix-du-bourg-150x150.jpg 150w\" sizes=\"(max-width: 500px) 100vw, 500px\" \/><\/a><\/figure>\n\n\n\n<hr class=\"wp-block-separator\"\/>\n\n\n\n<p class=\"has-medium-font-size\"><strong>L\u2019\u00e9glise Saint-Julien d\u2019Antioche \u00e0 Paulhac<\/strong><\/p>\n\n\n\n<p>L\u2019\u00e9glise primitive \u00e9tait romane, de la deuxi\u00e8me moiti\u00e9 du douzi\u00e8me si\u00e8cle.&nbsp;L\u2019\u00c9glise primitive a \u00e9t\u00e9 br\u00fbl\u00e9e et d\u00e9molie durant la guerre de cent ans. De cette \u00e9poque demeurent les 4 piliers centraux (de chaque c\u00f4t\u00e9 du ch\u0153ur et au milieu de l\u2019\u00e9glise). Quelques modillons \u00e0 l\u2019ext\u00e9rieur font encore foi de cette \u00e9poque.<\/p>\n\n\n\n<p>Reconstruit \u00e0 la fin du XV\u00e8 si\u00e8cle, l\u2019\u00e9difice fut ensuite sensiblement modifi\u00e9, et les culots \u2013 t\u00eates et animaux \u2013 nous montrent son \u00e9volution vers le gothique. Le clocher d\u2019origine \u00e9tait \u00e0 peigne et apr\u00e8s sa d\u00e9molition en 1842, il fut reconstruit au-dessus d\u2019un porche sur une base carr\u00e9e se prolongeant par une fl\u00e8che octogonale sur 30 m\u00e8tres de haut. Dans ces r\u00e9gions qui restent longtemps sous la neige, le clocher et ses trois cloches constituent souvent le phare du promeneur \u00e9gar\u00e9.Avant la r\u00e9volution, l\u2019\u00e9glise abritait un couvent dominicain.<\/p>\n\n\n\n<p>L\u2019\u00e9difice abrite un superbe retable du 17e si\u00e8cle et un Christ en bois polychrome class\u00e9 monument historique (sous le clocher). Sont class\u00e9s \u00e9galement les deux retables du XVII\u00e8, restaur\u00e9s en 1972. Il existe \u00e9galement deux autres retables plus r\u00e9cents, ainsi qu\u2019un mobilier int\u00e9ressant qui sont l\u2019\u0153uvre d\u2019une famille d\u2019\u00e9b\u00e9nistes de Saint-Flour, les Peuch (1850-1905) (voir : Pierre et Pascale Moulier, \u00ab&nbsp;La dynastie Peuch, peintres et sculpteurs au XIXe si\u00e8cle&nbsp;\u00bb,&nbsp;<em>Patrimoine en Haute-Auvergne<\/em>&nbsp;n\u00b026, 2013, pp.34-61.)<\/p>\n\n\n\n<figure class=\"wp-block-image\"><img decoding=\"async\" loading=\"lazy\" width=\"500\" height=\"375\" src=\"https:\/\/outsiderland.com\/paulhac\/wp-content\/uploads\/2015\/05\/eglise-paulhac-500x375.jpg\" alt=\"eglise-paulhac\" class=\"wp-image-1020\" srcset=\"https:\/\/outsiderland.com\/paulhac\/wp-content\/uploads\/2015\/05\/eglise-paulhac-500x375.jpg 500w, https:\/\/outsiderland.com\/paulhac\/wp-content\/uploads\/2015\/05\/eglise-paulhac-1024x768.jpg 1024w, https:\/\/outsiderland.com\/paulhac\/wp-content\/uploads\/2015\/05\/eglise-paulhac-200x150.jpg 200w, https:\/\/outsiderland.com\/paulhac\/wp-content\/uploads\/2015\/05\/eglise-paulhac-150x113.jpg 150w\" sizes=\"(max-width: 500px) 100vw, 500px\" \/><\/figure>\n\n\n\n<hr class=\"wp-block-separator\"\/>\n\n\n\n<p class=\"has-medium-font-size\"><strong>Les trois croix du calvaire au Puy de Mercou<\/strong><\/p>\n\n\n\n<p>\u00c0 l\u2019est du Puy qui surplombe le bourg. Trois croix qui regardent vers l\u2019est. Une table panoramique permet d\u2019admirer les contreforts de l\u2019Aubrac, les Monts de Margeride, le C\u00e9zallier, et toute l\u2019\u00e9tendue de la Plan\u00e8ze.<\/p>\n\n\n\n<figure class=\"wp-block-image\"><a href=\"https:\/\/outsiderland.com\/paulhac\/wp-content\/uploads\/2015\/09\/5155614662_995a11ebf2_o.jpg\"><img decoding=\"async\" loading=\"lazy\" width=\"500\" height=\"354\" src=\"https:\/\/outsiderland.com\/paulhac\/wp-content\/uploads\/2015\/09\/5155614662_995a11ebf2_o-500x354.jpg\" alt=\"5155614662_995a11ebf2_o\" class=\"wp-image-1118\" srcset=\"https:\/\/outsiderland.com\/paulhac\/wp-content\/uploads\/2015\/09\/5155614662_995a11ebf2_o-500x354.jpg 500w, https:\/\/outsiderland.com\/paulhac\/wp-content\/uploads\/2015\/09\/5155614662_995a11ebf2_o-1024x724.jpg 1024w, https:\/\/outsiderland.com\/paulhac\/wp-content\/uploads\/2015\/09\/5155614662_995a11ebf2_o-212x150.jpg 212w, https:\/\/outsiderland.com\/paulhac\/wp-content\/uploads\/2015\/09\/5155614662_995a11ebf2_o-150x106.jpg 150w\" sizes=\"(max-width: 500px) 100vw, 500px\" \/><\/a><\/figure>\n\n\n\n<hr class=\"wp-block-separator\"\/>\n\n\n\n<p class=\"has-medium-font-size\"><strong>La tombe de la Dame<\/strong><\/p>\n\n\n\n<p>Sur le chemin qui m\u00e8ne de la Salesse \u00e0 Pradalanche, au carrefour emprunt\u00e9 par le sentier de randonn\u00e9e (GR des Pays de Saint-Flour) on trouve un sarcophage roman avec emplacement pour la t\u00eate du d\u00e9funt. Le chanoine Chautard nomme ce monument la \u00ab&nbsp;Tombe de Madame&nbsp;\u00bb et raconte la l\u00e9gende suivante :<\/p>\n\n\n\n<blockquote class=\"wp-block-quote\"><p>Une dame de qualit\u00e9, se rendant \u00e0 Saint-Flour pendant l\u2019hiver, fut surprise \u00e0 cet endroit par les neiges et tu\u00e9es par le mauvais temps. Sa famille la fit enterrer l\u00e0, au pied de la croix, et dans le tombeau qu\u2019on y voit encore.<\/p><\/blockquote>\n\n\n\n<p>(Chanoine Pautard,&nbsp;<em>Le livre de paroisse de Paulhac<\/em>, 1889, p.110)<\/p>\n\n\n\n<figure class=\"wp-block-image\"><img decoding=\"async\" loading=\"lazy\" width=\"500\" height=\"375\" src=\"https:\/\/outsiderland.com\/paulhac\/wp-content\/uploads\/2015\/05\/RIMG2302-500x375.jpg\" alt=\"RIMG2302\" class=\"wp-image-967\" srcset=\"https:\/\/outsiderland.com\/paulhac\/wp-content\/uploads\/2015\/05\/RIMG2302-500x375.jpg 500w, https:\/\/outsiderland.com\/paulhac\/wp-content\/uploads\/2015\/05\/RIMG2302-1024x768.jpg 1024w, https:\/\/outsiderland.com\/paulhac\/wp-content\/uploads\/2015\/05\/RIMG2302-200x150.jpg 200w, https:\/\/outsiderland.com\/paulhac\/wp-content\/uploads\/2015\/05\/RIMG2302-150x113.jpg 150w\" sizes=\"(max-width: 500px) 100vw, 500px\" \/><\/figure>\n\n\n\n<hr class=\"wp-block-separator\"\/>\n\n\n\n<p class=\"has-medium-font-size\"><strong>Le four banal et la croix de Sauvages<\/strong><\/p>\n\n\n\n<p><a href=\"http:\/\/www.petit-patrimoine.com\/fiche-petit-patrimoine.php?id_pp=15148_13\" target=\"_blank\" rel=\"noreferrer noopener\">Four restaur\u00e9<\/a>&nbsp;en tr\u00e8s bon \u00e9tat. Une croix assez ab\u00eem\u00e9e est plant\u00e9e devant le petit \u00e9difice.<\/p>\n\n\n\n<figure class=\"wp-block-image\"><a href=\"https:\/\/outsiderland.com\/paulhac\/wp-content\/uploads\/2015\/05\/four-banal-sauvages.jpg\"><img decoding=\"async\" loading=\"lazy\" width=\"500\" height=\"375\" src=\"https:\/\/outsiderland.com\/paulhac\/wp-content\/uploads\/2015\/05\/four-banal-sauvages-500x375.jpg\" alt=\"four-banal-sauvages\" class=\"wp-image-1022\" srcset=\"https:\/\/outsiderland.com\/paulhac\/wp-content\/uploads\/2015\/05\/four-banal-sauvages-500x375.jpg 500w, https:\/\/outsiderland.com\/paulhac\/wp-content\/uploads\/2015\/05\/four-banal-sauvages-1024x768.jpg 1024w, https:\/\/outsiderland.com\/paulhac\/wp-content\/uploads\/2015\/05\/four-banal-sauvages-200x150.jpg 200w, https:\/\/outsiderland.com\/paulhac\/wp-content\/uploads\/2015\/05\/four-banal-sauvages-150x113.jpg 150w\" sizes=\"(max-width: 500px) 100vw, 500px\" \/><\/a><\/figure>\n\n\n\n<hr class=\"wp-block-separator\"\/>\n\n\n\n<p class=\"has-medium-font-size\"><strong>La chapelle de Bressanges<\/strong><\/p>\n\n\n\n<p>Remplace un ancien oratoire en 1886. \u00c0 l\u2019int\u00e9rieur, on d\u00e9couvre un retable n\u00e9ogothique, une statue ancienne de la Vierge, une petite&nbsp;<em>Pi\u00e9t\u00e0<\/em>&nbsp;et une grande toile, La remise au rosaire, que l\u2019historienne Pascale Moulier attribue au peintre Jean Peuch a\u00een\u00e9.<\/p>\n\n\n\n<p>(sources : Pascale Moulier,&nbsp;<em>Chapelles rurales du cantal<\/em>, Lascelles : \u00c9d. de la Flandonni\u00e8re, 2014, p.113)<\/p>\n\n\n\n<figure class=\"wp-block-image\"><a href=\"https:\/\/outsiderland.com\/paulhac\/wp-content\/uploads\/2015\/09\/chapelle-de-fressanges.jpg\"><img decoding=\"async\" loading=\"lazy\" width=\"500\" height=\"500\" src=\"https:\/\/outsiderland.com\/paulhac\/wp-content\/uploads\/2015\/09\/chapelle-de-fressanges-500x500.jpg\" alt=\"chapelle-de-fressanges\" class=\"wp-image-1145\" srcset=\"https:\/\/outsiderland.com\/paulhac\/wp-content\/uploads\/2015\/09\/chapelle-de-fressanges-500x500.jpg 500w, https:\/\/outsiderland.com\/paulhac\/wp-content\/uploads\/2015\/09\/chapelle-de-fressanges-200x200.jpg 200w, https:\/\/outsiderland.com\/paulhac\/wp-content\/uploads\/2015\/09\/chapelle-de-fressanges-1024x1024.jpg 1024w, https:\/\/outsiderland.com\/paulhac\/wp-content\/uploads\/2015\/09\/chapelle-de-fressanges-150x150.jpg 150w\" sizes=\"(max-width: 500px) 100vw, 500px\" \/><\/a><\/figure>\n\n\n\n<hr class=\"wp-block-separator\"\/>\n\n\n\n<p class=\"has-medium-font-size\"><strong>La croix de Bressanges<\/strong><\/p>\n\n\n\n<p>Juste derri\u00e8re la chapelle du village. Pierre Moulier date la sculpture du XVIII\u00e8 si\u00e8cle.<\/p>\n\n\n\n<figure class=\"wp-block-image\"><a href=\"https:\/\/outsiderland.com\/paulhac\/wp-content\/uploads\/2015\/09\/croix-de-fressanges.jpg\"><img decoding=\"async\" loading=\"lazy\" width=\"500\" height=\"500\" src=\"https:\/\/outsiderland.com\/paulhac\/wp-content\/uploads\/2015\/09\/croix-de-fressanges-500x500.jpg\" alt=\"croix-de-fressanges\" class=\"wp-image-1144\" srcset=\"https:\/\/outsiderland.com\/paulhac\/wp-content\/uploads\/2015\/09\/croix-de-fressanges-500x500.jpg 500w, https:\/\/outsiderland.com\/paulhac\/wp-content\/uploads\/2015\/09\/croix-de-fressanges-200x200.jpg 200w, https:\/\/outsiderland.com\/paulhac\/wp-content\/uploads\/2015\/09\/croix-de-fressanges-1024x1024.jpg 1024w, https:\/\/outsiderland.com\/paulhac\/wp-content\/uploads\/2015\/09\/croix-de-fressanges-150x150.jpg 150w\" sizes=\"(max-width: 500px) 100vw, 500px\" \/><\/a><\/figure>\n\n\n\n<hr class=\"wp-block-separator\"\/>\n\n\n\n<p class=\"has-medium-font-size\"><strong>L\u2019oratoire de Loudiers<\/strong><\/p>\n\n\n\n<p>D\u00e9di\u00e9 \u00e0 ND. des Gr\u00e2ces, 1867 (Pascale Moulier,&nbsp;<em>Chapelles rurales du cantal<\/em>, Lascelles : \u00c9d. de la Flandonni\u00e8re, 2014, p.112)<\/p>\n\n\n\n<hr class=\"wp-block-separator\"\/>\n\n\n\n<p class=\"has-medium-font-size\"><strong>L\u2019oratoire gallo-romain entre les Chazeaux et Bressanges<br><\/strong><\/p>\n\n\n\n<p>Monument \u00e9nigmatique, unique dans l\u2019art chr\u00e9tien local. Pierre et Pascale Moulier pensent \u00ab&nbsp;qu\u2019il pourrait s\u2019agir d\u2019un tr\u00e8s vieux laraire ou oratoire gallo-romain.&nbsp;\u00bb<\/p>\n\n\n\n<p>(voir : Pierre Moulier,&nbsp;<em>Croix de Haute-Auvergne<\/em>, \u00c9ditions Cr\u00e9er, 2003, p. 177)<\/p>\n\n\n\n<figure class=\"wp-block-image\"><a href=\"https:\/\/outsiderland.com\/paulhac\/wp-content\/uploads\/2015\/09\/oratoire-gallo-romain-des-chazeauds2.jpg\"><img decoding=\"async\" loading=\"lazy\" width=\"500\" height=\"500\" src=\"https:\/\/outsiderland.com\/paulhac\/wp-content\/uploads\/2015\/09\/oratoire-gallo-romain-des-chazeauds2-500x500.jpg\" alt=\"oratoire-gallo-romain-des-chazeauds2\" class=\"wp-image-1135\" srcset=\"https:\/\/outsiderland.com\/paulhac\/wp-content\/uploads\/2015\/09\/oratoire-gallo-romain-des-chazeauds2-500x500.jpg 500w, https:\/\/outsiderland.com\/paulhac\/wp-content\/uploads\/2015\/09\/oratoire-gallo-romain-des-chazeauds2-200x200.jpg 200w, https:\/\/outsiderland.com\/paulhac\/wp-content\/uploads\/2015\/09\/oratoire-gallo-romain-des-chazeauds2-1024x1024.jpg 1024w, https:\/\/outsiderland.com\/paulhac\/wp-content\/uploads\/2015\/09\/oratoire-gallo-romain-des-chazeauds2-150x150.jpg 150w\" sizes=\"(max-width: 500px) 100vw, 500px\" \/><\/a><\/figure>\n\n\n\n<hr class=\"wp-block-separator\"\/>\n\n\n\n<p class=\"has-medium-font-size\"><strong>Le buron restaur\u00e9 du Cibial (ou du Puy du Coucu)<br><\/strong><\/p>\n\n\n\n<p>Situ\u00e9 au lieu-dit Le Puy du Coucou, dans le Parc r\u00e9gional des Volcans d\u2019Auvergne, ce buron appara\u00eet comme un \u00e9l\u00e9ment remarquable de l\u2019architecture traditionnelle rurale. La porcherie, qui s\u2019ajoute \u00e0 ce corps de b\u00e2timent, m\u00e9rite elle aussi l\u2019attention.<\/p>\n\n\n\n<p>Gr\u00e2ce \u00e0 une restauration et la mise en place d\u2019une sc\u00e9nographie adapt\u00e9e, r\u00e9alis\u00e9e en 2005-2006, la pr\u00e9sentation \u00ab<em>&nbsp;in situ<\/em>&nbsp;\u00bb d\u2019un buron, des estives, de la fabrication du fromage et de la vie des hommes et des animaux li\u00e9s au rythme des saisons.<\/p>\n\n\n\n<p>On y acc\u00e8de depuis la D34 en empruntant le chemin qui monte \u00e0 travers les estives, en face de la petite route qui descend sur Muratel. En contrebas du buron, on devinera le \u00ab&nbsp;lac&nbsp;\u00bb du Cibial.<\/p>\n\n\n\n<figure class=\"wp-block-image\"><a href=\"https:\/\/outsiderland.com\/paulhac\/wp-content\/uploads\/2015\/09\/RIMG1810.jpg\"><img decoding=\"async\" loading=\"lazy\" width=\"500\" height=\"376\" src=\"https:\/\/outsiderland.com\/paulhac\/wp-content\/uploads\/2015\/09\/RIMG1810-500x376.jpg\" alt=\"Buron et porcherie du Puy du Coucu\" class=\"wp-image-1119\" srcset=\"https:\/\/outsiderland.com\/paulhac\/wp-content\/uploads\/2015\/09\/RIMG1810-500x376.jpg 500w, https:\/\/outsiderland.com\/paulhac\/wp-content\/uploads\/2015\/09\/RIMG1810-1024x769.jpg 1024w, https:\/\/outsiderland.com\/paulhac\/wp-content\/uploads\/2015\/09\/RIMG1810-200x150.jpg 200w, https:\/\/outsiderland.com\/paulhac\/wp-content\/uploads\/2015\/09\/RIMG1810-150x113.jpg 150w\" sizes=\"(max-width: 500px) 100vw, 500px\" \/><\/a><\/figure>\n\n\n\n<hr class=\"wp-block-separator\"\/>\n\n\n\n<p class=\"has-medium-font-size\"><strong>Le Pont-Farin<\/strong><\/p>\n\n\n\n<p>Sur la route de Pierrefort (D34), au sud du village de Douze, cet ancien pont enjambe la rivi\u00e8re de l\u2019\u00c9pie.<\/p>\n\n\n\n<hr class=\"wp-block-separator\"\/>\n\n\n\n<p class=\"has-medium-font-size\"><strong>La tombe du P\u00e8re<\/strong><\/p>\n\n\n\n<p>Entre Prat-de-Bouc et le cirque de Grandval, en montant par le sud vers le Plomb du Cantal. Aux abords du col, situ\u00e9 \u00e0 1586 m\u00e8tres, on d\u00e9couvre une croix de fer qui surmonte les vestiges de ce qu\u2019on a appel\u00e9 une tombe. C\u2019est un amas de pierres de forme carr\u00e9e qui a suscit\u00e9 bien des interrogations et fait l\u2019objet de quelques l\u00e9gendes. Les curieux se rapporteront \u00e0 l\u2019\u00e9tude Vincent Baduel, \u00ab&nbsp;La Tombe du P\u00e8re, Un myst\u00e9rieux vestige pr\u00e8s du Plomb du Cantal&nbsp;\u00bb,&nbsp;<em>Patrimoine en haute-Auvergne<\/em>, n\u00b026, 2013, p. 4-33.<\/p>\n\n\n\n<figure class=\"wp-block-image\"><a href=\"https:\/\/outsiderland.com\/paulhac\/wp-content\/uploads\/2015\/09\/tombe-du-pere2.jpg\"><img decoding=\"async\" loading=\"lazy\" width=\"500\" height=\"376\" src=\"https:\/\/outsiderland.com\/paulhac\/wp-content\/uploads\/2015\/09\/tombe-du-pere2-500x376.jpg\" alt=\"tombe-du-pere2\" class=\"wp-image-1179\" srcset=\"https:\/\/outsiderland.com\/paulhac\/wp-content\/uploads\/2015\/09\/tombe-du-pere2-500x376.jpg 500w, https:\/\/outsiderland.com\/paulhac\/wp-content\/uploads\/2015\/09\/tombe-du-pere2-1024x769.jpg 1024w, https:\/\/outsiderland.com\/paulhac\/wp-content\/uploads\/2015\/09\/tombe-du-pere2-200x150.jpg 200w, https:\/\/outsiderland.com\/paulhac\/wp-content\/uploads\/2015\/09\/tombe-du-pere2-150x113.jpg 150w\" sizes=\"(max-width: 500px) 100vw, 500px\" \/><\/a><\/figure>\n","protected":false},"excerpt":{"rendered":"<p>Br\u00e8ve histoire de la commune Vous pouvez consulter sur le site de geoportail La carte de(s) Cassini, qui date du XVIII\u00e8me si\u00e8cle, premier relev\u00e9 fond\u00e9 sur la triangulation g\u00e9od\u00e9sique du territoire : On se reportera pour des informations d\u00e9taill\u00e9es au \u00ab\u00a0Livre de la Paroisse de Paulhac\u00a0\u00bb publi\u00e9 en 1889 par le chanoine Pautard et \u00e0 &hellip; <\/p>\n<p><a class=\"more-link block-button\" href=\"https:\/\/outsiderland.com\/paulhac\/?page_id=19\">Continuer \u00e0 lire &raquo;<\/a><\/p>\n","protected":false},"author":1,"featured_media":0,"parent":8,"menu_order":0,"comment_status":"closed","ping_status":"closed","template":"template-onecolumn.php","meta":[],"_links":{"self":[{"href":"https:\/\/outsiderland.com\/paulhac\/index.php?rest_route=\/wp\/v2\/pages\/19"}],"collection":[{"href":"https:\/\/outsiderland.com\/paulhac\/index.php?rest_route=\/wp\/v2\/pages"}],"about":[{"href":"https:\/\/outsiderland.com\/paulhac\/index.php?rest_route=\/wp\/v2\/types\/page"}],"author":[{"embeddable":true,"href":"https:\/\/outsiderland.com\/paulhac\/index.php?rest_route=\/wp\/v2\/users\/1"}],"replies":[{"embeddable":true,"href":"https:\/\/outsiderland.com\/paulhac\/index.php?rest_route=%2Fwp%2Fv2%2Fcomments&post=19"}],"version-history":[{"count":75,"href":"https:\/\/outsiderland.com\/paulhac\/index.php?rest_route=\/wp\/v2\/pages\/19\/revisions"}],"predecessor-version":[{"id":2773,"href":"https:\/\/outsiderland.com\/paulhac\/index.php?rest_route=\/wp\/v2\/pages\/19\/revisions\/2773"}],"up":[{"embeddable":true,"href":"https:\/\/outsiderland.com\/paulhac\/index.php?rest_route=\/wp\/v2\/pages\/8"}],"wp:attachment":[{"href":"https:\/\/outsiderland.com\/paulhac\/index.php?rest_route=%2Fwp%2Fv2%2Fmedia&parent=19"}],"curies":[{"name":"wp","href":"https:\/\/api.w.org\/{rel}","templated":true}]}}