{"id":47,"date":"2018-10-04T20:52:30","date_gmt":"2018-10-04T20:52:30","guid":{"rendered":"https:\/\/outsiderland.com\/danahilliot\/?page_id=47"},"modified":"2025-10-12T09:46:09","modified_gmt":"2025-10-12T09:46:09","slug":"le-garcon-sur-la-barque","status":"publish","type":"page","link":"https:\/\/outsiderland.com\/danahilliot\/le-garcon-sur-la-barque\/","title":{"rendered":"Le Gar\u00e7on sur la barque"},"content":{"rendered":"<p>Je me rel\u00e8ve \u00e0 minuit \u00e0 cause d&rsquo;une pens\u00e9e puis d&rsquo;un souvenir.<br \/>\nJe me disais, le nez sous la couverture : mes deux fantasmes musicaux, si l&rsquo;envie me reprend de refaire de la musique, seraient : 1. de monter un groupe punk (ou disons, post-punk quelque chose, mais basique et nerveux, hard ou post ou soft core plus ou moins m\u00e9lodique avec des ruptures assez bizarres) 2. apprendre \u00e0 jouer et\/ou \u00e0 chanter les lieder du <em>Winterreise<\/em> de Schubert.<\/p>\n<p>Puis je me suis rappel\u00e9 un jeune homme brun, qui \u00e9tait au milieu des ann\u00e9es 80 le leader d&rsquo;un trio punk qu&rsquo;on aimait beaucoup, des gars de Poitiers ou de Tours, je ne sais plus tr\u00e8s bien. je me souviens tr\u00e8s bien d&rsquo;un de ses derniers concerts. C&rsquo;\u00e9tait au festival organis\u00e9 par le caf\u00e9 le Ptit Paum\u00e9 \u00e0 Chaumussay, quelque part en Touraine. Un festival punk. Dans un grand pr\u00e9 juste devant le caf\u00e9. En 1987 je suppose. On avait pogot\u00e9 pendant tout le concert. Puis, la nuit aidant, et l&rsquo;alcool, j&rsquo;avais quitt\u00e9 le pr\u00e9 pour me balader pr\u00e8s de la rivi\u00e8re. Il \u00e9tait l\u00e0, assis sur une barque. J&rsquo;\u00e9tais un peu intimid\u00e9. On s&rsquo;est assis et on a caus\u00e9. Sur la barque. Au loin rugissaient les guitares et la batterie scandait brutalement la nuit. Je ne sais plus du tout de quoi nous avions parl\u00e9. Il m&rsquo;avait l&rsquo;effet d&rsquo;un type tr\u00e8s calme, un peu triste, tr\u00e8s diff\u00e9rent du guitariste et du chanteur qu&rsquo;il avait \u00e9t\u00e9 sur la sc\u00e8ne une heure auparavant.<\/p>\n<p>Je l&rsquo;ai revu plus tard, peut-\u00eatre l&rsquo;ann\u00e9e d&rsquo;apr\u00e8s, pr\u00e8s de la cath\u00e9drale \u00e0 Poitiers. Il m&rsquo;a dit qu&rsquo;il avait tout abandonn\u00e9 pour le piano. Il consacrait d\u00e9sormais, disait-il, sa vie au piano. Il a je crois disparu de la sc\u00e8ne rock sans se retourner pourrait-on dire. J&rsquo;ignore quel est son nom, s&rsquo;il vit encore, quelle a \u00e9t\u00e9 son histoire par la suite. Peut-\u00eatre est-il devenu un pianiste connu, je l&rsquo;ignore.<\/p>\n<p>Ce festival \u00e0 Chaumussay \u00e9tait un \u00e9v\u00e8nement extraordinaire. Le pr\u00e9 et ses alentours sentaient un m\u00e9lange d&rsquo;odeurs typiques de la campagne, le fumier, l&rsquo;herbe humide, et, c&rsquo;\u00e9tait l\u00e0 l&rsquo;odeur des festivaliers, le cannabis. Il suffisait de respirer l&rsquo;air environnant pour planer. Les canettes de bi\u00e8re jonchaient le sol ainsi que les corps fourbus des punks. On dansait, on se battait parfois, et \u00e7a baisait aussi pas mal. J&rsquo;\u00e9tais amoureux d&rsquo;une punkette vaguement gothique, une fan de Robert Smith je suppose, elle \u00e9tait toute p\u00e2le, blafarde, sous ses oripeaux noirs. En repartant, je ne sais comment, le lendemain matin, je me suis aper\u00e7u que j&rsquo;avais perdu les cl\u00e9s de ma 4L. On les a cherch\u00e9 vaguement dans le pr\u00e9 en ruines. Puis un type du village nous a aid\u00e9 \u00e0 casser le Neiman (?). J&rsquo;ai conduit les 100 bornes qui nous s\u00e9paraient de Poitiers en nouant les fils \u00e9lectriques de d\u00e9marrage. On trouvait \u00e7a tr\u00e8s amusant. Dans ma 4L, j&rsquo;\u00e9tais un des rares \u00e0 poss\u00e9der le permis de conduire, se vautraient six mecs compl\u00e8tement ivres \u00e9tal\u00e9s comme ils pouvaient sur les cadavres de bi\u00e8res. Dantesque. En arrivant pr\u00e8s de Ch\u00e2tellerault, on suivait une autre voiture, le reste de la bande, est apparu soudainement au bord de la route, dans la lumi\u00e8re psych\u00e9d\u00e9lique des phares, une vingtaine de flics. La premi\u00e8re voiture s&rsquo;est arr\u00eat\u00e9. Par solidarit\u00e9, je me suis arr\u00eat\u00e9 aussi. Les flics \u00e9taient jeunes, intimid\u00e9s, souriants. Comme on l&rsquo;a compris plus tard, c&rsquo;\u00e9tait l\u00e0 les \u00e9l\u00e8ves de l&rsquo;\u00e9cole de gendarmerie de Ch\u00e2tellerault, qui prenaient une sorte de le\u00e7on, encadr\u00e9s qu&rsquo;ils \u00e9taient par des flics plus \u00e2g\u00e9s \u2014 lesquels avaient du mal \u00e0 ne pas \u00e9clater de rire en d\u00e9couvrant l&rsquo;int\u00e9rieur de notre caisse. C&rsquo;\u00e9tait une autre \u00e9poque n&rsquo;est-ce pas ? Je conduisais avec les fils du Neiman, je devais avoir plusieurs degr\u00e9s d&rsquo;alcool dans le sang, un p\u00e9tard \u00e0 la bouche, et six types s&rsquo;entassaient dans la voiture, dont un dans le coffre, qui comatait, et n&rsquo;avait pas jug\u00e9 bon de se r\u00e9veiller. Et pourtant, je suis reparti sans m\u00eame une remontrance, juste un conseil de prudence, on \u00e9tait sci\u00e9. \u00c7a nous avait pour ainsi dire dessaoul\u00e9s d&rsquo;un coup. Voil\u00e0. Le festival de Chaumussay, 1987 je crois, j&rsquo;avais dix-neuf ans, pas plus, j&rsquo;avais grandi dans l&rsquo;ennui et dans la peur, j&rsquo;avais \u00e9t\u00e9 le gosse qui se cache dans la cour de r\u00e9cr\u00e9ation pour sauver sa peau, et j&#8217;embrassais\u00a0soudain un monde excitant, dangereux, qui m&rsquo;accordait une place, et j&rsquo;ai jur\u00e9 de me battre contre l&rsquo;ennui et d&rsquo;affronter la peur, quoiqu&rsquo;il en co\u00fbte.<\/p>\n","protected":false},"excerpt":{"rendered":"<p>Je me rel\u00e8ve \u00e0 minuit \u00e0 cause d&rsquo;une pens\u00e9e puis d&rsquo;un souvenir. Je me disais, le nez sous la couverture : mes deux fantasmes musicaux, si l&rsquo;envie me reprend de refaire de la musique, seraient : 1. de monter un groupe punk (ou disons, post-punk quelque chose, mais basique et nerveux, hard ou post ou&hellip;<\/p>\n <a href=\"https:\/\/outsiderland.com\/danahilliot\/le-garcon-sur-la-barque\/\" title=\"Le Gar\u00e7on sur la barque\" class=\"entry-more-link\"><span>Read More<\/span> <span class=\"screen-reader-text\">Le Gar\u00e7on sur la barque<\/span><\/a>","protected":false},"author":1,"featured_media":0,"parent":0,"menu_order":0,"comment_status":"closed","ping_status":"closed","template":"","meta":{"Layout":"","footnotes":""},"categories":[120],"tags":[126],"class_list":["entry","author-danah","post-47","page","type-page","status-publish","category-observation","tag-observation"],"yoast_head":"<!-- This site is optimized with the Yoast SEO plugin v27.0 - https:\/\/yoast.com\/product\/yoast-seo-wordpress\/ -->\n<title>Le Gar\u00e7on sur la barque - Outside Dana Hilliot<\/title>\n<meta name=\"robots\" content=\"index, follow, max-snippet:-1, max-image-preview:large, max-video-preview:-1\" \/>\n<link rel=\"canonical\" href=\"https:\/\/outsiderland.com\/danahilliot\/le-garcon-sur-la-barque\/\" \/>\n<meta property=\"og:locale\" content=\"fr_FR\" \/>\n<meta property=\"og:type\" content=\"article\" \/>\n<meta property=\"og:title\" content=\"Le Gar\u00e7on sur la barque - Outside Dana Hilliot\" \/>\n<meta property=\"og:description\" content=\"Je me rel\u00e8ve \u00e0 minuit \u00e0 cause d&rsquo;une pens\u00e9e puis d&rsquo;un souvenir. Je me disais, le nez sous la couverture : mes deux fantasmes musicaux, si l&rsquo;envie me reprend de refaire de la musique, seraient : 1. de monter un groupe punk (ou disons, post-punk quelque chose, mais basique et nerveux, hard ou post ou&hellip;\" \/>\n<meta property=\"og:url\" content=\"https:\/\/outsiderland.com\/danahilliot\/le-garcon-sur-la-barque\/\" \/>\n<meta property=\"og:site_name\" content=\"Outside Dana Hilliot\" \/>\n<meta property=\"article:modified_time\" content=\"2025-10-12T09:46:09+00:00\" \/>\n<meta name=\"twitter:card\" content=\"summary_large_image\" \/>\n<meta name=\"twitter:label1\" content=\"Dur\u00e9e de lecture estim\u00e9e\" \/>\n\t<meta name=\"twitter:data1\" content=\"4 minutes\" \/>\n<script type=\"application\/ld+json\" class=\"yoast-schema-graph\">{\"@context\":\"https:\/\/schema.org\",\"@graph\":[{\"@type\":\"WebPage\",\"@id\":\"https:\/\/outsiderland.com\/danahilliot\/le-garcon-sur-la-barque\/\",\"url\":\"https:\/\/outsiderland.com\/danahilliot\/le-garcon-sur-la-barque\/\",\"name\":\"Le Gar\u00e7on sur la barque - Outside Dana Hilliot\",\"isPartOf\":{\"@id\":\"https:\/\/outsiderland.com\/danahilliot\/#website\"},\"datePublished\":\"2018-10-04T20:52:30+00:00\",\"dateModified\":\"2025-10-12T09:46:09+00:00\",\"breadcrumb\":{\"@id\":\"https:\/\/outsiderland.com\/danahilliot\/le-garcon-sur-la-barque\/#breadcrumb\"},\"inLanguage\":\"fr-FR\",\"potentialAction\":[{\"@type\":\"ReadAction\",\"target\":[\"https:\/\/outsiderland.com\/danahilliot\/le-garcon-sur-la-barque\/\"]}]},{\"@type\":\"BreadcrumbList\",\"@id\":\"https:\/\/outsiderland.com\/danahilliot\/le-garcon-sur-la-barque\/#breadcrumb\",\"itemListElement\":[{\"@type\":\"ListItem\",\"position\":1,\"name\":\"Accueil\",\"item\":\"https:\/\/outsiderland.com\/danahilliot\/\"},{\"@type\":\"ListItem\",\"position\":2,\"name\":\"Le Gar\u00e7on sur la barque\"}]},{\"@type\":\"WebSite\",\"@id\":\"https:\/\/outsiderland.com\/danahilliot\/#website\",\"url\":\"https:\/\/outsiderland.com\/danahilliot\/\",\"name\":\"Outside Dana Hilliot\",\"description\":\". Archives . Activit\u00e9s . Projets .\",\"publisher\":{\"@id\":\"https:\/\/outsiderland.com\/danahilliot\/#\/schema\/person\/201a1fef0f5c2897bd65e98bcf6b1179\"},\"potentialAction\":[{\"@type\":\"SearchAction\",\"target\":{\"@type\":\"EntryPoint\",\"urlTemplate\":\"https:\/\/outsiderland.com\/danahilliot\/?s={search_term_string}\"},\"query-input\":{\"@type\":\"PropertyValueSpecification\",\"valueRequired\":true,\"valueName\":\"search_term_string\"}}],\"inLanguage\":\"fr-FR\"},{\"@type\":[\"Person\",\"Organization\"],\"@id\":\"https:\/\/outsiderland.com\/danahilliot\/#\/schema\/person\/201a1fef0f5c2897bd65e98bcf6b1179\",\"name\":\"danahilliot\",\"image\":{\"@type\":\"ImageObject\",\"inLanguage\":\"fr-FR\",\"@id\":\"https:\/\/outsiderland.com\/danahilliot\/#\/schema\/person\/image\/\",\"url\":\"https:\/\/outsiderland.com\/danahilliot\/wp-content\/uploads\/2026\/02\/50801449407_a909f2c1ad_k.jpg\",\"contentUrl\":\"https:\/\/outsiderland.com\/danahilliot\/wp-content\/uploads\/2026\/02\/50801449407_a909f2c1ad_k.jpg\",\"width\":2048,\"height\":1536,\"caption\":\"danahilliot\"},\"logo\":{\"@id\":\"https:\/\/outsiderland.com\/danahilliot\/#\/schema\/person\/image\/\"}}]}<\/script>\n<!-- \/ Yoast SEO plugin. -->","yoast_head_json":{"title":"Le Gar\u00e7on sur la barque - Outside Dana Hilliot","robots":{"index":"index","follow":"follow","max-snippet":"max-snippet:-1","max-image-preview":"max-image-preview:large","max-video-preview":"max-video-preview:-1"},"canonical":"https:\/\/outsiderland.com\/danahilliot\/le-garcon-sur-la-barque\/","og_locale":"fr_FR","og_type":"article","og_title":"Le Gar\u00e7on sur la barque - Outside Dana Hilliot","og_description":"Je me rel\u00e8ve \u00e0 minuit \u00e0 cause d&rsquo;une pens\u00e9e puis d&rsquo;un souvenir. Je me disais, le nez sous la couverture : mes deux fantasmes musicaux, si l&rsquo;envie me reprend de refaire de la musique, seraient : 1. de monter un groupe punk (ou disons, post-punk quelque chose, mais basique et nerveux, hard ou post ou&hellip;","og_url":"https:\/\/outsiderland.com\/danahilliot\/le-garcon-sur-la-barque\/","og_site_name":"Outside Dana Hilliot","article_modified_time":"2025-10-12T09:46:09+00:00","twitter_card":"summary_large_image","twitter_misc":{"Dur\u00e9e de lecture estim\u00e9e":"4 minutes"},"schema":{"@context":"https:\/\/schema.org","@graph":[{"@type":"WebPage","@id":"https:\/\/outsiderland.com\/danahilliot\/le-garcon-sur-la-barque\/","url":"https:\/\/outsiderland.com\/danahilliot\/le-garcon-sur-la-barque\/","name":"Le Gar\u00e7on sur la barque - Outside Dana Hilliot","isPartOf":{"@id":"https:\/\/outsiderland.com\/danahilliot\/#website"},"datePublished":"2018-10-04T20:52:30+00:00","dateModified":"2025-10-12T09:46:09+00:00","breadcrumb":{"@id":"https:\/\/outsiderland.com\/danahilliot\/le-garcon-sur-la-barque\/#breadcrumb"},"inLanguage":"fr-FR","potentialAction":[{"@type":"ReadAction","target":["https:\/\/outsiderland.com\/danahilliot\/le-garcon-sur-la-barque\/"]}]},{"@type":"BreadcrumbList","@id":"https:\/\/outsiderland.com\/danahilliot\/le-garcon-sur-la-barque\/#breadcrumb","itemListElement":[{"@type":"ListItem","position":1,"name":"Accueil","item":"https:\/\/outsiderland.com\/danahilliot\/"},{"@type":"ListItem","position":2,"name":"Le Gar\u00e7on sur la barque"}]},{"@type":"WebSite","@id":"https:\/\/outsiderland.com\/danahilliot\/#website","url":"https:\/\/outsiderland.com\/danahilliot\/","name":"Outside Dana Hilliot","description":". Archives . Activit\u00e9s . Projets .","publisher":{"@id":"https:\/\/outsiderland.com\/danahilliot\/#\/schema\/person\/201a1fef0f5c2897bd65e98bcf6b1179"},"potentialAction":[{"@type":"SearchAction","target":{"@type":"EntryPoint","urlTemplate":"https:\/\/outsiderland.com\/danahilliot\/?s={search_term_string}"},"query-input":{"@type":"PropertyValueSpecification","valueRequired":true,"valueName":"search_term_string"}}],"inLanguage":"fr-FR"},{"@type":["Person","Organization"],"@id":"https:\/\/outsiderland.com\/danahilliot\/#\/schema\/person\/201a1fef0f5c2897bd65e98bcf6b1179","name":"danahilliot","image":{"@type":"ImageObject","inLanguage":"fr-FR","@id":"https:\/\/outsiderland.com\/danahilliot\/#\/schema\/person\/image\/","url":"https:\/\/outsiderland.com\/danahilliot\/wp-content\/uploads\/2026\/02\/50801449407_a909f2c1ad_k.jpg","contentUrl":"https:\/\/outsiderland.com\/danahilliot\/wp-content\/uploads\/2026\/02\/50801449407_a909f2c1ad_k.jpg","width":2048,"height":1536,"caption":"danahilliot"},"logo":{"@id":"https:\/\/outsiderland.com\/danahilliot\/#\/schema\/person\/image\/"}}]}},"_links":{"self":[{"href":"https:\/\/outsiderland.com\/danahilliot\/wp-json\/wp\/v2\/pages\/47","targetHints":{"allow":["GET"]}}],"collection":[{"href":"https:\/\/outsiderland.com\/danahilliot\/wp-json\/wp\/v2\/pages"}],"about":[{"href":"https:\/\/outsiderland.com\/danahilliot\/wp-json\/wp\/v2\/types\/page"}],"author":[{"embeddable":true,"href":"https:\/\/outsiderland.com\/danahilliot\/wp-json\/wp\/v2\/users\/1"}],"replies":[{"embeddable":true,"href":"https:\/\/outsiderland.com\/danahilliot\/wp-json\/wp\/v2\/comments?post=47"}],"version-history":[{"count":1,"href":"https:\/\/outsiderland.com\/danahilliot\/wp-json\/wp\/v2\/pages\/47\/revisions"}],"predecessor-version":[{"id":49,"href":"https:\/\/outsiderland.com\/danahilliot\/wp-json\/wp\/v2\/pages\/47\/revisions\/49"}],"wp:attachment":[{"href":"https:\/\/outsiderland.com\/danahilliot\/wp-json\/wp\/v2\/media?parent=47"}],"wp:term":[{"taxonomy":"category","embeddable":true,"href":"https:\/\/outsiderland.com\/danahilliot\/wp-json\/wp\/v2\/categories?post=47"},{"taxonomy":"post_tag","embeddable":true,"href":"https:\/\/outsiderland.com\/danahilliot\/wp-json\/wp\/v2\/tags?post=47"}],"curies":[{"name":"wp","href":"https:\/\/api.w.org\/{rel}","templated":true}]}}