{"id":300,"date":"2014-04-16T16:20:30","date_gmt":"2014-04-16T15:20:30","guid":{"rendered":"https:\/\/outsiderland.com\/outside\/?page_id=300"},"modified":"2014-04-16T16:20:30","modified_gmt":"2014-04-16T15:20:30","slug":"professionnels-versus-amateurs-2006","status":"publish","type":"page","link":"https:\/\/outsiderland.com\/danahilliot\/professionnels-versus-amateurs-2006\/","title":{"rendered":"Professionnels versus amateurs (2006)"},"content":{"rendered":"<p style=\"text-indent: 0cm; margin-top: 0.42cm; page-break-before: auto; page-break-after: avoid;\" align=\"center\"><span style=\"font-size: medium;\"><strong>Professionnels <em>versus<\/em><\/strong> <strong>amateurs<\/strong><\/span><\/p>\n<p align=\"center\">\n<p align=\"center\"><span style=\"font-family: Bitstream Charter,serif;\"><span style=\"font-size: x-small;\"><strong>( un immense merci \u00e0 Florent Verschelde pour la relecture le commentaire et la correction de ce texte)<\/strong><\/span><\/span><\/p>\n<p align=\"center\">\n<div id=\"Table of Contents1\" dir=\"ltr\">\n<div id=\"Table of Contents1_Head\" dir=\"ltr\">\n<p style=\"text-indent: 0cm; margin-top: 0.42cm; page-break-before: always; page-break-after: avoid;\" align=\"left\"><span style=\"font-size: medium;\"><strong>Table des mati\u00e8res<\/strong><\/span><\/p>\n<\/div>\n<p style=\"text-indent: 0cm; margin-bottom: 0cm; page-break-before: auto;\" align=\"left\"><span style=\"font-family: Times New Roman,serif;\">1. Explorations s\u00e9mantiques\t4<\/span><\/p>\n<p style=\"margin-left: 0.5cm; text-indent: 0cm; margin-bottom: 0cm; page-break-before: auto;\" align=\"left\"><span style=\"font-family: Times New Roman,serif;\">1.1 Une distinction sociale \t4<\/span><\/p>\n<p style=\"margin-left: 0.5cm; text-indent: 0cm; margin-bottom: 0cm; page-break-before: auto;\" align=\"left\"><span style=\"font-family: Times New Roman,serif;\">1.2. Une distinction morale\t5<\/span><\/p>\n<p style=\"text-indent: 0cm; margin-bottom: 0cm; page-break-before: auto;\" align=\"left\"><span style=\"font-family: Times New Roman,serif;\">2. L&rsquo; amateur, cet inconnu\t7<\/span><\/p>\n<p style=\"margin-left: 0.5cm; text-indent: 0cm; margin-bottom: 0cm; page-break-before: auto;\" align=\"left\"><span style=\"font-family: Times New Roman,serif;\">2.1. Accompagner vers la \tprofessionnalisation :\t7<\/span><\/p>\n<p style=\"margin-left: 0.5cm; text-indent: 0cm; margin-bottom: 0cm; page-break-before: auto;\" align=\"left\"><span style=\"font-family: Times New Roman,serif;\">2.2. L&rsquo;impossible expertise des \tpratiques amateurs :\t8<\/span><\/p>\n<p style=\"margin-left: 0.5cm; text-indent: 0cm; margin-bottom: 0cm; page-break-before: auto;\" align=\"left\"><span style=\"font-family: Times New Roman,serif;\">2.3. bilan provisoire :\t10<\/span><\/p>\n<p style=\"text-indent: 0cm; margin-bottom: 0cm; page-break-before: auto;\" align=\"left\"><span style=\"font-family: Times New Roman,serif;\">3. Du conservatisme culturel\t12<\/span><\/p>\n<p style=\"margin-left: 0.5cm; text-indent: 0cm; margin-bottom: 0cm; page-break-before: auto;\" align=\"left\"><span style=\"font-family: Times New Roman,serif;\">3.1. les pratiques amateurs : \tune aberration \u00e9conomique ?\t12<\/span><\/p>\n<p style=\"margin-left: 1cm; text-indent: 0cm; margin-bottom: 0cm; page-break-before: auto;\" align=\"left\"><span style=\"font-family: Times New Roman,serif;\">3.1.1. un exemple : la sc\u00e8ne \tdes musiques actuelles\t12<\/span><\/p>\n<p style=\"margin-left: 1cm; text-indent: 0cm; margin-bottom: 0cm; page-break-before: auto;\" align=\"left\"><span style=\"font-family: Times New Roman,serif;\">3.1.2 les resquilleurs : les \tlicences de libre diffusion et la loi DADVSI\t14<\/span><\/p>\n<p style=\"margin-left: 1cm; text-indent: 0cm; margin-bottom: 0cm; page-break-before: auto;\" align=\"left\"><span style=\"font-family: Times New Roman,serif;\">3.1.3. le conservatisme des \tprofessionnels\t18<\/span><\/p>\n<p style=\"margin-left: 0.5cm; text-indent: 0cm; margin-bottom: 0cm; page-break-before: auto;\" align=\"left\"><span style=\"font-family: Times New Roman,serif;\">3.2. Un exemple de domestication \tdes cr\u00e9ateurs : le projet d&rsquo;am\u00e9nagement du d\u00e9cret \tde 1953\t21<\/span><\/p>\n<p style=\"margin-left: 1cm; text-indent: 0cm; margin-bottom: 0cm; page-break-before: auto;\" align=\"left\"><span style=\"font-family: Times New Roman,serif;\">3.2.1. Le d\u00e9cret de \t1953\t21<\/span><\/p>\n<p style=\"margin-left: 1cm; text-indent: 0cm; margin-bottom: 0cm; page-break-before: auto;\" align=\"left\"><span style=\"font-family: Times New Roman,serif;\">3.2.2 L&rsquo;avant projet de loi \trelatif \u00e0 la participation des amateurs \u00e0 des \tspectacles (15 mars 2006)\t24<\/span><\/p>\n<p style=\"margin-left: 1cm; text-indent: 0cm; margin-bottom: 0cm; page-break-before: auto;\" align=\"left\"><span style=\"font-family: Times New Roman,serif;\">3.2.3. Administrer les amateurs \tpour renforcer la profession.\t29<\/span><\/p>\n<p style=\"margin-left: 1cm; text-indent: 0cm; margin-bottom: 0cm; page-break-before: auto;\" align=\"left\"><span style=\"font-family: Times New Roman,serif;\">3.2.4 \u00ab\u00a0\u00c9duquer\u00a0\u00bb \tles amateurs ? Ou bien&#8230; les \u00ab\u00a0domestiquer\u00a0\u00bb \t?\t32<\/span><\/p>\n<p style=\"text-indent: 0cm; margin-bottom: 0cm; page-break-before: auto;\" align=\"left\"><span style=\"font-family: Times New Roman,serif;\">4. Le sujet cr\u00e9ateur\t34<\/span><\/p>\n<p style=\"margin-left: 0.5cm; text-indent: 0cm; margin-bottom: 0cm; page-break-before: auto;\" align=\"left\"><span style=\"font-family: Times New Roman,serif;\">4.1. Le concept d&rsquo; \u00ab\u00a0amateur\u00a0\u00bb \tou le for\u00e7age de la r\u00e9alit\u00e9\t34<\/span><\/p>\n<p style=\"margin-left: 0.5cm; text-indent: 0cm; margin-bottom: 0cm; page-break-before: auto;\" align=\"left\"><span style=\"font-family: Times New Roman,serif;\">4.2. Une histoire am\u00e9ricaine\t36<\/span><\/p>\n<p style=\"margin-left: 0.5cm; text-indent: 0cm; margin-bottom: 0cm; page-break-before: auto;\" align=\"left\"><span style=\"font-family: Times New Roman,serif;\">4.2. \u00a0La cr\u00e9ation \tsans l&rsquo;Etat\t40<\/span><\/p>\n<p style=\"text-indent: 0cm; margin-bottom: 0cm; page-break-before: auto;\" align=\"left\"><span style=\"font-family: Times New Roman,serif;\">conclusion : annonce d&rsquo;une \tguerre probable\t46<\/span><\/p>\n<p style=\"text-indent: 0cm; margin-bottom: 0cm; page-break-before: auto;\" align=\"left\"><span style=\"font-family: Times New Roman,serif;\">Bibliographie \t47<\/span><\/p>\n<p style=\"text-indent: 0cm; margin-bottom: 0cm; page-break-before: auto;\" align=\"left\"><span style=\"font-family: Times New Roman,serif;\">Remerciements :\t49<\/span><\/p>\n<p style=\"text-indent: 0cm; margin-bottom: 0cm; page-break-before: auto;\" align=\"left\"><span style=\"font-family: Times New Roman,serif;\">Licence :\t49<\/span><\/p>\n<\/div>\n<p align=\"center\">\n<p style=\"page-break-before: always;\" align=\"center\">\n<p align=\"center\">\n<p align=\"justify\"><span style=\"font-family: Bitstream Charter,serif;\">Dans le monde de la culture, il semble que les amateurs et les professionnels aient v\u00e9cu en paix la plupart du temps. Brandir la menace, comme je m&rsquo;y emploie dans le texte qui suit, d&rsquo;une guerre possible entre les uns et les autres, c&rsquo;est \u00e9videmment une provocation, une m\u00e9chante id\u00e9e. J&rsquo;aime attiser les braises afin que le feu prenne et que de larges flammes soient visibles, plut\u00f4t que de laisser le feu couver discr\u00e8tement sous les cendres &#8211; et quand l&rsquo;incendie \u00e9clate, il est trop tard \u00a0pour s&rsquo;en pr\u00e9munir. Une guerre larv\u00e9e n&rsquo;en reste pas moins une guerre, n&rsquo;est-ce pas ?<\/span><\/p>\n<p align=\"justify\"><span style=\"font-family: Bitstream Charter,serif;\">Je voudrais dans les pages qui suivent d\u00e9crire comment une situation particuli\u00e8re, le d\u00e9ploiement de vastes r\u00e9seaux de pratiques artistiques en marge des circuits traditionnels de l&rsquo;art (institutionnels et professionnels), a contribu\u00e9 \u00e0  \u00e9roder le socle sur lequel reposait la culture autrefois dominante, \u00e0 tel point que certains acteurs professionnels de la culture s&rsquo;en inqui\u00e8te, percevant \u00e0 tort ou \u00e0 raison, ces artistes alternatifs comme des concurrents potentiels<a name=\"sdfootnote1anc\" href=\"https:\/\/www.outsiderland.com\/danahilliot\/dana_writings\/professionnelsversusamateurs.htm#sdfootnote1sym\"><sup>1<\/sup><\/a>.<\/span><\/p>\n<p align=\"justify\"><span style=\"font-family: Bitstream Charter,serif;\">J&rsquo;essaierai de lire \u00e0 travers les lignes des discours et des textes produits au sujet des pratiques amateurs, l&rsquo;\u00e9bauche d&rsquo;une r\u00e9action face \u00e0 ces menaces suppos\u00e9es : r\u00e9action incarn\u00e9e notamment par le politique, sous l&rsquo;\u00e9gide du Minist\u00e8re de la Culture. Nous verrons comment le concept, hautement discutable, d&rsquo;\u00ab\u00a0amateur\u00a0\u00bb, vient servir les int\u00e9r\u00eats conservateurs de la profession et devient une arme en vue de la domestication, de l&rsquo;institutionnalisation, et, en d\u00e9finitive, du contr\u00f4le de pratiques qui, jusqu&rsquo;\u00e0 pr\u00e9sent \u00e9chappent aux pouvoirs institutionnels.<\/span><\/p>\n<p align=\"justify\"><span style=\"font-family: Bitstream Charter,serif;\">Enfin, nous nous efforcerons de sortir de l&rsquo;opposition conceptuelle et administrative entre l&rsquo;amateur et le professionnel, en proposant une vision pluraliste de la cr\u00e9ation et des cr\u00e9ateurs. <\/span><\/p>\n<p align=\"left\">\n<p style=\"page-break-before: always;\" align=\"left\">\n<h1>1. Explorations s\u00e9mantiques<\/h1>\n<h2>1.1 Une distinction sociale<\/h2>\n<p align=\"justify\"><span style=\"font-family: Bitstream Charter,serif;\">A priori, rien n&rsquo;oppose les amateurs et les professionnels. Les amateurs sont ceux qui aiment ce qu&rsquo;ils font &#8211; \u00a0et on suppose qu&rsquo;un artiste amateur cr\u00e9e pour son plaisir d&rsquo;abord, parce qu&rsquo;il aime ce qu&rsquo;il fait, et ensuite \u00e9ventuellement, pour d&rsquo;autres raisons. Rien n&#8217;emp\u00eache de ce point de vue l&rsquo;amateur d&rsquo;art d&rsquo;en faire aussi son m\u00e9tier. C&rsquo;est l\u00e0 mettre l&rsquo;accent sur ce qui se joue au niveau du c\u0153ur &#8211; et le c\u0153ur a ses raisons que la raison ne conna\u00eet pas. <\/span><\/p>\n<p align=\"justify\"><span style=\"font-family: Bitstream Charter,serif;\">Qu&rsquo;il y ait des artistes amateurs, je crois qu&rsquo;on devrait toujours s&rsquo;en \u00e9tonner et m\u00eame s&rsquo;en r\u00e9jouir : c&rsquo;est la preuve que l&rsquo;existence de l&rsquo;homme ne se r\u00e9duit pas \u00e0 gagner sa pitance \u00e0 force de travail, que l&rsquo;homme n&rsquo;est pas seulement une machine int\u00e9ress\u00e9e \u00e0 accro\u00eetre ses gains ou \u00e0 garantir sa survie mat\u00e9rielle. Que nos lointains anc\u00eatres aient su trouver la disponibilit\u00e9 d&rsquo;esprit suffisante pour peindre des animaux sur les murs des grottes, que de tout temps et en toute soci\u00e9t\u00e9 humaine, des hommes et des femmes consacrent une partie de leur vie \u00e0 la cr\u00e9ation, malgr\u00e9 la pr\u00e9carit\u00e9 et les vicissitudes de l&rsquo;existence, voil\u00e0 qui devrait nous faire r\u00e9fl\u00e9chir \u00e0 la pertinence des th\u00e9ories qui montrent l&rsquo;homme comme une machine \u00e0 produire et consommer pour l&rsquo;am\u00e9lioration de son bien-\u00eatre. S&rsquo;il fallait fonder \u00e0 nouveau l&rsquo;humanisme, on pourrait peut-\u00eatre avec bonheur partir de l\u00e0.<\/span><\/p>\n<p align=\"justify\"><span style=\"font-family: Bitstream Charter,serif;\">Les professionnels sont ceux qui ont fait <em>profession publique de leur foi<\/em>. L&rsquo;\u00e9tymologie est un jeu parfois amusant, et ce n&rsquo;est pas sans arri\u00e8re-pens\u00e9e que je m&rsquo;y r\u00e9f\u00e8re ici : la profession est d&rsquo;abord une affaire de foi &#8211; mais la foi en tant qu&rsquo;elle fait l&rsquo;objet d&rsquo;une d\u00e9claration publique, d&rsquo;une exposition au su et au vu de tous. De ce point de vue, la diff\u00e9rence entre l&rsquo;amateur et le professionnel se joue sur la mani\u00e8re d&rsquo;appara\u00eetre sur la place publique, c&rsquo;est-\u00e0-dire qu&rsquo;elle est d\u00e9j\u00e0 une diff\u00e9rence de position sociale. D&rsquo;une certaine mani\u00e8re, le sentiment qui pousse l&rsquo;amateur \u00e0 faire ce qu&rsquo;il fait demeure une affaire priv\u00e9e, son jardin secret, tandis que celui du professionnel fait l&rsquo;objet d&rsquo;un positionnement social assum\u00e9 publiquement. On pourrait donc distinguer ici une foi priv\u00e9e d&rsquo;une foi publique. Quand bien m\u00eame on \u00e9vacuerait l&rsquo;arri\u00e8re plan religieux du champ s\u00e9mantique du mot \u00ab\u00a0professionnel\u00a0\u00bb, l&rsquo;id\u00e9e de vocation assum\u00e9e, de <em>choix rendu publique<\/em>, n&rsquo;en reste pas moins pr\u00e9sente. <\/span><\/p>\n<p align=\"justify\"><span style=\"font-family: Bitstream Charter,serif;\">Dans la langue courante, et ce, d\u00e8s Montaigne, <em>profession<\/em> d\u00e9signe d\u00e9j\u00e0 ce qu&rsquo;on pourrait appeler la condition, l&rsquo;\u00e9tat social d&rsquo;une personne, et plus pr\u00e9cis\u00e9ment encore, le m\u00e9tier, la sp\u00e9cialit\u00e9 :<\/span><\/p>\n<p><cite> <\/cite>\u00ab\u00a0<em>Et \u00e0 ce propos, \u00e0 la lecture des histoires, qui est le subjet de toutes gens, j&rsquo;ay accoustum\u00e9 de considerer qui en sont les escrivains : Si ce sont personnes, qui ne facent autre profession que de lettres, j&rsquo;en apren principalement le stile et le langage : si ce sont Medecins, je les croy plus volontiers en ce qu&rsquo;ils nous disent de la temperature de l&rsquo;air, de la sant\u00e9 et complexion des Princes, des blessures et maladies <\/em>\u00bb<a name=\"sdfootnote2anc\" href=\"https:\/\/www.outsiderland.com\/danahilliot\/dana_writings\/professionnelsversusamateurs.htm#sdfootnote2sym\"><sup>2<\/sup><\/a><\/p>\n<p align=\"justify\"><span style=\"font-family: Bitstream Charter,serif;\">Pour acqu\u00e9rir l&rsquo;art po\u00e9tique, on devrait donc, selon Montaigne, faire plut\u00f4t confiance au professionnel, celui dont c&rsquo;est l&rsquo;occupation principale, plut\u00f4t qu&rsquo;\u00e0 l&rsquo;amateur &#8211; par exemple ici le m\u00e9decin qui se pique de litt\u00e9rature. On suppose en effet qu&rsquo;un professionnel, parce qu&rsquo;il se consacre, dans une perspective quasi-religieuse, \u00e0 son art, en acquiert une connaissance plus fiable, et devient une sorte d&rsquo;expert en la mati\u00e8re. C&rsquo;est l\u00e0 un aspect qu&rsquo;on retrouve sans peine dans la signification contemporaine du mot profession : l&rsquo;artiste professionnel s&rsquo;avance non seulement comme celui qui a fait le choix de se consacrer \u00e0 l&rsquo;art mais aussi comme celui qui poss\u00e8de un certain savoir <span style=\"font-family: Bitstream Charter,serif;\">\u2013<\/span> ou qui l&rsquo;acquiert justement en cons\u00e9quence de sa pratique professionnelle. <\/span><\/p>\n<p align=\"justify\"><span style=\"font-family: Bitstream Charter,serif;\">Certes, peu d&rsquo;artistes envisagent les choses d&rsquo;une mani\u00e8re aussi solennelle. Toutefois, quand on choisit de faire de la pratique artistique un m\u00e9tier, on sent bien que ce n&rsquo;est pas un choix anodin : s&rsquo;y joue l\u00e0 quelque chose de grave, car la profession d&rsquo;artiste ne garantit pas, c&rsquo;est le moins qu&rsquo;on puisse dire, une vie confortable et des revenus r\u00e9guliers, et si l&rsquo;on n&rsquo;est pas port\u00e9 par une v\u00e9ritable vocation, on peut s&rsquo;attendre \u00e0 souffrir des al\u00e9as de la pr\u00e9carit\u00e9.<\/span><\/p>\n<p align=\"justify\"><span style=\"font-family: Bitstream Charter,serif;\">En d\u00e9roulant, comme je le fais ici, le fil des significations, la distinction de l&rsquo;amateur et du professionnel nous para\u00eet consister surtout en une d\u00e9marcation sociale : le professionnel fait un choix que l&rsquo;amateur ne fait pas &#8211; celui de consacrer la part la plus importante de sa vie \u00e0 sa passion, et de s&rsquo;avancer ainsi dans le champ social. L&rsquo;amateur, de ce point de vue, est un <em>dilettante<\/em>, c&rsquo;est-\u00e0-dire celui qui se d\u00e9lecte, qui prend plaisir &#8211; et notons au passage qu&rsquo;\u00e0 l&rsquo;origine le <em>dilettante<\/em> est sous la plume de Charles de Brosses (heureux dilettante lui-m\u00eame) (1740) celui qui se d\u00e9lecte de musique italienne, musique l\u00e9g\u00e8re et gaie. La connotation p\u00e9jorative ne s&rsquo;attache au mot <em>dilettantisme<\/em> que plus tard, dans l&rsquo;ambiance moralisante du XIX<span style=\"font-size: x-small;\"><sup>i\u00e8me<\/sup><\/span> si\u00e8cle, fustigeant les dandys qui ne s&rsquo;adonnent qu&rsquo;au jouir et ne font rien s\u00e9rieusement. Sa jouissance s&rsquo;inscrit dans le champ de ce qu&rsquo;on appellera bien plus tard \u00ab\u00a0les loisirs\u00a0\u00bb. <\/span><\/p>\n<h2>1.2. Une distinction morale<\/h2>\n<p align=\"justify\"><span style=\"font-family: Bitstream Charter,serif;\">Ce qui nous conduit naturellement \u00e0 mettre \u00e0 jour un autre aspect, disons : <em>moral<\/em>, de la distinction de l&rsquo;amateur et du professionnel : les premiers se d\u00e9lectent, prennent plaisir, ne font ce qu&rsquo;ils font que pour autant qu&rsquo;ils en jouissent, les seconds incarnent l&rsquo;esprit de s\u00e9rieux et de gravit\u00e9, ils travaillent et prennent de la peine \u00e0 ce qu&rsquo;ils font. Dans le cadre de la soci\u00e9t\u00e9 bourgeoise bien pensante de la fin du XIX<span style=\"font-size: x-small;\"><sup>i\u00e8me<\/sup><\/span> si\u00e8cle, l&rsquo;artiste, de mani\u00e8re g\u00e9n\u00e9rale, n&rsquo;\u00e9tait pas sans susciter le soup\u00e7on des honn\u00eates gens : Gustave Flaubert, dans l&rsquo;article \u00ab\u00a0<em>artistes<\/em>\u00a0\u00bb du <em>Dictionnaire des id\u00e9es re\u00e7ues<\/em> indique : \u00ab\u00a0C<em>e qu&rsquo;ils font ne peut s&rsquo;appeler travailler<\/em>.\u00a0\u00bb Certes, et c&rsquo;est aussi bien la raison pour laquelle on pouvait \u00ab\u00a0<em>vanter leur d\u00e9sint\u00e9ressement\u00a0\u00bb<a name=\"sdfootnote3anc\" href=\"https:\/\/www.outsiderland.com\/danahilliot\/dana_writings\/professionnelsversusamateurs.htm#sdfootnote3sym\"><sup>3<\/sup><\/a><\/em>. <\/span><\/p>\n<p align=\"justify\"><span style=\"font-family: Bitstream Charter,serif;\">En effet, la diff\u00e9rence amateur\/professionnel d\u00e9pend du rapport qu&rsquo;entretiennent dans l&rsquo;id\u00e9ologie dominante les figures de l&rsquo;artiste et du travailleur. Dans une soci\u00e9t\u00e9 pour laquelle la valeur <em>travail<\/em> constitue un socle moral, comme la France contemporaine, la pratique artistique n&rsquo;est prise au s\u00e9rieux que si elle peut \u00eatre assimil\u00e9e \u00e0 un travail &#8211; sous-entendu un travail \u00ab\u00a0salari\u00e9\u00a0\u00bb. Tout se passe comme si la dimension subversive (au sens de \u00a0: productrice d&rsquo;une <em>alt\u00e9rit\u00e9<\/em>, d&rsquo;un autre social) de l&rsquo;art avait \u00e9t\u00e9 parfaitement annul\u00e9e par l&rsquo;assimilation de l&rsquo;activit\u00e9 artistique \u00e0 un travail. Adorno l&rsquo;avait d\u00e9j\u00e0 pr\u00e9vu d\u00e8s les ann\u00e9es 30, en d\u00e9crivant l&rsquo;ali\u00e9nation de l&rsquo;art v\u00e9ritable dans le march\u00e9 et les institutions<a name=\"sdfootnote4anc\" href=\"https:\/\/www.outsiderland.com\/danahilliot\/dana_writings\/professionnelsversusamateurs.htm#sdfootnote4sym\"><sup>4<\/sup><\/a>. Les avant-gardes, de ce point de vue, n&rsquo;ont fait qu&rsquo;acc\u00e9l\u00e9rer la s\u00e9cularisation du champ de l&rsquo;art (qui culmine paradoxalement dans le fait que des chanteurs de Karaok\u00e9, produits par l&rsquo;industrie du disque, sont d\u00e9crits et reconnus par une partie du public et des m\u00e9dias comme des \u00ab\u00a0artistes\u00a0\u00bb).<\/span><\/p>\n<p align=\"justify\"><span style=\"font-family: Bitstream Charter,serif;\">L&rsquo;id\u00e9ologie qui repose sur l&rsquo;id\u00e9e que le travail salari\u00e9 constitue non seulement la voie royale de l&rsquo;int\u00e9gration sociale ou de l&rsquo;autonomie individuelle, mais aussi le destin n\u00e9cessaire et souhaitable de l&rsquo;homme<a name=\"sdfootnote5anc\" href=\"https:\/\/www.outsiderland.com\/danahilliot\/dana_writings\/professionnelsversusamateurs.htm#sdfootnote5sym\"><sup>5<\/sup><\/a>, d&rsquo;un point de vue moral, conduit forc\u00e9ment \u00e0 d\u00e9valuer les pratiques amateurs au profit des activit\u00e9s professionnelles. L&rsquo;amateur suscite alors au mieux la sympathie, au pire le m\u00e9pris et l&rsquo;indiff\u00e9rence. Il compte pour du beurre. \u00c9valu\u00e9 \u00e0 l&rsquo;aune du professionnel, l&rsquo;amateur n&rsquo;est qu&rsquo;une \u00e9bauche, un brouillon : il ne s&rsquo;est pas encore d\u00e9cid\u00e9 \u00e0 exercer son art s\u00e9rieusement, il ne travaille pas vraiment, mais consid\u00e8re l&rsquo;art comme une \u00ab\u00a0occupation du temps\u00a0\u00bb<a name=\"sdfootnote6anc\" href=\"https:\/\/www.outsiderland.com\/danahilliot\/dana_writings\/professionnelsversusamateurs.htm#sdfootnote6sym\"><sup>6<\/sup><\/a>, un loisir, relatif \u00e0 ses jouissances priv\u00e9es. Il ne se confronte pas \u00e0 la r\u00e9alit\u00e9 du march\u00e9, au jugement critique, ne prend pas autant de risques que le professionnel, ne se donne pas les moyens de viser \u00e0 l&rsquo;excellence. De ce fait il demeure la plupart du temps invisible &#8211; invisible parce que muet. Ce n&rsquo;est que dans un contexte de crise du march\u00e9 de la culture qu&rsquo;il en vient \u00e0 repr\u00e9senter une menace pour les professionnels &#8211; comme je le montrerai \u00e0 l&rsquo;occasion de cet essai.<\/span><\/p>\n<p align=\"justify\">\n<p style=\"page-break-before: always;\" align=\"justify\">\n<h1>2. L&rsquo; amateur, cet inconnu<\/h1>\n<p align=\"justify\"><span style=\"font-family: Bitstream Charter,serif;\">Il serait tr\u00e8s int\u00e9ressant d&rsquo;\u00e9tudier la mani\u00e8re dont les institutions en charge de la culture dans un pays comme la France <em>parlent<\/em> des pratiques amateurs. A vrai dire le concept m\u00eame de pratiques amateurs, initi\u00e9 dans les ann\u00e9es 80, fixe d\u00e9j\u00e0 un cadre de pens\u00e9e surd\u00e9termin\u00e9 : l&rsquo;id\u00e9e d&rsquo;une pratique artistique amateur ne prend sens que dans une culture o\u00f9 des artistes se revendiquent comme professionnels et o\u00f9 les institutions les reconnaissent comme tels. Notez au passage qu&rsquo;on ne parle jamais de <em>pratiques professionnelles<\/em>, et rarement d<em>&lsquo;artistes amateurs<\/em>. <\/span><\/p>\n<h2>2.1. Accompagner vers la professionnalisation :<\/h2>\n<p align=\"justify\"><span style=\"font-family: Bitstream Charter,serif;\">Le concept de <em>pratiques amateurs<\/em> a d&rsquo;abord un contenu n\u00e9gatif : l&rsquo;amateur c&rsquo;est celui qui n&rsquo;est pas professionnel, ou du moins, <em>qui ne l&rsquo;est pas encore<\/em> &#8211; et on suppose donc qu&rsquo;il aspire \u00e0 le devenir. Le mot \u00ab\u00a0<em>pratique\u00a0\u00bb<\/em>, sous une apparente neutralit\u00e9 (on peut aussi bien <em>pratiquer un sport<\/em>), \u00e9voque plut\u00f4t ici un ensemble d&rsquo;activit\u00e9s non salari\u00e9es. L&rsquo;amateur est donc avant tout un b\u00e9n\u00e9vole, et, comme tel, il suscite de temps \u00e0 autres un surcro\u00eet d&rsquo;int\u00e9r\u00eat et de sympathie de la part des pouvoirs publics ou de l&rsquo;opinion : si du point de vue sociologique, on mesure assez bien l&rsquo;importance dans la vie humaine occidentale de ces pratiques non salari\u00e9es, du point de vue \u00e9conomique, par contre, le b\u00e9n\u00e9volat ne compte pas (on trouvera \u00e9videmment quelques \u00e9conomistes, dans la mouvance d&rsquo;Amartya Sen par exemple, pour prendre ces pratiques au s\u00e9rieux, mais la plupart des pays occidentaux n&rsquo;en tire pas les cons\u00e9quences politiques qu&rsquo;on serait en droit d&rsquo;esp\u00e9rer).<\/span><\/p>\n<p align=\"justify\"><span style=\"font-family: Bitstream Charter,serif;\">Quand le minist\u00e8re de la culture s&rsquo;int\u00e9resse aux pratiques amateurs, ce qui arrive bon an mal an \u00e0 chaque fois qu&rsquo;un nouveau ministre s&rsquo;installe \u00e0 son poste, le dossier des pratiques amateurs suscite immanquablement les m\u00eames r\u00e9ponses. <\/span><\/p>\n<p align=\"justify\"><span style=\"font-family: Bitstream Charter,serif;\">L&rsquo;amateur n&rsquo;int\u00e9resse l&rsquo;institution que dans la mesure o\u00f9 il est tenu pour un professionnel en puissance. Il s&rsquo;agit alors de l&rsquo;aider \u00e0 actualiser cette puissance, d&rsquo;o\u00f9 le concept in\u00e9vitable d&rsquo; \u00ab\u00a0<em>artiste en voie de professionnalisation\u00a0\u00bb<\/em>. Autour de ce concept sont mis en place de multiples dispositifs visant \u00e0 accompagner l&rsquo;amateur vers le m\u00e9tier. Il est \u00e0 chaque fois question de <em>d\u00e9veloppement<\/em> et de <em>carri\u00e8res<\/em> d&rsquo;artistes, lexique tout \u00e0 fait identique \u00e0 celui utilis\u00e9 par l&rsquo;industrie artistique. C&rsquo;est particuli\u00e8rement frappant dans le domaine des musiques dites \u00ab\u00a0<em>actuelles\u00a0\u00bb <span style=\"font-family: Bitstream Charter,serif;\">\u2013<\/span> <\/em>mani\u00e8re encore une fois politiquement correcte de d\u00e9signer les musiques populaires, grand public, par opposition aux musiques savantes, nobles et bourgeoises<a name=\"sdfootnote7anc\" href=\"https:\/\/www.outsiderland.com\/danahilliot\/dana_writings\/professionnelsversusamateurs.htm#sdfootnote7sym\"><sup>7<\/sup><\/a>. Les actions en faveur des musiciens amateurs constituent en quelques sorte des passerelles vers le march\u00e9 du disque. Je cite ici quelques extraits d&rsquo;un document publi\u00e9 par le minist\u00e8re de la culture en octobre 2004 : il est question de propositions visant \u00e0 am\u00e9liorer l&rsquo;action de l&rsquo;Etat en faveur des musiques actuelles.<\/span><\/p>\n<p>\u00ab\u00a0<em>D\u00e9velopper l&rsquo;activit\u00e9 artistique : Accro\u00eetre le d\u00e9veloppement des actions du Centre National des Vari\u00e9t\u00e9s en direction des producteurs qui portent les carri\u00e8res des artistes dont ils ont la responsabilit\u00e9 dans tous les domaines de la sc\u00e8ne. Renforcement des r\u00e9seaux d&rsquo;insertion professionnelle : FAIR, R\u00e9seau Printemps, Studio des Vari\u00e9t\u00e9s, IRMA (observation). L&rsquo;action de chacune de ces structures se r\u00e9v\u00e8le pertinente car elle contribue \u00e0 l&rsquo;entr\u00e9e dans la profession, elle propose un mode singulier d&rsquo;accompagnement des artistes dans leur structuration professionnelle et des formations artistiques ou administratives.<\/em> \u00bb<a name=\"sdfootnote8anc\" href=\"https:\/\/www.outsiderland.com\/danahilliot\/dana_writings\/professionnelsversusamateurs.htm#sdfootnote8sym\"><sup>8<\/sup><\/a><\/p>\n<p align=\"justify\"><span style=\"font-family: Bitstream Charter,serif;\">L&rsquo;industrie du disque, est consid\u00e9r\u00e9e non seulement comme l&rsquo;horizon naturel de l&rsquo;activit\u00e9 cr\u00e9atrice, mais aussi comme devant \u00eatre int\u00e9gr\u00e9e dans les processus d&rsquo;accompagnement propos\u00e9s, souvent \u00e0 titre d&rsquo;expert. L&rsquo;action culturelle vise donc \u00e0 produire les futurs salari\u00e9s de l&rsquo;industrie du disque, des artistes travailleurs aptes \u00e0 prendre place sur le march\u00e9. Sont ainsi form\u00e9s des bataillons d&rsquo;artistes capables de n\u00e9gocier des contrats en vue d&rsquo;entrer sur le march\u00e9, forts de comp\u00e9tences juridiques, administratives, commerciales. Des organismes tels que la Sacem sont omnipr\u00e9sents, par exemple dans les jurys qui distribuent les aides au d\u00e9veloppement, ou bien \u00e0 titre de conseiller juridique (l&rsquo;inscription \u00e0 la Sacem conditionne souvent l&rsquo;inscription \u00e0 un concours, tel que le FAIR ou les d\u00e9couvertes du Printemps de Bourges). Les experts sont recrut\u00e9s ou format\u00e9s selon les exigences du march\u00e9, y compris sur le plan artistique. Bref, la musique populaire, c&rsquo;est un m\u00e9tier qui s&rsquo;apprend, et les institutions se posent comme des \u00e9ducateurs et des formateurs d&rsquo;artistes. <\/span><\/p>\n<p align=\"justify\"><span style=\"font-family: Bitstream Charter,serif;\">Le d\u00e9sir de tout artiste amateur serait donc de sortir de cet \u00e9tat de brouillon qu&rsquo;est l&rsquo;amateurisme afin de rejoindre le monde des professionnels. C&rsquo;est \u00e9videmment l\u00e0 pr\u00e9juger gravement des d\u00e9sirs d&rsquo;artistes &#8211; lesquels sont pluriels et ne se limite pas, loin de l\u00e0, \u00e0 devenir des artistes-travailleurs pour reprendre l&rsquo;expression de Pierre-Michel Menger<a name=\"sdfootnote9anc\" href=\"https:\/\/www.outsiderland.com\/danahilliot\/dana_writings\/professionnelsversusamateurs.htm#sdfootnote9sym\"><sup>9<\/sup><\/a>.<\/span><\/p>\n<p align=\"justify\">\n<p align=\"justify\">\n<p><!--nextpage--><\/p>\n<h2>2.2. L&rsquo;impossible expertise des pratiques amateurs :<\/h2>\n<p align=\"justify\"><span style=\"font-family: Bitstream Charter,serif;\">En r\u00e9alit\u00e9, l&rsquo;institution sait bien que la ph\u00e9nom\u00e8ne qu&rsquo;elle d\u00e9signe sous le nom de <em>pratiques amateurs<\/em> est bien plus complexe : nombre d&rsquo;amateurs ne sont pas du tout en voie de professionnalisation, et n&rsquo;en manifestent aucunement le d\u00e9sir. C&rsquo;est la raison pour laquelle, l\u00e0 aussi immanquablement, une des t\u00e2ches premi\u00e8res de tout nouveau ministre consiste \u00e0 initier de nouvelles enqu\u00eates en vue de mieux conna\u00eetre ce ph\u00e9nom\u00e8ne intrigant. <\/span><\/p>\n<p align=\"justify\"><span style=\"font-family: Bitstream Charter,serif;\">Pour reprendre l&rsquo;exemple des musiques actuelles, cette t\u00e2che donne lieu \u00e0 des litt\u00e9ratures dans le style qui suit :<\/span><\/p>\n<p>\u00ab<em> (&#8230;) produire de l&rsquo;analyse et des pr\u00e9conisations partag\u00e9es, qui aident \u00e0 la d\u00e9cision et \u00e0 la d\u00e9finition de politiques publiques, tant sur le plan national que local, en s&rsquo;appuyant sur des outils d&rsquo;observation, de ressources et d&rsquo;information, et notamment dans l&rsquo;appui et l&rsquo;accompagnement des Concertations territoriales. Il semble indispensable qu&rsquo;un travail commun permanent d&rsquo;analyse, d&rsquo;\u00e9valuation et mise en commun des probl\u00e9matiques puisse \u00eatre institu\u00e9, accompagn\u00e9 et garanti par l&rsquo;Etat entre les acteurs des musiques actuelles et les d\u00e9cideurs publics ; favoriser le d\u00e9veloppement des outils n\u00e9cessaires \u00e0 une meilleure connaissance et compr\u00e9hension du secteur pour les d\u00e9cideurs politiques<a name=\"sdfootnote10anc\" href=\"https:\/\/www.outsiderland.com\/danahilliot\/dana_writings\/professionnelsversusamateurs.htm#sdfootnote10sym\"><sup>10<\/sup><\/a>. <\/em>\u00bb<\/p>\n<p>Alors, afin de produire ces <em>analyses<\/em>, on cr\u00e9e des <em>observatoire<\/em>s, on organise des colloques, on missionne des experts <span style=\"font-family: Bitstream Charter,serif;\">\u2013<\/span> et je me demande combien de centaines de milliers d&rsquo;euros ont \u00e9t\u00e9 d\u00e9pens\u00e9es ces derni\u00e8res d\u00e9cennies pour financer cela.<\/p>\n<p align=\"justify\"><span style=\"font-family: Bitstream Charter,serif;\">Mais pourquoi consacrer tant d&rsquo;efforts, d&rsquo;\u00e9nergie et de financements, pour l&rsquo;\u00e9tude des pratiques amateurs ? Et pour quels r\u00e9sultats ? <\/span><\/p>\n<p align=\"justify\"><span style=\"font-family: Bitstream Charter,serif;\">La raison profonde tient peut-\u00eatre \u00e0 la nature m\u00eame des pratiques amateur : elles sont avant tout des pratiques priv\u00e9es, qui \u00e9chappent \u00e0 l&rsquo;administration, qui ne laissent pas de trace, ou alors de mani\u00e8re occasionnelle, dans l&rsquo;espace public, et dont les modes de m\u00e9diatisation sont ind\u00e9pendants des mondes de l&rsquo;art dominants. L&rsquo;artiste amateur, contrairement, nous l&rsquo;avons dit, au professionnel, ne se d\u00e9clare pas publiquement et administrativement, il n&rsquo;est pas inscrit en tant qu&rsquo;artiste \u00e0 la chambre des m\u00e9tiers ou \u00e0 la maison des artistes. Il constitue pour l&rsquo;\u00c9tat une \u00e9nigme. <\/span><\/p>\n<p align=\"justify\"><span style=\"font-family: Bitstream Charter,serif;\">Or l&rsquo;Etat fran\u00e7ais n&rsquo;appr\u00e9cie manifestement pas que les pratiques de ses administr\u00e9s \u00e9chappent \u00e0 son regard. On parle souvent d&rsquo;un d\u00e9sir de reconnaissance de la part des artistes, mais on le confond souvent, \u00e0 mon sens, avec l&rsquo;int\u00e9r\u00eat de l&rsquo;Etat envers ces pratiques &#8211; pr\u00e9lude \u00e0 la surveillance statistique et au contr\u00f4le juridique.<\/span><\/p>\n<p align=\"justify\"><span style=\"font-family: Bitstream Charter,serif;\">Les amateurs ne sont toutefois pas toujours des monades isol\u00e9es les unes des autres. Deux types d&rsquo;organisation pr\u00e9dominent, qui font parfois l&rsquo;objet d&rsquo;une certaine attention de la part des pouvoirs publics : les associations et les r\u00e9seaux internet. La fameuse loi 1901, qui autorise la libre association des personnes en vue de la r\u00e9alisation d&rsquo;un projet commun, bien qu&rsquo;elle suppose une inscription au Bulletin Officiel, demeure toutefois suffisamment souple : tant qu&rsquo;on ne demande pas de subventions, l&rsquo;association peut faire \u00e0 peu pr\u00e8s ce qu&rsquo;elle veut, et n&rsquo;a pas de compte \u00e0 rendre aux pouvoirs publics. Les r\u00e9seaux d&rsquo;internautes constituent un ph\u00e9nom\u00e8ne encore plus difficile \u00e0 appr\u00e9hender, m\u00eame pour le plus comp\u00e9tent des experts. Des dizaines d&rsquo;initiatives individuelles sont prises chaque jour, des r\u00e9seaux se constituent au gr\u00e9 des rencontres et des int\u00e9r\u00eats communs, certaines communaut\u00e9s d&rsquo;artistes comptent des milliers d&rsquo;acteurs, voire m\u00eame beaucoup plus. Je pr\u00e9senterai dans la derni\u00e8re partie de cette \u00e9tude deux exemples particuli\u00e8rement impressionnants : les photographes regroup\u00e9s au sein du site Flickr, et la communaut\u00e9 \u00a0de musiciens particuli\u00e8rement active de Musique-Libre.org. <\/span><\/p>\n<p align=\"justify\"><span style=\"font-family: Bitstream Charter,serif;\">Deux aspects m&rsquo;int\u00e9ressent ici : premi\u00e8rement, ces cr\u00e9ateurs s&rsquo;auto-organisent sans tenir compte des circuits traditionnels de diffusion des \u0153uvres (march\u00e9 de l&rsquo;art, march\u00e9 du disque, arts subventionn\u00e9s) &#8211; les outils d&rsquo;expertise habituels des mondes de l&rsquo;art ne sont donc pas en mesure d&rsquo;en appr\u00e9hender l&rsquo;importance ni d&rsquo;en mesurer la vitalit\u00e9 ; et secondement, les processus de reconnaissance, qui existent au sein de ces communaut\u00e9s, ne doivent rien aux m\u00e9diateurs traditionnels de l&rsquo;art (les m\u00e9dias de mani\u00e8re g\u00e9n\u00e9rale) ni aux jugements de l&rsquo;institution : ces processus se d\u00e9ploient sur un plan horizontal,et non pas vertical. C&rsquo;est l&rsquo;affaire de chacun de d\u00e9fendre et promouvoir l&rsquo;artiste qu&rsquo;il appr\u00e9cie &#8211; et \u00e0 vrai dire, la distinction cr\u00e9ateur\/public y est souvent dissoute, chacun \u00e9tant \u00e0 la fois cr\u00e9ateur et amateur d&rsquo;art. <\/span><\/p>\n<p align=\"justify\"><span style=\"font-family: Bitstream Charter,serif;\">Produire une analyse de ces pratiques amateurs, particuli\u00e8rement \u00e0 l&rsquo;\u00e8re de l&rsquo;explosion d&rsquo;internet dans les pays riches et \u00e9mergents, suppose \u00e0 mon avis qu&rsquo;on s&rsquo;engage en tant qu&rsquo;acteur au niveau m\u00eame de ces communaut\u00e9s. On ne peut pas ici se contenter d&rsquo;interroger les bases de donn\u00e9es statistiques des grandes galeries d&rsquo;art, ou des disquaires les plus importants : il n&rsquo;existe pas d&rsquo;instance sup\u00e9rieure qui tienne lieu de barom\u00e8tre des activit\u00e9s. Les processus de l\u00e9gitimation ne fonctionnent pas verticalement, car les rencontres entre l&rsquo;amateur d&rsquo;art et l&rsquo;\u0153uvre se font sans qu&rsquo;il y ait besoin de validation m\u00e9diatique. On pourrait pour illustrer cela multiplier les exemples d&rsquo;artistes qui, sans avoir \u00e9t\u00e9 d&rsquo;aucune mani\u00e8re parrain\u00e9s par les mondes de l&rsquo;art, touchent cependant des centaines de m\u00e9lomanes dans le monde entier, et m\u00eame, dans certains cas, ayant nou\u00e9s des rencontres fructueuses, en viennent \u00e0 publier leur \u0153uvre. De la multiplication des rencontres priv\u00e9es, ce qu&rsquo;on appelait autrefois \u00ab\u00a0le bouche \u00e0 oreilles\u00a0\u00bb, peut na\u00eetre une v\u00e9ritable reconnaissance publique<a name=\"sdfootnote11anc\" href=\"https:\/\/www.outsiderland.com\/danahilliot\/dana_writings\/professionnelsversusamateurs.htm#sdfootnote11sym\"><sup>11<\/sup><\/a>. <\/span><\/p>\n<p align=\"justify\"><span style=\"font-family: Bitstream Charter,serif;\">La sociologie des pratiques amateurs m\u00e8ne \u00e0 une impasse si elle s&rsquo;obstine \u00e0 garder comme crit\u00e8re de l&rsquo;activit\u00e9 cr\u00e9atrice le mod\u00e8le professionnel. Le concept m\u00eame de <em>pratiques amateurs<\/em>, comme je me suis efforc\u00e9 de le montrer n&rsquo;a de sens que dans un monde de l&rsquo;art organis\u00e9 symboliquement par la figure du professionnel. Il faut donc, si on veut s&rsquo;essayer \u00e0 une telle entreprise, abandonner ce concept et parler par exemple d&rsquo;artistes <em>ind\u00e9pendants<\/em> (dans une certaine mesure) <span style=\"font-family: Bitstream Charter,serif;\">\u2013<\/span> ind\u00e9pendants des circuits de diffusion traditionnels, ind\u00e9pendants des march\u00e9s de l&rsquo;art, ind\u00e9pendants des routes trac\u00e9es par les institutions. <span style=\"background: #ffffff none repeat scroll 0% 0%; -moz-background-clip: -moz-initial; -moz-background-origin: -moz-initial; -moz-background-inline-policy: -moz-initial;\"> <\/span><\/span><\/p>\n<h2>2.3. bilan provisoire :<\/h2>\n<p align=\"justify\"><span style=\"font-family: Bitstream Charter,serif;\">Les pratiques non-professionnelles, caract\u00e9ris\u00e9es par les institutions comme pratiques amateurs, font donc l&rsquo;objet d&rsquo;une double sollicitation : d&rsquo;une part, d&rsquo;une attitude paternaliste de l&rsquo;Etat et des collectivit\u00e9s locales \u00e0 leur \u00e9gard <span style=\"font-family: Bitstream Charter,serif;\">\u2013<\/span> inspir\u00e9e par le mod\u00e8le de l&rsquo;artiste r\u00e9mun\u00e9r\u00e9 et qui se traduit sous la forme d&rsquo;un accompagnement social <span style=\"font-family: Bitstream Charter,serif;\">\u2013<\/span>, et d&rsquo;autre part, d&rsquo;un souci d&rsquo;enqu\u00eate et de surveillance.<\/span><\/p>\n<p align=\"justify\"><span style=\"font-family: Bitstream Charter,serif;\">Gravitent ainsi, autour des dits \u00ab\u00a0amateurs\u00a0\u00bb, de nombreux professionnels : artistes formateurs, managers culturels, sociologues, experts \u00e0 des titres divers. D&rsquo;une mani\u00e8re somme toute assez paradoxale, une s\u00e9rie d&#8217;emplois ont ainsi \u00e9t\u00e9 cr\u00e9\u00e9s au nom d&rsquo;individus qui ne sont pas, eux, r\u00e9mun\u00e9r\u00e9s. Nous devrons, dans les pages qui suivent, garder cette r\u00e9alit\u00e9 \u00e0 l&rsquo;esprit.<\/span><\/p>\n<p align=\"justify\">\n<p style=\"page-break-before: always;\" align=\"justify\">\n<p><!--nextpage--><\/p>\n<h1>3. Du conservatisme culturel<\/h1>\n<h2>3.1. les pratiques amateurs : une aberration \u00e9conomique ?<\/h2>\n<p align=\"justify\"><span style=\"font-family: Bitstream Charter,serif;\">En v\u00e9rit\u00e9, les pratiques artistiques non r\u00e9mun\u00e9r\u00e9es ne font pas toujours l&rsquo;objet d&rsquo;attentions aussi paternalistes. <\/span><\/p>\n<p align=\"justify\"><span style=\"font-family: Bitstream Charter,serif;\">Dans le milieu professionnel, et notamment au sein du march\u00e9 de l&rsquo;art, on ne leur accorde habituellement que peu d&rsquo;int\u00e9r\u00eat. A vrai dire, rares sont les occasions de rencontre entre les artistes non r\u00e9mun\u00e9r\u00e9s et les professionnels, les uns et les autres ne jouent en g\u00e9n\u00e9ral pas dans la m\u00eame cour : ceci explique cela. A <em>contrario<\/em>, s&rsquo;il arrive \u00e0 l&rsquo;amateur de jouer dans la cour des professionnels &#8211; et cela arrive parfois &#8211; la situation peut d\u00e9g\u00e9n\u00e9rer en conflit, ce qui nous voudrions expliciter maintenant.<\/span><\/p>\n<h3>3.1.1. un exemple : la sc\u00e8ne des musiques actuelles<\/h3>\n<p align=\"justify\"><span style=\"font-family: Bitstream Charter,serif;\">Il y a quelques ann\u00e9es, j&rsquo;avais organis\u00e9 dans un bar une programmation sur 6 mois, avec des musiques assez pointues, difficiles d&rsquo;acc\u00e8s. Les musiciens que j&rsquo;invitais \u00e0 cette occasion pouvaient \u00eatre consid\u00e9r\u00e9s comme des <em>praticiens amateurs<\/em>, bien qu&rsquo;ils aient d\u00e9j\u00e0 pour la plupart publi\u00e9 un ou plusieurs disques, et b\u00e9n\u00e9ficiaient d&rsquo;une certaine notori\u00e9t\u00e9 dans les milieux sp\u00e9cialis\u00e9s. J&rsquo;avais mis \u00e0 contribution mon propre mat\u00e9riel de sonorisation, compl\u00e9t\u00e9 par celui de mes amis. La salle de concert \u00e9tait assez petite, ne pouvait accueillir au plus qu&rsquo;une cinquantaine de personnes : en cons\u00e9quence, les recettes des soir\u00e9es demeuraient modestes (on comptait quelques entr\u00e9es payantes et un pr\u00e9l\u00e8vement sur les consommations). Les musiciens n&rsquo;\u00e9taient donc pas r\u00e9mun\u00e9r\u00e9s (leur statut ne les autorisait de toutes fa\u00e7ons pas \u00e0 percevoir un cachet), et nous nous contentions de rembourser leurs frais de d\u00e9placement, et de leur offrir le g\u00eete et le couvert (chez moi ou chez des amis). <\/span><\/p>\n<p align=\"justify\"><span style=\"font-family: Bitstream Charter,serif;\">Un soir, un duo vient \u00e0 se pr\u00e9senter au bar afin de proposer leur spectacle pour une programmation future. Je commence \u00e0 leur d\u00e9crire les conditions financi\u00e8res du concert, mais ils m&rsquo;interrompent :<\/span><\/p>\n<p><em>\u00ab\u00a0Nous sommes intermittents du spectacle. Nous ne pouvons pas jouer sans cachet.\u00a0\u00bb<\/em><\/p>\n<p align=\"justify\"><span style=\"font-family: Bitstream Charter,serif;\">(Le montant de ce cachet devait repr\u00e9senter environ dix fois ce que nous versions en moyenne aux artistes invit\u00e9s jusqu&rsquo;\u00e0 pr\u00e9sent)<\/span><\/p>\n<p align=\"justify\"><span style=\"font-family: Bitstream Charter,serif;\">Et d&rsquo;ajouter :<\/span><\/p>\n<p><em>\u00ab\u00a0Ce que vous fa\u00eetes (ne pas r\u00e9mun\u00e9rer les artistes) est irresponsable : vous cassez le march\u00e9.\u00a0\u00bb<\/em><\/p>\n<p align=\"justify\"><span style=\"font-family: Bitstream Charter,serif;\">J&rsquo;essayais alors de leur expliquer que de toutes mani\u00e8res, le bar et moi-m\u00eame n&rsquo;avions pas les moyens de r\u00e9mun\u00e9rer des artistes \u00e0 ce tarif et que j&rsquo;avais pour ma part l&rsquo;habitude de jouer <em>gratuitement<\/em> (pour peu qu&rsquo;on rembourse mes frais de route et qu&rsquo;on m&rsquo;offre le g\u00eete et le couvert)<\/span><\/p>\n<p><em>\u00ab\u00a0Gratuitement !\u00a0\u00bb<\/em><\/p>\n<p align=\"justify\"><span style=\"font-family: Bitstream Charter,serif;\">Quel mot avais-je prononc\u00e9 l\u00e0 ! Et mes interlocuteurs de se draper fi\u00e8rement dans les habits solennels des professionnels, qui ne pouvaient pas se permettre de jouer gratuitement, qui, eux, prenaient la musique au s\u00e9rieux, etc.<\/span><\/p>\n<p align=\"justify\"><span style=\"font-family: Bitstream Charter,serif;\">Ce \u00e0 quoi je dus r\u00e9pondre quelque chose comme :<\/span><\/p>\n<p>\u00ab<em> Si vous \u00eates aussi bons que vous le d\u00eetes : alors pourquoi n&rsquo;iriez vous pas proposer vos services dans une grande salle subventionn\u00e9e, plut\u00f4t que de venir vous plaindre dans notre petit bar ?<\/em> \u00bb<\/p>\n<p align=\"justify\"><span style=\"font-family: Bitstream Charter,serif;\">Il n&rsquo;avaient pourtant pas tort sur un point : il arrive que les praticiens dits amateurs cassent le march\u00e9. Tel n&rsquo;est \u00e9videmment pas leur objectif. Pour la plupart des musiciens, la sc\u00e8ne repr\u00e9sente une voie privil\u00e9gi\u00e9e pour se faire conna\u00eetre : \u00a0il ne leur vient pas \u00e0 l&rsquo;id\u00e9e qu&rsquo;ils pourraient marcher sur les plates-bandes d&rsquo;autres musiciens.<\/span><\/p>\n<p align=\"justify\"><span style=\"font-family: Bitstream Charter,serif;\">Pour qu&rsquo;il y ait une situation concurrentielle, il faut toutefois que certaines conditions soient r\u00e9unies. Dans le cas des musiques actuelles, on peut rep\u00e9rer quelques uns de ces facteurs :<\/span><\/p>\n<p align=\"justify\"><span style=\"font-family: Bitstream Charter,serif;\">&#8211; la diminution du nombre de lieux susceptibles d&rsquo;organiser des concerts : le durcissement de la l\u00e9gislation sur le bruit et les nuisances sonores en milieu urbain a entra\u00een\u00e9 l&rsquo;abandon par de nombreux tenanciers de bars de leur activit\u00e9 d\u00e9di\u00e9e aux concerts <span style=\"font-family: Bitstream Charter,serif;\">\u2013<\/span> laquelle est de toutes fa\u00e7ons rarement rentable en tant que telle<a name=\"sdfootnote12anc\" href=\"https:\/\/www.outsiderland.com\/danahilliot\/dana_writings\/professionnelsversusamateurs.htm#sdfootnote12sym\"><sup>12<\/sup><\/a>. La multiplication des contr\u00f4les de l&rsquo;URSAFF joue \u00e9galement un r\u00f4le dissuasif pour ces bars-concerts, qui constituent souvent les seuls lieux sc\u00e9niques susceptibles d&rsquo;accueillir les groupes amateurs<a name=\"sdfootnote13anc\" href=\"https:\/\/www.outsiderland.com\/danahilliot\/dana_writings\/professionnelsversusamateurs.htm#sdfootnote13sym\"><sup>13<\/sup><\/a>.<\/span><\/p>\n<p align=\"justify\">\u2013 <span style=\"font-family: Bitstream Charter,serif;\">les programmations des salles subventionn\u00e9es n&rsquo;accueillent plus que rarement les spectacles amateurs, lesquels ne permettent pas de remplir la salle, et mettent en p\u00e9ril le budget de la structure (les salles, soumises \u00e0 des contr\u00f4les de gestion plus s\u00e9v\u00e8res depuis le d\u00e9but des ann\u00e9es 90, ne peuvent plus se permettre de prendre trop de risques dans leur programmation)<\/span><\/p>\n<p align=\"justify\">\u2013 <span style=\"font-family: Bitstream Charter,serif;\">le nombre d&rsquo;artistes inscrits en tant que professionnels a explos\u00e9 en quelques g\u00e9n\u00e9rations, de m\u00eame que le nombre de pratiquants dits \u00ab\u00a0amateurs\u00a0\u00bb. <\/span><\/p>\n<p align=\"justify\">\u2013 <span style=\"font-family: Bitstream Charter,serif;\">le public n&rsquo;est sans doute plus aussi curieux qu&rsquo;auparavant : si les t\u00eates d&rsquo;affiche attirent encore un large public, les artistes moins connus ne suscitent l&rsquo;int\u00e9r\u00eat que d&rsquo;une poign\u00e9e de m\u00e9lomanes, souvent les m\u00eames d&rsquo;un concert \u00e0 l&rsquo;autre. Les populations les plus jeunes, autrefois friandes de concerts, ont modifi\u00e9 leurs pratiques culturelles : leur profil est plus casanier que dans les ann\u00e9es 80<a name=\"sdfootnote14anc\" href=\"https:\/\/www.outsiderland.com\/danahilliot\/dana_writings\/professionnelsversusamateurs.htm#sdfootnote14sym\"><sup>14<\/sup><\/a>.<\/span><\/p>\n<p align=\"justify\"><span style=\"font-family: Bitstream Charter,serif;\">Trouver des opportunit\u00e9s de concerts, pour des musiciens, qu&rsquo;ils soient professionnels ou amateurs, voil\u00e0 qui est devenu un v\u00e9ritable chemin de croix. Les programmateurs croulent sous les disques qu&rsquo;on leur envoie, et, coinc\u00e9s par les n\u00e9cessit\u00e9s financi\u00e8res, tendent \u00e0 ne prendre aucun risque, en privil\u00e9giant des artistes renomm\u00e9s. Le march\u00e9 est satur\u00e9 et, \u00e0 l&rsquo;arriv\u00e9e, comme me le confiait un responsable de label ind\u00e9pendant avec d\u00e9pit : \u00ab\u00a0<em>Ce sont toujours les m\u00eames qui jouent <\/em>\u00bb.<\/span><\/p>\n<p align=\"justify\"><span style=\"font-family: Bitstream Charter,serif;\">Pour les musiciens qui ont fait le choix de la professionnalisation, la situation est \u00e9videmment bien plus critique. Les sources de revenus diminuent ainsi que le montant des cachets. Pour beaucoup d&rsquo;intermittents du spectacle, l&rsquo;arriv\u00e9e sur le march\u00e9 de milliers d&rsquo;artistes amateurs, qui jouent sans exiger de cachet, constitue, certes, un \u00e9l\u00e9ment \u00e0 prendre en compte. Surtout, d&rsquo;une part, quand certains de ces amateurs sont pl\u00e9biscit\u00e9s par le public, et d&rsquo;autre part, quand ces professionnels ne b\u00e9n\u00e9ficient pas d&rsquo;une notori\u00e9t\u00e9 suffisante pour entrer dans la programmation des salles subventionn\u00e9es. La conjugaison de ces facteurs accentue la difficult\u00e9 pour un certain nombre d&rsquo;intermittents du spectacle de se produire sur sc\u00e8ne.<\/span><\/p>\n<p align=\"justify\"><span style=\"font-family: Bitstream Charter,serif;\">Certains musiciens professionnels subissent donc ce que d&rsquo;autres professions ont subi, \u00e0 la suite d&rsquo;une avanc\u00e9e technologique ou d&rsquo;une modification des r\u00e8gles du march\u00e9. Il n&rsquo;a certes jamais \u00e9t\u00e9 facile de r\u00e9ussir professionnellement dans la musique. Aujourd&rsquo;hui, on peut se demander si c&rsquo;est encore tout simplement possible. A l&rsquo;\u00e9vidence, seuls ceux qui b\u00e9n\u00e9ficient d&rsquo;un soutien massif de la part de maisons de disques puissantes et des institutions peuvent esp\u00e9rer toucher un revenu \u00e9quivalent \u00e0 un salaire en pratiquant la musique. <\/span><\/p>\n<p align=\"justify\"><span style=\"font-family: Bitstream Charter,serif;\">Nous reviendrons sur ce sujet en examinant plus loin dans ce texte le projet d&rsquo;am\u00e9nagement du d\u00e9cret de 1953 portant sur les pratiques amateurs. Nous verrons comment les institutions prennent dans ce conflit latent le parti des professionnels au d\u00e9triment des amateurs.<\/span><\/p>\n<p align=\"justify\">\n<p><!--nextpage--><\/p>\n<h3>3.1.2 les resquilleurs : les licences de libre diffusion et la loi DADVSI<\/h3>\n<p align=\"justify\"><span style=\"font-family: Bitstream Charter,serif;\">Les mondes de l&rsquo;art, et notamment ceux de la musique et du cin\u00e9ma, ont \u00e9t\u00e9 fortement secou\u00e9s \u00e0 la fin de l&rsquo;ann\u00e9e 2005 et au premier semestre 2006 par les d\u00e9bats \u00e0 l&rsquo;Assembl\u00e9e Nationale puis au S\u00e9nat portant sur la r\u00e9vision du droit des auteurs. <\/span><\/p>\n<p align=\"justify\"><span style=\"font-family: Bitstream Charter,serif;\">Il ne \u00a0nous appartient pas ici d&rsquo;entrer dans les d\u00e9tails de cette affaire. Nous voudrions simplement souligner un aspect de\u00a0ces d\u00e9bats, en montrant comment les pratiques non-r\u00e9mun\u00e9r\u00e9es, bien qu&rsquo;elles n&rsquo;aient quasiment pas \u00e9t\u00e9 \u00e9voqu\u00e9es par les d\u00e9put\u00e9s, on pourtant jou\u00e9 un r\u00f4le important<a name=\"sdfootnote15anc\" href=\"https:\/\/www.outsiderland.com\/danahilliot\/dana_writings\/professionnelsversusamateurs.htm#sdfootnote15sym\"><sup>15<\/sup><\/a>. <\/span><\/p>\n<p align=\"justify\"><span style=\"font-family: Bitstream Charter,serif;\">Sous la pression des lobbies de l&rsquo;industrie du divertissement, les ministres de la culture successifs avaient cru bon d&rsquo;initier une r\u00e9vision du Droit de la propri\u00e9t\u00e9 Intellectuelle, au pr\u00e9texte que les textes actuels ne permettaient pas de garantir le respect des droits des auteurs. On sait comment une v\u00e9ritable propagande orchestr\u00e9e par le minist\u00e8re et les majors du disque, notamment, se mit en place afin de culpabiliser les internautes coupables de t\u00e9l\u00e9chargements pr\u00e9tendument illicites, en les stigmatisant sous le nom de pirates, et de promouvoir les plates formes de t\u00e9l\u00e9chargement payant, en les assimilant \u00e0 des plates-formes \u00ab<em> l\u00e9gales <\/em>\u00bb (sous entendu : les autres sites diffusant de la musique \u00e9tant ill\u00e9gaux).<\/span><\/p>\n<p align=\"justify\"><span style=\"font-family: Bitstream Charter,serif;\">On a moins parl\u00e9 des artistes qui diffusent leur musique et leur film sans en attendre de r\u00e9mun\u00e9ration, et pour cause : la majorit\u00e9 des discours tenaient pour acquis que les seules pratiques cr\u00e9atrices devant faire l&rsquo;objet de la loi &#8211; et donc \u00eatre prises au s\u00e9rieux <span style=\"font-family: Bitstream Charter,serif;\">\u2013<\/span> \u00e9taient les pratiques r\u00e9mun\u00e9r\u00e9es. <\/span><\/p>\n<p align=\"justify\"><span style=\"font-family: Bitstream Charter,serif;\">Il y a l\u00e0, \u00e0 bien y r\u00e9fl\u00e9chir, un sacr\u00e9 paradoxe. L&rsquo;am\u00e9nagement de la loi a \u00e9t\u00e9 rendu n\u00e9cessaire, \u00e0 en croire les acteurs du march\u00e9, par la difficult\u00e9 de faire respecter les droits des auteurs du fait de l&rsquo;existence d&rsquo;une nouvelle technologie &#8211; cela s&rsquo;est d\u00e9j\u00e0 produit quand sont apparus les K7 audio ou les graveurs de cd. Mais en pr\u00e9sentant cette nouvelle technologie uniquement sous la figure d&rsquo;un moyen de contourner le droit, on oublie sciemment de dire qu&rsquo;elle a aussi constitu\u00e9 pour de tr\u00e8s nombreux artistes le moyen d&rsquo;exister ailleurs que sur le march\u00e9 du disque, dans une plus grande ind\u00e9pendance vis-\u00e0-vis des circuits traditionnels de promotion. En devenant des internautes, les artistes \u00a0non-r\u00e9mun\u00e9r\u00e9s et les m\u00e9lomanes ont cr\u00e9\u00e9 un mod\u00e8le alternatif de diffusion de la musique, se dotant de r\u00e9seaux de circulation des \u0153uvres extr\u00eamement efficaces et souvent gratuits, et enfin, pour certains d&rsquo;entre eux, d&rsquo;un cadre juridique sp\u00e9cifique. En r\u00e9duisant les internautes \u00e0 des consommateurs forc\u00e9ment tent\u00e9s de transgresser la loi, en les maintenant dans une opposition frontale vis-\u00e0-vis des artistes et des producteurs, en faisant au bout du compte d&rsquo;internet une simple plate-forme de diffusion payante, une vaste boutique online, en privil\u00e9giant les int\u00e9r\u00eats de quelques (gros) commer\u00e7ants, le l\u00e9gislateur a totalement manqu\u00e9 la r\u00e9volution des pratiques artistiques qui s&rsquo;est op\u00e9r\u00e9 ces derni\u00e8res ann\u00e9es. <\/span><\/p>\n<p align=\"justify\"><span style=\"font-family: Bitstream Charter,serif;\">Ce mod\u00e8le alternatif a \u00e9t\u00e9 compl\u00e8tement pass\u00e9 sous silence \u00e0 l&rsquo;occasion des d\u00e9bats sur le droit d&rsquo;auteur. \u00a0L&rsquo;existence de licences de libre diffusion<a name=\"sdfootnote16anc\" href=\"https:\/\/www.outsiderland.com\/danahilliot\/dana_writings\/professionnelsversusamateurs.htm#sdfootnote16sym\"><sup>16<\/sup><\/a> (par exemple les <em>Creative Commons<\/em>), qui fixent un cadre juridique pr\u00e9cis \u00e0 la diffusion des \u0153uvres sur internet, en facilitant leur circulation tout en limitant leur exploitation, n&rsquo;a quasiment pas \u00e9t\u00e9 \u00e9voqu\u00e9e sur les bancs de l&rsquo;Assembl\u00e9e Nationale<a name=\"sdfootnote17anc\" href=\"https:\/\/www.outsiderland.com\/danahilliot\/dana_writings\/professionnelsversusamateurs.htm#sdfootnote17sym\"><sup>17<\/sup><\/a>. La vitalit\u00e9 de sites pr\u00e9sentant des milliers d&rsquo;artistes non-r\u00e9mun\u00e9r\u00e9s, proposant leurs \u0153uvres gratuitement au t\u00e9l\u00e9chargement, tels que Jamendo ou Musique-libre.org, n&rsquo;a pas \u00e9t\u00e9 prise en compte dans les d\u00e9bats. L&rsquo;exemple des centaines de labels tissant leurs liens sur la toile jusqu&rsquo;\u00e0 l&rsquo;autre bout du monde, contribuant \u00e0 faire conna\u00eetre ainsi des milliers de projets artistiques, a \u00e9t\u00e9 balay\u00e9 d&rsquo;un revers de la main. Le conservatisme du l\u00e9gislateur, son absence compl\u00e8te d&rsquo;ouverture d&rsquo;esprit, le client\u00e9lisme dont les d\u00e9bats furent impr\u00e9gn\u00e9s, ont contribu\u00e9 \u00e0 agrandir le foss\u00e9 entre le monde des artistes dits amateurs et des m\u00e9lomanes  qui les soutiennent, et le monde des artistes r\u00e9mun\u00e9r\u00e9s et d&rsquo;un public r\u00e9duit au rang de simple machine \u00e0 consommer.<\/span><\/p>\n<p align=\"justify\"><span style=\"font-family: Bitstream Charter,serif;\">Dans cette affaire, au bout du compte, tout en pr\u00e9tendant d\u00e9fendre les int\u00e9r\u00eats des artistes et de la cr\u00e9ation, on s&rsquo;est en fait focalis\u00e9 sur le seul artiste professionnel en consid\u00e9rant, conform\u00e9ment \u00e0 la rh\u00e9torique institutionnelle, que tout artiste \u00ab\u00a0s\u00e9rieux\u00a0\u00bb devait un jour ou l&rsquo;autre s&rsquo;inscrire dans les voies de la professionnalisation. <\/span><\/p>\n<p align=\"justify\"><span style=\"font-family: Bitstream Charter,serif;\"><em>\u00ab\u00a0J&rsquo;ai en face de moi un ennemi redoutable : le r\u00eave de la gratuit\u00e9. Il faut du courage pour s&rsquo;y opposer\u00a0\u00bb<\/em> disait \u00e0 l&rsquo;occasion d&rsquo;une tribune Renaud Donnadieu de Vabres : il faut du courage, en effet, pour s&rsquo;opposer \u00e0 ce qui n&rsquo;est d\u00e9j\u00e0 plus un r\u00eave, mais, dans une large mesure, une r\u00e9alit\u00e9. Le d\u00e9ni, non seulement de la valeur, mais, plus radicalement, de l&rsquo;existence de pratiques alternatives, est ici \u00e0 son comble.<\/span><\/p>\n<p>Pour s&rsquo;opposer au \u00ab\u00a0r\u00eave de la gratuit\u00e9\u00a0\u00bb, les membres de la <em>Conf\u00e9d\u00e9ration Internationale des Soci\u00e9t\u00e9s d&rsquo;Auteurs et de Compositeurs <\/em>prennent moins de gants :<\/p>\n<p>\u00ab <em>Le magazine am\u00e9ricain Forbes remarque que \u00ab Lessig [l&rsquo;inventeur des licences Creative Commons] n&rsquo;est pas vraiment un ami des cr\u00e9ateurs. Ses attaques contre le droit d&rsquo;auteur sont surtout b\u00e9n\u00e9fiques \u00e0 une bande de resquilleurs qui pr\u00e9tend que copier c&rsquo;est cr\u00e9er parce qu&rsquo;ils ne savent rien cr\u00e9er sans r\u00e9utiliser telles quelles des \u0153uvres prot\u00e9g\u00e9es par le droit d&rsquo;auteur.<a name=\"sdfootnote18anc\" href=\"https:\/\/www.outsiderland.com\/danahilliot\/dana_writings\/professionnelsversusamateurs.htm#sdfootnote18sym\"><sup>18<\/sup><\/a><\/em> \u00bb<\/p>\n<p align=\"justify\"><span style=\"font-family: Bitstream Charter,serif;\">On assimile ici les cr\u00e9ateurs qui ont choisi des licences de libre diffusion \u00e0 des pirates, comparables aux internautes qui t\u00e9l\u00e9chargent illicitement de la musique. C&rsquo;est \u00e9videmment faux : la plupart des auteurs cr\u00e9ent des \u0153uvres originales, et c&rsquo;est oublier que l&rsquo;industrie du divertissement, au contraire, s&rsquo;est signal\u00e9e ces derni\u00e8res ann\u00e9es par un usage syst\u00e9matique de samples ou, carr\u00e9ment, de reprises. Mais cette assimilation permet de mettre au rencart en quelques mots, et m\u00eame de stigmatiser, des dizaines de \u00a0milliers de cr\u00e9ateurs, dans tous les arts, qui ont choisi une voie diff\u00e9rente de celle pr\u00f4n\u00e9e par l&rsquo;industrie du divertissement.<\/span><\/p>\n<p>Et plus loin :<\/p>\n<p><em>\u00ab\u00a0Comme le souligne E. Pike, les partisans de ces licences sont en g\u00e9n\u00e9ral soit des amateurs qui ne souhaitent pas \u00e0 long terme vivre de leur cr\u00e9ation soit des artistes mondialement connus qui font cadeau de leur travail au public. Pour l&rsquo;immense majorit\u00e9 des cr\u00e9ateurs, les licences propos\u00e9es par Creative Commons, bien que s\u00e9duisantes en apparence n&rsquo;ont aucun int\u00e9r\u00eat et ne sont en fin de compte qu&rsquo;une menace pour leurs droits fondamentaux \u00e0 une protection, \u00e0 une diffusion et \u00e0 une r\u00e9mun\u00e9ration convenables de leurs \u0153uvres.<a name=\"sdfootnote19anc\" href=\"https:\/\/www.outsiderland.com\/danahilliot\/dana_writings\/professionnelsversusamateurs.htm#sdfootnote19sym\"><sup>19<\/sup><\/a><\/em> \u00bb<\/p>\n<p>La pr\u00e9sidente du <em>British Music Rights<\/em> reprend ici un argument entendu ailleurs, selon lequel si les partisans des licences de libre diffusion sacrifient une partie de leurs droits d&rsquo;auteur, c&rsquo;est parce qu&rsquo;ils n&rsquo;ont pas besoin de revenus : ou bien parce qu&rsquo;ils sont d\u00e9j\u00e0 tr\u00e8s riches, comme Gilberto Gil ou David Byrne, artistes mondialement connus et adeptes des Creative Commons, ou bien parce qu&rsquo;ils \u00ab\u00a0<em>ne souhaitent pas \u00e0 long terme vivre de leur cr\u00e9ation<\/em> \u00bb, c&rsquo;est-\u00e0-dire qu&rsquo;ils ne sont que des <em>amateurs<\/em><span style=\"font-style: normal;\">, le terme \u00e9tant ici connot\u00e9 de mani\u00e8re fortement p\u00e9jorative<\/span>. S&rsquo;ils se tirent ainsi une balle dans le pied, c&rsquo;est ou bien parce qu&rsquo;ils peuvent financi\u00e8rement se le permettre, ou bien parce qu&rsquo;ils n&rsquo;ont pas suffisamment d&rsquo;ambition<a name=\"sdfootnote20anc\" href=\"https:\/\/www.outsiderland.com\/danahilliot\/dana_writings\/professionnelsversusamateurs.htm#sdfootnote20sym\"><sup>20<\/sup><\/a>.<\/p>\n<p>La professionnalisation et la commercialisation, semblent constituer les crit\u00e8res de l&rsquo;art v\u00e9ritable ; les efforts financiers que font l&rsquo;artiste et les structures qui le soutiennent t\u00e9moignent de leur r\u00e9el engagement dans la vie cr\u00e9atrice. Comme le dit le livre blanc de la SNAC sur le P2P :<\/p>\n<p>\u00ab <em>Il est important de garder a l&rsquo;esprit qu&rsquo;\u00e9crire est un m\u00e9tier, pas un passe-temps r\u00e9serv\u00e9 a qui a les moyens de ce luxe, et qu&rsquo;en toute hypoth\u00e8se, c&rsquo;est dans le cadre de leurs propres soci\u00e9t\u00e9s, g\u00e9r\u00e9es par et pour eux, que les ayants droit trouveront les moyens de r\u00e9pondre a leurs besoins et de d\u00e9fendre au mieux leurs int\u00e9r\u00eats.<a name=\"sdfootnote21anc\" href=\"https:\/\/www.outsiderland.com\/danahilliot\/dana_writings\/professionnelsversusamateurs.htm#sdfootnote21sym\"><sup>21<\/sup><\/a> \u00bb<\/em><\/p>\n<p align=\"justify\"><span style=\"font-family: Bitstream Charter,serif;\">On retrouve tr\u00e8s nettement ici la distinction du professionnel et de l&rsquo;amateur, du m\u00e9tier et du passe temps, de l&rsquo;esprit de s\u00e9rieux et du dilettantisme. <\/span><\/p>\n<p align=\"justify\"><span style=\"font-family: Bitstream Charter,serif;\">On pourrait multiplier ici les citations : on y verrait certainement se dessiner une \u00e9trange histoire. Alors m\u00eame que l&rsquo;arriv\u00e9e d&rsquo;internet et la diminution des co\u00fbts de production des enregistrements musicaux ont contribu\u00e9 non seulement \u00e0 l&rsquo;explosion du nombre de cr\u00e9ateurs dans de multiples domaines, mais \u00e9galement \u00e0 instaurer de nouveaux types de relations, plus directes, et parfois m\u00eame solidaires, entre le cr\u00e9ateur et le dit \u00ab\u00a0public\u00a0\u00bb, \u00a0le l\u00e9gislateur, d\u00e9sireux de servir au mieux les int\u00e9r\u00eats du march\u00e9, invente une loi qui l\u00e9gitime une infime partie des cr\u00e9ateurs au d\u00e9pends de tous les autres, et creuse encore plus l&rsquo;ab\u00eeme entre l&rsquo;artiste professionnel et son public, r\u00e9duit \u00e0 l&rsquo;\u00e9tat de machine \u00e0 consommer<a name=\"sdfootnote22anc\" href=\"https:\/\/www.outsiderland.com\/danahilliot\/dana_writings\/professionnelsversusamateurs.htm#sdfootnote22sym\"><sup>22<\/sup><\/a>. <\/span><\/p>\n<p align=\"justify\"><span style=\"font-family: Bitstream Charter,serif;\">\u00ab\u00a0<em>Tu devras payer pour jouir<\/em>\u00ab\u00a0, telle semble \u00eatre la devise inalt\u00e9rable du l\u00e9gislateur, et sous-entendu, l&rsquo;art est une affaire trop s\u00e9rieuse pour \u00eatre abandonn\u00e9e aux mains de simples amateurs.<\/span><\/p>\n<p align=\"justify\">\n<p><!--nextpage--><\/p>\n<h3>3.1.3. le conservatisme des professionnels<\/h3>\n<p align=\"justify\">\n<p align=\"justify\"><span style=\"font-family: Bitstream Charter,serif;\">On pourrait s&rsquo;\u00e9tonner que l&rsquo;amateur soit aujourd&rsquo;hui si mal consid\u00e9r\u00e9. \u00a0La cr\u00e9ation de la fameuse f\u00eate de la musique en 1982 par Jack Lang, au d\u00e9part d\u00e9di\u00e9e sp\u00e9cifiquement aux amateurs, avait permis d&rsquo;esp\u00e9rer une meilleure reconnaissance de ces pratiques. Sous l&rsquo;impulsion du programme du Parti Socialiste de 1981, l&rsquo;Etat et les collectivit\u00e9s locales sont invit\u00e9s \u00e0 \u00e9largir leur soutien \u00e0 la cr\u00e9ation, au-del\u00e0 de l&rsquo;acad\u00e9misme et de la culture des \u00e9lites, et \u00e0 reconna\u00eetre des formes d&rsquo;art autrefois consid\u00e9r\u00e9es comme mineurs. Des projets associatifs retiennent l&rsquo;attention, des salles de concert subventionn\u00e9es font la part belle aux musiques actuelles, des compagnies de th\u00e9\u00e2tre amateur sont invit\u00e9es \u00e0 participer aux grands festivals, la danse contemporaine prend son essor en France.<\/span><\/p>\n<p align=\"justify\"><span style=\"font-family: Bitstream Charter,serif;\">Ce souci de valorisation des pratiques amateurs n&rsquo;a toutefois pas r\u00e9ellement d&rsquo;impact sur les mondes de l&rsquo;art professionnels. Il ne va pas jusqu&rsquo;\u00e0 remettre en question l&rsquo;autonomie des castes artistiques traditionnelles. Les sociologues Raymonde Moulin et Nathalie Heinich ont bien montr\u00e9 comment, dans le monde de l&rsquo;art contemporain, le syst\u00e8me de valorisation met en jeu des relations de pouvoirs m\u00ealant inextricablement les acteurs du march\u00e9 de l&rsquo;art et les acteurs institutionnels &#8211; les amateurs n&rsquo;y ont \u00e9videmment aucune place, pas plus que le public. On pourrait \u00e9galement rappeler comment le petit monde de la musique dite \u00ab\u00a0contemporaine\u00a0\u00bb a \u00e9t\u00e9 tenu \u00e0 bout de bras par l&rsquo;Etat depuis Malraux, privil\u00e9giant une poign\u00e9e de compositeurs et de m\u00e9lomanes, au nom du concept de \u00ab\u00a0recherche musicale\u00a0\u00bb &#8211; comme si cette recherche ne pouvait \u00eatre r\u00e9ellement prise au s\u00e9rieux que dans le cadre d&rsquo;un institut comme l&rsquo;IRCAM, et pas ailleurs. Dans le m\u00eame ordre d&rsquo;id\u00e9e, l&rsquo;institutionnalisation des orchestres, tradition fran\u00e7aise depuis l&rsquo;invention du minist\u00e8re de la culture, illustre de mani\u00e8re exemplaire la pr\u00e9f\u00e9rence du pouvoir public pour une forme d&rsquo;art dite \u00ab\u00a0majeure\u00a0\u00bb<a name=\"sdfootnote23anc\" href=\"https:\/\/www.outsiderland.com\/danahilliot\/dana_writings\/professionnelsversusamateurs.htm#sdfootnote23sym\"><sup>23<\/sup><\/a>.<\/span><\/p>\n<p align=\"justify\"><span style=\"font-family: Bitstream Charter,serif;\">Cette c\u00e9sure quasiment ontologique entre les compagnies professionnelles et amateurs, n&rsquo;a absolument pas \u00e9t\u00e9 r\u00e9duite dans le domaine du spectacle vivant. En conclusion d&rsquo;un m\u00e9moire de Ma\u00eetrise de Sociologie, Fabien Berg\u00e8s pouvait \u00e9crire :<\/span><\/p>\n<p><em>\u00ab\u00a0L&rsquo;articulation des pratiques amateurs et professionnelles est un probl\u00e8me encore largement ininterrog\u00e9. Mises \u00e0 part les passerelles qu&rsquo;inventent certaines compagnies en fonction d&rsquo;affinit\u00e9s locales, les amateurs et les professionnels se positionnent chacun de leur c\u00f4t\u00e9, sans savoir ce que font ceux d&rsquo;en face. Les pouvoirs publics ont valid\u00e9 cette existence h\u00e9t\u00e9rog\u00e8ne et de ce fait renforc\u00e9 l&rsquo;ignorance mutuelle.\u00a0\u00bb<\/em><a name=\"sdfootnote24anc\" href=\"https:\/\/www.outsiderland.com\/danahilliot\/dana_writings\/professionnelsversusamateurs.htm#sdfootnote24sym\"><sup>24<\/sup><\/a><\/p>\n<p align=\"justify\"><span style=\"font-family: Bitstream Charter,serif;\">Les musiques actuelles, qui constituent le vivier le plus fourni des productions amateurs, ont certes b\u00e9n\u00e9fici\u00e9 d&rsquo;une attention particuli\u00e8re de la part des diff\u00e9rents minist\u00e8res : toutefois, la tendance est aujourd&rsquo;hui, comme je l&rsquo;ai rappel\u00e9, \u00e0 la d\u00e9fense des professionnels, contre les cr\u00e9ateurs non-r\u00e9mun\u00e9r\u00e9s. Des soci\u00e9t\u00e9s comme la SACEM, pour les compositeurs, des syndicats comme la SNAC, pour les auteurs, des groupements comme le GEPAM, pour les entrepreneurs de spectacle, des associations comme la Maison des Artistes, qui g\u00e8re les cotisations sociales des artistes plasticiens et des graphistes professionnels, sont particuli\u00e8rement virulents quand il s&rsquo;agit de d\u00e9fendre les int\u00e9r\u00eats de leurs membres. <\/span><\/p>\n<p>Chacun de ces diff\u00e9rents mondes de l&rsquo;art professionnel poss\u00e8de certes ses propres r\u00e8gles internes de fonctionnement, ses m\u00e9dias sp\u00e9cialis\u00e9s, ses experts, ses relais politiques et commerciaux, ses associations agr\u00e9\u00e9es, mais ils ont aussi en commun un fort conservatisme. On comptait <span style=\"font-size: small;\"><span style=\"font-family: Bitstream Charter,serif;\">31\u00a0000 intermittents d\u00e9clar\u00e9s en 1985. En 2002, ils \u00e9taient 113\u00a0000, soit un chiffre multipli\u00e9 par quatre en dix-sept ans<a name=\"sdfootnote25anc\" href=\"https:\/\/www.outsiderland.com\/danahilliot\/dana_writings\/professionnelsversusamateurs.htm#sdfootnote25sym\"><sup>25<\/sup><\/a>. <\/span><\/span>En 2003 l&rsquo;enqu\u00eate de l&rsquo;INSEE sur l&#8217;emploi dans le spectacle vivant chiffrait \u00e0 plus de 400 000 les actifs dans ce domaine<a name=\"sdfootnote26anc\" href=\"https:\/\/www.outsiderland.com\/danahilliot\/dana_writings\/professionnelsversusamateurs.htm#sdfootnote26sym\"><sup>26<\/sup><\/a>. Il faudrait ajouter les professionnels dont l&rsquo;activit\u00e9 est li\u00e9e d&rsquo;une mani\u00e8re ou d&rsquo;une autre \u00e0 la promotion notamment dans le secteur priv\u00e9 (journalistes sp\u00e9cialis\u00e9s, experts du domaine culturel). Tous ceux l\u00e0 auraient \u00e9videmment beaucoup \u00e0 perdre, \u00e0 commencer par leur emploi, si le public s&rsquo;int\u00e9ressait soudain en masse aux productions des amateurs. Or, tant que les circuits de diffusion des \u0153uvres \u00e9taient contr\u00f4l\u00e9s par les instances professionnelles ou institutionnelles, l&rsquo;acc\u00e8s \u00e0 ces productions amateurs demeuraient difficile : le march\u00e9 et les institutions imposaient sans peine leurs \u0153uvres au public, ou, pour le dire autrement, saturaient quasiment l&rsquo;offre culturelle. Avec l&rsquo;invention d&rsquo;internet, notamment, les amateurs b\u00e9n\u00e9ficient d&rsquo;une exposition quasi-illimit\u00e9e, pour un co\u00fbt extr\u00eamement faible (dans la mesure o\u00f9 les interm\u00e9diaires ne sont pas sollicit\u00e9s). Le ph\u00e9nom\u00e8ne est particuli\u00e8rement flagrant dans la musique et les arts de l&rsquo;image <span style=\"font-family: Bitstream Charter,serif;\">\u2013<\/span> j&rsquo;en d\u00e9crirais plus loin quelques exemples notables<a name=\"sdfootnote27anc\" href=\"https:\/\/www.outsiderland.com\/danahilliot\/dana_writings\/professionnelsversusamateurs.htm#sdfootnote27sym\"><sup>27<\/sup><\/a>.<\/p>\n<p><span style=\"font-family: Bitstream Charter,serif;\">Si les professionnels pouvaient \u00eatre assur\u00e9s que le public ne se trompe pas, fait le \u00ab\u00a0bon choix\u00a0\u00bb, en privil\u00e9giant les productions de leur cru, si, en quelque sorte, la qualit\u00e9 intrins\u00e8que de leurs \u0153uvres se manifestaient de mani\u00e8re indubitable,  alors, ils n&rsquo;auraient rien \u00e0 craindre de la concurrence de ces \u00ab\u00a0<em>musiciens du dimanche<\/em> \u00bb, comme les appelait <\/span>Laurent Petitgirard, administrateur de la Sacem, <span style=\"font-family: Bitstream Charter,serif;\"> sur un forum consacr\u00e9 aux licences de libres diffusion. Mais il faut croire que certains de ces musiciens ou ces photographes du dimanche constituent malgr\u00e9 tout une menace pour la p\u00e9rennit\u00e9 des castes artistiques dominantes. Il faut croire que la propagande des march\u00e9s et des institutions n&rsquo;a pas \u00e9t\u00e9 suffisamment efficace, que, parmi la masse des consommateurs culturels, certains s&rsquo;obstinent \u00e0 rechercher des artistes rares et peu m\u00e9diatis\u00e9s, et m\u00eame deviennent \u00e0 leur tour cr\u00e9ateurs, sans pour autant rejoindre les rangs des professionnels, sans emprunter les voies trac\u00e9es par la profession. On aura beau rappeler que les professionnels ont pour eux la comp\u00e9tence, l&rsquo;esprit de s\u00e9rieux, la qualit\u00e9, on aura beau stigmatiser l&rsquo;incons\u00e9quence des amateurs, leur dilettantisme, il semble bien que le fameux public \u2013 qui aurait tant besoin d&rsquo;\u00eatre \u00e9duqu\u00e9, voire r\u00e9\u00e9duqu\u00e9<a name=\"sdfootnote28anc\" href=\"https:\/\/www.outsiderland.com\/danahilliot\/dana_writings\/professionnelsversusamateurs.htm#sdfootnote28sym\"><sup>28<\/sup><\/a> \u2013 n&rsquo;y croit plus, et qu&rsquo;une partie tout au moins de ce public, fait ses propres choix avec un certain esprit d&rsquo;ind\u00e9pendance.<\/span><\/p>\n<p>Au final, on peut pr\u00e9voir un d\u00e9nouement assez ironique : les politiques culturelles successives, qui se sont tant occup\u00e9s de la d\u00e9mocratisation des arts, peuvent constater leur \u00e9chec : non seulement le projet de rendre accessibles au plus grand nombre les \u0153uvres de qualit\u00e9 constitue un \u00e9chec patent, malgr\u00e9 les actions mises en place, mais les arts se sont, si j&rsquo;ose dire, d\u00e9mocratis\u00e9s tout seul, sans rien attendre de l&rsquo;institution ni du march\u00e9<a name=\"sdfootnote29anc\" href=\"https:\/\/www.outsiderland.com\/danahilliot\/dana_writings\/professionnelsversusamateurs.htm#sdfootnote29sym\"><sup>29<\/sup><\/a>.<\/p>\n<p style=\"font-style: normal;\"><span style=\"font-family: Bitstream Charter,serif;\">Devant cette situation quasiment in\u00e9dite, on comprend que les acteurs professionnels, et ceux qui les soutiennent, adoptent d&#8217;embl\u00e9e, comme on l&rsquo;a vu, une position conservatrice, puis, dans un second temps, tentent de renforcer leurs positions : nous avons d\u00e9crit bri\u00e8vement comment, au pr\u00e9texte d&rsquo;un am\u00e9nagement des lois sur le droit des auteurs \u00e0 l&rsquo;\u00e8re num\u00e9rique, on n&rsquo;h\u00e9sitait pas, non seulement \u00e0 critiquer la viabilit\u00e9 d&rsquo;une cr\u00e9ation non r\u00e9mun\u00e9r\u00e9e, mais carr\u00e9ment \u00e0 d\u00e9nier son existence-m\u00eame, voire m\u00eame \u00e0 la condamner. Nous allons montrer maintenant comment les projets du l\u00e9gislateur pourraient bien aller bien au-del\u00e0.<\/span><\/p>\n<p style=\"page-break-before: always;\">\n<h2>3.2. Un exemple de domestication des cr\u00e9ateurs : le projet d&rsquo;am\u00e9nagement du d\u00e9cret de 1953<\/h2>\n<h3>3.2.1. Le d\u00e9cret de 1953<\/h3>\n<p style=\"font-style: normal;\"><span style=\"font-family: Bitstream Charter,serif;\">Nous prendrons ici l&rsquo;exemple des menaces qui p\u00e8sent sur le spectacle dit \u00ab\u00a0vivant\u00a0\u00bb<a name=\"sdfootnote30anc\" href=\"https:\/\/www.outsiderland.com\/danahilliot\/dana_writings\/professionnelsversusamateurs.htm#sdfootnote30sym\"><sup>30<\/sup><\/a> d\u00e8s lors qu&rsquo;il est pratiqu\u00e9 par des artistes non-r\u00e9mun\u00e9r\u00e9s. Ces menaces s&rsquo;articulent autour du projet d&rsquo;abrogation du d\u00e9cret de 1953 r\u00e9gissant les spectacles auxquels participent des amateurs. <\/span><\/p>\n<p style=\"font-style: normal;\"><span style=\"font-family: Bitstream Charter,serif;\">Les artistes l&rsquo;ignorent souvent,  mais l&rsquo;organisation de spectacle en France est r\u00e9glement\u00e9e de mani\u00e8re assez pr\u00e9cise. Cette r\u00e9glementation est fond\u00e9e sur le fait que le code du commerce assimile le spectacle vivant \u00e0 un acte commercial. D\u00e8s lors, si l&rsquo;on suit le code du travail, il suppose un contrat pass\u00e9 entre l&rsquo;organisateur et l&rsquo;artiste, et par suite, un devoir de d\u00e9claration fiscale de la part des contractants.<\/span><\/p>\n<p><em>\u00ab\u00a0Tout contrat par lequel une personne physique ou morale s&rsquo;assure, moyennant r\u00e9mun\u00e9ration, le concours d&rsquo;un artiste du spectacle en vue de sa production, est pr\u00e9sum\u00e9 \u00eatre un contrat de travail d\u00e8s lors que cet artiste n&rsquo;exerce pas l&rsquo;activit\u00e9, objet de ce contrat, dans des conditions impliquant son inscription au registre du commerce.<\/em><\/p>\n<p><em>Cette pr\u00e9somption subsiste quels que soient le mode et le montant de la r\u00e9mun\u00e9ration, ainsi que la qualification donn\u00e9e au contrat par les parties. Elle n&rsquo;est pas non plus d\u00e9truite par la preuve que l&rsquo;artiste conserve la libert\u00e9 d&rsquo;expression de son art, qu&rsquo;il est propri\u00e9taire de tout ou partie du mat\u00e9riel utilis\u00e9 ou qu&rsquo;il emploie lui-m\u00eame une ou plusieurs personnes pour le seconder, d\u00e8s lors qu&rsquo;il participe personnellement au spectacle<a name=\"sdfootnote31anc\" href=\"https:\/\/www.outsiderland.com\/danahilliot\/dana_writings\/professionnelsversusamateurs.htm#sdfootnote31sym\"><sup>31<\/sup><\/a>.\u00a0\u00bb<\/em><\/p>\n<p style=\"font-style: normal;\"><span style=\"font-family: Bitstream Charter,serif;\">Mais notre fameux d\u00e9cret de 1953 vient en quelque sorte faire une exception \u00e0 ce principe en consid\u00e9rant le cas des artistes amateurs, lesquels peuvent effectivement d\u00e9roger aux devoirs fiscaux auxquels sont soumis les professionnels, \u00e0 la condition qu&rsquo;ils soient bel et bien \u00ab<em> amateurs <\/em>\u00bb.<\/span><\/p>\n<p style=\"font-style: normal;\"><span style=\"font-family: Bitstream Charter,serif;\">Le texte proposait une d\u00e9finition de l&rsquo;amateur, ou plut\u00f4t du groupement d&rsquo;amateurs :<\/span><\/p>\n<p>\u00ab<em> Est d\u00e9nomm\u00e9 \u00ab groupement d\u2019amateurs \u00bb tout groupement qui organise et produit en public des manifestations dramatiques, dramatico-lyriques, vocales, chor\u00e9graphiques, de pantomimes, de marionnettes, de vari\u00e9t\u00e9s etc&#8230;, ou bien y participe et dont les membres ne re\u00e7oivent, de ce fait, aucune r\u00e9mun\u00e9ration, mais tirent leurs moyens habituels d\u2019existence de salaires ou de revenus \u00e9trangers aux diverses activit\u00e9s artistiques des professions du spectacle.<\/em><a name=\"sdfootnote32anc\" href=\"https:\/\/www.outsiderland.com\/danahilliot\/dana_writings\/professionnelsversusamateurs.htm#sdfootnote32sym\"><sup>32<\/sup><\/a> \u00bb<\/p>\n<p>On ne s&rsquo;\u00e9tonnera pas du caract\u00e8re purement n\u00e9gatif de cette d\u00e9finition : l&rsquo;amateur est tout simplement celui qui n&rsquo;est pas professionnel \u2013 on n&rsquo;en sort pas. Une circulaire en date du 23 mars 2001 vient pr\u00e9ciser un peu les choses en \u00e9num\u00e9rant les conditions n\u00e9cessaires pour qu&rsquo;une repr\u00e9sentation soit d\u00e9finie comme spectacle amateur. Il faudrait donc :<\/p>\n<ul><em>\u00ab\u00a0qu\u2019elle soit pratiqu\u00e9e \tpar des personnes qui tirent leurs moyens d\u2019existence d\u2019activit\u00e9s \t\u00e9trang\u00e8res \u00e0 celles du spectacle,<\/em><\/p>\n<li><em>que les groupements soient constitu\u00e9s \ten associations loi 1901, qu\u2019ils soient agr\u00e9\u00e9s par \tune commission sp\u00e9cifique et que leurs statuts et r\u00e8glements \tint\u00e9rieurs fassent appara\u00eetre le caract\u00e8re \td\u00e9sint\u00e9ress\u00e9 et non concurrentiel de \tl\u2019activit\u00e9,<\/em><\/li>\n<li><em>que les spectacles soient exclusivement \tpr\u00e9sent\u00e9s dans l\u2019acad\u00e9mie o\u00f9 est fix\u00e9e \tl\u2019association,que les groupements ne produisent pas plus de 3 \tspectacles par an (avec 10 repr\u00e9sentations maximum dans les \tagglom\u00e9rations fr\u00e9quent\u00e9es par des groupements \tprofessionnels).<a name=\"sdfootnote33anc\" href=\"https:\/\/www.outsiderland.com\/danahilliot\/dana_writings\/professionnelsversusamateurs.htm#sdfootnote33sym\"><sup>33<\/sup><\/a> \u00bb<\/em><\/li>\n<\/ul>\n<p>On est bien forc\u00e9 de reconna\u00eetre que ces r\u00e8gles ne sont pour ainsi dire jamais respect\u00e9es<a name=\"sdfootnote34anc\" href=\"https:\/\/www.outsiderland.com\/danahilliot\/dana_writings\/professionnelsversusamateurs.htm#sdfootnote34sym\"><sup>34<\/sup><\/a>.<\/p>\n<p>Il n&rsquo;est pas fait mention dans ce d\u00e9cret d&rsquo;\u00e9ventuels frais de d\u00e9placements pouvant \u00eatre rembours\u00e9s par l&rsquo;organisateur du concert. En r\u00e9alit\u00e9, cette pratique d\u00e9coule d&rsquo;une r\u00e9f\u00e9rence \u00e0 la loi de 1901 r\u00e9gissant les associations : un b\u00e9n\u00e9vole peut, sous certaines conditions, percevoir un remboursement de frais<a name=\"sdfootnote35anc\" href=\"https:\/\/www.outsiderland.com\/danahilliot\/dana_writings\/professionnelsversusamateurs.htm#sdfootnote35sym\"><sup>35<\/sup><\/a>. Par extension, l&rsquo;artiste amateur est donc assimilable \u00e0 un b\u00e9n\u00e9vole \u2013 encore faut-il qu&rsquo;il exerce son activit\u00e9 en tant que membre d&rsquo;une association \u2013 d&rsquo;o\u00f9 le concept de <em>groupement d&rsquo;amateurs<\/em>, pertinent dans un contexte o\u00f9 la plupart des spectacles de ce type concernaient avant tout des chorales ou des fanfares.<\/p>\n<p>En 1999, le l\u00e9gislateur avait fait une premi\u00e8re tentative cens\u00e9e pr\u00e9ciser les conditions sous lesquelles un entrepreneur de spectacle est autoris\u00e9 \u00e0 accueillir des amateurs. On distinguait alors les spectacles enti\u00e8rement b\u00e9n\u00e9voles, qui ne sont pas soumis \u00e0 la d\u00e9livrance d&rsquo;une licence, et les spectacles mixtes, m\u00e9langeant des b\u00e9n\u00e9voles et des professionnels : ces derniers, au del\u00e0 du nombre de 6 par an, sont soumis \u00e0 une obligation de licence.<\/p>\n<p>Dans la pratique, et notamment dans les musiques dites \u00ab\u00a0actuelles\u00a0\u00bb, les spectacles mixtes ne sont pas rares : les caf\u00e9s concerts font souvent appel \u00e0 des techniciens r\u00e9mun\u00e9r\u00e9s. La plupart des bars d\u00e9passent largement leur quota<\/p>\n<p>Jusqu&rsquo;\u00e0 ces derni\u00e8res ann\u00e9es, les institutions avaient adopt\u00e9 la politique du \u00ab\u00a0laisser faire\u00a0\u00bb : le d\u00e9cret de 1953 r\u00e9dig\u00e9 \u00e0 une \u00e9poque o\u00f9 les pratiques musicales amateurs n&rsquo;avaient rien de commun avec celles que nous connaissons aujourd&rsquo;hui, n&rsquo;\u00e9tait \u00e9videmment pas respect\u00e9. Pourquoi, \u00e0 la fin des ann\u00e9es 90, s&rsquo;est-on \u00e0 nouveau pr\u00e9occup\u00e9 de ces questions ?<\/p>\n<p>Comme nous l&rsquo;avons \u00e9voqu\u00e9 au d\u00e9but de cette partie, parce que l&rsquo;explosion du nombre de pratiquants amateurs d\u00e9sireux de se produire sur sc\u00e8ne, et le succ\u00e8s de certains de ces spectacles, a cr\u00e9\u00e9 une situation concurrentielle in\u00e9dite : les professionnels, \u00e0 moins de b\u00e9n\u00e9ficier d&rsquo;une promotion et d&rsquo;une notori\u00e9t\u00e9 importante, ne sont plus assur\u00e9s d&rsquo;entrer dans les programmations. Rares sont les bars concerts qui peuvent se permettre de payer un cachet d&rsquo;artiste, et les salles subventionn\u00e9es ne sont pas assez nombreuses pour accueillir tous les groupes et les artistes. Les intermittents du spectacle ont subi de plein fouet les cons\u00e9quences de cette situation concurrentielle, et pas seulement dans la musique. Nombreux sont les intermittents qui peinent \u00e0 trouver des concerts en nombre suffisant pour conserver leur statut, tandis qu&rsquo;on voit des groupes amateurs accumuler jusqu&rsquo;\u00e0 une centaine de concerts dans l&rsquo;ann\u00e9e. Ces derniers fonctionnent comme beaucoup de groupes \u00e0 l&rsquo;\u00e9tranger, des p\u00e9riodes de travail r\u00e9mun\u00e9r\u00e9 (par exemple dans l&rsquo;interim ou la restauration) succ\u00e9dant \u00e0 des p\u00e9riodes de ch\u00f4mage, durant lesquels ils organisent des tourn\u00e9es. D&rsquo;autres occupent un emploi toute l&rsquo;ann\u00e9e ou sont au RMI. Comme leur revenus ne d\u00e9pend pas de leur pratique artistique, ils sont \u00e9videmment beaucoup moins exigeants en mati\u00e8re de r\u00e9mun\u00e9ration, et s&rsquo;adaptent plus facilement aux nouvelles r\u00e8gles du march\u00e9 du spectacle. De nombreux groupes n&rsquo;h\u00e9sitent pas  \u00e0 jouer aussi bien dans des squats, des bars plus ou moins adapt\u00e9s \u00e0 la sc\u00e8ne que dans des salles subventionn\u00e9es. Des r\u00e9seaux, souvent associatifs, se d\u00e9ployant souvent d&rsquo;abord sur internet, \u00e9chappant au contr\u00f4le des institutions tout comme au contr\u00f4le du march\u00e9 dominant, permettent \u00e0 de nombreux artistes amateurs d&rsquo;acc\u00e9der \u00e0 une visibilit\u00e9 dont ils ne b\u00e9n\u00e9ficieraient de toutes fa\u00e7ons pas en int\u00e9grant le monde professionnel.<\/p>\n<p>C&rsquo;est un peu comme si, au d\u00e9but de ce mill\u00e9naire, en France, deux mondes port\u00e9s par des logiques diff\u00e9rentes se confrontaient soudain : d&rsquo;un c\u00f4t\u00e9 le monde des artistes professionnels, articul\u00e9 autour des l\u00e9gitimations institutionnelles, et de l&rsquo;autre un monde qui fonctionne tout \u00e0 fait  \u00e0 la mani\u00e8re de la sc\u00e8ne ind\u00e9pendante am\u00e9ricaine, articul\u00e9 autour d&rsquo;initiatives priv\u00e9es et de r\u00e9seaux \u00e9trangers aux syst\u00e8mes institutionnels. La crise de l&rsquo;intermittence du spectacle, en partie provoqu\u00e9e par le patronat \u2013 en partie seulement<a name=\"sdfootnote36anc\" href=\"https:\/\/www.outsiderland.com\/danahilliot\/dana_writings\/professionnelsversusamateurs.htm#sdfootnote36sym\"><sup>36<\/sup><\/a> &#8211; n&rsquo;a pas manqu\u00e9 de  donner l&rsquo;opportunit\u00e9 au l\u00e9gislateur de r\u00e9viser le d\u00e9cret de 1953, et ce pour trois raisons :<\/p>\n<p>D&rsquo;abord pour le bien des amateurs eux-m\u00eames (c&rsquo;est la ligne officielle si j&rsquo;ose dire), afin de leur offrir les meilleures conditions de diffusion (sous-entendu, jusqu&rsquo;\u00e0 pr\u00e9sent, ces conditions ne seraient pas suffisantes : on aimerait bien savoir \u00e0 quelle source le l\u00e9gislateur s&rsquo;est inform\u00e9 pour en juger).<\/p>\n<p>Ensuite, pour lutter contre <em>la concurrence d\u00e9loyale avec la programmation professionnelle (ainsi) reconnue et confort\u00e9e<a name=\"sdfootnote37anc\" href=\"https:\/\/www.outsiderland.com\/danahilliot\/dana_writings\/professionnelsversusamateurs.htm#sdfootnote37sym\"><sup>37<\/sup><\/a><\/em>. Ce souci est clairement affirm\u00e9, comme nous le verrons dans l&rsquo;avant projet de loi du 15 mars 2006.<\/p>\n<p>Enfin, parce que l&rsquo;Etat ne supporte pas en g\u00e9n\u00e9ral que des pratiques autrefois marginales, aujourd&rsquo;hui importantes dans le paysage musical, se d\u00e9ploient sans en r\u00e9f\u00e9rer \u00e0 son autorit\u00e9. C&rsquo;est ainsi que je retraduis cette phrase :<\/p>\n<p>\u00ab\u00a0<em>La reconnaissance, la prise en compte et la valorisation des pratiques amateurs, passant par l&rsquo;identification, la connaissance et l&rsquo;analyse, doivent devenir les \u00e9l\u00e9ments prioritaires de la politique de l&rsquo;Etat en mati\u00e8re de musique<a name=\"sdfootnote38anc\" href=\"https:\/\/www.outsiderland.com\/danahilliot\/dana_writings\/professionnelsversusamateurs.htm#sdfootnote38sym\"><sup>38<\/sup><\/a>. <\/em>\u00bb<\/p>\n<p>Le rapporteur ajoute, dans un \u00e9lan lyrique assez douteux :<\/p>\n<p><em>\u00ab\u00a0L&rsquo;affirmer, c&rsquo;est affirmer un droit fondamental \u00e0 l&rsquo;expression culturelle.\u00a0\u00bb<\/em><\/p>\n<p>Le probl\u00e8me, ai-je envie de dire, c&rsquo;est que les fameux amateurs, n&rsquo;ont pas attendu que l&rsquo;Etat se penche sur leur cas pour prendre en main leur destin\u00e9e<a name=\"sdfootnote39anc\" href=\"https:\/\/www.outsiderland.com\/danahilliot\/dana_writings\/professionnelsversusamateurs.htm#sdfootnote39sym\"><sup>39<\/sup><\/a>.<\/p>\n<h3>3.2.2 L&rsquo;avant projet de loi relatif \u00e0 la participation des amateurs \u00e0 des spectacles (15 mars 2006)<\/h3>\n<p>Ce projet de r\u00e9vision de la loi avait d\u00e9j\u00e0 \u00e9t\u00e9 clairement mis au rang de priorit\u00e9 dans les <em>Propositions pour l&rsquo;avenir du spectacle vivant<\/em>, publi\u00e9 par le Minist\u00e8re de la culture en octobre 2004. C&rsquo;est finalement d&rsquo;une mani\u00e8re assez discr\u00e8te qu&rsquo;est sorti r\u00e9cemment des bureaux du ministre cet avant-projet de loi, certes encore au stade du \u00ab\u00a0document de travail\u00a0\u00bb, mais qui fixe d&rsquo;ores et d\u00e9j\u00e0 le cadre des lois \u00e0 venir.<\/p>\n<p style=\"font-style: normal;\" align=\"left\"><span style=\"font-family: Bitstream Charter,serif;\">Examinons donc maintenant cet avant-projet de loi relatif \u00e0 la participation des amateurs \u00e0 des spectacles, visant \u00e0 abroger le d\u00e9cret de 1953.<\/span><\/p>\n<p>Il propose d&rsquo;abord une nouvelle d\u00e9finition de l&rsquo;amateur. La notion de <em>groupement<\/em>, assez logiquement, dispara\u00eet, et on fait appel au concept de loisir.<\/p>\n<p><em>\u00ab\u00a0Art. 1. &#8211; Est d\u00e9nomm\u00e9e amateur, dans le domaine du spectacle, toute personne qui pratique, seule ou en groupe, une activit\u00e9 artistique \u00e0\u00a0 titre de loisir et qui tire ses moyens principaux<a name=\"sdfootnote40anc\" href=\"https:\/\/www.outsiderland.com\/danahilliot\/dana_writings\/professionnelsversusamateurs.htm#sdfootnote40sym\"><sup>40<\/sup><\/a> d\u2019existence de salaires ou de revenus \u00e9trangers \u00e0\u00a0 cette activit\u00e9.<a name=\"sdfootnote41anc\" href=\"https:\/\/www.outsiderland.com\/danahilliot\/dana_writings\/professionnelsversusamateurs.htm#sdfootnote41sym\"><sup>41<\/sup><\/a> \u00bb<\/em><\/p>\n<p style=\"font-style: normal;\"><span style=\"font-family: Bitstream Charter,serif;\">Il s&rsquo;agit bien l\u00e0 de raffermir la fronti\u00e8re entre amateur et professionnel : le premier vit son art comme un simple loisir (comme d&rsquo;autres vont \u00e0 la plage ou font leur jogging), tandis que le second s&rsquo;y implique corps et \u00e2me (et surtout : sa survie \u00e9conomique en d\u00e9pend).<\/span><\/p>\n<p><em>\u00ab\u00a0Art. 2. &#8211; Lorsque des amateurs tels que d\u00e9finis \u00e0\u00a0 l\u2019article 1er participent \u00e0\u00a0 la repr\u00e9sentation en public d\u2019une \u0153uvre de l\u2019esprit, ils ne re\u00e7oivent aucune r\u00e9mun\u00e9ration, si ce spectacle n&rsquo;est pas organis\u00e9 dans un cadre lucratif au sens de l&rsquo;article L.324-11 du code du travail.<\/em><\/p>\n<p><em>Art. 3. \u2013 Lorsque des amateurs participent \u00e0\u00a0 des spectacles produits ou diffus\u00e9s par un entrepreneur de spectacle dans un cadre lucratif au sens de l&rsquo;article L 324-11 du code du travail, ils sont r\u00e9mun\u00e9r\u00e9s dans les conditions l\u00e9gales et conventionnelles.<\/em><\/p>\n<p><em>De m\u00eame, lorsqu&rsquo;une association regroupant des amateurs organise, produit ou diffuse des spectacles, ou participe \u00e0\u00a0 des spectacles produits ou diffus\u00e9s par un entrepreneur de spectacle dans un cadre lucratif au sens de l&rsquo;article L 324-11 du code du travail, ses membres sont r\u00e9mun\u00e9r\u00e9s dans les conditions l\u00e9gales et conventionnelles.\u00a0\u00bb<\/em><\/p>\n<p style=\"font-style: normal;\"><span style=\"font-family: Bitstream Charter,serif;\">La mention r\u00e9p\u00e9t\u00e9e de l&rsquo;article 324-11 du code travail renvoie au soup\u00e7on que la pratique amateur pourrait bien \u00eatre du travail dissimul\u00e9<a name=\"sdfootnote42anc\" href=\"https:\/\/www.outsiderland.com\/danahilliot\/dana_writings\/professionnelsversusamateurs.htm#sdfootnote42sym\"><sup>42<\/sup><\/a>. Elle est un des motifs av\u00e9r\u00e9s du nouveau projet de loi, lequel vise \u00e0 lutter contre la pr\u00e9somption de salariat. Les amateurs doivent donc \u00eatre r\u00e9mun\u00e9r\u00e9s d\u00e8s lors que l&rsquo;organisateur du spectacle poursuit des buts lucratifs : c&rsquo;est le cas de la quasi totalit\u00e9 des lieux qui accueillent actuellement des concerts amateurs, notamment les bars-concerts. Si on suit bien la pens\u00e9e du l\u00e9gislateur, tout concert dans un bar devrait d\u00e8s lors donner lieu \u00e0 une r\u00e9mun\u00e9ration, c&rsquo;est-\u00e0-dire \u00e0 un cachet \u00e9quivalent \u00e0 celui que touchent habituellement les professionnels.<\/span><\/p>\n<p style=\"font-style: normal;\"><span style=\"font-family: Bitstream Charter,serif;\">On d\u00e9termine ainsi un cas limite ou id\u00e9al : appelons-le le spectacle amateur \u00ab\u00a0pur\u00a0\u00bb. Il est enti\u00e8rement produit et jou\u00e9 par des personnes pour qui l&rsquo;art est un loisir, il ne donne lieu \u00e0 aucune r\u00e9mun\u00e9ration et le cadre dans lequel il est pr\u00e9sent\u00e9 n&rsquo;est pas un cadre lucratif.<\/span><\/p>\n<p style=\"font-style: normal;\"><span style=\"font-family: Bitstream Charter,serif;\">Mais \u00e0 quelles conditions peut-on parler d&rsquo;un cadre lucratif ? L&rsquo;article L 324-11 consid\u00e8re qu&rsquo;\u00e0 partir du moment o\u00f9 l&rsquo;organisateur a recours a de la publicit\u00e9, ou qu&rsquo;il est fait usage d&rsquo;un mat\u00e9riel de qualit\u00e9 professionnelle, ou que la fr\u00e9quence des spectacles organis\u00e9es est trop importante, on peut soup\u00e7onner une finalit\u00e9 lucrative. A ce titre, je connais tr\u00e8s peu de concerts, \u00e0 part ceux r\u00e9alis\u00e9s \u00e0 l&rsquo;occasion de la f\u00eate de la musique<a name=\"sdfootnote43anc\" href=\"https:\/\/www.outsiderland.com\/danahilliot\/dana_writings\/professionnelsversusamateurs.htm#sdfootnote43sym\"><sup>43<\/sup><\/a>, qui rempliraient ces conditions. Veut-on limiter les spectacles amateurs \u00e0 la seule date et aux seules conditions de la f\u00eate de la musique ?<\/span><\/p>\n<p style=\"font-style: normal;\"><span style=\"font-family: Bitstream Charter,serif;\">Le l\u00e9gislateur, conscient du caract\u00e8re excessif de son projet, pr\u00e9voyant sans doute que l&rsquo;application stricte de cet article rendait tout simplement impossible l&rsquo;organisation de concert amateur, a tout de m\u00eame pr\u00e9vu des exceptions.<\/span><\/p>\n<p style=\"font-style: normal;\"><span style=\"font-family: Bitstream Charter,serif;\">Il n&rsquo;h\u00e9site pas \u00e0 compl\u00e9ter le fameux article L 324-11 du code du travail d&rsquo;un nouvel alin\u00e9a, r\u00e9dig\u00e9 ainsi :<\/span><\/p>\n<p><em>\u00ab\u00a0Ne constituent pas des crit\u00e8res de pr\u00e9somption de lucrativit\u00e9, dans les activit\u00e9s du spectacle, le recours \u00e0 de la publicit\u00e9 lorsqu&rsquo;elle est non professionnelle <\/em><span style=\"font-style: normal;\">(sic)<\/span><em> et l&rsquo;utilisation de mat\u00e9riel professionnel.\u00a0\u00bb<\/em><\/p>\n<p style=\"font-style: normal;\"><span style=\"font-family: Bitstream Charter,serif;\">Autrement dit, il est encore possible d&rsquo;annoncer malgr\u00e9 tout un concert amateur, en faisant appel \u00e0 un imprimeur professionnel pour la r\u00e9alisation des affiches, et l&rsquo;usage d&rsquo;un mat\u00e9riel de sonorisation correct n&rsquo;est pas interdit durant le concert. Voil\u00e0 une g\u00e9n\u00e9reuse concession \u00e0 la r\u00e9alit\u00e9 des pratiques : les groupes de rock amateurs ne seront pas oblig\u00e9s de se contenter de chanter <em>a capella<\/em> ou de jouer de la guitare \u00e9lectrique sans sonorisation durant la f\u00eate de la musique.<\/span><\/p>\n<p style=\"text-indent: 0cm; font-style: normal;\">\n<p>Le projet de loi n&rsquo;en demeure pas moins extr\u00eamement restrictif. Il instaure une c\u00e9sure draconienne entre deux types de spectacle, et, de fait, son application stricte r\u00e9duirait de mani\u00e8re drastique les possibilit\u00e9s pour les artistes amateurs de se produire.<\/p>\n<p>Le l\u00e9gislateur a donc \u00e9labor\u00e9 trois exceptions \u00e0 ces r\u00e8gles. je laisserai de c\u00f4t\u00e9 les articles 5 et 6<a name=\"sdfootnote44anc\" href=\"https:\/\/www.outsiderland.com\/danahilliot\/dana_writings\/professionnelsversusamateurs.htm#sdfootnote44sym\"><sup>44<\/sup><\/a>, qui concernent les \u00e9tudiants, les stagiaires, les enseignants et les enfants : les spectacles produits dans un cadre scolaire, d&rsquo;enseignement ou de formation, tant qu&rsquo;ils ne donnent pas lieu \u00e0 des r\u00e9mun\u00e9rations, peuvent sous certaines conditions, \u00eatre r\u00e9alis\u00e9s dans un cadre lucratif. Il ne faudrait \u00e9videmment pas se mettre \u00e0 dos l&rsquo;\u00e9ducation nationale, dont on conna\u00eet la capacit\u00e9 \u00e0 s&rsquo;indigner et \u00e0 manifester : on a d\u00e9j\u00e0 quasiment supprim\u00e9 l&rsquo;\u00e9ducation artistique dans les programmes, et, rendre impossible l&rsquo;organisation de spectacle dans un cadre scolaire serait sans doute, \u00e0 juste raison, mal per\u00e7u.<\/p>\n<p>L&rsquo;article 4 concerne les amateurs en g\u00e9n\u00e9ral, et constitue \u00e0 mon sens une sorte de monstruosit\u00e9 juridique. Sous des apparences anodines, il instaure une v\u00e9ritable r\u00e9volution dans les pratiques amateurs. Entre les lignes de ce texte bref se dissimule en v\u00e9rit\u00e9 une entreprise de contr\u00f4le sans pr\u00e9c\u00e9dent des pratiques amateurs<a name=\"sdfootnote45anc\" href=\"https:\/\/www.outsiderland.com\/danahilliot\/dana_writings\/professionnelsversusamateurs.htm#sdfootnote45sym\"><sup>45<\/sup><\/a>.<\/p>\n<blockquote><p><em><span style=\"font-family: Bitstream Charter,serif;\">\u00ab\u00a0Art. 4. &#8211; Les amateurs peuvent, par exception \u00e0\u00a0 l&rsquo;article 3, participer, sans \u00eatre r\u00e9mun\u00e9r\u00e9s, \u00e0\u00a0 un nombre<\/span><span> <\/span>limit\u00e9 de spectacles et de repr\u00e9sentations produits ou diffus\u00e9s par un entrepreneur de spectacle dans un cadre lucratif au sens de l&rsquo;article L 324-11 du code du travail, si ces spectacles et repr\u00e9sentations s\u2019inscrivent dans le cadre d\u2019<strong>un projet de formation \u00e0\u00a0 destination des amateurs<\/strong>. Cette facult\u00e9 est subordonn\u00e9e \u00e0\u00a0 l\u2019obtention par l\u2019entrepreneur de spectacle d\u2019un agr\u00e9ment dont les conditions sont fix\u00e9es par d\u00e9cret.\u00a0\u00bb<\/em><\/p><\/blockquote>\n<p>Les amateurs peuvent donc se produire dans un cadre lucratif, sous r\u00e9serve \u00e9videmment qu&rsquo;ils ne per\u00e7oivent aucune r\u00e9mun\u00e9ration, \u00e0 une double condition : il faut d&rsquo;abord que ce spectacle s&rsquo;inscrive dans un <em>projet de formation \u00e0 destination des amateurs<\/em>.  Quelle \u00e9trange id\u00e9e a donc travers\u00e9 l&rsquo;esprit du l\u00e9gislateur ? On le comprend mieux si on explique la seconde condition : il faut \u00e9galement que l&rsquo;organisateur du spectacle soit agr\u00e9\u00e9 \u2013 traduisons tout de suite : que le spectacle ait lieu sur une sc\u00e8ne <strong>labelis\u00e9e<\/strong> par l&rsquo;institution.<\/p>\n<p>Un dispositif<a name=\"sdfootnote46anc\" href=\"https:\/\/www.outsiderland.com\/danahilliot\/dana_writings\/professionnelsversusamateurs.htm#sdfootnote46sym\"><sup>46<\/sup><\/a> se dessine alors sous nos yeux. Pour le comprendre il faut se reporter au projet de d\u00e9cret du 15 mars 2006, qui pr\u00e9cise les modalit\u00e9s de cet agr\u00e9ment. Pour \u00eatre autoris\u00e9es \u00e0 accueillir des amateurs, les sc\u00e8nes labellis\u00e9es devront satisfaire aux conditions suivantes.<\/p>\n<p><span style=\"font-style: normal;\">D&rsquo;abord, \u00eatre reconnue comme entrepreneur de spectacle (priv\u00e9 ou public) \u2013 ce qui n&rsquo;est d\u00e9j\u00e0 pas une mince affaire<a name=\"sdfootnote47anc\" href=\"https:\/\/www.outsiderland.com\/danahilliot\/dana_writings\/professionnelsversusamateurs.htm#sdfootnote47sym\"><sup>47<\/sup><\/a> !<\/span> <span style=\"font-style: normal;\">Mais il faudra aussi au courageux organisateur satisfaire aux exigences administratives suivantes :<\/span><\/p>\n<blockquote style=\"font-style: normal;\"><p>1. D\u00e9poser un dossier pr\u00e9sentant les projets auxquels participeront des amateurs.<\/p><\/blockquote>\n<blockquote style=\"font-style: normal;\"><p>2. Ces projets devront consister en une performance <strong>encadr\u00e9e<\/strong> et <strong>accompagn\u00e9e<\/strong> par des professionnels ! (donc, pas de projets enti\u00e8rement produits par des amateurs \u2013 comment, en effet, faire confiance \u00e0 des incomp\u00e9tents ! On sait bien que les amateurs par d\u00e9finition, ne sont pas capables de se d\u00e9brouiller par eux-m\u00eames)<\/p><\/blockquote>\n<blockquote style=\"font-style: normal;\"><p>3. \u00ab\u00a0<em>Chaque projet comporte un nombre suffisant d&rsquo;heures de r\u00e9p\u00e9tition<\/em> \u00bb (sic)<a name=\"sdfootnote48anc\" href=\"https:\/\/www.outsiderland.com\/danahilliot\/dana_writings\/professionnelsversusamateurs.htm#sdfootnote48sym\"><sup>48<\/sup><\/a>.<\/p><\/blockquote>\n<blockquote style=\"font-style: normal;\"><p>4. \u00ab\u00a0<em>Le nombre de repr\u00e9sentations d&rsquo;un m\u00eame spectacle ne doit pas d\u00e9passer huit dans la limite de trois spectacles diff\u00e9rents par an<\/em>.\u00a0\u00bb Le d\u00e9passement de ce nombre doit faire l&rsquo;objet d&rsquo;une demande de d\u00e9rogation !<\/p><\/blockquote>\n<blockquote style=\"font-style: normal;\"><p>Et je dois citer en entier l&rsquo;article 4 de ce d\u00e9cret, qui punit d&rsquo;une amende pouvant s&rsquo;\u00e9lever \u00e0 750 euros l&rsquo;organisateur qui ne mentionne pas explicitement sur ses affiches ou prospectus la participation d&rsquo;amateurs !<\/p><\/blockquote>\n<p><em><span style=\"font-size: small;\"><span style=\"font-family: Bitstream Charter,serif;\">\u00ab\u00a0Art. 4. \u2013 Est puni de l\u2019amende pr\u00e9vue pour les contraventions de 4e classe le fait pour un entre<\/span><\/span>preneur de spectacles de ne pas faire figurer, sur tous les supports d&rsquo;information des spectacles qui associent des amateurs non r\u00e9mun\u00e9r\u00e9s, la mention de cette participation. L\u2019infraction mentionn\u00e9e au pr\u00e9c\u00e9dent alin\u00e9a est recherch\u00e9e par les officiers de police et agents de police judiciaire, les agents de l\u2019Urssaf ainsi que par les inspecteurs et les contr\u00f4leurs du travail. Les personnes morales peuvent \u00eatre d\u00e9clar\u00e9es p\u00e9nalement responsables de l\u2019infraction d\u00e9finie au premier alin\u00e9a dans les conditions pr\u00e9vues par l\u2019article 121-2 du code p\u00e9nal.\u00a0\u00bb<\/em><\/p>\n<blockquote style=\"font-style: normal;\"><p>On cr\u00e9\u00e9e un nouveau d\u00e9lit : ne pas distinguer les spectacles amateurs des spectacles professionnels ! Toutes les administrations de contr\u00f4le sont mises \u00e0 contribution pour traquer les contrevenants. On imagine d\u00e9j\u00e0 la police d\u00e9barquer au milieu d&rsquo;un concert pour arr\u00eater les contrevenants. Un tel d\u00e9cret s&rsquo;av\u00e8rera \u00e9videmment tout \u00e0 fait dissuasif pour les organisateurs de concerts.<\/p><\/blockquote>\n<blockquote style=\"font-style: normal;\"><p>Notez \u00e9galement qu&rsquo;on ne \u00ab\u00a0marque\u00a0\u00bb pour ainsi dire pas les spectacles professionnels, mais seulement les spectacles amateurs : ce qui ne va pas de soi ! Puisque la loi est faite explicitement pour d\u00e9fendre les int\u00e9r\u00eats de la profession, pour distinguer aux yeux du public, les uns des autres, pourquoi ne pas instaurer tant qu&rsquo;on y est un label de qualit\u00e9 r\u00e9serv\u00e9 au spectacle professionnel ? Ha ! Le public est d\u00e9cid\u00e9ment trop stupide pour \u00e9valuer lui-m\u00eame ce qu&rsquo;est un spectacle de qualit\u00e9 : d&rsquo;o\u00f9 la n\u00e9cessit\u00e9 de l&rsquo;informer, en indiquant clairement la pr\u00e9sence d&rsquo;amateurs, gage d&rsquo;une performance de qualit\u00e9 inf\u00e9rieure<a name=\"sdfootnote49anc\" href=\"https:\/\/www.outsiderland.com\/danahilliot\/dana_writings\/professionnelsversusamateurs.htm#sdfootnote49sym\"><sup>49<\/sup><\/a>.<\/p><\/blockquote>\n<blockquote style=\"font-style: normal;\"><p>C&rsquo;est tout de m\u00eame faire preuve de beaucoup de z\u00e8le pour d\u00e9fendre la profession<a name=\"sdfootnote50anc\" href=\"https:\/\/www.outsiderland.com\/danahilliot\/dana_writings\/professionnelsversusamateurs.htm#sdfootnote50sym\"><sup>50<\/sup><\/a>.<\/p><\/blockquote>\n<blockquote style=\"font-style: normal;\"><\/blockquote>\n<p><!--nextpage--><\/p>\n<h3>3.2.3. Administrer les amateurs pour renforcer la profession.<\/h3>\n<p style=\"font-style: normal;\">\n<p style=\"font-style: normal;\"><span style=\"font-family: Bitstream Charter,serif;\">Il ne faut pas se voiler la face. Dans les faits, l&rsquo;application stricte de cette loi signifie pour les artistes amateurs une modification radicale de leurs pratiques sc\u00e9niques : il ne leur est plus possible de se produire comme auparavant dans les bars ou les lieux non agr\u00e9\u00e9s. La seule possibilit\u00e9 qu&rsquo;il leur reste est de s&rsquo;int\u00e9grer \u00e0 un processus de validation institutionnelle, lequel prend en charge leur formation, les \u00e9duque, encadre leur pratique, choisit les concerts auxquels ils peuvent pr\u00e9tendre, les met sur les rails de la professionnalisation : c&rsquo;est le triomphe du mod\u00e8le de l&rsquo;artiste <em>en voie de professionnalisation<\/em>. <\/span><\/p>\n<p style=\"font-style: normal;\"><span style=\"font-family: Bitstream Charter,serif;\">Triomphe tout \u00e0 fait paradoxal \u00e0 l&rsquo;heure o\u00f9 justement la profession \u00e9touffe du fait de la multiplication des projets artistiques. Et c&rsquo;est l\u00e0 le second aspect de ce projet, dont l&rsquo;institution ne fera probablement pas l&rsquo;aveu : il s&rsquo;agit d&rsquo;une part  d&rsquo;\u00e9touffer dans l&rsquo;<span style=\"font-family: Bitstream Charter,serif;\">\u0153<\/span>uf les vell\u00e9it\u00e9s artistiques des amateurs, en leur montrant combien la route qui m\u00e8ne \u00e0 la professionnalisation est rude, et combien peu en d\u00e9finitive seront \u00e9lus ; et d&rsquo;autre part, cr\u00e9er de nouveaux emplois en faveur des professionnels : car il faudra bien encadrer tous ces amateurs qui ne manqueront pas de s&rsquo;inscrire en masse dans ces processus de reconnaissance institutionnelle. <\/span><\/p>\n<p style=\"font-style: normal;\"><span style=\"font-family: Bitstream Charter,serif;\">On contr\u00f4le ainsi les amateurs, on les \u00e9tiquette, les administre, et on renforce du m\u00eame coup les positions des professionnels : on exclue des sc\u00e8nes traditionnelles, bars, caf\u00e9s concert, les amateurs, et on r\u00e9serve ces espaces aux seuls professionnels. Et on cr\u00e9e de nouveaux emplois pour ces derniers, qui auront la charge d&rsquo;encadrer ces amateurs forc\u00e9ment incomp\u00e9tents.<\/span><\/p>\n<p style=\"font-style: normal;\"><span style=\"font-family: Bitstream Charter,serif;\">Encadrer, Accompagner, Administrer, mais aussi Limiter, Interdire et enfin Punir. On retrouve bien ici le double langage du minist\u00e8re au sujet des amateurs. Ce projet ambitieux d&rsquo;administration des pratiques amateurs, sous son allure paternaliste \u2013 qui suffirait d\u00e9j\u00e0 le consid\u00e9rer comme insupportable \u2013 cache en fait une autre motivation : renforcer le monde de l&rsquo;art professionnel, accentuer ses privil\u00e8ges, cloisonner et durcir la fronti\u00e8re qui le s\u00e9pare du monde amateur.<\/span><\/p>\n<p style=\"font-style: normal;\"><span style=\"font-family: Bitstream Charter,serif;\">Le rapport de la commission nationale des musiques actuelles de septembre 1998 annon\u00e7ait d\u00e9j\u00e0 un tel projet :<\/span><\/p>\n<p>\u00ab\u00a0<em>Place des amateurs sur sc\u00e8ne :<\/em><\/p>\n<p><em>Comme pour la formation, la reconnaissance des pratiques amateurs passe par une exigence de qualit\u00e9 dans l\u2019accompagnement de ses pratiques de diffusion.<\/em><\/p>\n<p><em>La volont\u00e9 de revendiquer une signature originale et de l\u2019exprimer dans l\u2019espace public, le lien <strong>apprentissage-diffusion-cr\u00e9ation<\/strong> appellent l\u2019urgence de d\u00e9finir un cadre r\u00e9glementaire afin de permettre la pr\u00e9sence des amateurs sur sc\u00e8ne (am\u00e9nagement du d\u00e9cret de 1953).<\/em><\/p>\n<p><em>Ce cadre r\u00e9glementaire permettra, sans pr\u00e9somption de salariat, la pr\u00e9sence d\u2019amateurs sur des sc\u00e8nes <strong>lab\u00e9lis\u00e9es<\/strong> qui devront \u00eatre en priorit\u00e9 celles dont la mission de service public est clairement d\u00e9finie.<\/em><\/p>\n<p><em>Il s\u2019agira ainsi d\u2019offrir aux amateurs les meilleures conditions de diffusion (soir\u00e9es sp\u00e9ciales d\u00e9di\u00e9es aux amateurs et annonc\u00e9es comme telles\u2026), <strong>sans concurrence d\u00e9loyale \u00e0\u00a0 une programmation professionnelle reconnue et confort\u00e9e<\/strong><a name=\"sdfootnote51anc\" href=\"https:\/\/www.outsiderland.com\/danahilliot\/dana_writings\/professionnelsversusamateurs.htm#sdfootnote51sym\"><sup>51<\/sup><\/a>.<\/em> \u00bb<\/p>\n<p style=\"font-style: normal;\"><span style=\"font-family: Bitstream Charter,serif;\">Les fameuses propositions d&rsquo;octobre 2004 pour pr\u00e9parer l&rsquo;avenir du spectacle vivant r\u00e9p\u00e8tent \u00e0 plusieurs reprises la n\u00e9cessit\u00e9 de lutter contre la concurrence d\u00e9loyale dont les amateurs seraient cens\u00e9s \u00eatre coupables et les professionnels victimes :<\/span><\/p>\n<p><em>\u00ab\u00a0Ce texte, qui pourrait \u00eatre un chapitre de la loi sur le spectacle vivant, sera un signe fort de la volont\u00e9 de l\u2019Etat de donner aux amateurs un cadre clair leur permettant de rencontrer le public <strong>tout en pr\u00e9servant l\u2019emploi culturel de la concurrence abusive du travail insuffisamment ou non r\u00e9mun\u00e9r\u00e9.<\/strong><\/em><\/p>\n<p><em>Un projet de texte, abrogeant le d\u00e9cret de 1953, est d\u00e8s \u00e0\u00a0 pr\u00e9sent susceptible d\u2019\u00eatre propos\u00e9 \u00e0\u00a0 la concertation. Il pr\u00e9cise les caract\u00e9ristiques d\u2019un spectacle d\u2019amateurs et distingue, pour la participation d\u2019amateurs \u00e0\u00a0 des spectacles professionnels, le droit commun, avec <strong>pr\u00e9somption de salariat<\/strong>, et les exceptions, li\u00e9es \u00e0\u00a0 un projet de formation r\u00e9gi par convention.<\/em> \u00bb<\/p>\n<p style=\"font-style: normal;\"><span style=\"font-family: Bitstream Charter,serif;\">Tous ces textes ne se contentent pas de d\u00e9clarer une flamme soudaine pour les amateurs : elles les accusent dans la m\u00eame phrase de ne pas respecter le droit du travail et de mettre en p\u00e9ril les pratiques professionnelles. On retrouve ce souci dans un texte assez \u00e9tonnant, dans lequel les organisations professionnelles r\u00e9unies au sein de la GEMAP (<em>Groupement des entrepreneurs de musiques actuelles et populaires<\/em>), font soudainement preuve d&rsquo;un int\u00e9r\u00eat pour les pratiques amateurs, ce qui, avouons-le, n&rsquo;est pas commun. Comme on peut s&rsquo;y attendre, il s&rsquo;agit d&rsquo;un v\u00e9ritable manifeste en faveur d&rsquo;une administration totale de ces pratiques, et m\u00eame d&rsquo;un marquage permettant au public de faire la distinction entre la production professionnelle et le reste. Je cite quelques phrases caract\u00e9ristiques de ce document<a name=\"sdfootnote52anc\" href=\"https:\/\/www.outsiderland.com\/danahilliot\/dana_writings\/professionnelsversusamateurs.htm#sdfootnote52sym\"><sup>52<\/sup><\/a>.<\/span><\/p>\n<p><span style=\"font-family: Bitstream Charter,serif;\"><span style=\"font-style: normal;\">Il s&rsquo;agit \u00ab <\/span><em>de<\/em><\/span><em> fixer les deux polarit\u00e9s (amateur et professionnelle) et de permettre ainsi de mieux identifier <span style=\"font-family: Bitstream Charter,serif;\">\u201c<\/span>les rites de passage<span style=\"font-family: Bitstream Charter,serif;\">\u201d<\/span> ou les processus <span style=\"font-family: Bitstream Charter,serif;\">\u201c<\/span>d&rsquo;insertion professionnelle<span style=\"font-family: Bitstream Charter,serif;\">\u201d<\/span> \u00bb<\/em><span style=\"font-style: normal;\"> : on ne peut mieux exprimer ce que j&rsquo;appelai le renforcement des fronti\u00e8res. La r\u00e9f\u00e9rence au lexique ethnologique et sociologique montre bien qu&rsquo;il s&rsquo;agit de d\u00e9fendre les sp\u00e9cificit\u00e9s d&rsquo;une v\u00e9ritable caste, contre les risques de confusion qu&rsquo;entra\u00eene le succ\u00e8s de certains amateurs, lesquels, ayant d\u00e9velopp\u00e9 leur activit\u00e9 en autodidacte, n&rsquo;ont que faire de ces rituels. Et plus loin : \u00ab <\/span><em>Afin d&rsquo;\u00e9viter toute confusion avec les pratiques professionnelles, il est n\u00e9cessaire de codifier les pratiques amateurs sous des vocables sp\u00e9cifiques et de se d\u00e9gager des \u00ab us et coutumes \u00bb de la profession. <\/em>\u00bb Ce que fait le gouvernement avec une certaine subtilit\u00e9, les membres du GEMAP le clament haut et fort : il faut Codifier, Inventer des vocables, soumettre au Concept.<\/p>\n<p><em>\u00ab\u00a0Le praticien amateur doit \u00eatre envisag\u00e9 et s&rsquo;assumer comme tel<\/em>.\u00a0\u00bb : sous-entendu, <em>il ne s&rsquo;assume pas<\/em> comme tel. Et pour cause : je pense effectivement que le concept d&rsquo;\u00ab\u00a0amateur\u00a0\u00bb ne correspond pas \u00e0 la r\u00e9alit\u00e9 plurielles des pratiques ind\u00e9pendantes de la caste professionnelle. Pourquoi donc devrais-je \u00ab\u00a0assumer\u00a0\u00bb (ce qui renvoie comme par hasard \u00e0 la terminologie de la responsabilit\u00e9 morale) un statut qui ne me d\u00e9crit pas ?<\/p>\n<p style=\"font-style: normal;\">Et, afin de codifier, identifier, ma\u00eetriser les amateurs, les membres du GEMAP pr\u00e9conisent la cr\u00e9ation de contrats d&rsquo;amateurs, de lister des lieux autoris\u00e9s \u00e0 accueillir des spectacles amateurs (sous entendu : interdire les spectacles amateurs dans les lieux non agr\u00e9\u00e9s), mener une campagne d&rsquo;information pour informer le public et les amateurs de ces nouvelles r\u00e8gles du jeu (et du coup, les aider \u00e0 bien identifier les spectacles s\u00e9rieux, professionnels, et le reste), inviter les amateurs \u00e0 adh\u00e9rer \u00e0 des f\u00e9d\u00e9rations d\u00e9partementales (excellente mani\u00e8re de les tenir en laisse), adh\u00e9sion qui g\u00e9n\u00e9rerait \u00ab\u00a0<em>des droits et des devoirs\u00a0\u00bb<\/em> (on imagine qu&rsquo;il s&rsquo;agit surtout du devoir ne pas marcher sur les plates bandes des professionnels).<\/p>\n<p style=\"font-style: normal;\">Et pour finir, je ne r\u00e9siste pas \u00e0 citer cette phrase dont le sens m&rsquo;\u00e9chappe \u00e0 vrai dire, mais dont la teneur lexicale fait un peu froid dans le dos :<\/p>\n<p><em>\u00ab\u00a0Un syst\u00e8me de d\u00e9claration simple des repr\u00e9sentations publiques doit permettre <strong>de conna\u00eetre et de ma\u00eetriser la diffusion des amateurs avec des signaux d&rsquo;alerte<\/strong>.\u00a0\u00bb<\/em><\/p>\n<p style=\"font-style: normal;\">Alerte ! Les amateurs jouent sur la place publique !<a name=\"sdfootnote53anc\" href=\"https:\/\/www.outsiderland.com\/danahilliot\/dana_writings\/professionnelsversusamateurs.htm#sdfootnote53sym\"><sup>53<\/sup><\/a><\/p>\n<h3>3.2.4 \u00ab\u00a0\u00c9duquer\u00a0\u00bb les amateurs ? Ou bien&#8230; les \u00ab\u00a0domestiquer\u00a0\u00bb ?<\/h3>\n<p style=\"font-style: normal;\"><span style=\"font-family: Bitstream Charter,serif;\">On part donc du principe que les amateurs ne jouent pas dans de bonnes conditions et qu&rsquo;ils d\u00e9sirent jouer dans de meilleures conditions, qu&rsquo;ils ont besoin d&rsquo;aide pour \u00eatre mieux diffus\u00e9s (sous entendu, il leur manque une diffusion de qualit\u00e9, ce qui est tout de m\u00eame blessant pour les responsables des petits labels ind\u00e9pendants par exemple, lesquels travaillent d&rsquo;arrache-pied et b\u00e9n\u00e9volement pour faire conna\u00eetre leurs artistes).<\/span><\/p>\n<p style=\"font-style: normal;\"><span style=\"font-family: Bitstream Charter,serif;\">Mais de quelle enqu\u00eate, de quelles sources, le rapporteur croit tenir tout ce savoir ? <\/span><\/p>\n<p style=\"font-style: normal;\"><span style=\"font-family: Bitstream Charter,serif;\">J&rsquo;ai mont\u00e9 sous la forme d&rsquo;une association un label ind\u00e9pendant il y a 5 ans, et parmi les artistes que nous avons d\u00e9fendus, certains comme Gatechien, Half Asleep, The Wedding Soundtrack, Jullian Angel, se produisent sur sc\u00e8ne dans toute l&rsquo;Europe, ont des fans aux 4 coins du monde et sont chroniqu\u00e9s par des magazines musicaux distribu\u00e9s \u00e0 des centaines de milliers d&rsquo;exemplaires ! Sans parler de ceux d&rsquo;entre nous qui sont devenus d&rsquo;excellents producteurs, \u00e0 titre b\u00e9n\u00e9vole, ou qui ont appris en autodidacte les rudiments de l&rsquo;activit\u00e9 promotionnelle. Et tout cela en demeurant strictement amateurs, sans jamais toucher un centime de r\u00e9mun\u00e9ration. Je pourrais citer ainsi des centaines d&rsquo;artistes, en France et ailleurs, qui sans avoir fait de leur passion un m\u00e9tier, souvent parce que leur musique est trop exigeante pour avoir sa place sur un march\u00e9 du disque frileux et d&rsquo;une grande pauvret\u00e9 artistique, ou parce qu&rsquo;ils ont un m\u00e9tier auquel ils tiennent, n&rsquo;en accomplissent pas moins un cheminement brillant. Ils n&rsquo;ont pas choisi la professionnalisation, et s&rsquo;en trouvent bien ainsi. Mais la plupart n&rsquo;ont eu absolument aucun besoin de l&rsquo;aide des pouvoirs publics : c&rsquo;est bien plut\u00f4t eux qui pourraient en apprendre \u00e0 certains professionnels !<\/span><\/p>\n<p style=\"font-style: normal;\"><span style=\"font-family: Bitstream Charter,serif;\">Il y a l\u00e0 rien moins que du m\u00e9pris pour des pratiques alternatives, que l&rsquo;Etat semble totalement ignorer (et on se demande \u00e0 quoi ont servi toutes ces missions d&rsquo;analyse et d&rsquo;enqu\u00eate cens\u00e9es permettre la compr\u00e9hension des pratiques amateurs.)<\/span><\/p>\n<p>Lors de sa d\u00e9claration du 28 f\u00e9vrier 2001, Catherine Tasca, fra\u00eechement nomm\u00e9e ministre de la culture, pr\u00e9sentait les orientations de sa politique en faveur de la musique, et consacrait, comme tout ministre est cens\u00e9 le faire, un bref chapitre aux pratiques amateurs, qui commen\u00e7ait de la sorte :<\/p>\n<p>\u00ab\u00a0<em>Les pratiques amateurs, vecteur prioritaire de la d\u00e9mocratisation culturelle, et notamment les pratiques vocales et le chant choral, offrent une voie d&rsquo;acc\u00e8s collective, \u00e9galitaire et joyeuse \u00e0 la musique.<a name=\"sdfootnote54anc\" href=\"https:\/\/www.outsiderland.com\/danahilliot\/dana_writings\/professionnelsversusamateurs.htm#sdfootnote54sym\"><sup>54<\/sup><\/a> <\/em>\u00bb<\/p>\n<p>Je n&rsquo;ai rien personnellement contre les pratiques vocales et le chant choral, mais qu&rsquo;on prenne ces activit\u00e9s comme caract\u00e9ristiques des pratiques amateurs me para\u00eet tr\u00e8s repr\u00e9sentatif de la mani\u00e8re dont les \u00e9lites les consid\u00e8rent. Le paragraphe suivant, consacr\u00e9 au soutien des conservatoires et des \u00e9coles de musique, est du m\u00eame tonneau. L&rsquo;utopie de l&rsquo;acc\u00e8s \u00e0 la pratique culturelle pour le plus grand nombre trouve son accomplissement dans le chant choral<a name=\"sdfootnote55anc\" href=\"https:\/\/www.outsiderland.com\/danahilliot\/dana_writings\/professionnelsversusamateurs.htm#sdfootnote55sym\"><sup>55<\/sup><\/a>. C&rsquo;\u00e9tait en quelque sorte visionnaire : le ministre annon\u00e7ait le succ\u00e8s du film de G\u00e9rard Jugnot, <em>les Choristes<\/em>. Mais c&rsquo;\u00e9tait aussi confiner la pratique culturelle \u00e0 l&rsquo;interpr\u00e9tation et du m\u00eame coup prendre le reste des cr\u00e9ateurs non-r\u00e9mun\u00e9r\u00e9s pour des imb\u00e9ciles.<\/p>\n<p>A vrai dire, d\u00e8s qu&rsquo;on \u00e9voque les pratiques amateurs, les ministres successifs, depuis Jack Lang, articulent toujours le m\u00eame <em>leitmotiv<\/em> : former, \u00e9duquer, encadrer, administrer. Combien d&#8217;emplois ont \u00e9t\u00e9 cr\u00e9\u00e9s pour mener \u00e0 ben ces actions ? Quelles sommes ont \u00e9t\u00e9 investies \u00e0 cette fin depuis vingt ans ? Et n&rsquo;est-il pas extraordinaire qu&rsquo;en d\u00e9pit de tous ces investissements, dont tout le monde s&rsquo;accorde \u00e0 reconna\u00eetre le peu d&rsquo;efficacit\u00e9, les pratiques amateurs se soient tout de m\u00eame \u00e9panouies, inventant d&rsquo;autres mod\u00e8les, \u00e0 partir de d\u00e9marches priv\u00e9es et de pr\u00e9f\u00e9rences personnelles ?<\/p>\n<p><span style=\"font-style: normal;\">L&rsquo;\u00e9ducation des amateurs, non seulement ne repose sur aucune connaissance fine de la r\u00e9alit\u00e9, mais sert d&rsquo;alibi \u00e0 une cause moins avouable : d\u00e9barrasser les professionnels de concurrents encombrants. L&rsquo;Etat, une nouvelle fois quand il s&rsquo;agit d&rsquo;\u00e9voquer la culture non-professionnelle, se montre sous le jour d&rsquo;un despote \u00e9clair\u00e9<a name=\"sdfootnote56anc\" href=\"https:\/\/www.outsiderland.com\/danahilliot\/dana_writings\/professionnelsversusamateurs.htm#sdfootnote56sym\"><sup>56<\/sup><\/a>, m\u00e9prisant la pluralit\u00e9 r\u00e9elle des pratiques et des d\u00e9sirs.<\/span><\/p>\n<p style=\"text-indent: 0cm; margin-bottom: 0cm; page-break-before: always;\" align=\"left\">\n<p><!--nextpage--><\/p>\n<h1>4. Le sujet cr\u00e9ateur<\/h1>\n<h2>4.1. Le concept d&rsquo; \u00ab\u00a0amateur\u00a0\u00bb ou le for\u00e7age de la r\u00e9alit\u00e9<\/h2>\n<p>Les projets qu&rsquo;on nous pr\u00e9pare sont \u00e0 mon sens directement li\u00e9s \u00e0 l&rsquo;incapacit\u00e9 des experts \u00e0 circonscrire et \u00e0 produire un savoir sur ces fameuses pratiques amateurs. Cet \u00e9chec \u00e9tait pr\u00e9visible : en effet, on ne peut pas trouver et conna\u00eetre ce qui n&rsquo;existe pas. C&rsquo;est parce que le concept d&rsquo;amateur n&rsquo;a aucune valeur descriptive, parce qu&rsquo;il ne s&rsquo;applique pas \u00e0 la r\u00e9alit\u00e9 telle qu&rsquo;elle est, plurielle et mouvante, que ces \u00e9tudes aboutissent \u00e0 un \u00e9chec. L&rsquo;administration des amateurs constitue donc une mani\u00e8re de <em>forcer<\/em> la r\u00e9alit\u00e9 \u00e0 correspondre au concept dont on ne souhaite manifestement pas se d\u00e9faire. Administrer, dans ce cas l\u00e0, c&rsquo;est faire preuve d&rsquo;ignorance, et aveu d&rsquo;impuissance. Et plut\u00f4t que de r\u00e9adapter ses outils conceptuels au regard de la r\u00e9alit\u00e9, l&rsquo;Etat pr\u00e9f\u00e8re forcer la r\u00e9alit\u00e9 \u00e0 illustrer ses concepts. Cette d\u00e9marche est tout \u00e0 fait typique d&rsquo;une politique fran\u00e7aise qui, \u00e0 bien des \u00e9gards, n&rsquo;a pas fait son deuil du despotisme \u00e9clair\u00e9 comme m\u00e9thode de gouvernement valide. On pr\u00e9f\u00e8re s&rsquo;adosser \u00e0 quelque d\u00e9finition fantasmatique de l&rsquo;immigr\u00e9, plut\u00f4t que d&rsquo;observer la pluralit\u00e9 et de corriger ses analyses en consid\u00e9rant le destin singulier des personnes qui s&rsquo;installent dans notre pays. L&rsquo;Etat despotique n&rsquo;aime pas la pluralit\u00e9. Il n&rsquo;aime pas que des t\u00eates non d\u00e9cor\u00e9es par ses soins d\u00e9passent. Il n&rsquo;aime pas que des citoyens \u00e9laborent des solutions sans en r\u00e9f\u00e9rer \u00e0 ses services. Il pr\u00e9f\u00e8re que ses administr\u00e9s adoptent les solutions qu&rsquo;il propose.<\/p>\n<p>La raison pour laquelle le concept d&rsquo;amateur ne fonctionne pas, d&rsquo;un point de vue si l&rsquo;on veut \u00ab\u00a0\u00e9pist\u00e9mologique\u00a0\u00bb, c&rsquo;est qu&rsquo;il n&rsquo;est pas issu de l&rsquo;observation des comportements qu&rsquo;il pr\u00e9tend d\u00e9crire, mais d&rsquo;une r\u00e9flexion \u00e9conomique simpliste et approximative. La pratique amateur doit \u00eatre une pratique non r\u00e9mun\u00e9r\u00e9e. On en d\u00e9duit que toutes les pratiques qui ne sont pas r\u00e9mun\u00e9r\u00e9es sont des pratiques amateurs. On oppose donc les activit\u00e9s r\u00e9alis\u00e9es \u00e0 titre amateur, et les activit\u00e9s qui s&rsquo;inscrivent dans un champ professionnel. Soit.<\/p>\n<p>Par suite, on tire de cette d\u00e9finition \u00e9conomique une consid\u00e9ration juridique : les pratiques amateurs, <em>stricto sensu<\/em>, ne devrait pas \u00eatre assujettis aux obligations administratives et fiscales auxquels sont soumises les pratiques professionnelles : encore heureux ! Donc d&rsquo;un point de vue socio-\u00e9conomique, on distingue des pratiques et des pratiquants, et d&rsquo;un point de vue juridique, on adapte le code du travail \u00e0 la nature de ces pratiques. Jusqu&rsquo;ici tout va bien.<\/p>\n<p>Les choses se g\u00e2tent ensuite pour au moins deux raisons :<\/p>\n<p>Premi\u00e8rement, les probl\u00e8mes apparaissent d\u00e9s lors qu&rsquo;on sort de cette dimension purement abstraite \u2013 d\u00e9crire un agent \u00e9conomique soumis \u00e0 des lois \u2013 et qu&rsquo;on utilise ce concept pour d\u00e9signer des personnes et des pratiques. Quand on fait passer cette distinction amateur \/ professionnel dans la culture, et notamment aux mondes de la cr\u00e9ation, on applique des cat\u00e9gories abstraites \u00e0 des ph\u00e9nom\u00e8nes hybrides, qui tirent leur complexit\u00e9 d&rsquo;une pluralit\u00e9 d&rsquo;enjeux subjectifs, de r\u00e9alit\u00e9s concr\u00e8tes \u00ab\u00a0ici et maintenant\u00a0\u00bb, d&rsquo;histoires singuli\u00e8res, de rencontres impr\u00e9vues. La classification des cr\u00e9ateurs et des artistes en tant qu&rsquo;amateurs d&rsquo;une part, et professionnels d&rsquo;autre part, voil\u00e0 qui semble tout de m\u00eame assez r\u00e9ducteur.<\/p>\n<p>Secondement, comme nous l&rsquo;avons rappel\u00e9 au d\u00e9but de cet essai, il serait tr\u00e8s na\u00eff de voir dans l&rsquo;id\u00e9e d&rsquo;amateur un concept pur, exempt de toute d\u00e9terminations implicites. En lisant la fastidieuse litt\u00e9rature des d\u00e9cideurs culturels \u00e0 ce sujet, on est bien oblig\u00e9 de constater qu&rsquo;au contraire cet implicite ne cesse d&rsquo;agir au sein des discours : la d\u00e9marcation entre les deux suppos\u00e9s mondes des pratiques culturelles se veut aussi une distinction qualitative et esth\u00e9tique \u2013 et c&rsquo;est pourquoi les amateurs sont cens\u00e9s \u00e9prouver le besoin d&rsquo;une \u00e9ducation morale. Les amateurs ne sont que des dilettantes, mus par des motivations narcissiques et h\u00e9donistes, tandis que les professionnels eux, font preuve de s\u00e9rieux et du sens des responsabilit\u00e9s. Plus fondamentalement encore, du point de vue politique, se dessine avec ce concept une fronti\u00e8re infranchissable entre des pratiques priv\u00e9es, comparables dans une certaine mesure \u00e0 des loisirs, et des pratiques si j&rsquo;ose dire d&rsquo;\u00a0 \u00ab\u00a0int\u00e9r\u00eat public\u00a0\u00bb \u2013 ce qui justifie la prise en charge partielles de ces derni\u00e8res par l&rsquo;Etat.<\/p>\n<p><span style=\"font-family: Bitstream Charter,serif;\">On confond donc all\u00e8grement, sous l&rsquo;apparence froide de d\u00e9terminations \u00e9conomiques, des consid\u00e9rations esth\u00e9tiques, morales et politiques. Et comme on ne demande rien aux int\u00e9ress\u00e9s &#8211; on ne leur demande pas en tous cas de raconter leur histoire, on ne cherche pas \u00e0 d\u00e9crire leurs parcours, forc\u00e9ment singuliers, d&rsquo;expliciter leurs mani\u00e8res de vivre, leurs choix et leurs d\u00e9sirs &#8211; ces consid\u00e9rations ont au mieux valeur de phantasmes. L&rsquo;Etat invente un nouvel hybride comme dirait Bruno Latour<a name=\"sdfootnote57anc\" href=\"https:\/\/www.outsiderland.com\/danahilliot\/dana_writings\/professionnelsversusamateurs.htm#sdfootnote57sym\"><sup>57<\/sup><\/a>, mais c&rsquo;est au prix d&rsquo;un d\u00e9ni de la complexit\u00e9. N&rsquo;est-il pas dangereux qu&rsquo;un \u00c9tat administre ses membres avec de tels outils conceptuels, aussi peu rationnels, aussi peu soucieux de d\u00e9crire les r\u00e9alit\u00e9s qu&rsquo;il voudrait r\u00e9gir ?<\/span><\/p>\n<p><span style=\"font-family: Bitstream Charter,serif;\">Parce que la complexit\u00e9 des mondes de l&rsquo;art lui \u00e9chappe, l&rsquo;Etat s&rsquo;efforce d&rsquo;en constituer un nouveau, en cr\u00e9ant un statut d&rsquo;artiste amateur, en le liant \u00e0 des obligations administratives, des d\u00e9clarations \u00e0 la pr\u00e9fecture, des mentions discriminatoires. C&rsquo;est l\u00e0 forcer le r\u00e9el afin de satisfaire les visions simplistes de quelques-uns, domestiquer les d\u00e9sirs afin d&rsquo;imposer ou de restaurer un ordre, ratisser la pluralit\u00e9 des sentiers de la cr\u00e9ation pour creuser une ou deux autoroutes obligatoires<a name=\"sdfootnote58anc\" href=\"https:\/\/www.outsiderland.com\/danahilliot\/dana_writings\/professionnelsversusamateurs.htm#sdfootnote58sym\"><sup>58<\/sup><\/a>. <\/span><\/p>\n<h2>4.2. Une histoire am\u00e9ricaine<\/h2>\n<p align=\"justify\"><span style=\"font-family: Bitstream Charter,serif;\">Aux Etats-Unis, comme on croit le savoir, il n&rsquo;existe pas d&rsquo;\u00e9quivalent \u00e0 notre Minist\u00e8re de la Culture. En mati\u00e8re d&rsquo;art, et particuli\u00e8rement dans le domaine de la cr\u00e9ation artistique, l&rsquo;Etat se comporte de mani\u00e8re particuli\u00e8rement lib\u00e9rale. En v\u00e9rit\u00e9, des budgets existent pour le soutien de certains projets, au niveau local principalement, mais les artistes n&rsquo;ont pas un statut particulier comme c&rsquo;est le cas chez nous. Ils sont tenus \u00e0 la m\u00eame l\u00e9gislation que les autres travailleurs, et  ne b\u00e9n\u00e9ficient pas de privil\u00e8ges particuliers. De fait, les revenus sont principalement g\u00e9n\u00e9r\u00e9s par le march\u00e9 de l&rsquo;art au sens large, et les institutions, en g\u00e9n\u00e9ral,  laissent faire. <\/span><\/p>\n<p align=\"justify\"><span style=\"font-family: Bitstream Charter,serif;\">Comme l&rsquo;explique Jane Alexander, pr\u00e9sidente du National Endowments for the Arts (N.E.A.), la part des fonds publics affect\u00e9s \u00e0 la culture est infinit\u00e9simale :<\/span><\/p>\n<p align=\"justify\"><span style=\"font-family: Bitstream Charter,serif;\"><em>\u00ab\u00a0A vrai dire, la contribution des entreprises est inf\u00e9rieure \u00e0 celle des particuliers. Les fondations repr\u00e9sentent elles-m\u00eames un tout petit pourcentage du total. Aux \u00c9tats-Unis, ce sont les particuliers, les gens comme vous et moi, qui soutiennent les activit\u00e9s artistiques sans but lucratif.<a name=\"sdfootnote59anc\" href=\"https:\/\/www.outsiderland.com\/danahilliot\/dana_writings\/professionnelsversusamateurs.htm#sdfootnote59sym\"><sup>59<\/sup><\/a> \u00bb<\/em><\/span><\/p>\n<p style=\"font-style: normal;\" align=\"justify\"><span style=\"font-family: Bitstream Charter,serif;\">La question de savoir dans quelle mesure les fonds publics doivent contribuer au soutien de l&rsquo;art est certes toujours en discussion. Mais d&rsquo;un autre c\u00f4t\u00e9, la soci\u00e9t\u00e9 am\u00e9ricaine poss\u00e8de cette tradition du m\u00e9c\u00e9nat, pratiqu\u00e9 majoritairement par les particuliers. <\/span><\/p>\n<p align=\"justify\"><span style=\"font-family: Bitstream Charter,serif;\"><em>\u00ab\u00a0En 2001, les dons dans le domaine culturel et humanitaire repr\u00e9sentaient 12.41 billions de $ (faits par 89 % des foyers fiscaux\u00a0; = 2 % PIB). Avec une exemption fiscale de l\u2019ordre de 40 % en moyenne, ce sont ainsi pr\u00e8s de 6 billions de $ qui ont \u00e9t\u00e9 allou\u00e9s de mani\u00e8re indirecte \u00e0 ce secteur. A titre de comparaison, on peut lire sur le site du Minist\u00e8re de la culture fran\u00e7ais que les dons des Fran\u00e7ais aux \u0153uvres d\u2019int\u00e9r\u00eat g\u00e9n\u00e9ral s\u2019\u00e9l\u00e8vent \u00e0 un milliard d\u2019\u20ac (par 15 % des foyers fiscaux\u00a0; = 0,1 % du PIB) auquel il faut ajouter 340 millions d\u2019\u20ac venant des 2000 entreprises se livrant au m\u00e9c\u00e9nat, alors que la r\u00e9duction de l\u2019imp\u00f4t sur le revenu est de l\u2019ordre de 50 % (et devrait bient\u00f4t passer \u00e0 60).<a name=\"sdfootnote60anc\" href=\"https:\/\/www.outsiderland.com\/danahilliot\/dana_writings\/professionnelsversusamateurs.htm#sdfootnote60sym\"><sup>60<\/sup><\/a>\u00bb<\/em><\/span><\/p>\n<p style=\"font-style: normal;\" align=\"justify\"><span style=\"font-family: Bitstream Charter,serif;\">C&rsquo;est donc affaire avant tout de culture et de tradition, si les citoyens am\u00e9ricains prennent en charge la culture outre-atlantique, et on peut douter que pour ces raisons, le mod\u00e8le am\u00e9ricain soit transposable dans un pays comme la France, habitu\u00e9 \u00e0 se reposer sur l&rsquo;Etat en mati\u00e8re culturelle<a name=\"sdfootnote61anc\" href=\"https:\/\/www.outsiderland.com\/danahilliot\/dana_writings\/professionnelsversusamateurs.htm#sdfootnote61sym\"><sup>61<\/sup><\/a>. <\/span><\/p>\n<p style=\"font-style: normal;\" align=\"justify\"><span style=\"font-family: Bitstream Charter,serif;\">Ce qui m&rsquo;int\u00e9resse dans l&rsquo;exemple am\u00e9ricain, c&rsquo;est que d&rsquo;une part, la cr\u00e9ation artistique y est incroyablement dynamique, dans bien des domaines, et que, d&rsquo;autre part, la puissance publique n&rsquo;intervient quasiment pas, n&rsquo;imposant pas de r\u00e8gles particuli\u00e8res, laissant les choses se faire, les r\u00e9ussites comme les \u00e9checs.<\/span><\/p>\n<p><span style=\"font-style: normal;\">Ce n&rsquo;est pas un hasard si, \u00e9voquant devant l&rsquo;Assembl\u00e9e Nationale fran\u00e7aise la probl\u00e9matique du m\u00e9c\u00e9nat<a name=\"sdfootnote62anc\" href=\"https:\/\/www.outsiderland.com\/danahilliot\/dana_writings\/professionnelsversusamateurs.htm#sdfootnote62sym\"><sup>62<\/sup><\/a>, le d\u00e9put\u00e9 Laurent H\u00e9nard citait<span style=\"font-size: small;\"><span style=\"font-family: Bitstream Charter,serif;\"> Tocqueville : <\/span><\/span><\/span><\/p>\n<p><span style=\"font-family: Arial;\"><span style=\"font-size: small;\"><em><span style=\"font-family: Bitstream Charter,serif;\">\u00ab\u00a0C&rsquo;est donc en chargeant les citoyens de l&rsquo;administration des petites affaires, bien plus qu&rsquo;en leur livrant le gouvernement des grandes, qu&rsquo;on les int\u00e9resse au bien public et qu&rsquo;on leur fait voir le besoin qu&rsquo;ils ont sans cesse les uns des autres pour le produire<a name=\"sdfootnote63anc\" href=\"https:\/\/www.outsiderland.com\/danahilliot\/dana_writings\/professionnelsversusamateurs.htm#sdfootnote63sym\"><sup>63<\/sup><\/a> \u00bb<\/span><\/em><\/span><\/span><\/p>\n<p style=\"font-style: normal;\" align=\"justify\"><span style=\"font-family: Bitstream Charter,serif;\">Aux Etats-Unis donc, \u00e0 c\u00f4t\u00e9 d&rsquo;une industrie du divertissement dont on conna\u00eet la puissance, s&rsquo;agite une multiplicit\u00e9 d&rsquo;artistes, de communaut\u00e9s, organis\u00e9es selon des r\u00e8gles diverses et vari\u00e9es, qui n&rsquo;attend rien, et pour cause, de l&rsquo;Etat, et repose sur la bonne volont\u00e9 des uns et des autres. Sont-ils ce que nous avons coutume d&rsquo;appeler ici des \u00ab\u00a0amateurs\u00a0\u00bb ? Je l&rsquo;ignore : en travaillant (sans r\u00e9mun\u00e9ration) dans le monde des musiques ind\u00e9pendantes<a name=\"sdfootnote64anc\" href=\"https:\/\/www.outsiderland.com\/danahilliot\/dana_writings\/professionnelsversusamateurs.htm#sdfootnote64sym\"><sup>64<\/sup><\/a>, j&rsquo;ai eu souvent l&rsquo;occasion de rencontrer des artistes nord-am\u00e9ricains, dont les sc\u00e8nes fran\u00e7aises sont tr\u00e8s friandes<a name=\"sdfootnote65anc\" href=\"https:\/\/www.outsiderland.com\/danahilliot\/dana_writings\/professionnelsversusamateurs.htm#sdfootnote65sym\"><sup>65<\/sup><\/a>. Le leader d&rsquo;un groupe de post-rock de la c\u00f4te ouest, en tourn\u00e9e en France, m&rsquo;avouait que, sit\u00f4t son retour au pays, il reprendrait son job de gardien de nuit dans un motel : les r\u00e9mun\u00e9rations g\u00e9n\u00e9r\u00e9es par ses concerts europ\u00e9ens lui permettait juste de survivre le temps de la tourn\u00e9e. Une autre, folk singer \u00e9m\u00e9rite et bien connue, exer\u00e7ait le m\u00e9tier de livreur de pizza \u00e0 Boston. Leur situation est tout \u00e0 fait comparable \u00e0 celle de la plupart des artistes europ\u00e9ens avec qui j&rsquo;ai travaill\u00e9, lesquels ont une activit\u00e9 professionnelle<a name=\"sdfootnote66anc\" href=\"https:\/\/www.outsiderland.com\/danahilliot\/dana_writings\/professionnelsversusamateurs.htm#sdfootnote66sym\"><sup>66<\/sup><\/a> \u2013 ce qui ne les emp\u00eache pas de produire des disques, de b\u00e9n\u00e9ficier d&rsquo;une reconnaissance de la part des m\u00e9lomanes et de jouer r\u00e9guli\u00e8rement en concerts. Pourquoi ne trouvent-ils pas leur place sur le march\u00e9 dominant ? Sans doute parce qu&rsquo;ils veulent conserver une certaine libert\u00e9 cr\u00e9ative, parce qu&rsquo;ils ne souhaitent pas se plier aux crit\u00e8res drastiques de la production industrielle. Pourquoi n&rsquo;ont-ils pas choisi de faire de leur passion une profession \u00e0 part enti\u00e8re ? Sans doute parce qu&rsquo;ils savent que leur musique n&rsquo;est pas assez \u00e0 la mode pour g\u00e9n\u00e9rer des revenus suffisants, ou tout simplement parce qu&rsquo;ils aiment leur m\u00e9tier (r\u00e9mun\u00e9rateur), ou bien encore parce qu&rsquo;ils sont r\u00e9fractaires \u00e0 l&rsquo;id\u00e9e de s&rsquo;inscrire dans les boulevards de la l\u00e9gitimation institutionnelle. Je ne sais pas si tous ces artistes sont des amateurs. Je doute fort que ce concept signifie quoi que ce soit pour eux. Il faudrait peut-\u00eatre tout simplement leur demander comment ils per\u00e7oivent leur propre activit\u00e9 artistique.<\/span><\/p>\n<p style=\"font-style: normal;\" align=\"justify\"><span style=\"font-family: Bitstream Charter,serif;\">En Europe aussi bien qu&rsquo;aux Etats-Unis, des artistes, dont on ne peut nier qu&rsquo;ils int\u00e9ressent un certain public<a name=\"sdfootnote67anc\" href=\"https:\/\/www.outsiderland.com\/danahilliot\/dana_writings\/professionnelsversusamateurs.htm#sdfootnote67sym\"><sup>67<\/sup><\/a>, consacrent une part importante de leur vie \u00e0 la cr\u00e9ation, sans se pr\u00e9occuper outre mesure de ce que les institutions disent d&rsquo;eux. <\/span><\/p>\n<p style=\"font-style: normal;\" align=\"justify\"><span style=\"font-family: Bitstream Charter,serif;\">Aux Etats-Unis, certains prennent au s\u00e9rieux \u2013 jusqu&rsquo;\u00e0 monter des expositions et construire des mus\u00e9es consacr\u00e9s par exemple aux patchworks r\u00e9alis\u00e9s par les villageoises am\u00e9ricaines, ou encore aux \u0153uvres des autodidactes (les <em>seft-taught<\/em>). On y \u00e9tudie aussi avec soin les cr\u00e9ateurs <em>outsiders<\/em><a name=\"sdfootnote68anc\" href=\"https:\/\/www.outsiderland.com\/danahilliot\/dana_writings\/professionnelsversusamateurs.htm#sdfootnote68sym\"><sup>68<\/sup><\/a>, et ceux du <em>folk art<\/em>. <\/span><\/p>\n<p align=\"justify\">Comment, dans un syst\u00e8me cloisonn\u00e9 comme celui que nous pr\u00e9pare le l\u00e9gislateur en France, de telles pratiques foisonnantes<a name=\"sdfootnote69anc\" href=\"https:\/\/www.outsiderland.com\/danahilliot\/dana_writings\/professionnelsversusamateurs.htm#sdfootnote69sym\"><sup>69<\/sup><\/a> et plurielles, pourraient \u00eatre reconnues ? On peut m\u00e9priser, comme il est d&rsquo;usage de ce c\u00f4t\u00e9-ci de l&rsquo;Atlantique, la mani\u00e8re dont s&rsquo;effectue la culture aux Etats-Unis. On peut d\u00e9fendre la culture fran\u00e7aise, arcquebout\u00e9e \u00e0 son histoire, \u00e0 sa gloire, \u00e0 coup d&rsquo;exceptions culturelles<a name=\"sdfootnote70anc\" href=\"https:\/\/www.outsiderland.com\/danahilliot\/dana_writings\/professionnelsversusamateurs.htm#sdfootnote70sym\"><sup>70<\/sup><\/a>. On peut se r\u00e9clamer de Malraux et de l&rsquo;art <em>capital<\/em>.<span style=\"font-style: normal;\"><span style=\"font-family: Bitstream Charter,serif;\"> <\/span><\/span><\/p>\n<p style=\"font-style: normal;\" align=\"justify\"><span style=\"font-family: Bitstream Charter,serif;\">Mais on peut aussi, si l&rsquo;on a quelque ambition politique, s&rsquo;int\u00e9resser aux multiples fa\u00e7ons dont les citoyens vivent leur passion, observer comment ils s&rsquo;organisent, les r\u00e9seaux qu&rsquo;ils parviennent \u00e0 b\u00e2tir, comment ils s&rsquo;efforcent de donner corps \u00e0 leurs d\u00e9sirs : et, \u00e0 partir de l\u00e0, en mettant entre parenth\u00e8ses les conceptualisations us\u00e9es qui font office de pens\u00e9e, s&rsquo;efforcer de  produire un syst\u00e8me administratif raisonnable, ancr\u00e9 dans les pratiques r\u00e9elles, ou bien,  tout simplement, quand il s&rsquo;agit de cr\u00e9ation, laisser faire.<\/span><\/p>\n<p style=\"font-style: normal;\" align=\"justify\"><span style=\"font-family: Bitstream Charter,serif;\">Fran\u00e7ois Hers, dans un tr\u00e8s beau texte concluait ainsi : <\/span><\/p>\n<p style=\"font-style: normal;\" align=\"justify\"><span style=\"font-family: Bitstream Charter,serif;\"><span lang=\"fr-FR\">\u00ab\u00a0(&#8230;) l<em>es ressorts <\/em><\/span><em>de toute politique d\u2019investissements dans la cr\u00e9ation artistique devrait se fonder \u00e0\u00a0 la fois sur l\u2019initiative du citoyen et celle des artistes eux-m\u00eames. En tout \u00e9tat de cause, je pense qu\u2019il sera de moins en moins possible de justifier de tels investissements sans associer les citoyens \u00e0\u00a0 l\u2019\u00e9laboration de leur propre culture, sans que pour autant l\u2019on cr\u00e9e les conditions d\u2019un nouvel acad\u00e9misme.<a name=\"sdfootnote71anc\" href=\"https:\/\/www.outsiderland.com\/danahilliot\/dana_writings\/professionnelsversusamateurs.htm#sdfootnote71sym\"><sup>71<\/sup><\/a> \u00bb<\/em><\/span><\/p>\n<h2 style=\"page-break-before: always;\">4.2. \u00a0La cr\u00e9ation sans l&rsquo;Etat<\/h2>\n<p align=\"justify\"><span style=\"font-family: Bitstream Charter,serif;\">Beaucoup d&rsquo;\u00eatres humains se d\u00e9brouillent, malgr\u00e9 les soucis de l&rsquo;existence, et m\u00eame dans des conditions de pr\u00e9carit\u00e9 radicales, pour consacrer une part de leur vie \u00e0 produire des choses dont l&rsquo;utilit\u00e9 n&rsquo;est manifestement pas la d\u00e9termination principale.  Certains, tr\u00e8s minoritaires, font de ces activit\u00e9s un m\u00e9tier ; la plupart n&rsquo;y songe m\u00eame pas, ou bien parce que les valeurs culturelles de la soci\u00e9t\u00e9 dans laquelle ils vivent ne permettent pas de concevoir une telle activit\u00e9 comme un m\u00e9tier, ou bien parce que les choses qu&rsquo;ils produisent dans le cadre de cette activit\u00e9 ne sont pas suffisamment appr\u00e9ci\u00e9e pour susciter une r\u00e9mun\u00e9ration cons\u00e9quente, ou bien parce qu&rsquo;ils n&rsquo;ont pas envie de faire de cette activit\u00e9 une profession r\u00e9mun\u00e9r\u00e9e. Et j&rsquo;oublie \u00e9videmment bien d&rsquo;autres raisons : je ne connais pas suffisamment de cr\u00e9ateurs, loin de l\u00e0, pour pr\u00e9tendre faire la liste de leurs motivations.<\/span><\/p>\n<p style=\"text-indent: 0cm;\">Un jeune femme \u00e9crit sur un bout de papier : \u00ab\u00a0<em>I&rsquo;m Growing&#8230;<\/em> \u00bb, prend une photo de ce bout de papier et la met en ligne sur Flickr<a name=\"sdfootnote72anc\" href=\"https:\/\/www.outsiderland.com\/danahilliot\/dana_writings\/professionnelsversusamateurs.htm#sdfootnote72sym\"><sup>72<\/sup><\/a>, un site d&rsquo;h\u00e9bergement de documents num\u00e9riques online. Quelques jours plus tard de nombreux messages lui parviennent, qui sont autant de t\u00e9moignages de sympathie. <span lang=\"fr-FR\"><span style=\"font-family: Bitstream Charter,serif;\">Je ne sais pas si ce message est de l&rsquo;art. Je pense aux travaux de Tracey Emin par exemple, mais cette jeune femme n&rsquo;est pas Tracey Emin et semble n&rsquo;avoir que faire de l&rsquo;art contemporain : <\/span><\/span><em>Agnieszka<\/em> <span lang=\"fr-FR\"><span style=\"font-family: Bitstream Charter,serif;\">fait des photographies comme on tient un journal, elle tient ses nombreux fans au courant si je puis dire. <\/span><\/span><\/p>\n<p align=\"justify\"><span style=\"font-family: Bitstream Charter,serif;\"><em>Olive et Rose<\/em> ont coutume de voyager de par le vaste monde d\u00e8s qu&rsquo;ils en ont les moyens et, gr\u00e2ce \u00e0 la communaut\u00e9 des gens qui appr\u00e9cient leurs travaux photographiques expos\u00e9s sur Flickr, sont h\u00e9berg\u00e9s gracieusement o\u00f9 qu&rsquo;ils aillent : on trouve toujours dans n&rsquo;importe quelle ville au monde un flickrien, lequel, s&rsquo;il h\u00e9berge Olive et Rose, devient assez naturellement la cible de leur objectif.<\/span><\/p>\n<p>Un jour, en me promenant dans les montagnes qui environnent le pays o\u00f9 je vis, je tombe, au sommet d&rsquo;un col peu fr\u00e9quent\u00e9, sur une construction \u00e9trange : un ensemble de pierres ocres, telles qu&rsquo;on en trouve souvent par ici, dispos\u00e9es en cercles concentriques, le diam\u00e8tre du cercle le plus ext\u00e9rieur mesurant \u00e0 peu pr\u00e8s six m\u00e8tres. Je songe imm\u00e9diatement qu&rsquo;une personnalit\u00e9 du courant artistique nomm\u00e9 <em>Land Art<\/em> est venue ici, a fabriqu\u00e9 cette \u0153uvre, y a pass\u00e9 un temps consid\u00e9rable. Je prends une photographie de cette \u0153uvre, l&rsquo;expose sur Flickr. Quelques jours plus tard, un commentaire d&rsquo;un utilisateur de Flickr m&rsquo;apprend qu&rsquo;il est l&rsquo;auteur de cette construction. <em>Rouge-Rouge<\/em> travaille selon les saisons dans les stations de montagne, mais ses d\u00e9lires photographiques sont appr\u00e9ci\u00e9s par des milliers d&rsquo;internautes du monde entier. Il n&rsquo;avait jamais entendu parler d&rsquo;un mouvement artistique nomm\u00e9\u00a0<em>Land Art<\/em>, il avait simplement eu envie de fabriquer cette chose.<\/p>\n<p><em>Toothpastery<\/em> photographie tous les matins depuis 3 ans sa brosse \u00e0 dent. Chaque jour, immanquablement, un nouveau clich\u00e9 de sa brosse \u00e0 dent est mis en ligne. Un bref texte pr\u00e9sente sa d\u00e9marche sans expliquer grand chose : est-il un artiste dit \u00abcontemporain\u00a0\u00bb ? Fait-il un pied de nez \u00e0 une certaine forme d&rsquo;art dit \u00abcontemporain\u00a0\u00bb ? Se pense-t-il seulement comme artiste ? Nous l&rsquo;ignorons<a name=\"sdfootnote73anc\" href=\"https:\/\/www.outsiderland.com\/danahilliot\/dana_writings\/professionnelsversusamateurs.htm#sdfootnote73sym\"><sup>73<\/sup><\/a>.<\/p>\n<p align=\"justify\"><span style=\"font-family: Bitstream Charter,serif;\">J&rsquo;ai pris l&rsquo;exemple de Flickr, et de la photographie \u00e0 dessein<a name=\"sdfootnote74anc\" href=\"https:\/\/www.outsiderland.com\/danahilliot\/dana_writings\/professionnelsversusamateurs.htm#sdfootnote74sym\"><sup>74<\/sup><\/a>. J&rsquo;ignore si Flickr peut \u00eatre consid\u00e9r\u00e9 comme un site \u00ab\u00a0communautaire\u00a0\u00bb : c&rsquo;est plut\u00f4t un outil \u00e0 disposition des internautes et des cr\u00e9ateurs, et une v\u00e9ritable machine \u00e0 cr\u00e9er des r\u00e9seaux. Qu&rsquo;il ait \u00e9t\u00e9 rachet\u00e9 par un des acteurs commerciaux les plus puissants du net ne manque pas de susciter certaines antipathies : Yahoo n&rsquo;est certes pas une entreprise caritative. Devrait-on pour autant s&rsquo;interdire d&rsquo;\u00e9tudier les pratiques qui s&rsquo;inventent autour de cet outil ? Certes pas. Au contraire, ici comme ailleurs, et pas seulement sur internet, l&rsquo;outil n&rsquo;existe que dans les multiples relations que l&rsquo;usager entretient avec lui : et l&rsquo;existence de Flickr consiste justement dans la mani\u00e8re dont les usagers se sont empar\u00e9s de l&rsquo;outil. <\/span><\/p>\n<p align=\"justify\"><span style=\"font-family: Bitstream Charter,serif;\">Musique-Libre.org<a name=\"sdfootnote75anc\" href=\"https:\/\/www.outsiderland.com\/danahilliot\/dana_writings\/professionnelsversusamateurs.htm#sdfootnote75sym\"><sup>75<\/sup><\/a> se pr\u00e9sente aussi comme un outil \u00e0 destination des cr\u00e9ateurs. Comme Flickr, il conna\u00eet un succ\u00e8s consid\u00e9rable, accueillant au jour d&rsquo;aujourd&rsquo;hui plus de 700 artistes musiciens, constituant ainsi d&rsquo;abord une archive d&rsquo;environ 7000 morceaux<a name=\"sdfootnote76anc\" href=\"https:\/\/www.outsiderland.com\/danahilliot\/dana_writings\/professionnelsversusamateurs.htm#sdfootnote76sym\"><sup>76<\/sup><\/a>. Toutes ces \u0153uvres sont propos\u00e9es sous licence de libre diffusion \u2013 les auteurs ont donc fait le choix de ne pas percevoir de droits d&rsquo;auteur en cas de copie et de rediffusion (certains toutefois, conditionnent cette autorisation <em>a priori<\/em> \u00e0 des usages non-commerciaux<a name=\"sdfootnote77anc\" href=\"https:\/\/www.outsiderland.com\/danahilliot\/dana_writings\/professionnelsversusamateurs.htm#sdfootnote77sym\"><sup>77<\/sup><\/a>). Le site n&rsquo;est pas une simple plate-forme de t\u00e9l\u00e9chargements, mais aussi un lieu d&rsquo;information et de r\u00e9flexion sur les modalit\u00e9s contemporaines de diffusion de la musique. De nombreux projets y voient le jour \u00e0 l&rsquo;occasion des discussions, de d\u00e9bats.<\/span><\/p>\n<p align=\"justify\"><span style=\"font-family: Bitstream Charter,serif;\">Musique-libre.org ne constitue pas r\u00e9ellement une communaut\u00e9 mais plut\u00f4t un espace articul\u00e9 autour de l&rsquo;usage des licences de libre diffusion : cette sp\u00e9cificit\u00e9  le distingue des nombreuses offres musicales, g\u00e9n\u00e9ralement \u00e0 but commercial, qui fleurissent sur internet. Pas une communaut\u00e9 donc, mais un lieu o\u00f9 s&rsquo;\u00e9laborent de multiples initiatives et projets, inscrits dans des perspectives souvent diff\u00e9rentes \u2013 certains des acteurs sont anim\u00e9s par des motifs id\u00e9ologiques ou philosophiques, d&rsquo;autres privil\u00e9gient une approche pragmatique, d&rsquo;autres encore se comportent de mani\u00e8re plus individualiste. La plupart pourraient \u00eatre qualifi\u00e9s par les institutions d&rsquo; \u00ab\u00a0amateurs\u00a0\u00bb<a name=\"sdfootnote78anc\" href=\"https:\/\/www.outsiderland.com\/danahilliot\/dana_writings\/professionnelsversusamateurs.htm#sdfootnote78sym\"><sup>78<\/sup><\/a>. On y trouve aussi bien des d\u00e9butants, qui proposent leurs premiers enregistrements, que des artistes confirm\u00e9s, sign\u00e9s sur des labels ind\u00e9pendants, et dont les disques sont distribu\u00e9s dans les circuits commerciaux. Tous les genres musicaux sont repr\u00e9sent\u00e9s et la croissance du nombre d&rsquo;inscrits sur le site est quasi exponentielle. La diversit\u00e9 des pratiques est encore plus riche sur Flickr : des artistes renomm\u00e9s<a name=\"sdfootnote79anc\" href=\"https:\/\/www.outsiderland.com\/danahilliot\/dana_writings\/professionnelsversusamateurs.htm#sdfootnote79sym\"><sup>79<\/sup><\/a>, habitu\u00e9s aux expositions et pr\u00e9sents sur le march\u00e9 de l&rsquo;art contemporain, y c\u00f4toient \u00e0 peu pr\u00e8s tous les types de photographes (y compris ceux qui exposent pour leur famille des photos de mariage ou de vacances). <\/span><\/p>\n<p align=\"justify\"><span style=\"font-family: Bitstream Charter,serif;\">Ni Flickr ni Musique-libre.org ne peuvent donc \u00eatre d\u00e9crits comme des communaut\u00e9s homog\u00e8nes. Ce sont avant tout des outils qui offrent une large libert\u00e9 d&rsquo;usage aux utilisateurs, des <em>matrices<\/em> au sein desquelles s&rsquo;\u00e9laborent des collectifs et de r\u00e9seaux. On s&rsquo;y regroupe par affinit\u00e9s, \u00e0 la suite de rencontres, d&rsquo;\u00e9changes. Le ph\u00e9nom\u00e8ne est favoris\u00e9 sur Flickr par l&rsquo;outil de cr\u00e9ation de \u00ab\u00a0groupes\u00a0\u00bb th\u00e9matiques, initi\u00e9s par les utilisateurs eux-m\u00eames, o\u00f9 chacun peut exposer ses propres \u0153uvres, selon des r\u00e8gles fix\u00e9es par les cr\u00e9ateurs de ces groupes. Sur Musique-Libre.org, un forum tr\u00e8s fr\u00e9quent\u00e9 s&rsquo;est impos\u00e9 pour les musiciens francophones non seulement comme lieu d&rsquo;informations et de d\u00e9bats techniques et juridiques, mais aussi comme plate-forme de d\u00e9veloppement de projets artistiques et de constitution de r\u00e9seaux. Les sensibilit\u00e9s des acteurs qui fr\u00e9quentent ce site sont plus diverses qu&rsquo;on pourrait le croire : les discussions sont parfois vives, les oppositions radicales. Cela ne nous \u00e9tonnera pas : l&rsquo;adoption des licences de libre diffusion rapproche certes les cr\u00e9ateurs, mais ne r\u00e9duit pas leurs diff\u00e9rences, et la pluralit\u00e9 des d\u00e9sirs, des projets et des philosophies \u00e9ventuelles qui les sous-tendent.<\/span><\/p>\n<p align=\"justify\"><span style=\"font-family: Bitstream Charter,serif;\">Il existe de nombreuses mani\u00e8res de parler de ces sites. Une mauvaise mani\u00e8re serait de se demander si oui ou non il s&rsquo;agit d&rsquo;art. Sur Flickr on trouvera des utilisateurs qui exposent dans des galeries renomm\u00e9es et gagnent des prix artistiques. Mais aussi d&rsquo;autres qui ne sont pas expos\u00e9s, tout en d\u00e9sirant l&rsquo;\u00eatre un jour, et d&rsquo;autres encore qui n&rsquo;ont aucune envie d&rsquo;int\u00e9grer les mondes de l&rsquo;art dominant. Sur Musique-Libre.org, certains musiciens sont distribu\u00e9s sur le march\u00e9 du disque, font r\u00e9guli\u00e8rement des concerts. D&rsquo;autres aimeraient aussi b\u00e9n\u00e9ficier de cette reconnaissance sur le march\u00e9 de la musique. D&rsquo;autres encore n&rsquo;en ont cure.<\/span><\/p>\n<p align=\"justify\"><span style=\"font-family: Bitstream Charter,serif;\">D&rsquo;autres mauvaises mani\u00e8res existent pour analyser ces r\u00e9seaux : se demander par exemple s&rsquo;il s&rsquo;agit ou non de pratiques amateurs. Certains utilisateurs se consid\u00e8rent eux-m\u00eames comme des amateurs, d&rsquo;autres non.<\/span><\/p>\n<p>Ce qui est par contre frappant, c&rsquo;est la mani\u00e8re dont ces r\u00e9seaux se constituent, se d\u00e9veloppent et se modifient en permanence. Je parle ici de r\u00e9seaux comme d&rsquo;ensembles mouvants de relations, relations qui sont autant de rencontres, qui se multiplient au fur et \u00e0 mesure de l&rsquo;arriv\u00e9e de nouveaux utilisateurs. Dans les milieux traditionnels de l&rsquo;art, on accorde une grande importance aux modalit\u00e9s de l\u00e9gitimation des artistes. Au sein de ces r\u00e9seaux, on pourrait certes parler d&rsquo;un processus de l\u00e9gitimation \u2013 cependant les modalit\u00e9s n&rsquo;en seraient pas verticales comme c&rsquo;est le cas dans les mondes traditionnels de l&rsquo;art, mais  horizontales : il n&rsquo;y a pas d&rsquo;autorit\u00e9s appel\u00e9es \u00e0 distinguer le bon grain de l&rsquo;ivraie, mais une multitudes de rencontres rendues possibles par ce qu&rsquo;on appelle \u00ab\u00a0le bouche \u00e0 oreille\u00a0\u00bb. On n&rsquo;y trouve pas \u00e0 proprement parler de distinction nette entre un public et des cr\u00e9ateurs. Il est bien possible que la personne qui vous appr\u00e9cie soit elle-m\u00eame cr\u00e9ateur, et devienne \u00e9ventuellement un de vos promoteurs.  C&rsquo;est pourquoi je pr\u00e9f\u00e8re parler, plut\u00f4t que de l\u00e9gitimation, de processus de reconnaissance, fond\u00e9s sur la multiplication des rencontres.<\/p>\n<p align=\"justify\"><span style=\"font-family: Bitstream Charter,serif;\">Je terminerai ce bref aper\u00e7u de ces r\u00e9seaux en insistant sur la nature des relations entre les diff\u00e9rents cr\u00e9ateurs qui les initient : ces relations ne sont pas concurrentielles, \u00e0 la diff\u00e9rence de celles qu&rsquo;on observe dans les mondes de l&rsquo;art traditionnels. Au contraire, chaque \u0153uvre pr\u00e9sent\u00e9e s&rsquo;offre comme une proposition pour les autres cr\u00e9ateurs : les rapports d&rsquo;\u00e9mulation pr\u00e9dominent. Si l&rsquo;autre le fait, pourquoi n&rsquo;essaierai-je pas de le faire \u00e0 mon tour, \u00e0 ma mani\u00e8re ? La photographie, par le biais du montage, et la musique, par le biais du mixage, sont deux pratiques particuli\u00e8rement favorables aux m\u00e9langes et aux citations. On n&rsquo;est donc pas \u00e9tonn\u00e9 que ces cr\u00e9ateurs s&rsquo;inspirent souvent les uns des autres, et semblent moins soucieux qu&rsquo;on ne pr\u00e9tend l&rsquo;\u00eatre dans les mondes traditionnels de l&rsquo;art du dogme de l&rsquo;originalit\u00e9 et de la nouveaut\u00e9. <\/span><\/p>\n<p align=\"justify\"><span style=\"font-family: Bitstream Charter,serif;\">Les outils les plus fructueux sont ceux qui laissent \u00e0 l&rsquo;usager une latitude d&rsquo;action et d&rsquo;initiative personnelle. La libert\u00e9 de choix, le d\u00e9sir du sujet, ont tout \u00e0 fait leur place au sein de la technologie. Les ethnologues nous ont habitu\u00e9 \u00e0 observer des ph\u00e9nom\u00e8nes de ce genre : les soci\u00e9t\u00e9s humaines, tout autant que les individus, font preuve vis-\u00e0-vis des techniques ou des concepts qui apparaissent dans leur monde d&rsquo;une capacit\u00e9 d&rsquo;appropriation inventive et souvent fructueuse. Cela n&rsquo;est pas le seul fait des soci\u00e9t\u00e9s ou des individus non-occidentaux, mais tout aussi bien notre fait. <\/span><\/p>\n<p align=\"justify\"><span style=\"font-family: Bitstream Charter,serif;\">A l&rsquo;inverse, les technologies et les concepts les plus despotiques, qui ne laissent aucune place \u00e0 la libert\u00e9 et au d\u00e9sir du sujet ou de la collectivit\u00e9, sont, ou bien refus\u00e9s, ou bien ressentis comme des syst\u00e8mes d&rsquo;oppression<a name=\"sdfootnote80anc\" href=\"https:\/\/www.outsiderland.com\/danahilliot\/dana_writings\/professionnelsversusamateurs.htm#sdfootnote80sym\"><sup>80<\/sup><\/a>. L&rsquo;administration de la cr\u00e9ation, si elle n&rsquo;est pas ouverte \u00e0 la pluralit\u00e9 des d\u00e9sirs et des pratiques des cr\u00e9ateurs, risque fort d&rsquo;appara\u00eetre comme un tel syst\u00e8me d&rsquo;oppression.<\/span><\/p>\n<p align=\"justify\"><span style=\"font-family: Bitstream Charter,serif;\">Il existe donc des cr\u00e9ateurs, innombrables, qui pratiquent leurs activit\u00e9s sans se soucier aucunement des institutions culturelles, et quasiment pas des march\u00e9s de l&rsquo;art. Il ne se nomment pas entre eux \u00ab\u00a0amateurs\u00a0\u00bb et l&rsquo;immense majorit\u00e9 d&rsquo;entre eux ne se sentiraient pas concern\u00e9s par ce concept. Ils ne consid\u00e9reraient pas en tous cas que ce concept suffise \u00e0 d\u00e9crire ce qu&rsquo;ils font. <\/span><\/p>\n<p align=\"justify\"><span style=\"font-family: Bitstream Charter,serif;\">Je pense pour ma part qu&rsquo;avant de subsumer sous un concept une telle pluralit\u00e9 de pratiques, il faudrait \u00e0 moins prendre la peine de s&rsquo;y int\u00e9resser et de les d\u00e9crire. Pourquoi toutes ces expertises commandit\u00e9es par le minist\u00e8re de la culture sont-elles aussi \u00e9loign\u00e9es d&rsquo;une description honn\u00eate de la r\u00e9alit\u00e9 ?<\/span><\/p>\n<p style=\"text-indent: 0.45cm;\" align=\"justify\"><span lang=\"fr-FR\"><span style=\"font-family: Bitstream Charter,serif;\">Peut-\u00eatre parce qu&rsquo;au fond les outils conceptuels des experts ne sont pas faits pour d\u00e9crire les choses, en respectant la pluralit\u00e9, mais d&rsquo;abord et avant tout pour les surveiller et si possible, les contr\u00f4ler. <\/span><\/span>Ou peut-\u00eatre que les experts sont avant tout experts en histoire culturelle, persuad\u00e9s que le seul cadre pertinent serait celui des politiques culturelles : d\u00e8s lors il ne leur est pas ais\u00e9 d&rsquo;apercevoir ce qui se d\u00e9roule en dehors de ces cadres. Peut-\u00eatre encore sont-ils tout bonnement incapables d&rsquo;imaginer que des artistes puissent <em>ne pas d\u00e9sirer<\/em> devenir artistes professionnels ? S&rsquo;ils consid\u00e8rent les individus, comme le font la plupart des \u00e9conomistes, en tant qu&rsquo;agents rationnels<a name=\"sdfootnote81anc\" href=\"https:\/\/www.outsiderland.com\/danahilliot\/dana_writings\/professionnelsversusamateurs.htm#sdfootnote81sym\"><sup>81<\/sup><\/a>, mus exclusivement par la satisfaction de leur int\u00e9r\u00eat personnel, cette absence de motivation pour l&rsquo;horizon de l&rsquo;art professionnel leur \u00e9chappe forc\u00e9ment. Par exemple, il semble tr\u00e8s difficile au l\u00e9gislateur et \u00e0 la profession musicale, que des artistes puissent pr\u00e9f\u00e9rer utiliser des licences libre pour diffuser leurs oeuvres plut\u00f4t que de s&rsquo;inscrire \u00e0 la Sacem par exemple, et ainsi b\u00e9n\u00e9ficier d&rsquo;une \u00e9ventuelle source de r\u00e9mun\u00e9ration \u00e0 travers la perception de droits d&rsquo;auteur. Cette pr\u00e9f\u00e9rence para\u00eet aller contre l&rsquo;int\u00e9r\u00eat personnel (qui serait, selon la th\u00e9orie \u00e9conomique dominante, de maximiser son bien \u00eatre &#8211; en l&rsquo;occurrence ses gains). C&rsquo;est en v\u00e9rit\u00e9 manquer d&rsquo;imagination, m\u00e9priser la finesse des int\u00e9ress\u00e9s et m\u00e9conna\u00eetre de la r\u00e9alit\u00e9 : car il tr\u00e8s possible que l&rsquo;int\u00e9r\u00eat des personnes soit en r\u00e9alit\u00e9 favoris\u00e9 par l&rsquo;usage de ces licences<a name=\"sdfootnote82anc\" href=\"https:\/\/www.outsiderland.com\/danahilliot\/dana_writings\/professionnelsversusamateurs.htm#sdfootnote82sym\"><sup>82<\/sup><\/a>, ou que ces personnes soient motiv\u00e9es par un \u00ab\u00a0engagement\u00a0\u00bb<a name=\"sdfootnote83anc\" href=\"https:\/\/www.outsiderland.com\/danahilliot\/dana_writings\/professionnelsversusamateurs.htm#sdfootnote83sym\"><sup>83<\/sup><\/a>, pour une certaine cause, ou envers un certain collectif, ou bien encore qu&rsquo;elles agissent par d\u00e9fi envers l&rsquo;institution en g\u00e9n\u00e9ral.<\/p>\n<p align=\"justify\"><span style=\"font-family: Bitstream Charter,serif;\">Si les institutions veulent r\u00e9ellement en savoir plus sur les pratiques qu&rsquo;elles pr\u00e9tendent administrer, il faudrait que les experts qu&rsquo;elles commanditent prennent d&rsquo;abord la peine de \u00ab\u00a0<em>retrier les collectifs<\/em> \u00bb (pour reprendre une expression de Bruno Latour p. 155), en observant patiemment les r\u00e9seaux, en s&rsquo;y ins\u00e9rant m\u00eame. Les d\u00e9coupages conceptuels <em>a priori<\/em> n&rsquo;aboutissent qu&rsquo;au clivage et \u00e0 la simplification forc\u00e9s des choses par l&rsquo;administration. Si les experts d\u00e9sirent r\u00e9ellement en savoir plus, qu&rsquo;ils viennent nous rencontrer et nous parler. <\/span><\/p>\n<p align=\"justify\">\n<p style=\"page-break-before: always;\" align=\"justify\">\n<p><!--nextpage--><\/p>\n<h1>conclusion : annonce d&rsquo;une guerre probable<\/h1>\n<p align=\"justify\"><span style=\"font-family: Bitstream Charter,serif;\">On aura not\u00e9 que cet essai ne propose aucune solution. Son objectif est plut\u00f4t de montrer que le probl\u00e8me des pratiques amateurs n&rsquo;existe pas dans la r\u00e9alit\u00e9, ou, pour le dire autrement, que ce probl\u00e8me n&rsquo;est qu&rsquo;une invention rh\u00e9torique de certaines castes professionnelles dans le but de renforcer leurs privil\u00e8ges.<\/span><\/p>\n<p align=\"justify\"><span style=\"font-family: Bitstream Charter,serif;\">On me dira : mais il existe pourtant un probl\u00e8me r\u00e9el dans le monde des pratiques artistiques professionnelles \u2013 la crise des intermittents du spectacle en constitue le ph\u00e9nom\u00e8ne le plus apparent. Certes, sans doute. Mais je ne vois pas \u00e0 quel titre j&rsquo;irai proposer des solutions pour r\u00e9gler ce genre de probl\u00e8mes. Sur le march\u00e9 du travail, des professions apparaissent et disparaissent, subissent des crises ou au contraire des apog\u00e9es. Je n&rsquo;ai pas grand chose \u00e0 dire \u00e0 ce sujet, pas plus qu&rsquo;au sujet de la crise de l&rsquo;industrie textile fran\u00e7aise. Dans le cas de la crise des professions artistiques, il semble \u00e9vident qu&rsquo;il existe un ab\u00eeme croissant entre l&rsquo;offre et la demande, et ce pour des raisons diverses : paup\u00e9risation du public, augmentation du nombre de vocations professionnelles, concentration de l&rsquo;industrie. Les intermittents du spectacle ne constituent pas un ensemble homog\u00e8ne, c&rsquo;est le moins qu&rsquo;on puisse dire, et, comme c&rsquo;est souvent le cas sur un march\u00e9 en crise, seuls les mieux install\u00e9s dans la profession survivent. <\/span><\/p>\n<p align=\"justify\"><span style=\"font-family: Bitstream Charter,serif;\">En tant que cr\u00e9ateur non-r\u00e9mun\u00e9r\u00e9, je ne vois pas pourquoi j&rsquo;irai proposer des solutions aux cr\u00e9ateurs r\u00e9mun\u00e9r\u00e9s. Et je refuse tout aussi bien que ces derniers viennent me faire la le\u00e7on. On demande aux soi-disant amateurs de s&rsquo;assumer comme tels ? H\u00e9 bien, que les professionnels assument d\u00e9j\u00e0 leurs choix sans chercher ailleurs des boucs \u00e9missaires. Qu&rsquo;on n&rsquo;aille pas, pour sauvegarder la situation de quelques uns, restreindre les libert\u00e9s de tous les autres.<\/span><\/p>\n<p align=\"justify\"><span style=\"font-family: Bitstream Charter,serif;\">Tout comme, \u00e0 l&rsquo;occasion des d\u00e9bats sur les am\u00e9nagements du droit des auteurs, on a pu entendre des voix inqui\u00e8tes demander : \u00ab\u00a0<em>La cr\u00e9ation est-elle encore possible en 2005 ?<\/em> \u00bb<a name=\"sdfootnote84anc\" href=\"https:\/\/www.outsiderland.com\/danahilliot\/dana_writings\/professionnelsversusamateurs.htm#sdfootnote84sym\"><sup>84<\/sup><\/a>, on peut s&rsquo;attendre, \u00e0 l&rsquo;occasion des d\u00e9bats que ne manquera pas de susciter l&rsquo;abrogation du d\u00e9cret de 1953, \u00e0 ce que s&rsquo;\u00e9l\u00e8vent des voix pour d\u00e9clarer <em>la mort de l&rsquo;art<\/em>. La mort de l&rsquo;art ? <\/span><\/p>\n<p align=\"justify\"><span style=\"font-family: Bitstream Charter,serif;\">En r\u00e9alit\u00e9, l&rsquo;\u00e9chec d&rsquo;une profession qui, obnubil\u00e9 par ses propres rites, n&rsquo;a daign\u00e9 consid\u00e9rer l&rsquo;autre, le dit \u00ab\u00a0amateur\u00a0\u00bb, qu&rsquo;\u00e0 partir du moment o\u00f9 il parvenait \u00e0 rentrer dans le rang : un manque cruel de perspectives, un conservatisme \u00e0 court terme, un m\u00e9pris constant des masses<a name=\"sdfootnote85anc\" href=\"https:\/\/www.outsiderland.com\/danahilliot\/dana_writings\/professionnelsversusamateurs.htm#sdfootnote85sym\"><sup>85<\/sup><\/a>, oui, c&rsquo;est bient\u00f4t la fin d&rsquo;un certain monde de l&rsquo;art.<\/span><\/p>\n<p align=\"justify\"><span style=\"font-family: Bitstream Charter,serif;\">Je ne suis pas s\u00fbr qu&rsquo;on le regrette en fin de compte.<\/span><\/p>\n<p align=\"justify\">\n<hr \/>\n<div id=\"sdfootnote1\">\n<p><a name=\"sdfootnote1sym\" href=\"https:\/\/www.outsiderland.com\/danahilliot\/dana_writings\/professionnelsversusamateurs.htm#sdfootnote1anc\">1<\/a>La \tv\u00e9rit\u00e9 oblige \u00e0 dire que le nombre de musiciens \tprofessionnels a \u00e9t\u00e9 multipli\u00e9 par 4 depuis les \tann\u00e9es 80, et on pourrait en dire autant de la plupart des \tpratiques artistiques (source : Philippe Coulangeon, DEP, juin 2003, \t\u00e9tude r\u00e9alis\u00e9e sur un \u00e9chantillon de \t1500 musiciens) : la premi\u00e8re cause des difficult\u00e9s \trencontr\u00e9es par les professionnels n&rsquo;est pas l&rsquo;augmentation \tdu nombre de pratiquants amateurs, mais l&rsquo;augmentation du nombre des \tprofessionnels.<\/div>\n<div id=\"sdfootnote2\">\n<p><a name=\"sdfootnote2sym\" href=\"https:\/\/www.outsiderland.com\/danahilliot\/dana_writings\/professionnelsversusamateurs.htm#sdfootnote2anc\">2<\/a>Montaigne, \t<em>Essais<\/em>, I, 17.<\/div>\n<div id=\"sdfootnote3\">\n<p><a name=\"sdfootnote3sym\" href=\"https:\/\/www.outsiderland.com\/danahilliot\/dana_writings\/professionnelsversusamateurs.htm#sdfootnote3anc\">3<\/a>Sur \tla mani\u00e8re dont l&rsquo;artiste est per\u00e7u dans la soci\u00e9t\u00e9 \tbourgeoise du  <span style=\"font-family: Bitstream Charter,serif;\">XIX<span style=\"font-size: x-small;\"><sup>i\u00e8me<\/sup><\/span> si\u00e8cle, on lira l&rsquo;\u00e9tude r\u00e9cente de Nathalie \tHeinch, <em>L&rsquo;Elite Artiste. <\/em><\/span><em> Excellence et singularit\u00e9 \ten r\u00e9gime d\u00e9mocratique<\/em>, Gallimard 2005.<\/div>\n<div id=\"sdfootnote4\">\n<p><a name=\"sdfootnote4sym\" href=\"https:\/\/www.outsiderland.com\/danahilliot\/dana_writings\/professionnelsversusamateurs.htm#sdfootnote4anc\">4<\/a>Toutefois, \tles critiques post-modernes du champ de l&rsquo;art sont souvent eux-m\u00eames \tvictimes d&rsquo;une vision r\u00e9ductrice de l&rsquo;activit\u00e9 \tartistique : ce qu&rsquo;ils sont incapables de voir, ou de prendre au \ts\u00e9rieux, c&rsquo;est la pluralit\u00e9 extraordinaire des champs \tde la cr\u00e9ation, qui se d\u00e9ploient \u00e0 c\u00f4t\u00e9 \tdes syst\u00e8mes de l&rsquo;art dominant. Un des premiers \u00e0 \tavoir v\u00e9ritablement pris au s\u00e9rieux cette r\u00e9alit\u00e9 \tfoisonnante est Howard Becker dans son ouvrage : <em>Les mondes de \tl&rsquo;art<\/em>, Flammarion, 1988 [1982].<\/div>\n<div id=\"sdfootnote5\">\n<p><a name=\"sdfootnote5sym\" href=\"https:\/\/www.outsiderland.com\/danahilliot\/dana_writings\/professionnelsversusamateurs.htm#sdfootnote5anc\">5<\/a>L&rsquo;essai \tde Pierre-Michel Menger, <em>Portrait de l&rsquo;artiste en travailleur, \tm\u00e9tamorphoses du capitalisme<\/em>, Seuil 2002 d\u00e9crit \tavec brio les transformations du statut et des strat\u00e9gies des \tartistes professionnels, consid\u00e9rant qu&rsquo;elles fournissent le \tmod\u00e8le du futur travailleur dans le capitalisme contemporain. \tLa limite de cette \u00e9tude est qu&rsquo;elle ne tient pas compte de \tla pluralit\u00e9 des pratiques artistiques, et notamment de tous \tceux qui pratiquent leur art sans viser une professionalisation.<\/div>\n<div id=\"sdfootnote6\">\n<p><a name=\"sdfootnote6sym\" href=\"https:\/\/www.outsiderland.com\/danahilliot\/dana_writings\/professionnelsversusamateurs.htm#sdfootnote6anc\">6<\/a>J&#8217;emprunte \tcette expression \u00e0 Michel Houellebecq, dans son po\u00e8me \t<em>Paris-Dourdan<\/em> : \u00ab\u00a0<em>Une jeune fille fait des mots \tcrois\u00e9s \/ C&rsquo;est une occupation du temps. <\/em>\u00bb<\/div>\n<div id=\"sdfootnote7\">\n<p><a name=\"sdfootnote7sym\" href=\"https:\/\/www.outsiderland.com\/danahilliot\/dana_writings\/professionnelsversusamateurs.htm#sdfootnote7anc\">7<\/a>Florent \tVerschelde me fait remarquer que ces musiques dites \u00ab\u00a0actuelles\u00a0\u00bb<span style=\"font-family: Bitstream Charter,serif;\"> appartiennent \u00e0 des genres qui commencent \u00e0 prendre de \tl&rsquo;\u00e2ge : dans les 60 ans pour le rock et le rhythm &lsquo;n blues, \tplus encore pour la chanson fran\u00e7aise.<\/span><\/div>\n<div id=\"sdfootnote8\">\n<p><a name=\"sdfootnote8sym\" href=\"https:\/\/www.outsiderland.com\/danahilliot\/dana_writings\/professionnelsversusamateurs.htm#sdfootnote8anc\">8<\/a><em>Propositions \tpour pr\u00e9parer l&rsquo;avenir du spectacle vivant<\/em>, Minist\u00e8re \tde la culture et de la communication, octobre 2004, fiche 7, p. 21.<\/div>\n<div id=\"sdfootnote9\">\n<p><a name=\"sdfootnote9sym\" href=\"https:\/\/www.outsiderland.com\/danahilliot\/dana_writings\/professionnelsversusamateurs.htm#sdfootnote9anc\">9<\/a> <em>op. cit.<\/em><\/div>\n<div id=\"sdfootnote10\">\n<p><em><a name=\"sdfootnote10sym\" href=\"https:\/\/www.outsiderland.com\/danahilliot\/dana_writings\/professionnelsversusamateurs.htm#sdfootnote10anc\">10<\/a>Plan \tpour une politique nationale et territoriale des musiques actuelles, <\/em><span style=\"font-style: normal;\">11 janvier 2006<\/span><\/div>\n<div id=\"sdfootnote11\">\n<p><a name=\"sdfootnote11sym\" href=\"https:\/\/www.outsiderland.com\/danahilliot\/dana_writings\/professionnelsversusamateurs.htm#sdfootnote11anc\">11<\/a>Je \treprendrais ces descriptions de mani\u00e8re plus d\u00e9taill\u00e9e \tdans ma quatri\u00e8me partie.<\/div>\n<div id=\"sdfootnote12\">\n<p><a name=\"sdfootnote12sym\" href=\"https:\/\/www.outsiderland.com\/danahilliot\/dana_writings\/professionnelsversusamateurs.htm#sdfootnote12anc\">12<\/a>La \tplupart des bars qui s&rsquo;ouvrent \u00e0 une programmation le font ou \tbien pour s\u00e9duire une certaine client\u00e8le, ou bien \tparce qu&rsquo;ils sont des passionn\u00e9s et qu&rsquo;ils aiment la musique. \tComme me le confiait un patron de bar qui monte une cinquantaine de \tconcerts par an : \u00ab\u00a0<em>Le concert ne change rien \u00e0 \tmon chiffre d&rsquo;affaires : le gain que je fais sur une soir\u00e9e \tconcert, je le perds en frais d&rsquo;organisation. Mais j&rsquo;ai toujours \tr\u00eav\u00e9 d&rsquo;organiser des concerts, donc je fais plaisir aux \tgens, mais je me fais aussi plaisir.<\/em>\u00bb<\/div>\n<div id=\"sdfootnote13\">\n<p><a name=\"sdfootnote13sym\" href=\"https:\/\/www.outsiderland.com\/danahilliot\/dana_writings\/professionnelsversusamateurs.htm#sdfootnote13anc\">13<\/a>Voir \tla tribune \u00e0 ce sujet de Bruno Massi publi\u00e9e dans \tLib\u00e9ration du 28 f\u00e9vrier 2002 :<br \/>\n\u00ab\u00a0<span><em>La \tloi qui interdit de r\u00e9mun\u00e9rer des musiciens amateurs \tpousse de nombreux bars \u00e0 stopper leur programmation<\/em>.\u00a0\u00bb<\/span><\/div>\n<div id=\"sdfootnote14\">\n<p><a name=\"sdfootnote14sym\" href=\"https:\/\/www.outsiderland.com\/danahilliot\/dana_writings\/professionnelsversusamateurs.htm#sdfootnote14anc\">14<\/a>Voir \tles chiffres des \u00e9tudes publi\u00e9es par le D\u00e9partement \t\u00c9tudes et Prospectives du minist\u00e8re de la culture.<\/div>\n<div id=\"sdfootnote15\">\n<p><a name=\"sdfootnote15sym\" href=\"https:\/\/www.outsiderland.com\/danahilliot\/dana_writings\/professionnelsversusamateurs.htm#sdfootnote15anc\">15<\/a>Pour \tmesurer les enjeux des d\u00e9bats, consulter les nombreux \tarticles publi\u00e9s sur le site Framasoft \t(http:\/\/www.framasoft.com)<\/div>\n<div id=\"sdfootnote16\">\n<p><a name=\"sdfootnote16sym\" href=\"https:\/\/www.outsiderland.com\/danahilliot\/dana_writings\/professionnelsversusamateurs.htm#sdfootnote16anc\">16<\/a>J&#8217;emprunte \tcette expression \u00e0 Florent Verschelde, <em>Une histoire de \tmots : culture libre et libre diffusion<\/em>, 2006, publi\u00e9 sur \tson site web : http:\/\/www.covertprestige.info\/<\/div>\n<div id=\"sdfootnote17\">\n<p><a name=\"sdfootnote17sym\" href=\"https:\/\/www.outsiderland.com\/danahilliot\/dana_writings\/professionnelsversusamateurs.htm#sdfootnote17anc\">17<\/a>On \ta parl\u00e9 des logiciels libres, mais pas \u00e0 ma \tconnaissance des \u0153uvres artistiques sous licence de libre \tdiffusion. Alors m\u00eame que dans les interventions de certains \td\u00e9put\u00e9s, on retrouvait tels quels certains \targumentaires publi\u00e9s sur les sites consacr\u00e9s aux \tmusiques sous licence de libre diffusion.<\/div>\n<div id=\"sdfootnote18\">\n<p><a name=\"sdfootnote18sym\" href=\"https:\/\/www.outsiderland.com\/danahilliot\/dana_writings\/professionnelsversusamateurs.htm#sdfootnote18anc\">18<\/a>extrait \td&rsquo;un article publi\u00e9 sur le site du CISAC, <em>Conf\u00e9d\u00e9ration \tInternationale des Soci\u00e9t\u00e9s d&rsquo;Auteurs et de \tCompositeurs<\/em>.<\/div>\n<div id=\"sdfootnote19\">\n<p><a name=\"sdfootnote19sym\" href=\"https:\/\/www.outsiderland.com\/danahilliot\/dana_writings\/professionnelsversusamateurs.htm#sdfootnote19anc\">19<\/a>L&rsquo;article \td&rsquo;Emma Pike a \u00e9t\u00e9 publi\u00e9 dans le num\u00e9ro \tde printemps 2005 du magazine <em>M<\/em>, consultable sur www.bmr.org.<\/div>\n<div id=\"sdfootnote20\">\n<p><a name=\"sdfootnote20sym\" href=\"https:\/\/www.outsiderland.com\/danahilliot\/dana_writings\/professionnelsversusamateurs.htm#sdfootnote20anc\">20<\/a>Voir \tmes remarques \u00e0 ce sujet <em>infra<\/em>. chapitre IV, note 73, \tsur la vision r\u00e9ductrice et born\u00e9e qui soutient ce \tgenre de perspective : celle de l&rsquo;agent \u00e9conomique comme \t\u00ab\u00a0idiot rationnel\u00a0\u00bb.<\/div>\n<div id=\"sdfootnote21\">\n<p><a name=\"sdfootnote21sym\" href=\"https:\/\/www.outsiderland.com\/danahilliot\/dana_writings\/professionnelsversusamateurs.htm#sdfootnote21anc\">21<\/a>T\u00e9l\u00e9chargeable \tsur le site du Syndicat National des Auteurs et des Compositeurs : \t<a href=\"http:\/\/www.snac.fr\/\">http:\/\/www.snac.fr\/<\/a>. Ce livre \tblanc ne doit pas \u00eatre confondu avec celui publi\u00e9 \tquelques mois auparavant par plusieurs associations dont L&rsquo;UFC Que \tChoisir, la Spedidam, l&rsquo;Aful et l&rsquo;APP et Musique-Libre.org. Les \tpositions des deux livres blancs sont en opposition compl\u00e8te \tsur la question de la gestion des droits d&rsquo;auteur sur internet.<\/div>\n<div id=\"sdfootnote22\">\n<p><a name=\"sdfootnote22sym\" href=\"https:\/\/www.outsiderland.com\/danahilliot\/dana_writings\/professionnelsversusamateurs.htm#sdfootnote22anc\">22<\/a>Comme \tle dit le Docteur Kasimir Bisou, \u00ab\u00a0La m\u00e9tamorphose \tdu \u00ab\u00a0citoyen\u00a0\u00bb en \u00ab\u00a0public\u00a0\u00bb \test le paradis de l&rsquo;artiste, mais c&rsquo;est aussi une illusion \tdangereuse sur laquelle vivent trop d&rsquo;acteurs de la politique \tculturelle.\u00a0\u00bb. Voir son essai : <em>La critique des \tpolitiques culturelles \u00e0 l&rsquo;aune de la \u00ab\u00a0diversit\u00e9 \tculturelle<\/em><span style=\"font-style: normal;\">, p. 10.<\/span><\/div>\n<div id=\"sdfootnote23\">\n<p><a name=\"sdfootnote23sym\" href=\"https:\/\/www.outsiderland.com\/danahilliot\/dana_writings\/professionnelsversusamateurs.htm#sdfootnote23anc\">23<\/a>Sur \tces questions cf. le d\u00e9bat entre <span style=\"font-family: Bitstream Charter,serif;\">MENGER, \tP.-M. (1983), <em>Le paradoxe du musicien : le compositeur, le \tm\u00e9lomane et l&rsquo;\u00c9tat dans la soci\u00e9t\u00e9 \tcontemporaine<\/em>, Paris, Flammarion, et VEITL, A. (1997), \t<em>Politiques de la musique contemporaine : Le compositeur, la \u00ab \trecherche musicale \u00bb et l&rsquo;\u00c9tat en France de 1958 \u00e0 \t1991<\/em>, Paris, \u00c9ditions L&rsquo;Harmattan.<\/span><\/div>\n<div id=\"sdfootnote24\">\n<p><a name=\"sdfootnote24sym\" href=\"https:\/\/www.outsiderland.com\/danahilliot\/dana_writings\/professionnelsversusamateurs.htm#sdfootnote24anc\">24<\/a>Le \ttexte de ce m\u00e9moire est lisible sur le site de l&rsquo;association \tdes oranges bleues, pour le th\u00e9\u00e2tre amateur  : \thttp:\/\/assoc.orange.fr\/les.oranges.bleues\/memoireFB.htm<\/div>\n<div id=\"sdfootnote25\">\n<p><a name=\"sdfootnote25sym\" href=\"https:\/\/www.outsiderland.com\/danahilliot\/dana_writings\/professionnelsversusamateurs.htm#sdfootnote25anc\">25<\/a><em>Les \tm\u00e9tiers artistiques<\/em>, Rapport d&rsquo;information d\u00e9pos\u00e9 \tpar la Commission des affaires culturelles, familiales et sociales \tde l&rsquo;Assembl\u00e9e Nationale, par Christian Kert, 2004.<\/div>\n<div id=\"sdfootnote26\">\n<p align=\"left\"><a name=\"sdfootnote26sym\" href=\"https:\/\/www.outsiderland.com\/danahilliot\/dana_writings\/professionnelsversusamateurs.htm#sdfootnote26anc\">26<\/a><span style=\"font-family: Bitstream Charter,serif;\">Statistiques \tconsultables en ligne sur le site de l&rsquo;INSEE <\/span><a href=\"http:\/\/www.insee.fr\/fr\/ffc\/Ipweb\/2004\/ip978\/page01.htm\"><span style=\"font-family: Bitstream Charter,serif;\">http:\/\/www.insee.fr\/fr\/ffc\/Ipweb\/2004\/ip978\/page01.htm\u00ad<\/span><\/a><\/p>\n<\/div>\n<div id=\"sdfootnote27\">\n<p><a name=\"sdfootnote27sym\" href=\"https:\/\/www.outsiderland.com\/danahilliot\/dana_writings\/professionnelsversusamateurs.htm#sdfootnote27anc\">27<\/a>Voir \t4.2. l&rsquo;horizon des pratiques amateurs.<\/div>\n<div id=\"sdfootnote28\">\n<p><a name=\"sdfootnote28sym\" href=\"https:\/\/www.outsiderland.com\/danahilliot\/dana_writings\/professionnelsversusamateurs.htm#sdfootnote28anc\">28<\/a>Lire \t\u00e0 ce sujet l&rsquo;essai magistral d&rsquo;un ancien responsable de \tl&rsquo;action culturelle qui publie sous le pseudonyme de Doc. Kasimir \tBisou : <em>La critique des politiques culturelles \u00e0 l&rsquo;aune de \tla \u00ab\u00a0diversit\u00e9 culturelle\u00a0\u00bb : \u00ab\u00a0Il \tn&rsquo;y a donc plus de place pour le citoyen : son destin est d&rsquo;\u00eatre \tsoit consommateur libre sur le march\u00e9, soit \u00ab\u00a0public \tfid\u00e8le\u00a0\u00bb adoptant sans discussion les codes, \tvaleurs et choix de comp\u00e9tences artistiques des acteurs \tsp\u00e9cialis\u00e9s, soit \u00ab\u00a0population \td&rsquo;individus\u00a0\u00bb \u00e0 r\u00e9\u00e9duquer pour venir \tpartager la culture des acteurs\u00a0\u00bb (p. 11)<\/em><\/div>\n<div id=\"sdfootnote29\">\n<p><a name=\"sdfootnote29sym\" href=\"https:\/\/www.outsiderland.com\/danahilliot\/dana_writings\/professionnelsversusamateurs.htm#sdfootnote29anc\">29<\/a>Il \ty a \u00e9videmment de multiples mani\u00e8res de comprendre le \tprojet d&rsquo;une \u00ab\u00a0d\u00e9mocratisation culturelle\u00a0\u00bb, \tcher \u00e0 Malraux. Si on vise par l\u00e0 quelque chose comme \t: \u00ab\u00a0<em>Rendre accessible au plus grand nombre les oeuvres \tcapitales de l&rsquo;humanit\u00e9 et d&rsquo;abord de la France<\/em> \u00bb \t(d\u00e9cret de constitution du minist\u00e8re de la culture mai \t2002), on conviendra sans peine que \u00ab\u00a0le plus grand \tnombre\u00a0\u00bb  ne semble pas tr\u00e8s sensible aux efforts \tfaits pour les \u00e9duquer par les experts \u2013 ceux l\u00e0 \tm\u00eames qui d\u00e9terminent ce qui est \u00ab\u00a0<em>capital\u00a0\u00bb<\/em> ou non. Le plus grand nombre, si l&rsquo;on en croit les chiffres continue \tde pr\u00e9f\u00e9rer Lorie \u00e0 Pierre Boulez. Ce qui se \td\u00e9fend je trouve. Si par contre on consid\u00e8re que la \td\u00e9mocratisation culturelle consiste d&rsquo;abord \u00e0 laisser \taux gens la possibilit\u00e9 de se constituer leur propre culture, \th\u00e9 bien !, nous y sommes d\u00e9j\u00e0, et depuis \ttoujours en v\u00e9rit\u00e9. On peut trouver dommage que le \tplus grand nombre ne fr\u00e9quente pas l&rsquo;op\u00e9ra, mais ce \tsentiment ne devrait pas permettre de m\u00e9priser les cultures \tde chacun des sujets qui compose ce plus grand nombre. On devrait \tm\u00eame d&rsquo;abord, avant de porter le moindre jugement et se poser \ten donneur de le\u00e7on, prescrire ce qui devrait \u00eatre \tappr\u00e9ci\u00e9 ou non, s&rsquo;y int\u00e9resser.<\/div>\n<div id=\"sdfootnote30\">\n<p><a name=\"sdfootnote30sym\" href=\"https:\/\/www.outsiderland.com\/danahilliot\/dana_writings\/professionnelsversusamateurs.htm#sdfootnote30anc\">30<\/a>Je \tme suis toujours demand\u00e9 ce \u00e0 quoi pourrait bien \tressembler un spectacle mort, mais passons&#8230;<\/div>\n<div id=\"sdfootnote31\">\n<p><a name=\"sdfootnote31sym\" href=\"https:\/\/www.outsiderland.com\/danahilliot\/dana_writings\/professionnelsversusamateurs.htm#sdfootnote31anc\">31<\/a><span style=\"font-family: Bitstream Charter,serif;\">Code \tdu travail : Article L762-1 <\/span>(ins\u00e9r\u00e9 par Loi n\u00b0 \t73-4 du 2 janvier 1973 Journal Officiel du 3 janvier 1973)<\/div>\n<div id=\"sdfootnote32\">\n<p><a name=\"sdfootnote32sym\" href=\"https:\/\/www.outsiderland.com\/danahilliot\/dana_writings\/professionnelsversusamateurs.htm#sdfootnote32anc\">32<\/a>D\u00e9cret \tdu 19 d\u00e9cembre 1953 relatifs \u00e0 l&rsquo;organisation des \tspectacles amateurs et leurs rapports avec des entreprises \tprofessionnelles (<em>sic<\/em>)<\/div>\n<div id=\"sdfootnote33\">\n<p><a name=\"sdfootnote33sym\" href=\"https:\/\/www.outsiderland.com\/danahilliot\/dana_writings\/professionnelsversusamateurs.htm#sdfootnote33anc\">33<\/a>Circulaire \tdu 23 mars 2001, Minist\u00e8re de la culture et de la \tcommunication, <em>Les spectacles en amateur : la r\u00e9glementation \tjuridique et fiscale. <\/em><span style=\"font-style: normal;\">Mon ami \tFlorent Verschelde me signale qu&rsquo;on pourrait presque parler ici d&rsquo;un \tnouveau type de d\u00e9lit : \u00ab\u00a0<em>le spectacle en \tr\u00e9union\u00a0\u00bb<\/em>.<\/span><\/div>\n<div id=\"sdfootnote34\">\n<p><a name=\"sdfootnote34sym\" href=\"https:\/\/www.outsiderland.com\/danahilliot\/dana_writings\/professionnelsversusamateurs.htm#sdfootnote34anc\">34<\/a>Pour \tprendre un exemple que je connais bien (le mien), je suis en d\u00e9faut \tvis-\u00e0-vis de la loi sur chacun de ces points : j&rsquo;ai jou\u00e9 \tde nombreuses fois sur sc\u00e8ne sous des noms d&rsquo;artistes \tdiff\u00e9rents, en solo ou avec des amis musiciens, sans m&rsquo;\u00eatre \tconstitu\u00e9 en association loi 1901, en n&rsquo;ayant pour seuls \trevenus que le montant du RMI \u2013 ce qui n&rsquo;est pas \u00e0 \tproprement parler une \u00ab\u00a0activit\u00e9\u00a0\u00bb, et \tsans me soucier aucunement des lieux o\u00f9 se d\u00e9roulaient \tles concerts : de fait j&rsquo;ai eu la chance de me produire aux 4 coins \tde la France, c&rsquo;est-\u00e0-dire bien au-del\u00e0 de mon \t<em>acad\u00e9mie<\/em> d&rsquo;origine. Les organisateurs de ces \tspectacles, le plus souvent des bars-concerts et des associations de \tm\u00e9lomanes, me remboursaient en g\u00e9n\u00e9ral mes \tfrais de d\u00e9placements, et m&rsquo;offraient le g\u00eete et le \tcouvert, ce qui suffisait \u00e0 mes besoins. La plupart des \tartistes que je connais n&rsquo;agissent pas diff\u00e9remment.<\/div>\n<div id=\"sdfootnote35\">\n<p><a name=\"sdfootnote35sym\" href=\"https:\/\/www.outsiderland.com\/danahilliot\/dana_writings\/professionnelsversusamateurs.htm#sdfootnote35anc\">35<\/a>Article \t7 alin\u00e9a 2. du d\u00e9cret du 10 ao\u00fbt 1901 : ces \tremboursements sont autoris\u00e9s s&rsquo;il existe une d\u00e9cision \texpresse du Conseil d&rsquo;Administration et si des justificatifs sont \tproduits aux fins de v\u00e9rification.<\/div>\n<div id=\"sdfootnote36\">\n<p><a name=\"sdfootnote36sym\" href=\"https:\/\/www.outsiderland.com\/danahilliot\/dana_writings\/professionnelsversusamateurs.htm#sdfootnote36anc\">36<\/a>Lire \t\u00e0 ce sujet l&rsquo;article de Guy Scarpetta, \u00ab\u00a0<span style=\"font-style: normal;\">March\u00e9, \tculture et cr\u00e9ation : le grand retour des intermittents du \tspectacle\u00a0\u00bb,<\/span> <em>Le Monde Diplomatique,<\/em> mai \t2004.<\/div>\n<div id=\"sdfootnote37\">\n<p><a name=\"sdfootnote37sym\" href=\"https:\/\/www.outsiderland.com\/danahilliot\/dana_writings\/professionnelsversusamateurs.htm#sdfootnote37anc\">37<\/a><em>Rapport \tde la commission nationale des musiques actuelles \u00e0 Catherine \tTrautmann, ministre de la culture et de la communication<\/em> (septembre 1998), annexe 1, p. 68.<\/div>\n<div id=\"sdfootnote38\">\n<p><a name=\"sdfootnote38sym\" href=\"https:\/\/www.outsiderland.com\/danahilliot\/dana_writings\/professionnelsversusamateurs.htm#sdfootnote38anc\">38<\/a><em>Idem<\/em>.<\/div>\n<div id=\"sdfootnote39\">\n<p><a name=\"sdfootnote39sym\" href=\"https:\/\/www.outsiderland.com\/danahilliot\/dana_writings\/professionnelsversusamateurs.htm#sdfootnote39anc\">39<\/a>C&rsquo;est \tvrai de la sc\u00e8ne amateur, c&rsquo;est aussi vrai de la mani\u00e8re \tdont les artistes ind\u00e9pendants se sont empar\u00e9s de \tl&rsquo;outil internet. Les lois visant \u00e0 durcir la circulation des \touvres sur internet et \u00e0 remettre tout le monde dans le rang \t(et si possible dans les rangs de la Sacem) apparaissent comme \tl&rsquo;expression du d\u00e9sarroi d&rsquo;un l\u00e9gislateur d\u00e9pass\u00e9 \tpar des pratiques priv\u00e9es, et qui tente de sauver ce qui peut \tl&rsquo;\u00eatre : un mod\u00e8le professionnel, qui bien qu&rsquo;en crise, \tsemble constituer l&rsquo;horizon ind\u00e9passable des politiques \tculturelles.<\/div>\n<div id=\"sdfootnote40\">\n<p><a name=\"sdfootnote40sym\" href=\"https:\/\/www.outsiderland.com\/danahilliot\/dana_writings\/professionnelsversusamateurs.htm#sdfootnote40anc\">40<\/a>Notons \tqu&rsquo;ici on ne dit plus que la totalit\u00e9 des revenus de \tl&rsquo;amateur doivent \u00eatre issus d&rsquo;activit\u00e9s totalement \t\u00e9trang\u00e8res \u00e0 la musique, mais que seulement ses \trevenus principaux. La nuance laisse la part ouverte toute \tinterpr\u00e9tation.<\/div>\n<div id=\"sdfootnote41\">\n<p><a name=\"sdfootnote41sym\" href=\"https:\/\/www.outsiderland.com\/danahilliot\/dana_writings\/professionnelsversusamateurs.htm#sdfootnote41anc\">41<\/a><em>Avant-projet \tde loi relatif \u00e0 la participation des amateurs \u00e0 des \tspectacles<\/em>, Document de travail DMDTS \u2013 Version 15 mars 2006.<\/div>\n<div id=\"sdfootnote42\">\n<p><a name=\"sdfootnote42sym\" href=\"https:\/\/www.outsiderland.com\/danahilliot\/dana_writings\/professionnelsversusamateurs.htm#sdfootnote42anc\">42<\/a>Code \tdu travail art. L 324-11 : \u00ab\u00a0<em>Les activit\u00e9s \tmentionn\u00e9es \u00e0 l&rsquo;article pr\u00e9c\u00e9dent sont \tpr\u00e9sum\u00e9es, sauf preuve contraire, accomplies \u00e0 \ttitre lucratif lorsque leur r\u00e9alisation a lieu avec recours \u00e0 \tla publicit\u00e9 sous une forme quelconque en vue de la recherche \tde la client\u00e8le ou lorsque leur fr\u00e9quence ou leur \timportance est \u00e9tablie ou, s&rsquo;il s&rsquo;agit d&rsquo;activit\u00e9s \tartisanales, lorsqu&rsquo;elles sont effectu\u00e9es avec un mat\u00e9riel \tou un outillage pr\u00e9sentant par sa nature ou son importance un \tcaract\u00e8re professionnel ou lorsque la facturation est absente \tou frauduleuse. <\/em>\u00bb<\/div>\n<div id=\"sdfootnote43\">\n<p><a name=\"sdfootnote43sym\" href=\"https:\/\/www.outsiderland.com\/danahilliot\/dana_writings\/professionnelsversusamateurs.htm#sdfootnote43anc\">43<\/a>Et \tencore : \u00e0 l&rsquo;occasion de la f\u00eate de la musique, \tbeaucoup de groupes se produisent dans un bar \u2013 devront-ils \tretourner dans la rue, et jouer sans \u00e9lectricit\u00e9 ? \tJ&rsquo;ai \u00e0 titre personnel une pr\u00e9f\u00e9rence pour les \tmusiques acoustiques, mais je doute que les musiciens et une partie \tdu public appr\u00e9cient cette perspective (une f\u00eate de la \tmusique d\u00e9branch\u00e9e).<\/div>\n<div id=\"sdfootnote44\">\n<p><a name=\"sdfootnote44sym\" href=\"https:\/\/www.outsiderland.com\/danahilliot\/dana_writings\/professionnelsversusamateurs.htm#sdfootnote44anc\">44<\/a>Art. \t5. \u2013 <em>Les \u00e9tudiants ou stagiaires des \u00e9tablissements \tou des personnes morales dont l\u2019objet est de dispenser un \tenseignement sup\u00e9rieur ou d\u2019organiser des actions \td\u2019insertion professionnelle dans le domaine du spectacle vivant \tpeuvent ne pas \u00eatre r\u00e9mun\u00e9r\u00e9s lorsque \tleur participation \u00e0\u00a0une production organis\u00e9e \tdans un cadre lucratif fait partie du cursus de leur formation. \tCette facult\u00e9 est subordonn\u00e9e \u00e0\u00a0 \tl\u2019obtention par l&rsquo;entrepreneur de l\u2019agr\u00e9ment d\u00e9fini \t\u00e0\u00a0 l\u2019article 4.<\/em><\/p>\n<p>Art. 6. \u2013 <em>Lorsque des enfants qui \tn\u2019ont pas d\u00e9pass\u00e9 l\u2019\u00e2ge de la fr\u00e9quentation \tscolaire obligatoire participent \u00e0\u00a0 des spectacles \torganis\u00e9s dans les conditions d\u00e9finies \u00e0\u00a0 \tl\u2019article 2, ces spectacles sont limit\u00e9s dans leur \tfr\u00e9quence et dans leur nombre. Lorsque ces enfants \tparticipent \u00e0\u00a0 des spectacles organis\u00e9s dans les \tconditions d\u00e9finies \u00e0\u00a0 l\u2019article 4, les \tdispositions relatives aux modalit\u00e9s d\u2019emploi fix\u00e9es \tpar le code du travail sont applicables \u00e0\u00a0 l\u2019exception \tde celles relatives \u00e0 la r\u00e9mun\u00e9ration.<\/em><\/div>\n<div id=\"sdfootnote45\">\n<p><a name=\"sdfootnote45sym\" href=\"https:\/\/www.outsiderland.com\/danahilliot\/dana_writings\/professionnelsversusamateurs.htm#sdfootnote45anc\">45<\/a>&#8230; \tet, pour reprendre les mots de l&rsquo;article 1, des pratiques exerc\u00e9es \t<em>\u00e0 titre de loisir<\/em> \u2013 ce qui ne va pas sans poser des \tquestions cruciales quant au respect par l&rsquo;Etat des comportements \tpriv\u00e9s et des pr\u00e9f\u00e9rences subjectives. Je \td\u00e9velopperai ce point dans ma quatri\u00e8me partie.<\/div>\n<div id=\"sdfootnote46\">\n<p><a name=\"sdfootnote46sym\" href=\"https:\/\/www.outsiderland.com\/danahilliot\/dana_writings\/professionnelsversusamateurs.htm#sdfootnote46anc\">46<\/a>Dispositif \tpervers \u00e0 mon avis, parce qu&rsquo;il ne se d\u00e9clare pas en \ttant que tel : il s&rsquo;avance masqu\u00e9, tout \u00e0 fait \u00e0 \tla mani\u00e8re des lois sur le droit d&rsquo;auteur \u00e0 l&rsquo;\u00e8re \tnum\u00e9rique \u2013 le l\u00e9gislateur est devenu un ma\u00eetre \tsournois, qui cr\u00e9e de toutes pi\u00e8ces des situations \tillicites en d\u00e9tournant l&rsquo;attention par des man\u0153uvres \tdiscr\u00e8tes et subtiles, dont la signification \u00e9chappe \tau commun des mortels : les bouleversements importants vont se \tnicher dans le d\u00e9tail des articles les plus anodins, des \trenvois de textes \u00e0 textes font de la lecture de la loi un \tv\u00e9ritable labyrinthe, l&rsquo;exception \u00e0 la r\u00e8gle \tr\u00e9pond au client\u00e9lisme et au lobbying. On d\u00e9courage \tle citoyen de tout effort afin d&rsquo;interpr\u00e9ter la loi. C&rsquo;est \tainsi qu&rsquo;une d\u00e9mocratie se d\u00e9lite en sombrant dans \tl&rsquo;\u00e9sot\u00e9risme juridique.<\/div>\n<div id=\"sdfootnote47\">\n<p><a name=\"sdfootnote47sym\" href=\"https:\/\/www.outsiderland.com\/danahilliot\/dana_writings\/professionnelsversusamateurs.htm#sdfootnote47anc\">47<\/a>Voir \tle D\u00e9cret no 2000-609 du 29 juin 2000 pris pour l&rsquo;application \tdes articles 4 et 10 de l&rsquo;ordonnance no 45-2339 du 13 octobre 1945 \trelative aux spectacles.<\/div>\n<div id=\"sdfootnote48\">\n<p><a name=\"sdfootnote48sym\" href=\"https:\/\/www.outsiderland.com\/danahilliot\/dana_writings\/professionnelsversusamateurs.htm#sdfootnote48anc\">48<\/a>Ce \tpoint me laisse pantois : combien d&rsquo;heures de r\u00e9p\u00e9titions \tsont cens\u00e9es repr\u00e9senter ce nombre suffisant ? Et que \tfait-on des musiciens qui improvisent, que fait-on des performers ? \tIl m&rsquo;est arriv\u00e9 bien souvent de jouer avec des musiciens, qui \tconnaissaient mes chansons, mais sans que nous ayons r\u00e9p\u00e9t\u00e9 \tauparavant. J&rsquo;adore \u00e0 titre personnel cette prise de risque, \tet jusqu&rsquo;\u00e0 pr\u00e9sent, je n&rsquo;ai pas entendu un spectateur \ts&rsquo;en plaindre.<\/div>\n<div id=\"sdfootnote49\">\n<p><a name=\"sdfootnote49sym\" href=\"https:\/\/www.outsiderland.com\/danahilliot\/dana_writings\/professionnelsversusamateurs.htm#sdfootnote49anc\">49<\/a>On \tessaie l\u00e0 de cr\u00e9er de toutes pi\u00e8ces une \tdiff\u00e9rence de nature entre des spectacles, alors \tqu&rsquo;\u00e9videmment, il se peut fort bien, et il arrive souvent, \tque certains m\u00e9lomanes pr\u00e9f\u00e8rent assister \u00e0 \tun concert d&rsquo;Angil que de Michel Sardou.<\/div>\n<div id=\"sdfootnote50\">\n<p><a name=\"sdfootnote50sym\" href=\"https:\/\/www.outsiderland.com\/danahilliot\/dana_writings\/professionnelsversusamateurs.htm#sdfootnote50anc\">50<\/a>Je \tpropose qu&rsquo;on aille carr\u00e9ment plus loin : que sur chaque \taffiche annon\u00e7ant un spectacle amateur soit inscrite un logo \tou un signe distinctif, par exemple, une \u00e9toile jaune.<\/div>\n<div id=\"sdfootnote51\">\n<p><a name=\"sdfootnote51sym\" href=\"https:\/\/www.outsiderland.com\/danahilliot\/dana_writings\/professionnelsversusamateurs.htm#sdfootnote51anc\">51<\/a><em>Rapport \tde la commission nationale des musiques actuelles \u00e0 Catherine \tTrautmann, ministre de la culture et de la communication<\/em> (septembre 1998), annexe 1,  p. 72.<\/div>\n<div id=\"sdfootnote52\">\n<p><a name=\"sdfootnote52sym\" href=\"https:\/\/www.outsiderland.com\/danahilliot\/dana_writings\/professionnelsversusamateurs.htm#sdfootnote52anc\">52<\/a>Document \tqu&rsquo;on trouvera sur le site du FORUMA (http:\/\/www.foruma.fr\/), site \tsur lequel un d\u00e9bat passionnant a \u00e9t\u00e9 engag\u00e9 \tsur le sujet qui nous occupe. Je remercie d&rsquo;ailleurs Xavier Bonnot \tde m&rsquo;avoir alert\u00e9 sur ces questions \u00e0 la fin de \tl&rsquo;ann\u00e9e 2005 : sans lui, cet essai n&rsquo;aurait pas vu le jour.<\/div>\n<div id=\"sdfootnote53\">\n<p><a name=\"sdfootnote53sym\" href=\"https:\/\/www.outsiderland.com\/danahilliot\/dana_writings\/professionnelsversusamateurs.htm#sdfootnote53anc\">53<\/a>Plus \tfort que le GEPAM, le SPAM <span style=\"font-size: x-small;\">(<\/span><cite><span><span style=\"font-size: x-small;\">union \tnationale des syndicats d&rsquo;artistes musiciens<\/span><\/span><\/cite><span style=\"font-size: x-small;\">) <\/span>consid\u00e8re que les propositions du gouvernement sont \ttrop frileuses. A les lire, il faudrait tout bonnement supprimer les \tspectacles amateurs. Je vous laisse d\u00e9guster cette prose \thaineuse :<\/p>\n<p align=\"left\">\u00ab\u00a0<em>Apr\u00e8s \tdes mois d&rsquo;attentisme le minist\u00e8re de la Culture a relanc\u00e9 \tla r\u00e9flexion sur la pratique amateur. Une r\u00e9union a eu \tlieu \u00e0 ce sujet \u00e0 la DMDTS. Le SNAM r\u00e9affirme \tici ses positions. Il soutient le projet de modification du d\u00e9cret \tde 1953 adopt\u00e9 en septembre 1999 par notre F\u00e9d\u00e9ration. \tIl profite de cette ren\u00e9gociation pour r\u00e9affirmer un \tcertain nombre de principes. Ainsi nous pouvons aujourd&rsquo;hui mieux \tpr\u00e9ciser ce que devrait contenir la r\u00e9forme du d\u00e9cret \tde 1953 :<br \/>\n&#8211; une d\u00e9finition de ce qu&rsquo;est un amateur : \u00abune \tpersonne qui participe \u00e0 la pr\u00e9sentation au public des \tmanifestations dramatiques, musicales, dramatico-lyriques, lyriques, \tchor\u00e9graphiques, de pantomimes, de marionnettes, de vari\u00e9t\u00e9s, \tde cirques, etc. dont les membres ne re\u00e7oivent de ce fait \taucune r\u00e9mun\u00e9ration, mais tirent leurs moyens \thabituels d&rsquo;existence de salaires ou de revenus \u00e9trangers aux \tdiverses activit\u00e9s artistiques des professions du \tspectacle\u00bb.<br \/>\n&#8211; pr\u00e9ciser le champ dans lequel la \tpratique amateur se produit, en exclure l&rsquo;ensemble des productions \tdes spectacles relevant de l&rsquo;ordonnance de 1945.<br \/>\n&#8211; <strong>pr\u00e9ciser \tque l&rsquo;absence de r\u00e9mun\u00e9ration concerne \u00e9galement \tles d\u00e9fraiements qui \u00abpourront leur \u00eatre vers\u00e9s \tsur justificatifs et limit\u00e9s par le plafond reconnu par la \tS\u00e9curit\u00e9 Sociale d\u00e8s lors que le d\u00e9placement \tentre le lieu de r\u00e9sidence et le lieu de repr\u00e9sentation \td\u00e9passe 50 km AR\u00bb.<\/strong><br \/>\n&#8211; l&rsquo;ensemble des artistes \t\u00abprofessionnels\u00bb intervenant dans les spectacles \tamateurs seront salari\u00e9s comme le pr\u00e9voit \tl&rsquo;application de l&rsquo;article L. 762-1 du Code du travail concernant la \tpr\u00e9somption de salariat en respectant l&rsquo;ensemble des tarifs \tconventionnels.<br \/>\n&#8211; les amateurs intervenant et engag\u00e9s dans \tdes spectacles professionnels se voient \u00e9galement appliquer \tla pr\u00e9somption de salariat et doivent donc \u00eatre \tsalari\u00e9s en respectant les m\u00eames minima \tconventionnels.<br \/>\nL&rsquo;application du d\u00e9cret de 1953 modifi\u00e9 \tdonne la possibilit\u00e9 aux groupements d&rsquo;amateurs de donner \trepr\u00e9sentation de leur travail artistique. Ces groupements ne \tpourront pr\u00e9senter plus de 3 spectacles par an, chacun de ces \tspectacles comportera un maximum de 6 repr\u00e9sentations pour \tl&rsquo;ann\u00e9e. Ces spectacles amateurs peuvent donner lieu \u00e0 \tune billetterie pr\u00e9vue exclusivement pour financer l&rsquo;activit\u00e9 \tde l&rsquo;association et la faisabilit\u00e9 du spectacle (d\u00e9cors, \tcostumes&#8230;).<br \/>\nPour ce qui concerne l&rsquo;achat et la vente de \tspectacles amateurs par des structures professionnelles il y a lieu \td&rsquo;appliquer int\u00e9gralement l&rsquo;ordonnance de 1945.<br \/>\n<strong>C&rsquo;est \tbien sur ces bases que nous pourrons lutter contre la concurrence \td\u00e9loyale et d\u00e9fendre la pr\u00e9somption de \tsalariat<\/strong>.<br \/>\nLors de cette r\u00e9union \u00e0 la DMDTS, \tl&rsquo;organisation Conservatoires de France \u00e9tait pr\u00e9sente \tet a d\u00e9velopp\u00e9 longuement l&rsquo;id\u00e9e que pour des \traisons p\u00e9dagogiques ils d\u00e9rogeaient \u00e0 \tl&rsquo;ensemble de ces dispositions. Ils ont affirm\u00e9 qu&rsquo;ils \tpouvaient \u00eatre amen\u00e9s \u00e0 organiser 200 concerts \td&rsquo;\u00e9l\u00e8ves dans des salles ext\u00e9rieures au \tconservatoire.<br \/>\nLe SNAM ne peut justifier de telles affirmations \tet en aucun cas la p\u00e9dagogie et l&rsquo;\u00e9ducation artistique \tne justifient la d\u00e9rogation aux r\u00e8gles de base \tpr\u00e9valant au juste rapport entre pratiques amateurs et \tpratiques professionnelles.<\/em> \u00bb<\/p>\n<p>Motions adopt\u00e9es au 16\u00e8me \tcongr\u00e8s du SNAM des 12 et 13 mars 2001.<\/p>\n<\/div>\n<div id=\"sdfootnote54\">\n<p><a name=\"sdfootnote54sym\" href=\"https:\/\/www.outsiderland.com\/danahilliot\/dana_writings\/professionnelsversusamateurs.htm#sdfootnote54anc\">54<\/a>Catherine \tTasca, <em>d\u00e9claration<\/em> du 28 f\u00e9vrier 2001.<\/div>\n<div id=\"sdfootnote55\">\n<p><a name=\"sdfootnote55sym\" href=\"https:\/\/www.outsiderland.com\/danahilliot\/dana_writings\/professionnelsversusamateurs.htm#sdfootnote55anc\">55<\/a>De \tla m\u00eame mani\u00e8re, les seules associations d&rsquo;amateurs \tconsult\u00e9es avant l&rsquo;\u00e9laboration du projet de loi \trelatif \u00e0 la participation des amateurs \u00e0 des \tspectacles ont \u00e9t\u00e9 les \u00ab\u00a0Unions des \tFanfares de France\u00a0\u00bb, la Conf\u00e9d\u00e9ration des \tBatteries Fanfares\u00a0\u00bb, et la f\u00e9d\u00e9ration de \tchant choral \u00ab\u00a0A coeur joie\u00a0\u00bb. Voil\u00e0 \tdes associations tr\u00e8s repr\u00e9sentatives en effet de ce \tqu&rsquo;a pu \u00eatre la pratique musicale amateur disons.. avant \tl&rsquo;invention du rock&rsquo;n roll.<\/div>\n<div id=\"sdfootnote56\">\n<p><a name=\"sdfootnote56sym\" href=\"https:\/\/www.outsiderland.com\/danahilliot\/dana_writings\/professionnelsversusamateurs.htm#sdfootnote56anc\">56<\/a>J&#8217;emprunte \tcette expression (despotisme \u00e9clair\u00e9) \u00e0 \tl&rsquo;excellent essai du Docteur Kasimir Bisous d\u00e9j\u00e0 cit\u00e9. \tIl est troublant de voir qu&rsquo;une certaine partie des citoyens \treproche parfois au gouvernement actuel d&rsquo;\u00eatre d&rsquo;inspiration \tlib\u00e9rale. Une chose est s\u00fbre : dans le cas de la \tculture, l&rsquo;Etat fran\u00e7ais n&rsquo;a jamais \u00e9t\u00e9 \tlib\u00e9ral. Lib\u00e9ral, ce gouvernement l&rsquo;est peut-\u00eatre \tquand il s&rsquo;efforce de briser le droit du travail, et encore, il ne \tpropose que les effets les plus d\u00e9savantageux pour le \ttravailleur de ces r\u00e9vision l\u00e9gislatives. Quand il \ts&rsquo;agit de la cr\u00e9ation, il ne l&rsquo;est certainement pas. On aura \tcompris qu&rsquo;\u00e0 titre personnel, je souhaiterais qu&rsquo;il le soit.<\/div>\n<div id=\"sdfootnote57\">\n<p><a name=\"sdfootnote57sym\" href=\"https:\/\/www.outsiderland.com\/danahilliot\/dana_writings\/professionnelsversusamateurs.htm#sdfootnote57anc\">57<\/a>Bruno \tLatour, <em>Nous n&rsquo;avons jamais \u00e9t\u00e9 modernes \u2013 Essai \td&rsquo;anthropologie sym\u00e9trique<\/em>, La d\u00e9couverte 1991.<\/div>\n<div id=\"sdfootnote58\">\n<p><a name=\"sdfootnote58sym\" href=\"https:\/\/www.outsiderland.com\/danahilliot\/dana_writings\/professionnelsversusamateurs.htm#sdfootnote58anc\">58<\/a>\u00ab<em> En \trapportant toutes les vertus diff\u00e9rentes \u00e0 cette \tunique esp\u00e8ce de propri\u00e9t\u00e9 [la prudence], \tEpicure se laissait aller \u00e0 un penchant qui vient \tnaturellement \u00e0 tous les hommes, mais que les philosophes ont \ttendance \u00e0 cultiver avec une pr\u00e9dilection \tparticuli\u00e8re, pensant ainsi faire la preuve de leur \ting\u00e9niosit\u00e9 : la tendance \u00e0 expliquer tous les \tph\u00e9nom\u00e8nes par le moins de principes possibles <\/em>\u00bb \tAdam Smith, <em>La th\u00e9orie des sentiments moraux<\/em> (1759),<\/div>\n<div id=\"sdfootnote59\">\n<p><a name=\"sdfootnote59sym\" href=\"https:\/\/www.outsiderland.com\/danahilliot\/dana_writings\/professionnelsversusamateurs.htm#sdfootnote59anc\">59<\/a><em>\u00ab <\/em><span style=\"font-style: normal;\">L&rsquo;Etat \tet l&rsquo;art. Un entretien avec Jane Alexander<\/span><em> \u00bb, \tRevue \u00e9lectronique de l&rsquo;USIA<\/em>, volume 3, num\u00e9ro 1, \tjuin 1998, repris sur le site d&rsquo;information du gouvernement des \tEtats-Unis : <a href=\"http:\/\/usinfo.state.gov\/fr\/\">http:\/\/usinfo.state.gov\/fr\/<\/a><\/p>\n<p>Financement du secteur sans but \tlucratif de l&rsquo;art aux Etats-Unis :<\/p>\n<p>pourcentage par source :<\/p>\n<p>Recettes \u00a0\u00a0\u00a0\u00a0\u00a0\u00a0\u00a0\u00a0\u00a0\u00a0\u00a0\u00a0\u00a0\u00a0\u00a0\u00a0\u00a0\u00a0\u00a0\u00a0\u00a049,8%<\/p>\n<p>Dons individuels \u00a0\u00a0\u00a0\u00a0\u00a0\u00a0\u00a0\u00a0\u00a0\u00a0\u00a0\u00a0\u00a038,8%<\/p>\n<p>Dons de fondations \u00a0\u00a0\u00a0\u00a0\u00a0\u00a0\u00a0\u00a0\u00a0\u00a0\u00a0\u00a03,5%<\/p>\n<p>Dons d&rsquo;entreprises \u00a0\u00a0\u00a0\u00a0\u00a0\u00a0\u00a0\u00a0\u00a0\u00a0\u00a0\u00a02,5%<\/p>\n<p>Gouvernement local \u00a0\u00a0\u00a0\u00a0\u00a0\u00a0\u00a0\u00a0\u00a0\u00a0\u00a0\u00a01,5%<\/p>\n<p>Gouvernement r\u00e9gional \t\u00a0\u00a0\u00a0\u00a0\u00a0\u00a0\u00a0\u00a0\u00a01,5%<\/p>\n<p>Gouvernement f\u00e9d\u00e9ral \t\u00a0\u00a0\u00a0\u00a0\u00a0\u00a0\u00a0\u00a0\u00a0\u00a01 \u00a0%<\/p>\n<p>(Informations fournies par l&rsquo;organisme \t<em>Americans for the Arts<\/em>)<\/div>\n<div id=\"sdfootnote60\">\n<p><a name=\"sdfootnote60sym\" href=\"https:\/\/www.outsiderland.com\/danahilliot\/dana_writings\/professionnelsversusamateurs.htm#sdfootnote60anc\">60<\/a>J.-B. \tChantoiseau, <em>Le m\u00e9c\u00e9nat aux Etats-Unis<\/em>, 2004, \tpubli\u00e9 sur le site de l&rsquo;association Artelio : \t<a href=\"http:\/\/www.artelio.org\/\">http:\/\/www.artelio.org\/<\/a>. Lire \t\u00e9galement l&rsquo;\u00e9tude historique de Charles C. Mack, La \tpolitique culturelle aux Etats-Unis, publi\u00e9e sur le site de \tla documentation de l&rsquo;Unesco (http:\/\/unesdoc.unesco.org\/ulis\/)<\/div>\n<div id=\"sdfootnote61\">\n<p><a name=\"sdfootnote61sym\" href=\"https:\/\/www.outsiderland.com\/danahilliot\/dana_writings\/professionnelsversusamateurs.htm#sdfootnote61anc\">61<\/a>Et \tpourtant : nous montrerons dans le chapitre suivant qu&rsquo;un secteur \tnon-lucratif de l&rsquo;art s&rsquo;est d\u00e9velopp\u00e9 depuis d\u00e9j\u00e0 \tdes d\u00e9cennies en France, sans b\u00e9n\u00e9ficier \td&rsquo;aucune subside de l&rsquo;Etat.<\/div>\n<div id=\"sdfootnote62\">\n<p><a name=\"sdfootnote62sym\" href=\"https:\/\/www.outsiderland.com\/danahilliot\/dana_writings\/professionnelsversusamateurs.htm#sdfootnote62anc\">62<\/a><span style=\"font-family: Bitstream Charter,serif;\"><em><strong>Rapport <\/strong>fait au nom de la commission des finances, de l&rsquo;\u00e9conomie \tg\u00e9n\u00e9rale et du plan sur le projet de loi (n\u00b0678) \trelatif au <strong>m\u00e9c\u00e9nat <\/strong>et aux <strong>fondations<\/strong><\/em><strong>. <\/strong>par M. Laurent H\u00e9nart, 12 mars 2003. Lire aussi \tl&rsquo;interview de Fran\u00e7ois Erlenbach et Patrice Marie sur le \tsite de Paris-Art (<\/span><a href=\"http:\/\/www.paris-art.com\/\"><span style=\"font-family: Bitstream Charter,serif;\">http:\/\/www.paris-art.com\/<\/span><\/a><span style=\"font-family: Bitstream Charter,serif;\">) \t:\u00a0 \u00ab\u00a0<em>Je crois qu&rsquo;il y a d&rsquo;abord un facteur \td\u00e9terminant d&rsquo;incompr\u00e9hension entre ces deux univers \tde culture professionnelle tr\u00e8s diff\u00e9rente : la \tm\u00e9connaissance de l&rsquo;autre, ne serait-ce qu&rsquo;en terme de \tvocabulaire. C&rsquo;est pourquoi notre mission de m\u00e9diation est \tessentielle et nous n&rsquo;\u00e9conomisons pas les d\u00e9placements \tpour prendre la parole. Du c\u00f4t\u00e9 des entreprises, le \tm\u00e9c\u00e9nat est devenu une composante de la strat\u00e9gie \tet de la rentabilit\u00e9, la motivation d&rsquo;image est quelque peu \tp\u00e9rim\u00e9e et n&rsquo;est plus essentielle. Le souci de \tcoh\u00e9sion interne ainsi que l&rsquo;implication soci\u00e9tale \ts&rsquo;imposent comme de nouveaux facteurs d\u00e9terminants \td&rsquo;engagement, mais l&rsquo;entreprise n&rsquo;est pas pour autant philanthrope, \tpar d\u00e9finition. La reprise de la croissance leur permet \taujourd&rsquo;hui de se projeter sur le moyen terme et de ne plus \ts&rsquo;arc-bouter sur des contraintes imm\u00e9diates de survie. Elles \tsont donc pr\u00eates \u00e0 mettre en \u0153uvre de nouvelles \tpratiques de m\u00e9c\u00e9nat. Mais il ne faut quand m\u00eame \tpas oublier que nous sortons \u00e0 peine de plusieurs d\u00e9cennies \tdu \u00abtout Etat\u00bb. Si il existe une sp\u00e9cificit\u00e9 \tfran\u00e7aise qui laissera toujours une place tr\u00e8s large \tau financement public de la culture, il faudra du temps avant que \tles mentalit\u00e9s n&rsquo;acceptent la compl\u00e9mentarit\u00e9 \td&rsquo;un financement priv\u00e9 dont les enjeux ne sont pas les \tm\u00eames.\u00a0\u00bb<\/em> <\/span><\/div>\n<div id=\"sdfootnote63\">\n<p><a name=\"sdfootnote63sym\" href=\"https:\/\/www.outsiderland.com\/danahilliot\/dana_writings\/professionnelsversusamateurs.htm#sdfootnote63anc\">63<\/a>Alexis \tde Tocqueville (1835), <em>De la d\u00e9mocratie en Am\u00e9rique <\/em>, \tchapitre\u00a0: \u00ab\u00a0Comment les Am\u00e9ricains \tcombattent l&rsquo;individualisme par des institutions libres\u00a0\u00bb.<\/div>\n<div id=\"sdfootnote64\">\n<p><a name=\"sdfootnote64sym\" href=\"https:\/\/www.outsiderland.com\/danahilliot\/dana_writings\/professionnelsversusamateurs.htm#sdfootnote64anc\">64<\/a>J&rsquo;entends \tpar l\u00e0 ind\u00e9pendante aussi bien vis-\u00e0-vis des \tinstitutions que des circuits de diffusion et de distribution \tdominants.<\/div>\n<div id=\"sdfootnote65\">\n<p><a name=\"sdfootnote65sym\" href=\"https:\/\/www.outsiderland.com\/danahilliot\/dana_writings\/professionnelsversusamateurs.htm#sdfootnote65anc\">65<\/a>A \ttel point qu&rsquo;on se demande parfois s&rsquo;il n&rsquo;y a pas un certain \tsnobisme de la part des organisateurs de spectacle et du public, \u00e0 \tpr\u00e9f\u00e9rer des groupes am\u00e9ricains plut\u00f4t \tque des groupes fran\u00e7ais, dont les \u0153uvres sont comparables.<\/div>\n<div id=\"sdfootnote66\">\n<p><a name=\"sdfootnote66sym\" href=\"https:\/\/www.outsiderland.com\/danahilliot\/dana_writings\/professionnelsversusamateurs.htm#sdfootnote66anc\">66<\/a>Je \tpourrais citer ainsi des artistes connus qui sont par ailleurs \tfacteurs, enseignants, traducteurs, ing\u00e9nieurs, \tinformaticiens, graphistes, \u00e9b\u00e9nistes, et m\u00eame \ttraders \u00e0 la Bourse ! Sans compter les nombreux \u00e9tudiants \tou b\u00e9n\u00e9ficiaires du RMI.<\/div>\n<div id=\"sdfootnote67\">\n<p><a name=\"sdfootnote67sym\" href=\"https:\/\/www.outsiderland.com\/danahilliot\/dana_writings\/professionnelsversusamateurs.htm#sdfootnote67anc\">67<\/a>Les \tinstruments de mesure font ici d\u00e9faut, mais on peut tout de \tm\u00eame noter que nombre de ces artistes suscitent r\u00e9guli\u00e8rement \tl&rsquo;int\u00e9r\u00eat des m\u00e9dias et des m\u00e9lomanes. \tCes derniers auraient donc fort besoin d&rsquo;\u00eatre r\u00e9\u00e9duqu\u00e9s \tafin de reporter leur int\u00e9r\u00eat vers les \u0153uvres des \tprofessionnels : c&rsquo;est comme le dit de mani\u00e8re \u00e9tonnante \tle rapport de la commission nationale des musiques actuelles (1998) \t\u00ab\u00a0un probl\u00e8me de sant\u00e9 publique\u00a0\u00bb \t(p.68)  &#8211; Je serais heureux qu&rsquo;on m&rsquo;explique ce que la sant\u00e9 \tvient faire l\u00e0-dedans.<\/div>\n<div id=\"sdfootnote68\">\n<p><a name=\"sdfootnote68sym\" href=\"https:\/\/www.outsiderland.com\/danahilliot\/dana_writings\/professionnelsversusamateurs.htm#sdfootnote68anc\">68<\/a>Lire \tnotamment les deux ouvrages majeurs dans ce domaine : Howard Becker, \t<em>Les mondes de l&rsquo;art<\/em>, Champs arts 2005, premi\u00e8re \t\u00e9dition 1982,  et Gary Alan Fine, <em>Everyday Genius<\/em>, \tUniversity Of Chicago Press (2004).<\/div>\n<div id=\"sdfootnote69\">\n<p><a name=\"sdfootnote69sym\" href=\"https:\/\/www.outsiderland.com\/danahilliot\/dana_writings\/professionnelsversusamateurs.htm#sdfootnote69anc\">69<\/a>Je \ttraduis par \u00ab\u00a0foisonnant\u00a0\u00bb le mot de Paul \tFeyerabend : \u00ab\u00a0<em>the world is abounding<\/em> \u00bb.<\/div>\n<div id=\"sdfootnote70\">\n<p><a name=\"sdfootnote70sym\" href=\"https:\/\/www.outsiderland.com\/danahilliot\/dana_writings\/professionnelsversusamateurs.htm#sdfootnote70anc\">70<\/a>Les \tcom\u00e9dies \u00ab\u00a0\u00e0 la fran\u00e7aise\u00a0\u00bb \tfigurant souvent les r\u00e9ussites les plus marquantes de cette \tpolitique d&rsquo;exception culturelle. Au sujet de l&rsquo;exception \tculturelle, et pour un point de vue assez proche du n\u00f4tre, \tlire l&rsquo;article d\u00e9tonnant de <a href=\"http:\/\/multitudes.samizdat.net\/auteur.php3?id_auteur=415\">Christophe \tD&rsquo;Hallivill\u00e9e<\/a>, <a href=\"http:\/\/multitudes.samizdat.net\/auteur.php3?id_auteur=465\">Brian \tHolmes<\/a>, <a href=\"http:\/\/multitudes.samizdat.net\/auteur.php3?id_auteur=6\">Maurizio \tLazzarato<\/a>, Les intermittents et l&rsquo;exception culturelle, publi\u00e9 \tsur le site de la revue Multitudes, octobre 2003, \t(http:\/\/multitudes.samizdat.net\/).<\/div>\n<div id=\"sdfootnote71\">\n<p><a name=\"sdfootnote71sym\" href=\"https:\/\/www.outsiderland.com\/danahilliot\/dana_writings\/professionnelsversusamateurs.htm#sdfootnote71anc\">71<\/a>Fran\u00e7ois \tHers, <em>La cr\u00e9ation, cha\u00eenon manquant des politiques \tculturelles contemporaines<\/em>, in Collectif, <em>L&rsquo;art et la \tSoci\u00e9t\u00e9<\/em>, Unesco 1998, p.54 ss. Fran\u00e7ois \tHers est l&rsquo;initiateur de l&rsquo;utopie, <em>les Nouveaux commanditaires<\/em>, \thttp:\/\/www.nouveauxcommanditaires.org\/.<\/div>\n<div id=\"sdfootnote72\">\n<p><a name=\"sdfootnote72sym\" href=\"https:\/\/www.outsiderland.com\/danahilliot\/dana_writings\/professionnelsversusamateurs.htm#sdfootnote72anc\">72<\/a>http:\/\/www.flickr.com\/<\/div>\n<div id=\"sdfootnote73\">\n<p><a name=\"sdfootnote73sym\" href=\"https:\/\/www.outsiderland.com\/danahilliot\/dana_writings\/professionnelsversusamateurs.htm#sdfootnote73anc\">73<\/a>Je \tne r\u00e9siste pas au plaisir de vous citer ce texte : \u00ab\u00a0<em>You \tcan decide if this is a criticism of Flickr&rsquo;s homogeneity, or it \tcould be conformist performance art. For the most part, I&rsquo;m probably \tjust objectifying toothpaste in an unhealthy way. These images are \tmethodically captured, lovingly hand-tagged and uploaded daily. This \tis more boring for me than it is for you. <\/em>\u00bb<\/div>\n<div id=\"sdfootnote74\">\n<p><a name=\"sdfootnote74sym\" href=\"https:\/\/www.outsiderland.com\/danahilliot\/dana_writings\/professionnelsversusamateurs.htm#sdfootnote74anc\">74<\/a>La \tphotographie, comme la musique, se pr\u00eatent bien, compte tenu \tdes d\u00e9bits aujourd&rsquo;hui disponibles sur internet, \u00e0 la \tcirculation des \u0153uvres. L&rsquo;accessibilit\u00e9 des outils \tphotographiques et la relative facilit\u00e9 des apprentissages \trequis pour ma\u00eetriser ces outils, expliquent en partie le \tsucc\u00e8s de cet art aupr\u00e8s des cr\u00e9ateurs, quelle \tque soit leur connaissance des discours et des pratiques dominantes.<\/div>\n<div id=\"sdfootnote75\">\n<p><a name=\"sdfootnote75sym\" href=\"https:\/\/www.outsiderland.com\/danahilliot\/dana_writings\/professionnelsversusamateurs.htm#sdfootnote75anc\">75<\/a>http:\/\/www.musique-libre.org<\/div>\n<div id=\"sdfootnote76\">\n<p><a name=\"sdfootnote76sym\" href=\"https:\/\/www.outsiderland.com\/danahilliot\/dana_writings\/professionnelsversusamateurs.htm#sdfootnote76anc\">76<\/a>Le \tsite archive.org, v\u00e9ritable monument du net, utilis\u00e9 \tpar des cr\u00e9ateurs du monde entier, expose quant \u00e0 lui \tenviron 180 000 oeuvres (albums, textes, films, concerts etc&#8230;) \ttomb\u00e9es dans le domaine public ou en licence de libre \tdiffusion.<\/div>\n<div id=\"sdfootnote77\">\n<p><a name=\"sdfootnote77sym\" href=\"https:\/\/www.outsiderland.com\/danahilliot\/dana_writings\/professionnelsversusamateurs.htm#sdfootnote77anc\">77<\/a>Ils \tne sont donc pas membres de la SACEM, ou d&rsquo;une soci\u00e9t\u00e9 \tde perception des droits d&rsquo;auteur. Ce point est important : j&rsquo;ai \td\u00e9j\u00e0 \u00e9voqu\u00e9 bri\u00e8vement le r\u00f4le \tque jouent ces soci\u00e9t\u00e9s dans les circuits de \tl\u00e9gitimation institutionnels \u2013 elles prennent \u00e9galement \tune part tr\u00e8s active dans les discussions sur la circulation \tdes \u0153uvres \u00e0 l&rsquo;\u00e8re d&rsquo;internet, d\u00e9fendant une \tversion restrictive des conditions de circulation, et menant un \tlobbying opini\u00e2tre aupr\u00e8s des \u00e9lus.<\/div>\n<div id=\"sdfootnote78\">\n<p><a name=\"sdfootnote78sym\" href=\"https:\/\/www.outsiderland.com\/danahilliot\/dana_writings\/professionnelsversusamateurs.htm#sdfootnote78anc\">78<\/a>Je \tconnais peu d&rsquo;artistes professionnels, en France tout du moins, qui \tont adopt\u00e9 les licences de libre diffusion : sans doute parce \tqu&rsquo;on consid\u00e8re qu&rsquo;il serait irrationnel, compte tenu des \tdifficult\u00e9s de la profession, de se priver des revenus \tengendr\u00e9s par les droits d&rsquo;auteur. Les rares professionnels \tqui ont pris la peine de s&rsquo;int\u00e9resser aux mondes des licence \tde libre diffusion font preuve de scepticisme quant \u00e0 la \tpertinence de ces pratiques, et m\u00eame parfois d&rsquo;agressivit\u00e9. \tJe ne r\u00e9siste pas au plaisir de citer ces quelques mots d&rsquo;un \trepr\u00e9sentant de la profession, glan\u00e9s sur un forum : \t<span lang=\"fr-FR\"><span style=\"font-size: x-small;\"><span style=\"font-family: Bitstream Charter,serif;\"><em>\u00ab\u00a0Alors \toui il y a une s\u00e9lection naturelle des artistes faite par \tl&rsquo;industrie du disque, et ce depuis que la musique existe; tout \tcomme le roi commandait auparavant des \u0153uvres au meilleur \tcompositeur de son temps et lui permettait ainsi de vivre par le \tm\u00e9c\u00e9nat. Les leaders de la gratuit\u00e9, mis \u00e0 \tpar les petits bandits boutonneux masqu\u00e9s et les nostalgiques \tdu goulag, sont aussi de vilains aigris qui ne veulent pas s&rsquo;avouer \tqu&rsquo;ils sont autant artistes que ma concierge, ma belle-m\u00e8re \tou ma grand-m\u00e8re qui lorsqu&rsquo;elles font du point de croix ou \tun joli dessin trouvent \u00e7a beau et ne comprennent pas que \u00e7a \tne me fasse pas chialer ! \u00a0\u00bb (<\/em><span style=\"font-style: normal;\">St\u00e9phane \tJ., compositeur membre de la Sacem, message post\u00e9 sur le \tforum de Framasoft.org<\/span><em>)<\/em><\/span><\/span><\/span><\/div>\n<div id=\"sdfootnote79\">\n<p><a name=\"sdfootnote79sym\" href=\"https:\/\/www.outsiderland.com\/danahilliot\/dana_writings\/professionnelsversusamateurs.htm#sdfootnote79anc\">79<\/a>Ces \tartistes renomm\u00e9s ne sont jamais de nationalit\u00e9 \tfran\u00e7aise : les artistes professionnels fran\u00e7ais \tdemeurent frileux vis-\u00e0-vis de ces outils, qui m\u00e9langent \tall\u00e8grement les cr\u00e9ateurs sans marquer aucune \tdiff\u00e9rence entre les statuts des uns et des autres. Certains \tartistes venus des 4 coins du monde n&rsquo;\u00e9prouvent au contraire \taucune g\u00eane \u00e0 exposer leur travail et \u00e0 se \tconfronter au regard d&rsquo;un large public \u2013 bien plus large en tous \tcas que ce que peut offrir une exposition, aussi importante \tsoit-elle.<\/div>\n<div id=\"sdfootnote80\">\n<p><a name=\"sdfootnote80sym\" href=\"https:\/\/www.outsiderland.com\/danahilliot\/dana_writings\/professionnelsversusamateurs.htm#sdfootnote80anc\">80<\/a>La \tcritique de la technique repose souvent sur ce genre particulier de \ttechnologies : la bombe atomique ou le syst\u00e8me totalitaire, \tsur lesquels les sujets n&rsquo;ont aucune prise. Cette critique doit \u00eatre \tmen\u00e9e, \u00e9videmment, et avec force. Mais il serait \tintellectuellement limit\u00e9 de s&rsquo;interdire, en raison de cette \tcritique, l&rsquo;examen des mani\u00e8res dont les \u00eatres humains \ts&rsquo;approprient certaines techniques \u2013 voire m\u00eame la plupart. \tL&rsquo;erreur logique consiste ici \u00e0 penser la technique comme un \ttyran qui s&rsquo;impose aux masses et en modifie les besoins et les \tcomportements : alors que la technique se manifeste d&rsquo;abord dans des \toutils, c&rsquo;est-\u00e0-dire s&rsquo;incarne dans des pluralit\u00e9s de \trelations et parfois des r\u00e9seaux. L&rsquo;outil, n&rsquo;est pas une \tchose inerte donn\u00e9e avant qu&rsquo;un usager s&rsquo;en empare : l&rsquo;outil \tn&rsquo;existe que dans les relations qu&rsquo;on tisse avec lui. Les lecteurs \tde Bruno Latour reconna\u00eetront dans les remarques qui pr\u00e9c\u00e8dent \tmon int\u00e9r\u00eat pour <em>l&#8217;empire du milieu<\/em>.<\/div>\n<div id=\"sdfootnote81\">\n<p><a name=\"sdfootnote81sym\" href=\"https:\/\/www.outsiderland.com\/danahilliot\/dana_writings\/professionnelsversusamateurs.htm#sdfootnote81anc\">81<\/a>Je \tpr\u00e9f\u00e8re l&rsquo;expression de l&rsquo;\u00e9conomiste philosophe \tAmartya Sen : \u00ab\u00a0idiots rationnels\u00a0\u00bb.  \t\u00ab\u00a0<em>L&rsquo;homme purement \u00e9conomique est \u00e0 vrai \tdire un demeur\u00e9 social. La th\u00e9orie \u00e9conomique \ts&rsquo;est beaucoup occup\u00e9e de cet idiot rationnel, drap\u00e9 \tdans la gloire de son classement de pr\u00e9f\u00e9rence unique \tet multifonctionnel. Pour prendre en compte les diff\u00e9rents \tconcepts relatifs \u00e0 son comportement, nous avons besoin d&rsquo;une \tstructure plus complexe.<\/em> \u00bb \u00ab\u00a0Des Idiots \trationnels , critique de la conception du comportement dans la \tth\u00e9orie \u00e9conomique\u00a0\u00bb, dans le recueil \t<em>Ethique et \u00e9conomie<\/em>, PUF, 1993.<\/div>\n<div id=\"sdfootnote82\">\n<p><a name=\"sdfootnote82sym\" href=\"https:\/\/www.outsiderland.com\/danahilliot\/dana_writings\/professionnelsversusamateurs.htm#sdfootnote82anc\">82<\/a>D&rsquo;un \tpoint de vue pragmatique, on consid\u00e8re souvent qu&rsquo;autoriser \tla libre diffusion des \u0153uvres permet de favoriser leur promotion et \tla reconnaissance de leur auteur : lire \u00e0 ce sujet Florent \tVershelde, \u00ab\u00a0Une histoire de mots\u00a0: culture libre et \tlibre diffusion\u00a0\u00bb lisible sur son blog : \thttp:\/\/www.covertprestige.info\/ et Dana Hilliot, \u00ab\u00a0la \tr\u00e9f\u00e9rence \u00e0 l&rsquo;art dans les d\u00e9bats en \tcours sur le droit de la propri\u00e9t\u00e9 intellectuelle\u00a0\u00bb, \tlisible \u00e0 l&rsquo;adresse suivante : \thttp:\/\/www.another-record.com\/danahilliot\/dana_writings\/writings.htm.<\/div>\n<div id=\"sdfootnote83\">\n<p><a name=\"sdfootnote83sym\" href=\"https:\/\/www.outsiderland.com\/danahilliot\/dana_writings\/professionnelsversusamateurs.htm#sdfootnote83anc\">83<\/a>cf \tSen, <em>opus cit\u00e9<\/em>, p. 97ss.<\/div>\n<div id=\"sdfootnote84\">\n<p><a name=\"sdfootnote84sym\" href=\"https:\/\/www.outsiderland.com\/danahilliot\/dana_writings\/professionnelsversusamateurs.htm#sdfootnote84anc\">84<\/a>Intitul\u00e9 \td&rsquo;un d\u00e9jeuner de presse au S\u00e9nat en d\u00e9cembre \t2004, initi\u00e9 par les lobbys de l&rsquo;industrie du divertissement. \tCertains ne craignent pas le ridicule.<\/div>\n<div id=\"sdfootnote85\">\n<p><a name=\"sdfootnote85sym\" href=\"https:\/\/www.outsiderland.com\/danahilliot\/dana_writings\/professionnelsversusamateurs.htm#sdfootnote85anc\">85<\/a>Quand \ton voit aujourd&rsquo;hui que certains \u00ab\u00a0artistes\u00a0\u00bb \tdevenus tels par la gr\u00e2ce de quelques concours t\u00e9l\u00e9visuels, \tsuscitent des subventions, cela donne \u00e0 penser : la vocation \tartistique n&rsquo;est plus ce qu&rsquo;elle \u00e9tait, et les professionnels \tsont devenus tout de m\u00eame moins regardants sur le parcours des \tmembres qui composent leur caste..<\/div>\n<div>\n<p style=\"text-indent: 0cm; margin-top: 0.5cm; margin-bottom: 0cm; page-break-before: auto;\" align=\"center\"><span style=\"font-family: Bitstream Charter,serif;\"><span style=\"font-size: x-small;\">-49-<\/span><\/span><\/p>\n<hr \/>\n<div id=\"sdfootnote40\" dir=\"ltr\">\n<p style=\"text-indent: 0cm;\">\n<h1>Bibliographie<\/h1>\n<\/div>\n<div id=\"sdfootnote81\" dir=\"ltr\">\n<p>ALEXANDER JANE, \u00ab\u00a0L&rsquo;Etat et l&rsquo;art. Un \tentretien avec Jane Alexander\u00a0\u00bb, <em>Revue \u00e9lectronique \tde l&rsquo;USIA<\/em>, volume 3, num\u00e9ro 1, juin 1998.<\/p>\n<p>BECKER HOWARD S., <em>Les mondes de l&rsquo;art<\/em>, \tFlammarion, 1988 [1982]<\/p>\n<p>C. MACK CHARLES, \u00ab\u00a0La politique \tculturelle aux Etats-Unis\u00a0\u00bb, publi\u00e9e sur le site \tde la documentation de l&rsquo;Unesco (http:\/\/unesdoc.unesco.org\/ulis\/)<\/p>\n<p>CHANTOISEAU J.-B., Le m\u00e9c\u00e9nat aux \tEtats-Unis, 2004, publi\u00e9 sur le site de l&rsquo;association Artelio \t: http:\/\/www.artelio.org\/.<\/p>\n<p>COULANGEON PHILIPPE, <em>Les musiciens interpr\u00e8tes \ten France : Portrait d&rsquo;une profession<\/em>, Paris, La documentation \tFran\u00e7aise, 2004.<\/p>\n<p>DOCTEUR KASIMIR BISOU, <em>La critique des \tpolitiques culturelles \u00e0 l&rsquo;aune de la \u00ab\u00a0diversit\u00e9 \tculturelle\u00a0\u00bb<\/em>, 2005.<\/p>\n<p>FINE GARY ALAN, Everyday Genius, University Of \tChicago Press (2004)<\/p>\n<p>HEINICH NATHALIE, <em>L&rsquo;Elite Artiste. Excellence \tet singularit\u00e9 en r\u00e9gime d\u00e9mocratique<\/em>, \tGallimard 2005.<\/p>\n<p>HEINICH NATHALIE, <em>Le Triple jeu de l\u2019art \tcontemporain. Sociologie des arts plastiques<\/em>. Paris, Minuit, \tcoll. Paradoxe, 1998<\/p>\n<p>H\u00c9NART LAURENT, Rapport fait au nom de la \tcommission des finances, de l&rsquo;\u00e9conomie g\u00e9n\u00e9rale \tet du plan sur le projet de loi (n\u00b0678) relatif au m\u00e9c\u00e9nat \tet aux fondations. 12 mars 2003.<\/p>\n<p>HERS FRAN\u00c7OIS, La cr\u00e9ation, cha\u00eenon \tmanquant des politiques culturelles contemporaines, in Collectif, \tL&rsquo;art et la Soci\u00e9t\u00e9, Unesco 1998.<\/p>\n<p>HILLIOT DANA, \u00ab\u00a0Eloge de la licence \tCreative Commons NC ND\u00a0\u00bb \t(http:\/\/www.another-record.com\/danahilliot\/) 2005.<\/p>\n<p>HILLIOT DANA, \u00ab\u00a0La r\u00e9f\u00e9rence \t\u00e0 l&rsquo;art dans les d\u00e9bats en cours sur le droit de la \tpropri\u00e9t\u00e9 intellectuelle\u00a0\u00bb \t(http:\/\/www.another-record.com\/danahilliot\/) 2006.<\/p>\n<p>HILLIOT DANA, \u00ab\u00a0M\u00e9diath\u00e8ques \tet musiques sous licence de libre diffusion : une convergence \td&rsquo;int\u00e9r\u00eats communs ?\u00a0\u00bb \t(http:\/\/www.another-record.com\/danahilliot\/) 2006.<\/p>\n<p>HILLIOT DANA, \u00ab\u00a0Pour une autre \tdistribution\u00a0\u00bb \t(http:\/\/www.another-record.com\/danahilliot\/) 2005.<\/p>\n<p>HILLIOT DANA, De la diss\u00e9mination de la \tmusique, (http:\/\/www.another-record.com\/danahilliot\/) 2005.<\/p>\n<p>KERT CHRISTIAN, <em>Les m\u00e9tiers \tartistiques<\/em>, Rapport d&rsquo;information d\u00e9pos\u00e9 \u00e0 \tla Commission des affaires culturelles, familiales et sociales \t(2004).<\/p>\n<p>LATOUR BRUNO, <em>Nous n&rsquo;avons jamais \u00e9t\u00e9 \tmodernes \u2013 Essai d&rsquo;anthropologie sym\u00e9trique<\/em>, La \tD\u00e9couverte 1992<\/p>\n<p>MASSI BRUNO, \u00ab\u00a0La loi qui interdit de \tr\u00e9mun\u00e9rer des musiciens amateurs pousse de nombreux \tbars \u00e0 stopper leur programmation.\u00a0\u00bb, <em>Lib\u00e9ration<\/em> 28 f\u00e9vrier 2002.<\/p>\n<p>MENGER PIERRE-MICHEL, <em>Le paradoxe du musicien \t: le compositeur, le m\u00e9lomane et l&rsquo;\u00c9tat dans la \tsoci\u00e9t\u00e9 contemporaine<\/em>, Paris, Flammarion 1983.<\/p>\n<p>MENGER PIERRE-MICHEL, <em>Portrait de l&rsquo;artiste en \ttravailleur, m\u00e9tamorphoses du capitalisme<\/em>, Seuil 2002.<\/p>\n<p>MOULIN RAYMONDE, <em>L&rsquo;artiste, l&rsquo;institution et \tle march\u00e9<\/em>, Flammarion, 1992.<\/p>\n<p>MOULIN RAYMONDE, <em>Le march\u00e9 de l&rsquo;art. \tMondialisation et nouvelles technologies<\/em>, Paris\u00a0: \tFlammarion, Dominos, 2001, 128 p., Nouvelle \u00e9dition revue et \taugment\u00e9e, Champs, 2003<\/p>\n<p>SAEZ GUY,<em> Institutions et vie culturelle<\/em>, \tLa Documentation Fran\u00e7aise, 2005 (2<sup>nd<\/sup> \u00e9dition).<\/p>\n<p>SCARPETTA GUY, \u00ab\u00a0March\u00e9, \tculture et cr\u00e9ation : le grand retour des intermittents du \tspectacle\u00a0\u00bb, <em>Le Monde Diplomatique<\/em>, mai 2004.<\/p>\n<p>SEN AMARTYA, <span style=\"text-decoration: underline;\">Ethique et \u00e9conomie<\/span>, \tPUF, 1993.<\/p>\n<p>SMITH ADAM, <em>La th\u00e9orie des sentiments \tmoraux<\/em> (1759),<\/p>\n<p>TOCQUEVILLE ALEXIS DE, De la d\u00e9mocratie en \tAm\u00e9rique\u00a0, 1835.<\/p>\n<p>VEITL ANNE, <em>Politiques de la musique \tcontemporaine : Le compositeur, la \u00ab recherche musicale \u00bb \tet l&rsquo;\u00c9tat en France de 1958 \u00e0 1991<\/em>, Paris, \t\u00c9ditions L&rsquo;Harmattan, 1997.<\/p>\n<p>VERSCHELDE FLORENT, \u00ab\u00a0Une histoire de \tmots : culture libre et libre diffusion\u00a0\u00bb, \t(http:\/\/www.covertprestige.info\/) 2006.<\/p>\n<p>VERSHELDE FLORENT, \u00ab\u00a0Musique et \tInternet\u00a0: vers une d\u00e9centralisation de la culture ?\u00a0\u00bb \t(http:\/\/www.covertprestige.info\/) 2006.<\/p>\n<p style=\"text-indent: 0cm; margin-bottom: 0cm; page-break-before: auto;\" align=\"left\">\n<\/div>\n<p style=\"text-indent: 0cm; margin-bottom: 0cm; font-style: normal; page-break-before: always;\" align=\"left\">\n<p style=\"text-indent: 0cm; margin-bottom: 0cm; font-style: normal; page-break-before: auto;\" align=\"left\">\n<p style=\"text-indent: 0cm; margin-bottom: 0cm; font-style: normal; page-break-before: auto;\" align=\"left\">\n<h1>Remerciements :<\/h1>\n<p>Ce texte doit beaucoup aux discussions men\u00e9es sur musique-libre.org, et j&rsquo;en remercie tous les membres actifs sur les forums.<\/p>\n<p><span style=\"font-style: normal;\"><span style=\"font-family: Bitstream Charter,serif;\">Un grand merci \u00e9galement \u00e0 Florent Verschelde, <\/span>Eric Aouan\u00e8s<span style=\"font-family: Bitstream Charter,serif;\">, <\/span>Eric-Marie Gabalda<span style=\"font-family: Bitstream Charter,serif;\">, et <\/span>Emmanuel Sargos, de musique-libre.org, ainsi qu&rsquo;\u00e0 Xavier Bonnot de l&rsquo;IRMA.<\/span><\/p>\n<p>Ces r\u00e9flexions doivent \u00e9norm\u00e9ment \u00e0 mon amie Delphine Dori, dont les travaux sur l&rsquo;art brut et les arts outsider constituent une des toiles de fond de cet article.<\/p>\n<hr \/>\n<\/div>\n<p>texte sous licence <a href=\"http:\/\/iang.info\"><br \/>\n<img decoding=\"async\" src=\"http:\/\/iang.info\/iang32.png\" alt=\"IANG\" border=\"0\"\/><br \/>\n<\/a><\/p>\n","protected":false},"excerpt":{"rendered":"<p>Professionnels versus amateurs ( un immense merci \u00e0 Florent Verschelde pour la relecture le commentaire et la correction de ce texte) Table des mati\u00e8res 1. Explorations s\u00e9mantiques 4 1.1 Une distinction sociale 4 1.2. Une distinction morale 5 2. L&rsquo; amateur, cet inconnu 7 2.1. Accompagner vers la professionnalisation : 7 2.2. L&rsquo;impossible expertise des&hellip;<\/p>\n <a href=\"https:\/\/outsiderland.com\/danahilliot\/professionnels-versus-amateurs-2006\/\" title=\"Professionnels versus amateurs (2006)\" class=\"entry-more-link\"><span>Read More<\/span> <span class=\"screen-reader-text\">Professionnels versus amateurs (2006)<\/span><\/a>","protected":false},"author":1,"featured_media":0,"parent":0,"menu_order":0,"comment_status":"closed","ping_status":"open","template":"","meta":{"Layout":"","footnotes":""},"categories":[],"tags":[],"class_list":["entry","author-danah","has-pages","post-300","page","type-page","status-publish"],"yoast_head":"<!-- This site is optimized with the Yoast SEO plugin v27.0 - https:\/\/yoast.com\/product\/yoast-seo-wordpress\/ -->\n<title>Professionnels versus amateurs (2006) - Outside Dana Hilliot<\/title>\n<meta name=\"robots\" content=\"index, follow, max-snippet:-1, max-image-preview:large, max-video-preview:-1\" \/>\n<link rel=\"canonical\" href=\"https:\/\/outsiderland.com\/danahilliot\/professionnels-versus-amateurs-2006\/\" \/>\n<link rel=\"next\" href=\"https:\/\/outsiderland.com\/danahilliot\/professionnels-versus-amateurs-2006\/2\/\" \/>\n<meta property=\"og:locale\" content=\"fr_FR\" \/>\n<meta property=\"og:type\" content=\"article\" \/>\n<meta property=\"og:title\" content=\"Professionnels versus amateurs (2006) - Outside Dana Hilliot\" \/>\n<meta property=\"og:description\" content=\"Professionnels versus amateurs ( un immense merci \u00e0 Florent Verschelde pour la relecture le commentaire et la correction de ce texte) Table des mati\u00e8res 1. Explorations s\u00e9mantiques 4 1.1 Une distinction sociale 4 1.2. Une distinction morale 5 2. L&rsquo; amateur, cet inconnu 7 2.1. Accompagner vers la professionnalisation : 7 2.2. L&rsquo;impossible expertise des&hellip;\" \/>\n<meta property=\"og:url\" content=\"https:\/\/outsiderland.com\/danahilliot\/professionnels-versus-amateurs-2006\/\" \/>\n<meta property=\"og:site_name\" content=\"Outside Dana Hilliot\" \/>\n<meta property=\"og:image\" content=\"http:\/\/iang.info\/iang32.png\" \/>\n<meta name=\"twitter:card\" content=\"summary_large_image\" \/>\n<meta name=\"twitter:label1\" content=\"Dur\u00e9e de lecture estim\u00e9e\" \/>\n\t<meta name=\"twitter:data1\" content=\"119 minutes\" \/>\n<script type=\"application\/ld+json\" class=\"yoast-schema-graph\">{\"@context\":\"https:\/\/schema.org\",\"@graph\":[{\"@type\":\"WebPage\",\"@id\":\"https:\/\/outsiderland.com\/danahilliot\/professionnels-versus-amateurs-2006\/\",\"url\":\"https:\/\/outsiderland.com\/danahilliot\/professionnels-versus-amateurs-2006\/\",\"name\":\"Professionnels versus amateurs (2006) - Outside Dana Hilliot\",\"isPartOf\":{\"@id\":\"https:\/\/outsiderland.com\/danahilliot\/#website\"},\"primaryImageOfPage\":{\"@id\":\"https:\/\/outsiderland.com\/danahilliot\/professionnels-versus-amateurs-2006\/#primaryimage\"},\"image\":{\"@id\":\"https:\/\/outsiderland.com\/danahilliot\/professionnels-versus-amateurs-2006\/#primaryimage\"},\"thumbnailUrl\":\"http:\/\/iang.info\/iang32.png\",\"datePublished\":\"2014-04-16T15:20:30+00:00\",\"inLanguage\":\"fr-FR\",\"potentialAction\":[{\"@type\":\"ReadAction\",\"target\":[\"https:\/\/outsiderland.com\/danahilliot\/professionnels-versus-amateurs-2006\/\"]}]},{\"@type\":\"ImageObject\",\"inLanguage\":\"fr-FR\",\"@id\":\"https:\/\/outsiderland.com\/danahilliot\/professionnels-versus-amateurs-2006\/#primaryimage\",\"url\":\"http:\/\/iang.info\/iang32.png\",\"contentUrl\":\"http:\/\/iang.info\/iang32.png\"},{\"@type\":\"WebSite\",\"@id\":\"https:\/\/outsiderland.com\/danahilliot\/#website\",\"url\":\"https:\/\/outsiderland.com\/danahilliot\/\",\"name\":\"Outside Dana Hilliot\",\"description\":\". Archives . Activit\u00e9s . Projets .\",\"publisher\":{\"@id\":\"https:\/\/outsiderland.com\/danahilliot\/#\/schema\/person\/201a1fef0f5c2897bd65e98bcf6b1179\"},\"potentialAction\":[{\"@type\":\"SearchAction\",\"target\":{\"@type\":\"EntryPoint\",\"urlTemplate\":\"https:\/\/outsiderland.com\/danahilliot\/?s={search_term_string}\"},\"query-input\":{\"@type\":\"PropertyValueSpecification\",\"valueRequired\":true,\"valueName\":\"search_term_string\"}}],\"inLanguage\":\"fr-FR\"},{\"@type\":[\"Person\",\"Organization\"],\"@id\":\"https:\/\/outsiderland.com\/danahilliot\/#\/schema\/person\/201a1fef0f5c2897bd65e98bcf6b1179\",\"name\":\"danahilliot\",\"image\":{\"@type\":\"ImageObject\",\"inLanguage\":\"fr-FR\",\"@id\":\"https:\/\/outsiderland.com\/danahilliot\/#\/schema\/person\/image\/\",\"url\":\"https:\/\/outsiderland.com\/danahilliot\/wp-content\/uploads\/2026\/02\/50801449407_a909f2c1ad_k.jpg\",\"contentUrl\":\"https:\/\/outsiderland.com\/danahilliot\/wp-content\/uploads\/2026\/02\/50801449407_a909f2c1ad_k.jpg\",\"width\":2048,\"height\":1536,\"caption\":\"danahilliot\"},\"logo\":{\"@id\":\"https:\/\/outsiderland.com\/danahilliot\/#\/schema\/person\/image\/\"}}]}<\/script>\n<!-- \/ Yoast SEO plugin. -->","yoast_head_json":{"title":"Professionnels versus amateurs (2006) - Outside Dana Hilliot","robots":{"index":"index","follow":"follow","max-snippet":"max-snippet:-1","max-image-preview":"max-image-preview:large","max-video-preview":"max-video-preview:-1"},"canonical":"https:\/\/outsiderland.com\/danahilliot\/professionnels-versus-amateurs-2006\/","next":"https:\/\/outsiderland.com\/danahilliot\/professionnels-versus-amateurs-2006\/2\/","og_locale":"fr_FR","og_type":"article","og_title":"Professionnels versus amateurs (2006) - Outside Dana Hilliot","og_description":"Professionnels versus amateurs ( un immense merci \u00e0 Florent Verschelde pour la relecture le commentaire et la correction de ce texte) Table des mati\u00e8res 1. Explorations s\u00e9mantiques 4 1.1 Une distinction sociale 4 1.2. Une distinction morale 5 2. L&rsquo; amateur, cet inconnu 7 2.1. Accompagner vers la professionnalisation : 7 2.2. L&rsquo;impossible expertise des&hellip;","og_url":"https:\/\/outsiderland.com\/danahilliot\/professionnels-versus-amateurs-2006\/","og_site_name":"Outside Dana Hilliot","og_image":[{"url":"http:\/\/iang.info\/iang32.png","type":"","width":"","height":""}],"twitter_card":"summary_large_image","twitter_misc":{"Dur\u00e9e de lecture estim\u00e9e":"119 minutes"},"schema":{"@context":"https:\/\/schema.org","@graph":[{"@type":"WebPage","@id":"https:\/\/outsiderland.com\/danahilliot\/professionnels-versus-amateurs-2006\/","url":"https:\/\/outsiderland.com\/danahilliot\/professionnels-versus-amateurs-2006\/","name":"Professionnels versus amateurs (2006) - Outside Dana Hilliot","isPartOf":{"@id":"https:\/\/outsiderland.com\/danahilliot\/#website"},"primaryImageOfPage":{"@id":"https:\/\/outsiderland.com\/danahilliot\/professionnels-versus-amateurs-2006\/#primaryimage"},"image":{"@id":"https:\/\/outsiderland.com\/danahilliot\/professionnels-versus-amateurs-2006\/#primaryimage"},"thumbnailUrl":"http:\/\/iang.info\/iang32.png","datePublished":"2014-04-16T15:20:30+00:00","inLanguage":"fr-FR","potentialAction":[{"@type":"ReadAction","target":["https:\/\/outsiderland.com\/danahilliot\/professionnels-versus-amateurs-2006\/"]}]},{"@type":"ImageObject","inLanguage":"fr-FR","@id":"https:\/\/outsiderland.com\/danahilliot\/professionnels-versus-amateurs-2006\/#primaryimage","url":"http:\/\/iang.info\/iang32.png","contentUrl":"http:\/\/iang.info\/iang32.png"},{"@type":"WebSite","@id":"https:\/\/outsiderland.com\/danahilliot\/#website","url":"https:\/\/outsiderland.com\/danahilliot\/","name":"Outside Dana Hilliot","description":". Archives . Activit\u00e9s . Projets .","publisher":{"@id":"https:\/\/outsiderland.com\/danahilliot\/#\/schema\/person\/201a1fef0f5c2897bd65e98bcf6b1179"},"potentialAction":[{"@type":"SearchAction","target":{"@type":"EntryPoint","urlTemplate":"https:\/\/outsiderland.com\/danahilliot\/?s={search_term_string}"},"query-input":{"@type":"PropertyValueSpecification","valueRequired":true,"valueName":"search_term_string"}}],"inLanguage":"fr-FR"},{"@type":["Person","Organization"],"@id":"https:\/\/outsiderland.com\/danahilliot\/#\/schema\/person\/201a1fef0f5c2897bd65e98bcf6b1179","name":"danahilliot","image":{"@type":"ImageObject","inLanguage":"fr-FR","@id":"https:\/\/outsiderland.com\/danahilliot\/#\/schema\/person\/image\/","url":"https:\/\/outsiderland.com\/danahilliot\/wp-content\/uploads\/2026\/02\/50801449407_a909f2c1ad_k.jpg","contentUrl":"https:\/\/outsiderland.com\/danahilliot\/wp-content\/uploads\/2026\/02\/50801449407_a909f2c1ad_k.jpg","width":2048,"height":1536,"caption":"danahilliot"},"logo":{"@id":"https:\/\/outsiderland.com\/danahilliot\/#\/schema\/person\/image\/"}}]}},"_links":{"self":[{"href":"https:\/\/outsiderland.com\/danahilliot\/wp-json\/wp\/v2\/pages\/300","targetHints":{"allow":["GET"]}}],"collection":[{"href":"https:\/\/outsiderland.com\/danahilliot\/wp-json\/wp\/v2\/pages"}],"about":[{"href":"https:\/\/outsiderland.com\/danahilliot\/wp-json\/wp\/v2\/types\/page"}],"author":[{"embeddable":true,"href":"https:\/\/outsiderland.com\/danahilliot\/wp-json\/wp\/v2\/users\/1"}],"replies":[{"embeddable":true,"href":"https:\/\/outsiderland.com\/danahilliot\/wp-json\/wp\/v2\/comments?post=300"}],"version-history":[{"count":0,"href":"https:\/\/outsiderland.com\/danahilliot\/wp-json\/wp\/v2\/pages\/300\/revisions"}],"wp:attachment":[{"href":"https:\/\/outsiderland.com\/danahilliot\/wp-json\/wp\/v2\/media?parent=300"}],"wp:term":[{"taxonomy":"category","embeddable":true,"href":"https:\/\/outsiderland.com\/danahilliot\/wp-json\/wp\/v2\/categories?post=300"},{"taxonomy":"post_tag","embeddable":true,"href":"https:\/\/outsiderland.com\/danahilliot\/wp-json\/wp\/v2\/tags?post=300"}],"curies":[{"name":"wp","href":"https:\/\/api.w.org\/{rel}","templated":true}]}}