{"id":605,"date":"2015-12-27T10:11:11","date_gmt":"2015-12-27T10:11:11","guid":{"rendered":"https:\/\/outsiderland.com\/Roger-Delcros\/?page_id=605"},"modified":"2026-02-11T10:30:34","modified_gmt":"2026-02-11T10:30:34","slug":"prat-de-bouc-haute-planeze-aujourdhui","status":"publish","type":"page","link":"https:\/\/outsiderland.com\/Roger-Delcros\/?page_id=605","title":{"rendered":"Prat-de-Bouc Haute-Plan\u00e8ze aujourd&rsquo;hui"},"content":{"rendered":"<p><span style=\"text-decoration: underline;\"><strong>Domaine nordique Prat de Bouc Haute-Plan\u00e8ze<\/strong><\/span> : Altitude de 1170 m \u00e0 1670 m . Albepierre 15300<\/p>\n<p><img loading=\"lazy\" decoding=\"async\" class=\"alignnone size-medium wp-image-4298\" src=\"https:\/\/outsiderland.com\/Roger-Delcros\/wp-content\/uploads\/2023\/01\/20230106_112157-559x300.jpg\" alt=\"\" width=\"559\" height=\"300\" srcset=\"https:\/\/outsiderland.com\/Roger-Delcros\/wp-content\/uploads\/2023\/01\/20230106_112157-559x300.jpg 559w, https:\/\/outsiderland.com\/Roger-Delcros\/wp-content\/uploads\/2023\/01\/20230106_112157-1024x550.jpg 1024w, https:\/\/outsiderland.com\/Roger-Delcros\/wp-content\/uploads\/2023\/01\/20230106_112157-768x412.jpg 768w, https:\/\/outsiderland.com\/Roger-Delcros\/wp-content\/uploads\/2023\/01\/20230106_112157-720x387.jpg 720w, https:\/\/outsiderland.com\/Roger-Delcros\/wp-content\/uploads\/2023\/01\/20230106_112157-224x120.jpg 224w, https:\/\/outsiderland.com\/Roger-Delcros\/wp-content\/uploads\/2023\/01\/20230106_112157-968x520.jpg 968w, https:\/\/outsiderland.com\/Roger-Delcros\/wp-content\/uploads\/2023\/01\/20230106_112157.jpg 1080w\" sizes=\"auto, (max-width: 559px) 100vw, 559px\" \/><\/p>\n<figure id=\"attachment_2317\" aria-describedby=\"caption-attachment-2317\" style=\"width: 252px\" class=\"wp-caption aligncenter\"><img loading=\"lazy\" decoding=\"async\" class=\"wp-image-2317 \" src=\"https:\/\/outsiderland.com\/Roger-Delcros\/wp-content\/uploads\/2017\/12\/25395890_1779632112338136_4284906489388829019_n-226x300.jpg\" alt=\"\" width=\"252\" height=\"334\" srcset=\"https:\/\/outsiderland.com\/Roger-Delcros\/wp-content\/uploads\/2017\/12\/25395890_1779632112338136_4284906489388829019_n-226x300.jpg 226w, https:\/\/outsiderland.com\/Roger-Delcros\/wp-content\/uploads\/2017\/12\/25395890_1779632112338136_4284906489388829019_n-169x224.jpg 169w, https:\/\/outsiderland.com\/Roger-Delcros\/wp-content\/uploads\/2017\/12\/25395890_1779632112338136_4284906489388829019_n-392x520.jpg 392w, https:\/\/outsiderland.com\/Roger-Delcros\/wp-content\/uploads\/2017\/12\/25395890_1779632112338136_4284906489388829019_n.jpg 677w\" sizes=\"auto, (max-width: 252px) 100vw, 252px\" \/><figcaption id=\"caption-attachment-2317\" class=\"wp-caption-text\">Panneau de la piste : Alfred Jacomis , piste inaugur\u00e9e le 17 dimanche d\u00e9cembre 2017<\/figcaption><\/figure>\n<p><span style=\"text-decoration: underline;\">Les portes d&rsquo; entr\u00e9es du domaine nordique<\/span><\/p>\n<p><strong>Prat de Bouc : <a href=\"http:\/\/www.pratdebouc-cantal.fr\">Prat de Bouc Cantal<\/a><br \/>\n<\/strong><\/p>\n<p><strong>Le Ch\u00e9 : <a href=\"https:\/\/www.outsiderland.com\/foyer-nordique-haute-planeze\/fr\/\">Foyer nordique du Ch\u00e9<\/a><\/strong><\/p>\n<p><strong>C\u00e9zens :\u00a0<\/strong>Le foyer de ski de fond\u00a0 de C\u00e9zens . Il y a 4 pistes de ski de fond et 2 de raquette \u00e0 neige.<\/p>\n<figure id=\"attachment_3303\" aria-describedby=\"caption-attachment-3303\" style=\"width: 417px\" class=\"wp-caption alignnone\"><img loading=\"lazy\" decoding=\"async\" class=\"wp-image-3303 size-medium\" src=\"https:\/\/outsiderland.com\/Roger-Delcros\/wp-content\/uploads\/2020\/03\/20200329_111200-417x300.jpg\" alt=\"\" width=\"417\" height=\"300\" srcset=\"https:\/\/outsiderland.com\/Roger-Delcros\/wp-content\/uploads\/2020\/03\/20200329_111200-417x300.jpg 417w, https:\/\/outsiderland.com\/Roger-Delcros\/wp-content\/uploads\/2020\/03\/20200329_111200-768x553.jpg 768w, https:\/\/outsiderland.com\/Roger-Delcros\/wp-content\/uploads\/2020\/03\/20200329_111200-1024x737.jpg 1024w, https:\/\/outsiderland.com\/Roger-Delcros\/wp-content\/uploads\/2020\/03\/20200329_111200-720x518.jpg 720w, https:\/\/outsiderland.com\/Roger-Delcros\/wp-content\/uploads\/2020\/03\/20200329_111200-224x161.jpg 224w, https:\/\/outsiderland.com\/Roger-Delcros\/wp-content\/uploads\/2020\/03\/20200329_111200-722x520.jpg 722w, https:\/\/outsiderland.com\/Roger-Delcros\/wp-content\/uploads\/2020\/03\/20200329_111200-1140x821.jpg 1140w\" sizes=\"auto, (max-width: 417px) 100vw, 417px\" \/><figcaption id=\"caption-attachment-3303\" class=\"wp-caption-text\">Plan des pistes de Prat de Bouc : ski de fond\u00a0 , ski de randonn\u00e9e nordique, pulka , ski de rando &#8230; Et activit\u00e9s nordiques : raquettes \u00e0 neige, luge &#8230; Les pistes de ski alpin se situe sur la gauche du plan .<\/figcaption><\/figure>\n<p>Les portes d&rsquo;entr\u00e9es du domaine nordique sont l&rsquo;occasion d&rsquo;appr\u00e9cier la vari\u00e9t\u00e9 des paysages travers\u00e9s : au fond des cirques glaciaires , sur les plateaux basaltiques , dans les espaces bois\u00e9s ou les estives enneig\u00e9es . ( <em>Plus gros p\u00f4le\u00a0 nordique du Cantal ) <\/em><\/p>\n<p>Les communes du domaine nordique sont : Albepierre-Bredons , Valu\u00e9jols , Paulhac , Laveissenet et C\u00e9zens\u00a0 \u00a0.<\/p>\n<p><span style=\"text-decoration: underline;\">Les activit\u00e9s nordique du domaine<\/span><\/p>\n<ul>\n<li>Ski de fond : 60 km de piste ( classique et Skating )<\/li>\n<li>Randonn\u00e9e nordique , circuits balis\u00e9s et hors-piste<\/li>\n<li>Raquettes \u00e0 neige , circuits balis\u00e9s et hors-piste<\/li>\n<li>Biathlon , animations<\/li>\n<li>Luge et Pulka<\/li>\n<li>Sport de traineau , animations<\/li>\n<\/ul>\n<p>Championnat du Cantal d\u00e9partementaux de ski de fond , le 25 f\u00e9vrier au domaine nordique .<\/p>\n<p>&nbsp;<\/p>\n<figure id=\"attachment_2620\" aria-describedby=\"caption-attachment-2620\" style=\"width: 533px\" class=\"wp-caption alignnone\"><img loading=\"lazy\" decoding=\"async\" class=\"wp-image-2620 size-medium\" src=\"https:\/\/outsiderland.com\/Roger-Delcros\/wp-content\/uploads\/2018\/11\/img_2729_1-3541273-533x300.jpg\" alt=\"\" width=\"533\" height=\"300\" srcset=\"https:\/\/outsiderland.com\/Roger-Delcros\/wp-content\/uploads\/2018\/11\/img_2729_1-3541273-533x300.jpg 533w, https:\/\/outsiderland.com\/Roger-Delcros\/wp-content\/uploads\/2018\/11\/img_2729_1-3541273-768x432.jpg 768w, https:\/\/outsiderland.com\/Roger-Delcros\/wp-content\/uploads\/2018\/11\/img_2729_1-3541273-1024x576.jpg 1024w, https:\/\/outsiderland.com\/Roger-Delcros\/wp-content\/uploads\/2018\/11\/img_2729_1-3541273-720x405.jpg 720w, https:\/\/outsiderland.com\/Roger-Delcros\/wp-content\/uploads\/2018\/11\/img_2729_1-3541273-224x126.jpg 224w, https:\/\/outsiderland.com\/Roger-Delcros\/wp-content\/uploads\/2018\/11\/img_2729_1-3541273-924x520.jpg 924w, https:\/\/outsiderland.com\/Roger-Delcros\/wp-content\/uploads\/2018\/11\/img_2729_1-3541273-1140x641.jpg 1140w, https:\/\/outsiderland.com\/Roger-Delcros\/wp-content\/uploads\/2018\/11\/img_2729_1-3541273.jpg 1200w\" sizes=\"auto, (max-width: 533px) 100vw, 533px\" \/><figcaption id=\"caption-attachment-2620\" class=\"wp-caption-text\">Photo de la premi\u00e8re course de Biathlon , le 4 mars 2018 , dans le massif Central . Cette course a eu lieu au Domaine Nordique de Prat de Bouc \/ Haute Plan\u00e8ze . Emilie Combes , au premier plan .<\/figcaption><\/figure>\n<figure id=\"attachment_59\" aria-describedby=\"caption-attachment-59\" style=\"width: 300px\" class=\"wp-caption alignnone\"><a href=\"https:\/\/outsiderland.com\/Roger-Delcros\/wp-content\/uploads\/2015\/06\/33841910_m.jpg\"><img loading=\"lazy\" decoding=\"async\" class=\"wp-image-59 size-full\" src=\"https:\/\/outsiderland.com\/Roger-Delcros\/wp-content\/uploads\/2015\/06\/33841910_m.jpg\" alt=\"33841910_m\" width=\"300\" height=\"225\" srcset=\"https:\/\/outsiderland.com\/Roger-Delcros\/wp-content\/uploads\/2015\/06\/33841910_m.jpg 300w, https:\/\/outsiderland.com\/Roger-Delcros\/wp-content\/uploads\/2015\/06\/33841910_m-224x168.jpg 224w\" sizes=\"auto, (max-width: 300px) 100vw, 300px\" \/><\/a><figcaption id=\"caption-attachment-59\" class=\"wp-caption-text\">Buron de la Souleyre datant de 1724 , il appartenait \u00e0 mes grands-parents : Juliette et Marcel Jacomis .<\/figcaption><\/figure>\n<figure id=\"attachment_1727\" aria-describedby=\"caption-attachment-1727\" style=\"width: 208px\" class=\"wp-caption aligncenter\"><img loading=\"lazy\" decoding=\"async\" class=\"wp-image-1727 size-medium\" src=\"https:\/\/outsiderland.com\/Roger-Delcros\/wp-content\/uploads\/2015\/12\/285651_541280425911553_1119381317_n-208x300.jpg\" alt=\"\" width=\"208\" height=\"300\" srcset=\"https:\/\/outsiderland.com\/Roger-Delcros\/wp-content\/uploads\/2015\/12\/285651_541280425911553_1119381317_n-208x300.jpg 208w, https:\/\/outsiderland.com\/Roger-Delcros\/wp-content\/uploads\/2015\/12\/285651_541280425911553_1119381317_n-156x224.jpg 156w, https:\/\/outsiderland.com\/Roger-Delcros\/wp-content\/uploads\/2015\/12\/285651_541280425911553_1119381317_n.jpg 280w\" sizes=\"auto, (max-width: 208px) 100vw, 208px\" \/><figcaption id=\"caption-attachment-1727\" class=\"wp-caption-text\">Skating au domaine nordique de Prat de Bouc , f\u00e9vrier 2013<\/figcaption><\/figure>\n<figure id=\"attachment_2264\" aria-describedby=\"caption-attachment-2264\" style=\"width: 399px\" class=\"wp-caption alignright\"><img loading=\"lazy\" decoding=\"async\" class=\"wp-image-2264 size-medium\" src=\"https:\/\/outsiderland.com\/Roger-Delcros\/wp-content\/uploads\/2015\/12\/premierspas-enskisHOK-900x676-399x300.jpg\" alt=\"\" width=\"399\" height=\"300\" srcset=\"https:\/\/outsiderland.com\/Roger-Delcros\/wp-content\/uploads\/2015\/12\/premierspas-enskisHOK-900x676-399x300.jpg 399w, https:\/\/outsiderland.com\/Roger-Delcros\/wp-content\/uploads\/2015\/12\/premierspas-enskisHOK-900x676-768x577.jpg 768w, https:\/\/outsiderland.com\/Roger-Delcros\/wp-content\/uploads\/2015\/12\/premierspas-enskisHOK-900x676-720x541.jpg 720w, https:\/\/outsiderland.com\/Roger-Delcros\/wp-content\/uploads\/2015\/12\/premierspas-enskisHOK-900x676-224x168.jpg 224w, https:\/\/outsiderland.com\/Roger-Delcros\/wp-content\/uploads\/2015\/12\/premierspas-enskisHOK-900x676-692x520.jpg 692w, https:\/\/outsiderland.com\/Roger-Delcros\/wp-content\/uploads\/2015\/12\/premierspas-enskisHOK-900x676.jpg 900w\" sizes=\"auto, (max-width: 399px) 100vw, 399px\" \/><figcaption id=\"caption-attachment-2264\" class=\"wp-caption-text\">En cette apr\u00e8s-midi de f\u00e9vrier 2015 au Ch\u00e9 , nous sommes ( Laetitia , Maelle et moi ) . Les pionniers du Ski Altai Hok dans le Massif Central gr\u00e2ce \u00e0 Vincent S\u00e9guret qui fut l&rsquo;un des premiers \u00e0\u00a0 skier et \u00e0 croire en ces skis-raquettes en France .<\/figcaption><\/figure>\n<figure id=\"attachment_2263\" aria-describedby=\"caption-attachment-2263\" style=\"width: 399px\" class=\"wp-caption alignnone\"><img loading=\"lazy\" decoding=\"async\" class=\"wp-image-2263 size-medium\" src=\"https:\/\/outsiderland.com\/Roger-Delcros\/wp-content\/uploads\/2015\/12\/livraison-skisHOK-900x676-399x300.jpg\" alt=\"\" width=\"399\" height=\"300\" srcset=\"https:\/\/outsiderland.com\/Roger-Delcros\/wp-content\/uploads\/2015\/12\/livraison-skisHOK-900x676-399x300.jpg 399w, https:\/\/outsiderland.com\/Roger-Delcros\/wp-content\/uploads\/2015\/12\/livraison-skisHOK-900x676-768x577.jpg 768w, https:\/\/outsiderland.com\/Roger-Delcros\/wp-content\/uploads\/2015\/12\/livraison-skisHOK-900x676-720x541.jpg 720w, https:\/\/outsiderland.com\/Roger-Delcros\/wp-content\/uploads\/2015\/12\/livraison-skisHOK-900x676-224x168.jpg 224w, https:\/\/outsiderland.com\/Roger-Delcros\/wp-content\/uploads\/2015\/12\/livraison-skisHOK-900x676-692x520.jpg 692w, https:\/\/outsiderland.com\/Roger-Delcros\/wp-content\/uploads\/2015\/12\/livraison-skisHOK-900x676.jpg 900w\" sizes=\"auto, (max-width: 399px) 100vw, 399px\" \/><figcaption id=\"caption-attachment-2263\" class=\"wp-caption-text\">Livraison des skis Altai Hok au foyer nordique du Ch\u00e9 en 2015 . Photographies de Vincent S\u00e9guret<\/figcaption><\/figure>\n<figure id=\"attachment_435\" aria-describedby=\"caption-attachment-435\" style=\"width: 533px\" class=\"wp-caption alignnone\"><a href=\"https:\/\/outsiderland.com\/Roger-Delcros\/wp-content\/uploads\/2015\/09\/1393915_781531115259507_2125413786491424413_n.jpg\"><img loading=\"lazy\" decoding=\"async\" class=\"wp-image-435 size-medium\" src=\"https:\/\/outsiderland.com\/Roger-Delcros\/wp-content\/uploads\/2015\/09\/1393915_781531115259507_2125413786491424413_n-533x300.jpg\" alt=\"1393915_781531115259507_2125413786491424413_n\" width=\"533\" height=\"300\" srcset=\"https:\/\/outsiderland.com\/Roger-Delcros\/wp-content\/uploads\/2015\/09\/1393915_781531115259507_2125413786491424413_n-533x300.jpg 533w, https:\/\/outsiderland.com\/Roger-Delcros\/wp-content\/uploads\/2015\/09\/1393915_781531115259507_2125413786491424413_n-720x405.jpg 720w, https:\/\/outsiderland.com\/Roger-Delcros\/wp-content\/uploads\/2015\/09\/1393915_781531115259507_2125413786491424413_n-224x126.jpg 224w, https:\/\/outsiderland.com\/Roger-Delcros\/wp-content\/uploads\/2015\/09\/1393915_781531115259507_2125413786491424413_n-924x520.jpg 924w, https:\/\/outsiderland.com\/Roger-Delcros\/wp-content\/uploads\/2015\/09\/1393915_781531115259507_2125413786491424413_n.jpg 960w\" sizes=\"auto, (max-width: 533px) 100vw, 533px\" \/><\/a><figcaption id=\"caption-attachment-435\" class=\"wp-caption-text\">Skis Hok sur le secteur de la haute-plan\u00e8ze ( La\u00ebtitia et Ma\u00eblle ) en 2015<\/figcaption><\/figure>\n<figure id=\"attachment_432\" aria-describedby=\"caption-attachment-432\" style=\"width: 533px\" class=\"wp-caption alignnone\"><img loading=\"lazy\" decoding=\"async\" class=\"wp-image-432 size-medium\" src=\"https:\/\/outsiderland.com\/Roger-Delcros\/wp-content\/uploads\/2015\/09\/11016831_790879680991317_4927387985981572826_n-533x300.jpg\" alt=\"\" width=\"533\" height=\"300\" srcset=\"https:\/\/outsiderland.com\/Roger-Delcros\/wp-content\/uploads\/2015\/09\/11016831_790879680991317_4927387985981572826_n-533x300.jpg 533w, https:\/\/outsiderland.com\/Roger-Delcros\/wp-content\/uploads\/2015\/09\/11016831_790879680991317_4927387985981572826_n-720x405.jpg 720w, https:\/\/outsiderland.com\/Roger-Delcros\/wp-content\/uploads\/2015\/09\/11016831_790879680991317_4927387985981572826_n-224x126.jpg 224w, https:\/\/outsiderland.com\/Roger-Delcros\/wp-content\/uploads\/2015\/09\/11016831_790879680991317_4927387985981572826_n-924x520.jpg 924w, https:\/\/outsiderland.com\/Roger-Delcros\/wp-content\/uploads\/2015\/09\/11016831_790879680991317_4927387985981572826_n.jpg 960w\" sizes=\"auto, (max-width: 533px) 100vw, 533px\" \/><figcaption id=\"caption-attachment-432\" class=\"wp-caption-text\">Ski de randonn\u00e9e nordique ( Altai Hok ) sur la Haute-Plan\u00e8ze en 2016<\/figcaption><\/figure>\n<figure id=\"attachment_434\" aria-describedby=\"caption-attachment-434\" style=\"width: 400px\" class=\"wp-caption alignnone\"><a href=\"https:\/\/outsiderland.com\/Roger-Delcros\/wp-content\/uploads\/2015\/09\/9946937.jpg\"><img loading=\"lazy\" decoding=\"async\" class=\"wp-image-434 size-medium\" src=\"https:\/\/outsiderland.com\/Roger-Delcros\/wp-content\/uploads\/2015\/09\/9946937-400x300.jpg\" alt=\"9946937\" width=\"400\" height=\"300\" srcset=\"https:\/\/outsiderland.com\/Roger-Delcros\/wp-content\/uploads\/2015\/09\/9946937-400x300.jpg 400w, https:\/\/outsiderland.com\/Roger-Delcros\/wp-content\/uploads\/2015\/09\/9946937-720x540.jpg 720w, https:\/\/outsiderland.com\/Roger-Delcros\/wp-content\/uploads\/2015\/09\/9946937-224x168.jpg 224w, https:\/\/outsiderland.com\/Roger-Delcros\/wp-content\/uploads\/2015\/09\/9946937-693x520.jpg 693w, https:\/\/outsiderland.com\/Roger-Delcros\/wp-content\/uploads\/2015\/09\/9946937.jpg 800w\" sizes=\"auto, (max-width: 400px) 100vw, 400px\" \/><\/a><figcaption id=\"caption-attachment-434\" class=\"wp-caption-text\">Les pistes de ski de fond du Ch\u00e9 sont tr\u00e8s appr\u00e9ci\u00e9es des puristes<\/figcaption><\/figure>\n<figure id=\"attachment_721\" aria-describedby=\"caption-attachment-721\" style=\"width: 301px\" class=\"wp-caption alignright\"><a href=\"https:\/\/outsiderland.com\/Roger-Delcros\/wp-content\/uploads\/2015\/12\/l-auvergne-a-ski.jpg\"><img loading=\"lazy\" decoding=\"async\" class=\"wp-image-721 size-medium\" src=\"https:\/\/outsiderland.com\/Roger-Delcros\/wp-content\/uploads\/2015\/12\/l-auvergne-a-ski-301x300.jpg\" alt=\"l-auvergne-a-ski\" width=\"301\" height=\"300\" srcset=\"https:\/\/outsiderland.com\/Roger-Delcros\/wp-content\/uploads\/2015\/12\/l-auvergne-a-ski-301x300.jpg 301w, https:\/\/outsiderland.com\/Roger-Delcros\/wp-content\/uploads\/2015\/12\/l-auvergne-a-ski-150x150.jpg 150w, https:\/\/outsiderland.com\/Roger-Delcros\/wp-content\/uploads\/2015\/12\/l-auvergne-a-ski-224x224.jpg 224w, https:\/\/outsiderland.com\/Roger-Delcros\/wp-content\/uploads\/2015\/12\/l-auvergne-a-ski-522x520.jpg 522w, https:\/\/outsiderland.com\/Roger-Delcros\/wp-content\/uploads\/2015\/12\/l-auvergne-a-ski.jpg 640w\" sizes=\"auto, (max-width: 301px) 100vw, 301px\" \/><\/a><figcaption id=\"caption-attachment-721\" class=\"wp-caption-text\">Randonn\u00e9e nordique avec une pulka en Auvergne<\/figcaption><\/figure>\n<figure id=\"attachment_1596\" aria-describedby=\"caption-attachment-1596\" style=\"width: 533px\" class=\"wp-caption alignnone\"><img loading=\"lazy\" decoding=\"async\" class=\"wp-image-1596 size-medium\" src=\"https:\/\/outsiderland.com\/Roger-Delcros\/wp-content\/uploads\/2017\/01\/20170122_110721-1-533x300.jpg\" width=\"533\" height=\"300\" srcset=\"https:\/\/outsiderland.com\/Roger-Delcros\/wp-content\/uploads\/2017\/01\/20170122_110721-1-533x300.jpg 533w, https:\/\/outsiderland.com\/Roger-Delcros\/wp-content\/uploads\/2017\/01\/20170122_110721-1-768x432.jpg 768w, https:\/\/outsiderland.com\/Roger-Delcros\/wp-content\/uploads\/2017\/01\/20170122_110721-1-1024x576.jpg 1024w, https:\/\/outsiderland.com\/Roger-Delcros\/wp-content\/uploads\/2017\/01\/20170122_110721-1-720x405.jpg 720w, https:\/\/outsiderland.com\/Roger-Delcros\/wp-content\/uploads\/2017\/01\/20170122_110721-1-224x126.jpg 224w, https:\/\/outsiderland.com\/Roger-Delcros\/wp-content\/uploads\/2017\/01\/20170122_110721-1-924x520.jpg 924w, https:\/\/outsiderland.com\/Roger-Delcros\/wp-content\/uploads\/2017\/01\/20170122_110721-1-1140x641.jpg 1140w\" sizes=\"auto, (max-width: 533px) 100vw, 533px\" \/><figcaption id=\"caption-attachment-1596\" class=\"wp-caption-text\">Randonn\u00e9e nordique dans la for\u00eat du Ch\u00e9 avec les skis Finlandais OAC , janvier 2017<\/figcaption><\/figure>\n<p><img loading=\"lazy\" decoding=\"async\" class=\"wp-image-1315 aligncenter\" src=\"https:\/\/outsiderland.com\/Roger-Delcros\/wp-content\/uploads\/2015\/12\/12651024_1064562723595585_6581778275518305167_n-287x400-215x300.jpg\" alt=\"12651024_1064562723595585_6581778275518305167_n-287x400\" width=\"236\" height=\"329\" srcset=\"https:\/\/outsiderland.com\/Roger-Delcros\/wp-content\/uploads\/2015\/12\/12651024_1064562723595585_6581778275518305167_n-287x400-215x300.jpg 215w, https:\/\/outsiderland.com\/Roger-Delcros\/wp-content\/uploads\/2015\/12\/12651024_1064562723595585_6581778275518305167_n-287x400-161x224.jpg 161w, https:\/\/outsiderland.com\/Roger-Delcros\/wp-content\/uploads\/2015\/12\/12651024_1064562723595585_6581778275518305167_n-287x400.jpg 287w\" sizes=\"auto, (max-width: 236px) 100vw, 236px\" \/><\/p>\n<figure id=\"attachment_1311\" aria-describedby=\"caption-attachment-1311\" style=\"width: 400px\" class=\"wp-caption alignright\"><img loading=\"lazy\" decoding=\"async\" class=\"wp-image-1311 size-medium\" src=\"https:\/\/outsiderland.com\/Roger-Delcros\/wp-content\/uploads\/2015\/12\/conf-jacomis-10-02-2016-400x300.jpg\" alt=\"OLYMPUS DIGITAL CAMERA\" width=\"400\" height=\"300\" srcset=\"https:\/\/outsiderland.com\/Roger-Delcros\/wp-content\/uploads\/2015\/12\/conf-jacomis-10-02-2016-400x300.jpg 400w, https:\/\/outsiderland.com\/Roger-Delcros\/wp-content\/uploads\/2015\/12\/conf-jacomis-10-02-2016-768x576.jpg 768w, https:\/\/outsiderland.com\/Roger-Delcros\/wp-content\/uploads\/2015\/12\/conf-jacomis-10-02-2016-1024x768.jpg 1024w, https:\/\/outsiderland.com\/Roger-Delcros\/wp-content\/uploads\/2015\/12\/conf-jacomis-10-02-2016-720x540.jpg 720w, https:\/\/outsiderland.com\/Roger-Delcros\/wp-content\/uploads\/2015\/12\/conf-jacomis-10-02-2016-224x168.jpg 224w, https:\/\/outsiderland.com\/Roger-Delcros\/wp-content\/uploads\/2015\/12\/conf-jacomis-10-02-2016-693x520.jpg 693w, https:\/\/outsiderland.com\/Roger-Delcros\/wp-content\/uploads\/2015\/12\/conf-jacomis-10-02-2016-1140x855.jpg 1140w, https:\/\/outsiderland.com\/Roger-Delcros\/wp-content\/uploads\/2015\/12\/conf-jacomis-10-02-2016.jpg 1500w\" sizes=\"auto, (max-width: 400px) 100vw, 400px\" \/><figcaption id=\"caption-attachment-1311\" class=\"wp-caption-text\">Conf\u00e9rence sur la carri\u00e8re d &lsquo; Alfred Jacomis au foyer nordique du Ch\u00e9 ,\u00a0 par Roger Delcros ( Hiver 2016 )<\/figcaption><\/figure>\n","protected":false},"excerpt":{"rendered":"<p>Domaine nordique Prat de Bouc Haute-Plan\u00e8ze : Altitude de 1170 m \u00e0 1670 m . Albepierre 15300 Les portes d&rsquo; entr\u00e9es du domaine nordique Prat de Bouc : Prat de Bouc Cantal Le Ch\u00e9 : Foyer nordique du Ch\u00e9 C\u00e9zens :\u00a0Le foyer de ski de fond\u00a0 de C\u00e9zens . Il y a 4 pistes de [&hellip;]<\/p>\n","protected":false},"author":2,"featured_media":0,"parent":608,"menu_order":0,"comment_status":"closed","ping_status":"closed","template":"","meta":{"footnotes":""},"class_list":["post-605","page","type-page","status-publish","hentry"],"_links":{"self":[{"href":"https:\/\/outsiderland.com\/Roger-Delcros\/index.php?rest_route=\/wp\/v2\/pages\/605","targetHints":{"allow":["GET"]}}],"collection":[{"href":"https:\/\/outsiderland.com\/Roger-Delcros\/index.php?rest_route=\/wp\/v2\/pages"}],"about":[{"href":"https:\/\/outsiderland.com\/Roger-Delcros\/index.php?rest_route=\/wp\/v2\/types\/page"}],"author":[{"embeddable":true,"href":"https:\/\/outsiderland.com\/Roger-Delcros\/index.php?rest_route=\/wp\/v2\/users\/2"}],"replies":[{"embeddable":true,"href":"https:\/\/outsiderland.com\/Roger-Delcros\/index.php?rest_route=%2Fwp%2Fv2%2Fcomments&post=605"}],"version-history":[{"count":67,"href":"https:\/\/outsiderland.com\/Roger-Delcros\/index.php?rest_route=\/wp\/v2\/pages\/605\/revisions"}],"predecessor-version":[{"id":4852,"href":"https:\/\/outsiderland.com\/Roger-Delcros\/index.php?rest_route=\/wp\/v2\/pages\/605\/revisions\/4852"}],"up":[{"embeddable":true,"href":"https:\/\/outsiderland.com\/Roger-Delcros\/index.php?rest_route=\/wp\/v2\/pages\/608"}],"wp:attachment":[{"href":"https:\/\/outsiderland.com\/Roger-Delcros\/index.php?rest_route=%2Fwp%2Fv2%2Fmedia&parent=605"}],"curies":[{"name":"wp","href":"https:\/\/api.w.org\/{rel}","templated":true}]}}