{"id":599,"date":"2015-12-27T10:09:05","date_gmt":"2015-12-27T10:09:05","guid":{"rendered":"https:\/\/outsiderland.com\/Roger-Delcros\/?page_id=599"},"modified":"2026-02-11T10:27:51","modified_gmt":"2026-02-11T10:27:51","slug":"la-commune-dalbepierre-bredons","status":"publish","type":"page","link":"https:\/\/outsiderland.com\/Roger-Delcros\/?page_id=599","title":{"rendered":"Albepierre-Bredons"},"content":{"rendered":"<div class=\"post-body entry-content\"><strong>\u00a0La commune d&rsquo;Albepierre-Bredons est situ\u00e9e dans le d\u00e9partement : le Cantal . En r\u00e9gion\u00a0 ( Auvergne-Rh\u00f4ne-Alpes )<br \/><\/strong><\/div>\n<div class=\"post-body entry-content\"><strong>R\u00e9gion d &lsquo;Europe la plus montagneuse puisque 80 % de sa superficie est class\u00e9e en zone montagne et plus grand domaine skiable au monde .<\/strong><\/div>\n<div>\u00a0<\/div>\n<div><strong>Hautes Terres Communaut\u00e9<\/strong><\/div>\n<div class=\"post-body entry-content\">\u00a0<\/div>\n<div class=\"post-body entry-content\">Les villages et hameaux :\u00a0 Albepierre\u00a0 , La Mol\u00e8de , Auzolles Haut , Auzolles Bas , Pignou , Bredons ,\u00a0 La C\u00f4te de Pignou , Stalapos\u00a0 et la station de Prat de Bouc \/ Plomb du Cantal .<\/div>\n<div>\u00a0<\/div>\n<div>Les hameaux disparus : Haute-Besse et son ch\u00e2teau , Las-Castas et Assapice.\u00a0<\/div>\n<div class=\"post-body entry-content\">\u00a0<\/div>\n<div id=\"post-body-5702001463570999524\" class=\"post-body entry-content\">Albepierre ou Arapeyre\u00a0(village des Arapirounes et Arapiroux )<br \/>, au loin le cirque de Chamali\u00e8re et le Plomb du Cantal 1855 m<br \/><u><br \/><\/u><\/div>\n<div>\u00a0<\/div>\n<div>\n<figure id=\"attachment_2717\" aria-describedby=\"caption-attachment-2717\" style=\"width: 300px\" class=\"wp-caption aligncenter\"><img loading=\"lazy\" decoding=\"async\" class=\"wp-image-2717 size-medium\" src=\"https:\/\/outsiderland.com\/Roger-Delcros\/wp-content\/uploads\/2019\/03\/IMG_20190321_175814_171-300x300.jpg\" alt=\"\" width=\"300\" height=\"300\" srcset=\"https:\/\/outsiderland.com\/Roger-Delcros\/wp-content\/uploads\/2019\/03\/IMG_20190321_175814_171-300x300.jpg 300w, https:\/\/outsiderland.com\/Roger-Delcros\/wp-content\/uploads\/2019\/03\/IMG_20190321_175814_171-150x150.jpg 150w, https:\/\/outsiderland.com\/Roger-Delcros\/wp-content\/uploads\/2019\/03\/IMG_20190321_175814_171-768x768.jpg 768w, https:\/\/outsiderland.com\/Roger-Delcros\/wp-content\/uploads\/2019\/03\/IMG_20190321_175814_171-1024x1024.jpg 1024w, https:\/\/outsiderland.com\/Roger-Delcros\/wp-content\/uploads\/2019\/03\/IMG_20190321_175814_171-720x720.jpg 720w, https:\/\/outsiderland.com\/Roger-Delcros\/wp-content\/uploads\/2019\/03\/IMG_20190321_175814_171-224x224.jpg 224w, https:\/\/outsiderland.com\/Roger-Delcros\/wp-content\/uploads\/2019\/03\/IMG_20190321_175814_171-520x520.jpg 520w, https:\/\/outsiderland.com\/Roger-Delcros\/wp-content\/uploads\/2019\/03\/IMG_20190321_175814_171-1140x1140.jpg 1140w\" sizes=\"auto, (max-width: 300px) 100vw, 300px\" \/><figcaption id=\"caption-attachment-2717\" class=\"wp-caption-text\">Albepierre , alti : 1050 m , dans la vall\u00e9e du Lagnon<\/figcaption><\/figure>\n<\/div>\n<div class=\"post-body entry-content\">\n<div class=\"separator\">\n<figure id=\"attachment_436\" aria-describedby=\"caption-attachment-436\" style=\"width: 500px\" class=\"wp-caption aligncenter\"><a href=\"https:\/\/outsiderland.com\/Roger-Delcros\/wp-content\/uploads\/2015\/09\/1321191741_20237296371.jpg\"><img loading=\"lazy\" decoding=\"async\" class=\"wp-image-436\" src=\"https:\/\/outsiderland.com\/Roger-Delcros\/wp-content\/uploads\/2015\/09\/1321191741_20237296371.jpg\" alt=\"1321191741_2023729637\" width=\"500\" height=\"286\" srcset=\"https:\/\/outsiderland.com\/Roger-Delcros\/wp-content\/uploads\/2015\/09\/1321191741_20237296371.jpg 395w, https:\/\/outsiderland.com\/Roger-Delcros\/wp-content\/uploads\/2015\/09\/1321191741_20237296371-224x128.jpg 224w\" sizes=\"auto, (max-width: 500px) 100vw, 500px\" \/><\/a><figcaption id=\"caption-attachment-436\" class=\"wp-caption-text\">Albepierre , le Serre , le cirque de Chamali\u00e8re et le Plomb du Cantal<\/figcaption><\/figure><\/p>\n<p><figure id=\"attachment_2556\" aria-describedby=\"caption-attachment-2556\" style=\"width: 400px\" class=\"wp-caption alignright\"><img loading=\"lazy\" decoding=\"async\" class=\"wp-image-2556 size-medium\" src=\"https:\/\/outsiderland.com\/Roger-Delcros\/wp-content\/uploads\/2018\/09\/17507-400x300.jpg\" alt=\"\" width=\"400\" height=\"300\" srcset=\"https:\/\/outsiderland.com\/Roger-Delcros\/wp-content\/uploads\/2018\/09\/17507-400x300.jpg 400w, https:\/\/outsiderland.com\/Roger-Delcros\/wp-content\/uploads\/2018\/09\/17507-768x576.jpg 768w, https:\/\/outsiderland.com\/Roger-Delcros\/wp-content\/uploads\/2018\/09\/17507-1024x768.jpg 1024w, https:\/\/outsiderland.com\/Roger-Delcros\/wp-content\/uploads\/2018\/09\/17507-720x540.jpg 720w, https:\/\/outsiderland.com\/Roger-Delcros\/wp-content\/uploads\/2018\/09\/17507-224x168.jpg 224w, https:\/\/outsiderland.com\/Roger-Delcros\/wp-content\/uploads\/2018\/09\/17507-693x520.jpg 693w, https:\/\/outsiderland.com\/Roger-Delcros\/wp-content\/uploads\/2018\/09\/17507-1140x855.jpg 1140w, https:\/\/outsiderland.com\/Roger-Delcros\/wp-content\/uploads\/2018\/09\/17507.jpg 1200w\" sizes=\"auto, (max-width: 400px) 100vw, 400px\" \/><figcaption id=\"caption-attachment-2556\" class=\"wp-caption-text\">Albepierre , vue depuis le tournant de la Rodde<\/figcaption><\/figure>\n<\/div>\n<p>Le village de montagne d &lsquo; Albepierre est situ\u00e9 \u00e0 1050 m d &lsquo; altitude au confluent des deux vall\u00e9es glaciaires du Benet et du Lagnon , au pied du * <u>Plomb du Cantal 1855 m<\/u> ( Plus haut sommet de la commune ) et au coeur du plus grand volcan d &lsquo; Europe , le Cantal\u00a0 . A 4 km se trouve\u00a0 * la station de sports d&rsquo;hiver et d&rsquo;\u00e9t\u00e9\u00a0 de Prat de Bouc 1396 m , \u00a0reli\u00e9 \u00e0 la station du Lioran . La commune d &lsquo; Albepierre-Bredons offre des paysages tr\u00e8s vari\u00e9s : for\u00eats , prairies , landes d &lsquo; altitude , tourbi\u00e8res de pente , affleurements rocheux , \u00e9boulis , \u00a0cascades et sommets . C &lsquo; est un village authentique propre aux hameaux du massif du Cantal avec ses batiments \u00a0\u00bb l &lsquo; ostal \u00a0\u00bb ( \u00a0maison habit\u00e9e + \u00e9table ) et son petit patrimoine , croix , fontaines, oratoires<\/p>\n<\/div>\n<p><strong>* <em>Plomb du Cantal<\/em><\/strong><\/p>\n<p>Plus haut sommet de la commune d &lsquo; Albepierre-Bredons , du Massif Cantalien et deuxi\u00e8me sommet du Massif Central , apr\u00e8s le Puy de Sancy .\u00a0 Il est l&rsquo;\u00e9difice le plus r\u00e9cent du massif . Le panorama au sommet , est magnifique :\u00a0 vue sur le Puy de Prat de Bouc , Puy Brunet , Puy du Rocher , Arpon du Diable ,\u00a0 Puy Griou , Peyre Ourse ,\u00a0 Bec de l&rsquo; Aigle , Puy de Seycheuse , Peyre Arse , Puy Mary &#8230;.<\/p>\n<p><strong>Au Nord<\/strong> : le Massif du C\u00e9zallier\u00a0 , Massif du Sancy\u00a0 et la chaine des Puys .<\/p>\n<p><strong>Nord Est<\/strong> : Monts du Forez<\/p>\n<p><strong>Est<\/strong> : Massif de la Margeride , Massif du M\u00e9zenc et le Massif du Pilat<\/p>\n<p><strong>Sud Est<\/strong> : Massif de l&rsquo; Aubrac , Monts Loz\u00e8re et en arri\u00e8re plan le Mont Aigoual , distant de plus de 100 km<\/p>\n<p><strong>Ouest<\/strong> : Les Monts du Limousin<\/p>\n<p>On peut \u00e9galement apercevoir le Mont Blanc 4 808 m ( Haute-Savoie ) et quelques sommets des Pyr\u00e9n\u00e9es : Pique d&rsquo; Estats 3 143 m ( Ari\u00e8ge ) , Carlit 2 921 m ( Pyr\u00e9n\u00e9es-Orientales ) , Vignemale 3298 m ( Hautes-Pyr\u00e9n\u00e9es ), Pic du Midi d&rsquo; Ossau 2884 m ( Pyr\u00e9n\u00e9es-Atlantiques ) , Pic du Midi de Bigorre 2876 m ( Hautes-Pyr\u00e9n\u00e9es ) &#8230;\u00a0 par tr\u00e8s beau temps .<\/p>\n<p>*\u00a0\u00a0<strong>Station de sports d&rsquo;hiver de Prat de Bouc :\u00a0\u00a0<\/strong>se trouve \u00e0 4 kilom\u00e8tres d&rsquo;Albepierre . Elle se situe entre 1392 et 1855 m\u00e8tres\u00a0 , ( Sommet du Plomb du Cantal ) . Le nombre de pistes est de 14 sur l &lsquo; Espace Plomb du Cantal\u00a0 : 3 vertes , 4 bleues et 7 rouges pour 1 T\u00e9l\u00e9si\u00e8ge et 5 t\u00e9l\u00e9skis.\u00a0 \u00a0Liaison avec le Lioran<\/p>\n<figure id=\"attachment_31\" aria-describedby=\"caption-attachment-31\" style=\"width: 579px\" class=\"wp-caption alignnone\"><img loading=\"lazy\" decoding=\"async\" class=\"wp-image-31 size-medium\" src=\"https:\/\/outsiderland.com\/Roger-Delcros\/wp-content\/uploads\/2015\/06\/1234164_604282652956930_1429502760_n-579x300.jpg\" alt=\"\" width=\"579\" height=\"300\" srcset=\"https:\/\/outsiderland.com\/Roger-Delcros\/wp-content\/uploads\/2015\/06\/1234164_604282652956930_1429502760_n-579x300.jpg 579w, https:\/\/outsiderland.com\/Roger-Delcros\/wp-content\/uploads\/2015\/06\/1234164_604282652956930_1429502760_n-720x373.jpg 720w, https:\/\/outsiderland.com\/Roger-Delcros\/wp-content\/uploads\/2015\/06\/1234164_604282652956930_1429502760_n-224x116.jpg 224w, https:\/\/outsiderland.com\/Roger-Delcros\/wp-content\/uploads\/2015\/06\/1234164_604282652956930_1429502760_n.jpg 960w\" sizes=\"auto, (max-width: 579px) 100vw, 579px\" \/><figcaption id=\"caption-attachment-31\" class=\"wp-caption-text\">L&rsquo; espace Plomb du Cantal : de Prat de Bouc.<\/figcaption><\/figure>\n<p><strong><em>Les espaces naturels et prot\u00e9g\u00e9s de la commune :<\/em><\/strong><\/p>\n<div id=\"post-body-5702001463570999524\" class=\"post-body entry-content\">\n<div class=\"separator\">Commune du Parc Naturel R\u00e9gional des Volcans d &lsquo; Auvergne<\/div>\n<div>\u00a0<\/div>\n<div class=\"separator\">\u00a0<\/div>\n<p>Site : NATURA 2000 ( Monts et Plomb du Cantal)<br \/>16 % de la commune ( 565 ha ) est class\u00e9e Natura 2000<\/p>\n<div class=\"separator\">Zone naturelle d &lsquo; int\u00e9r\u00eat \u00e9cologique , faunistique et floristique ( ZNIEFF )<\/div>\n<p>Zone \u00a0d &lsquo;int\u00e9r\u00eat communautaire pour les oiseaux \u00a0( ZICO )<\/p>\n<p>Une partie de la for\u00eat domaniale est class\u00e9e en : R\u00e9serve biologique int\u00e9grale<\/p>\n<\/div>\n<div id=\"post-body-5702001463570999524\" class=\"post-body entry-content\">\n<p>( \u00a0Cirque de Chamali\u00e8re\u00a0 &#8230;.. )<br \/><a href=\"https:\/\/outsiderland.com\/Roger-Delcros\/wp-content\/uploads\/2015\/09\/compr_25_foret_de_taveyanne_octobre_2005.jpg\"><img loading=\"lazy\" decoding=\"async\" class=\"aligncenter size-full wp-image-438\" src=\"https:\/\/outsiderland.com\/Roger-Delcros\/wp-content\/uploads\/2015\/09\/compr_25_foret_de_taveyanne_octobre_2005.jpg\" alt=\"compr_25_foret_de_taveyanne_octobre_2005\" width=\"808\" height=\"457\" srcset=\"https:\/\/outsiderland.com\/Roger-Delcros\/wp-content\/uploads\/2015\/09\/compr_25_foret_de_taveyanne_octobre_2005.jpg 808w, https:\/\/outsiderland.com\/Roger-Delcros\/wp-content\/uploads\/2015\/09\/compr_25_foret_de_taveyanne_octobre_2005-530x300.jpg 530w, https:\/\/outsiderland.com\/Roger-Delcros\/wp-content\/uploads\/2015\/09\/compr_25_foret_de_taveyanne_octobre_2005-720x407.jpg 720w, https:\/\/outsiderland.com\/Roger-Delcros\/wp-content\/uploads\/2015\/09\/compr_25_foret_de_taveyanne_octobre_2005-224x127.jpg 224w\" sizes=\"auto, (max-width: 808px) 100vw, 808px\" \/><\/a><\/p>\n<p><em><b>\u00a0C &lsquo;est une triste chose de songer que la nature parle et que le genre humain n&rsquo; \u00e9coute pas .<\/b><\/em><br \/><em> <b><br \/>( V Hugo )<\/b><\/em><\/p>\n<\/div>\n<p><strong>Retrouvez les activit\u00e9s\u00a0 de pleine nature de la commune d &lsquo; Albepierre-Bredons :<\/strong><\/p>\n<p><em>En \u00e9t\u00e9<\/em><\/p>\n<ul>\n<li>Randonn\u00e9e p\u00e9destre : Espace Nature Massif Cantalien , de nombreux circuits balis\u00e9s &#8230;..<\/li>\n<li>Tour du Volcan Cantalien\u00a0 ( TVC ) ou GR 400 : long de 140 km ,\u00a0 GR 4 , Via Celtica et GR 465\u00a0<\/li>\n<li>La Grande Travers\u00e9e des Volcans d&rsquo;Auvergne arrive au Plomb du Cantal\u00a0<\/li>\n<li>Espace VTT Plomb du Cantal et ses Vall\u00e9es : Grand Tour , Volcan Est , Vall\u00e9e du Lagnon , Prat de Bouc&#8230;<\/li>\n<li>Grande Travers\u00e9e du Massif Central \u00e0 VTT ( GTMC )<\/li>\n<li>Marche nordique<\/li>\n<li>Randonn\u00e9e \u00e9questre<\/li>\n<li>Ski-roues : Vall\u00e9e du Lagnon , la mont\u00e9e du col de Prat de Bouc \/ Plomb du Cantal &#8230;.<\/li>\n<li>Trail : Espace Trail Massif Cantalien<\/li>\n<li>Escalade \u00e0 Prat de Bouc ( Rocher des Pr\u00e9s Marty , Rocher du Mouflon , Rocher du Montagnard , Rocher de Chamali\u00e8re\u00a0 ) .<\/li>\n<li>Cyclisme : col de Prat de Bouc \/ Plomb du Cantal : 2e cat , col de la Mol\u00e8de , Le Mur de Bredons depuis Stalapos\u00a0 &#8230;..<\/li>\n<li>Football : stade Jean Peschaud au Camp des Am\u00e9ricains<\/li>\n<li>G\u00e9ocaching : des caches ou g\u00e9ocaches sont dissimul\u00e9es sur la commune<\/li>\n<\/ul>\n<p><em>Les sports d&rsquo;hiver \u00e0 Albepierre \/ Prat de Bouc :<\/em><\/p>\n<ul>\n<li>Ski alpin\u00a0 : \u00e0\u00a0 la station de Prat de Bouc \/ Plomb du Cantal\u00a0<\/li>\n<li>Ski de fond : 60 km de piste, au domaine nordique Prat de Bouc \/ Haute-Plan\u00e8ze<\/li>\n<li>Raquettes \u00e0 neige<\/li>\n<li>Randonn\u00e9e nordique :\u00a0 domaine nordique , au col de la Mol\u00e8de\u00a0 ( paysages nordiques ) &#8230;.<\/li>\n<li>Escalade sur glace : cascades Pisse-gel , The north face , Les colonnes , L&rsquo; escalator .<\/li>\n<li>Alpinisme : Cirque de Chamali\u00e8re\u00a0&#8230;<\/li>\n<li>Randonn\u00e9e Alpine : Aiguillon , Puy du Rocher<\/li>\n<li>Dry Tooling : Rocher des Pr\u00e8s Marty<\/li>\n<li>Biathlon\u00a0 : animations au domaine nordique<\/li>\n<li>Ski de rando:\u00a0 dans les cirques :\u00a0 de Chamali\u00e8re , de Grandval ,\u00a0 d&rsquo; Encloux , de Mandres &#8230; .Un itin\u00e9raire balis\u00e9 ( Plomb du Cantal ) au d\u00e9part de Prat de Bouc.<\/li>\n<li>Ski Joering au col de la Mol\u00e9de <a href=\"http:\/\/www.cheval-cantal-gite.fr\">Col de la Mol\u00e8de \u00e0 cheval<\/a><\/li>\n<li>Chien de tra\u00eeneau : dans la for\u00eat au col de la Mol\u00e8de<\/li>\n<li>Pulka<\/li>\n<li>Trail Blanc\u00a0 : Espace Nature Massif Cantalien , parcours N\u00b0 17 , Cirque de Chamali\u00e8re \/ Cascade des Vergnes , 10.4 km avec un d\u00e9part du Camp des Am\u00e9ricains ou du village d&rsquo;Albepierre .<\/li>\n<\/ul>\n<figure id=\"attachment_4657\" aria-describedby=\"caption-attachment-4657\" style=\"width: 300px\" class=\"wp-caption aligncenter\"><img loading=\"lazy\" decoding=\"async\" class=\"wp-image-4657 size-medium\" src=\"https:\/\/outsiderland.com\/Roger-Delcros\/wp-content\/uploads\/2024\/12\/IMG_20241212_184226_422-300x300.webp\" alt=\"Cabane du Garde Refuge de montagne\" width=\"300\" height=\"300\" srcset=\"https:\/\/outsiderland.com\/Roger-Delcros\/wp-content\/uploads\/2024\/12\/IMG_20241212_184226_422-300x300.webp 300w, https:\/\/outsiderland.com\/Roger-Delcros\/wp-content\/uploads\/2024\/12\/IMG_20241212_184226_422-1024x1024.webp 1024w, https:\/\/outsiderland.com\/Roger-Delcros\/wp-content\/uploads\/2024\/12\/IMG_20241212_184226_422-150x150.webp 150w, https:\/\/outsiderland.com\/Roger-Delcros\/wp-content\/uploads\/2024\/12\/IMG_20241212_184226_422-768x768.webp 768w, https:\/\/outsiderland.com\/Roger-Delcros\/wp-content\/uploads\/2024\/12\/IMG_20241212_184226_422-720x720.webp 720w, https:\/\/outsiderland.com\/Roger-Delcros\/wp-content\/uploads\/2024\/12\/IMG_20241212_184226_422-224x224.webp 224w, https:\/\/outsiderland.com\/Roger-Delcros\/wp-content\/uploads\/2024\/12\/IMG_20241212_184226_422-520x520.webp 520w, https:\/\/outsiderland.com\/Roger-Delcros\/wp-content\/uploads\/2024\/12\/IMG_20241212_184226_422-1140x1140.webp 1140w, https:\/\/outsiderland.com\/Roger-Delcros\/wp-content\/uploads\/2024\/12\/IMG_20241212_184226_422.webp 1440w\" sizes=\"auto, (max-width: 300px) 100vw, 300px\" \/><figcaption id=\"caption-attachment-4657\" class=\"wp-caption-text\">Cabane du Garde \/ Refuge de montagne Elle se situe proche du cirque de Chamali\u00e8re sur le chemin forestier du Creux de For\u00eat.<\/figcaption><\/figure>\n<p>Panneau d&rsquo;informations ( Espace p\u00e9destre et VTT &#8230;..) place du 19 mars 1962<\/p>\n<figure id=\"attachment_662\" aria-describedby=\"caption-attachment-662\" style=\"width: 581px\" class=\"wp-caption alignnone\"><a href=\"https:\/\/outsiderland.com\/Roger-Delcros\/wp-content\/uploads\/2015\/12\/P03-04-14_16.33.jpg\"><img loading=\"lazy\" decoding=\"async\" class=\"wp-image-662 size-medium\" src=\"https:\/\/outsiderland.com\/Roger-Delcros\/wp-content\/uploads\/2015\/12\/P03-04-14_16.33-581x300.jpg\" alt=\"P03-04-14_16.33\" width=\"581\" height=\"300\" srcset=\"https:\/\/outsiderland.com\/Roger-Delcros\/wp-content\/uploads\/2015\/12\/P03-04-14_16.33-581x300.jpg 581w, https:\/\/outsiderland.com\/Roger-Delcros\/wp-content\/uploads\/2015\/12\/P03-04-14_16.33-720x372.jpg 720w, https:\/\/outsiderland.com\/Roger-Delcros\/wp-content\/uploads\/2015\/12\/P03-04-14_16.33-224x116.jpg 224w, https:\/\/outsiderland.com\/Roger-Delcros\/wp-content\/uploads\/2015\/12\/P03-04-14_16.33.jpg 1007w\" sizes=\"auto, (max-width: 581px) 100vw, 581px\" \/><\/a><figcaption id=\"caption-attachment-662\" class=\"wp-caption-text\"><strong>\u00a0<\/strong><\/figcaption><\/figure>\n<p><img loading=\"lazy\" decoding=\"async\" class=\"alignnone wp-image-87\" src=\"https:\/\/outsiderland.com\/Roger-Delcros\/wp-content\/uploads\/2015\/06\/20090326151045_24_600-425x300.jpg\" alt=\"20090326151045_24_600\" width=\"601\" height=\"424\" srcset=\"https:\/\/outsiderland.com\/Roger-Delcros\/wp-content\/uploads\/2015\/06\/20090326151045_24_600-425x300.jpg 425w, https:\/\/outsiderland.com\/Roger-Delcros\/wp-content\/uploads\/2015\/06\/20090326151045_24_600-224x158.jpg 224w, https:\/\/outsiderland.com\/Roger-Delcros\/wp-content\/uploads\/2015\/06\/20090326151045_24_600.jpg 600w\" sizes=\"auto, (max-width: 601px) 100vw, 601px\" \/><\/p>\n<p>\u00a0* Site de la Grande travers\u00e9e du Massif central \u00e0 VTT : <a href=\"http:\/\/la-gtmc.com\">http:\/\/la-gtmc.com<\/a><\/p>\n<p>\u00a0* Site pour vos activit\u00e9s trail\u00a0 , randonn\u00e9e\u00a0 , v\u00e9lo de route&#8230; <a href=\"https:\/\/espacestrail.run\/fr\/massifcantalien\">https:\/\/espacestrail.run\/fr\/massifcantalien<\/a><\/p>\n<figure id=\"attachment_2034\" aria-describedby=\"caption-attachment-2034\" style=\"width: 474px\" class=\"wp-caption alignnone\"><img loading=\"lazy\" decoding=\"async\" class=\"wp-image-2034 size-medium\" src=\"https:\/\/outsiderland.com\/Roger-Delcros\/wp-content\/uploads\/2015\/12\/2000x2000Font2BRomeu-474x300.jpg\" alt=\"\" width=\"474\" height=\"300\" srcset=\"https:\/\/outsiderland.com\/Roger-Delcros\/wp-content\/uploads\/2015\/12\/2000x2000Font2BRomeu-474x300.jpg 474w, https:\/\/outsiderland.com\/Roger-Delcros\/wp-content\/uploads\/2015\/12\/2000x2000Font2BRomeu-224x142.jpg 224w, https:\/\/outsiderland.com\/Roger-Delcros\/wp-content\/uploads\/2015\/12\/2000x2000Font2BRomeu.jpg 640w\" sizes=\"auto, (max-width: 474px) 100vw, 474px\" \/><figcaption id=\"caption-attachment-2034\" class=\"wp-caption-text\">Ski-roues \u00e0 Albepierre : d\u00e9part de Auzolles-Bas ( vall\u00e9e du Lagnon ) jusqu&rsquo; \u00e0 Albepierre , ensuite monter \u00e0 la station de Prat de Bouc<\/figcaption><\/figure>\n<p><strong>Points de d\u00e9part pour vos sorties en montagne :<\/strong><\/p>\n<p><span style=\"text-decoration: underline;\">Albepierre 1050 m<\/span> : <em>randonn\u00e9es\u00a0 p\u00e9destre, Vtt , marche nordique<\/em> &#8230;<\/p>\n<p><span style=\"text-decoration: underline;\">La planche du Jeu 1047 m<\/span> : <em>Roche Troucade , G<\/em>R 4\u00a0 ( Suivre le chemin du Riou\u00a0 del ma\u00efgre pour aller \u00e0 la planche du jeu )<\/p>\n<p><span style=\"text-decoration: underline;\">Albepierre \/ Pont des Tuiles 1065 m<\/span> : <em>escalade sur glace , lac des Biches .<\/em>..<\/p>\n<p><span style=\"text-decoration: underline;\">Camp des Am\u00e9ricains 1136 m<\/span> :<em> randonn\u00e9e , alpinisme , trail\u00a0 &#8230;.<\/em><\/p>\n<p><span style=\"text-decoration: underline;\">Pont de fer 1273 m<\/span> : <em>GR 400 , GR 465 , raquette \u00e0 neige &#8230;<\/em><\/p>\n<p><span style=\"text-decoration: underline;\">Col de la Mol\u00e8de 1329 m<\/span> : randonn\u00e9e nordique , raquettes &#8230;<\/p>\n<p><span style=\"text-decoration: underline;\">Station de Prat de Bouc\u00a0 1396 m<\/span> : ski de fond , randonn\u00e9e nordique ,\u00a0 alpin &#8230;.<\/p>\n<figure id=\"attachment_4662\" aria-describedby=\"caption-attachment-4662\" style=\"width: 533px\" class=\"wp-caption alignnone\"><img loading=\"lazy\" decoding=\"async\" class=\"wp-image-4662 size-medium\" src=\"https:\/\/outsiderland.com\/Roger-Delcros\/wp-content\/uploads\/2025\/03\/20250331_153818-533x300.jpg\" alt=\"Cabane de Sagnepic  \/ Refuge de montagne \" width=\"533\" height=\"300\" srcset=\"https:\/\/outsiderland.com\/Roger-Delcros\/wp-content\/uploads\/2025\/03\/20250331_153818-533x300.jpg 533w, https:\/\/outsiderland.com\/Roger-Delcros\/wp-content\/uploads\/2025\/03\/20250331_153818-1024x576.jpg 1024w, https:\/\/outsiderland.com\/Roger-Delcros\/wp-content\/uploads\/2025\/03\/20250331_153818-768x432.jpg 768w, https:\/\/outsiderland.com\/Roger-Delcros\/wp-content\/uploads\/2025\/03\/20250331_153818-1536x864.jpg 1536w, https:\/\/outsiderland.com\/Roger-Delcros\/wp-content\/uploads\/2025\/03\/20250331_153818-2048x1152.jpg 2048w, https:\/\/outsiderland.com\/Roger-Delcros\/wp-content\/uploads\/2025\/03\/20250331_153818-720x405.jpg 720w, https:\/\/outsiderland.com\/Roger-Delcros\/wp-content\/uploads\/2025\/03\/20250331_153818-224x126.jpg 224w, https:\/\/outsiderland.com\/Roger-Delcros\/wp-content\/uploads\/2025\/03\/20250331_153818-924x520.jpg 924w, https:\/\/outsiderland.com\/Roger-Delcros\/wp-content\/uploads\/2025\/03\/20250331_153818-1140x641.jpg 1140w\" sizes=\"auto, (max-width: 533px) 100vw, 533px\" \/><figcaption id=\"caption-attachment-4662\" class=\"wp-caption-text\">Cabane de Sagnepic \/ Refuge de montagne<\/figcaption><\/figure>\n<\/p>\n<p><figure style=\"width: 320px\" class=\"wp-caption alignright\"><a href=\"https:\/\/outsiderland.com\/Roger-Delcros\/wp-content\/uploads\/2015\/06\/P21-10-12_11.50.jpg\"><img loading=\"lazy\" decoding=\"async\" class=\"wp-image-208 size-full\" src=\"https:\/\/outsiderland.com\/Roger-Delcros\/wp-content\/uploads\/2015\/06\/P21-10-12_11.50.jpg\" alt=\"P21-10-12_11.50\" width=\"320\" height=\"240\" srcset=\"https:\/\/outsiderland.com\/Roger-Delcros\/wp-content\/uploads\/2015\/06\/P21-10-12_11.50.jpg 320w, https:\/\/outsiderland.com\/Roger-Delcros\/wp-content\/uploads\/2015\/06\/P21-10-12_11.50-224x168.jpg 224w\" sizes=\"auto, (max-width: 320px) 100vw, 320px\" \/><\/a><figcaption class=\"wp-caption-text\">Camp des Am\u00e9ricains 1136 m ( Possibilit\u00e9 d&rsquo; \u00e9tablir un camp de base ) pour vos sorties en montagne , vers le cirque de Chamali\u00e8re .<\/figcaption><\/figure><br \/>\n<figure id=\"attachment_196\" aria-describedby=\"caption-attachment-196\" style=\"width: 400px\" class=\"wp-caption alignnone\"><a href=\"https:\/\/outsiderland.com\/Roger-Delcros\/wp-content\/uploads\/2015\/06\/P03-10-13_12.38.jpg\"><img loading=\"lazy\" decoding=\"async\" class=\"wp-image-196 size-medium\" src=\"https:\/\/outsiderland.com\/Roger-Delcros\/wp-content\/uploads\/2015\/06\/P03-10-13_12.38-400x300.jpg\" alt=\"P03-10-13_12.38\" width=\"400\" height=\"300\" srcset=\"https:\/\/outsiderland.com\/Roger-Delcros\/wp-content\/uploads\/2015\/06\/P03-10-13_12.38.jpg 400w, https:\/\/outsiderland.com\/Roger-Delcros\/wp-content\/uploads\/2015\/06\/P03-10-13_12.38-224x168.jpg 224w\" sizes=\"auto, (max-width: 400px) 100vw, 400px\" \/><\/a><figcaption id=\"caption-attachment-196\" class=\"wp-caption-text\">Relais au Rocher de Chamali\u00e8re alti : 1641 m . ( Terrain d &lsquo; aventure )<\/figcaption><\/figure><br \/>\n<figure id=\"attachment_172\" aria-describedby=\"caption-attachment-172\" style=\"width: 250px\" class=\"wp-caption alignright\"><a href=\"https:\/\/outsiderland.com\/Roger-Delcros\/wp-content\/uploads\/2015\/06\/num%C3%A9risation0007.jpg\"><img loading=\"lazy\" decoding=\"async\" class=\"wp-image-172 size-full\" src=\"https:\/\/outsiderland.com\/Roger-Delcros\/wp-content\/uploads\/2015\/06\/num%C3%A9risation0007.jpg\" alt=\"num%C3%A9risation0007\" width=\"250\" height=\"236\" srcset=\"https:\/\/outsiderland.com\/Roger-Delcros\/wp-content\/uploads\/2015\/06\/num%C3%A9risation0007.jpg 250w, https:\/\/outsiderland.com\/Roger-Delcros\/wp-content\/uploads\/2015\/06\/num%C3%A9risation0007-224x211.jpg 224w\" sizes=\"auto, (max-width: 250px) 100vw, 250px\" \/><\/a><figcaption id=\"caption-attachment-172\" class=\"wp-caption-text\">Puy du Rocher 1813 m ( Cirque de Chamali\u00e8re ) ,sur votre sac \u00e0 dos , faites suivre une tente pour bivouaquer et profiter d&rsquo;une nuit hivernale en pleine montagne ,un moment inoubliable !<\/figcaption><\/figure><br \/>\n<figure id=\"attachment_713\" aria-describedby=\"caption-attachment-713\" style=\"width: 225px\" class=\"wp-caption aligncenter\"><a href=\"https:\/\/outsiderland.com\/Roger-Delcros\/wp-content\/uploads\/2015\/12\/Photo00811.jpg\"><img loading=\"lazy\" decoding=\"async\" class=\"wp-image-713 size-medium\" src=\"https:\/\/outsiderland.com\/Roger-Delcros\/wp-content\/uploads\/2015\/12\/Photo00811-225x300.jpg\" alt=\"Photo0081[1]\" width=\"225\" height=\"300\" srcset=\"https:\/\/outsiderland.com\/Roger-Delcros\/wp-content\/uploads\/2015\/12\/Photo00811-225x300.jpg 225w, https:\/\/outsiderland.com\/Roger-Delcros\/wp-content\/uploads\/2015\/12\/Photo00811-768x1024.jpg 768w, https:\/\/outsiderland.com\/Roger-Delcros\/wp-content\/uploads\/2015\/12\/Photo00811-720x960.jpg 720w, https:\/\/outsiderland.com\/Roger-Delcros\/wp-content\/uploads\/2015\/12\/Photo00811-168x224.jpg 168w, https:\/\/outsiderland.com\/Roger-Delcros\/wp-content\/uploads\/2015\/12\/Photo00811-390x520.jpg 390w, https:\/\/outsiderland.com\/Roger-Delcros\/wp-content\/uploads\/2015\/12\/Photo00811-1140x1520.jpg 1140w, https:\/\/outsiderland.com\/Roger-Delcros\/wp-content\/uploads\/2015\/12\/Photo00811.jpg 1200w\" sizes=\"auto, (max-width: 225px) 100vw, 225px\" \/><\/a><figcaption id=\"caption-attachment-713\" class=\"wp-caption-text\">Cascade du Roitelet 1240 m : de nombreux ressauts pour les petits glaci\u00e8ristes ( F \/ I \/ 1<\/figcaption><\/figure><br \/>\n<figure id=\"attachment_2153\" aria-describedby=\"caption-attachment-2153\" style=\"width: 451px\" class=\"wp-caption alignright\"><img loading=\"lazy\" decoding=\"async\" class=\"wp-image-2153 size-medium\" src=\"https:\/\/outsiderland.com\/Roger-Delcros\/wp-content\/uploads\/2015\/12\/1502023986_980140763BI-451x300.jpg\" alt=\"\" width=\"451\" height=\"300\" srcset=\"https:\/\/outsiderland.com\/Roger-Delcros\/wp-content\/uploads\/2015\/12\/1502023986_980140763BI-451x300.jpg 451w, https:\/\/outsiderland.com\/Roger-Delcros\/wp-content\/uploads\/2015\/12\/1502023986_980140763BI-768x511.jpg 768w, https:\/\/outsiderland.com\/Roger-Delcros\/wp-content\/uploads\/2015\/12\/1502023986_980140763BI-720x479.jpg 720w, https:\/\/outsiderland.com\/Roger-Delcros\/wp-content\/uploads\/2015\/12\/1502023986_980140763BI-224x149.jpg 224w, https:\/\/outsiderland.com\/Roger-Delcros\/wp-content\/uploads\/2015\/12\/1502023986_980140763BI-782x520.jpg 782w, https:\/\/outsiderland.com\/Roger-Delcros\/wp-content\/uploads\/2015\/12\/1502023986_980140763BI.jpg 800w\" sizes=\"auto, (max-width: 451px) 100vw, 451px\" \/><figcaption id=\"caption-attachment-2153\" class=\"wp-caption-text\">Puy de la Mol\u00e8de : altitude de 1384 m . Il domine le village d &lsquo; Albepierre .<\/figcaption><\/figure><br \/>\n<figure id=\"attachment_105\" aria-describedby=\"caption-attachment-105\" style=\"width: 308px\" class=\"wp-caption alignnone\"><a href=\"https:\/\/outsiderland.com\/Roger-Delcros\/wp-content\/uploads\/2015\/06\/banc1.jpg\"><img loading=\"lazy\" decoding=\"async\" class=\"wp-image-105 \" src=\"https:\/\/outsiderland.com\/Roger-Delcros\/wp-content\/uploads\/2015\/06\/banc1.jpg\" alt=\"banc1\" width=\"308\" height=\"176\" srcset=\"https:\/\/outsiderland.com\/Roger-Delcros\/wp-content\/uploads\/2015\/06\/banc1.jpg 271w, https:\/\/outsiderland.com\/Roger-Delcros\/wp-content\/uploads\/2015\/06\/banc1-224x128.jpg 224w\" sizes=\"auto, (max-width: 308px) 100vw, 308px\" \/><\/a><figcaption id=\"caption-attachment-105\" class=\"wp-caption-text\">Le banc aux lib\u00e9llules \u00e0 Albepierre<\/figcaption><\/figure><br \/>\n<figure id=\"attachment_1725\" aria-describedby=\"caption-attachment-1725\" style=\"width: 533px\" class=\"wp-caption alignnone\"><img loading=\"lazy\" decoding=\"async\" class=\"wp-image-1725 size-medium\" src=\"https:\/\/outsiderland.com\/Roger-Delcros\/wp-content\/uploads\/2015\/12\/1459174240_60543929BI-533x300.jpg\" alt=\"\" width=\"533\" height=\"300\" srcset=\"https:\/\/outsiderland.com\/Roger-Delcros\/wp-content\/uploads\/2015\/12\/1459174240_60543929BI-533x300.jpg 533w, https:\/\/outsiderland.com\/Roger-Delcros\/wp-content\/uploads\/2015\/12\/1459174240_60543929BI-768x432.jpg 768w, https:\/\/outsiderland.com\/Roger-Delcros\/wp-content\/uploads\/2015\/12\/1459174240_60543929BI-720x405.jpg 720w, https:\/\/outsiderland.com\/Roger-Delcros\/wp-content\/uploads\/2015\/12\/1459174240_60543929BI-224x126.jpg 224w, https:\/\/outsiderland.com\/Roger-Delcros\/wp-content\/uploads\/2015\/12\/1459174240_60543929BI-924x520.jpg 924w, https:\/\/outsiderland.com\/Roger-Delcros\/wp-content\/uploads\/2015\/12\/1459174240_60543929BI.jpg 960w\" sizes=\"auto, (max-width: 533px) 100vw, 533px\" \/><figcaption id=\"caption-attachment-1725\" class=\"wp-caption-text\">Falaise des Cunes , altitude 1180 m<\/figcaption><\/figure><br \/>\n<figure id=\"attachment_778\" aria-describedby=\"caption-attachment-778\" style=\"width: 533px\" class=\"wp-caption alignnone\"><img loading=\"lazy\" decoding=\"async\" class=\"wp-image-778 size-medium\" src=\"https:\/\/outsiderland.com\/Roger-Delcros\/wp-content\/uploads\/2015\/12\/1449083500_1373575867-533x300.jpg\" width=\"533\" height=\"300\" srcset=\"https:\/\/outsiderland.com\/Roger-Delcros\/wp-content\/uploads\/2015\/12\/1449083500_1373575867-533x300.jpg 533w, https:\/\/outsiderland.com\/Roger-Delcros\/wp-content\/uploads\/2015\/12\/1449083500_1373575867-720x405.jpg 720w, https:\/\/outsiderland.com\/Roger-Delcros\/wp-content\/uploads\/2015\/12\/1449083500_1373575867-224x126.jpg 224w, https:\/\/outsiderland.com\/Roger-Delcros\/wp-content\/uploads\/2015\/12\/1449083500_1373575867-924x520.jpg 924w, https:\/\/outsiderland.com\/Roger-Delcros\/wp-content\/uploads\/2015\/12\/1449083500_1373575867.jpg 960w\" sizes=\"auto, (max-width: 533px) 100vw, 533px\" \/><figcaption id=\"caption-attachment-778\" class=\"wp-caption-text\">Pont de Larmont , 1116 m<\/figcaption><\/figure><br \/>\n<figure id=\"attachment_1625\" aria-describedby=\"caption-attachment-1625\" style=\"width: 533px\" class=\"wp-caption alignnone\"><img loading=\"lazy\" decoding=\"async\" class=\"wp-image-1625 size-medium\" src=\"https:\/\/outsiderland.com\/Roger-Delcros\/wp-content\/uploads\/2015\/12\/10422577_897316156986910_2949081910417581043_n-533x300.jpg\" width=\"533\" height=\"300\" srcset=\"https:\/\/outsiderland.com\/Roger-Delcros\/wp-content\/uploads\/2015\/12\/10422577_897316156986910_2949081910417581043_n-533x300.jpg 533w, https:\/\/outsiderland.com\/Roger-Delcros\/wp-content\/uploads\/2015\/12\/10422577_897316156986910_2949081910417581043_n-768x432.jpg 768w, https:\/\/outsiderland.com\/Roger-Delcros\/wp-content\/uploads\/2015\/12\/10422577_897316156986910_2949081910417581043_n-720x405.jpg 720w, https:\/\/outsiderland.com\/Roger-Delcros\/wp-content\/uploads\/2015\/12\/10422577_897316156986910_2949081910417581043_n-224x126.jpg 224w, https:\/\/outsiderland.com\/Roger-Delcros\/wp-content\/uploads\/2015\/12\/10422577_897316156986910_2949081910417581043_n-924x520.jpg 924w, https:\/\/outsiderland.com\/Roger-Delcros\/wp-content\/uploads\/2015\/12\/10422577_897316156986910_2949081910417581043_n.jpg 960w\" sizes=\"auto, (max-width: 533px) 100vw, 533px\" \/><figcaption id=\"caption-attachment-1625\" class=\"wp-caption-text\">Pont en bois du Lagnon, alti : 1360 m<\/figcaption><\/figure><\/p>\n<p>De nombreux ponts jalonnent les cours d&rsquo; eau de la commune d&rsquo;Albepierre-Bredons :<\/p>\n<p>Ruisseau du Lagnon , na\u00eet sur le versant oriental du Plomb du Cantal<\/p>\n<ul>\n<li>Pont en bois du Lagnon , alti : 1360 m<\/li>\n<li>Pont de Fer , 1273 m<\/li>\n<li>Pont de Larmont , 1116 m<\/li>\n<li>Pont de Pig\u00e8re , 1083 m<\/li>\n<li>Pont des Tuiles , 1065 m<\/li>\n<li>Pont de la Planche du Jeu , 1029 m<\/li>\n<li>Pont de la Granjoli\u00e8re\u00a0 , 1027 m<\/li>\n<li>Pont du Trintou , 1016 m<\/li>\n<li>Pont d &lsquo;Anguedoches ( Gu\u00e9 des oies ) , 1012 m<\/li>\n<li>Pont d&rsquo; Auzolles-Haut , 1008 m<\/li>\n<li>Pont en pierres 1006 m<\/li>\n<li>Pont d&rsquo; Armandou , 993 m<\/li>\n<li>Ancien Pont de Pignou 940 m<\/li>\n<li>Pont de Pignou , 902 m<\/li>\n<\/ul>\n<p>Ruisseau du Benet , na\u00eet dans le cirque de Chamali\u00e8re :<\/p>\n<ul>\n<li>Pont\u00a0 du Creux de For\u00eat , 1155 m<\/li>\n<li>Pont del gars del porc 1141 m<\/li>\n<li>Pont Rouge\u00a0 1122 m<\/li>\n<li>Pont ? 1050 m\u00a0<\/li>\n<li>Pont du Moulin 1040 m<\/li>\n<li>Pont du Pr\u00e9 du Bas 1044 m<\/li>\n<li>Pont d&rsquo; en Pierre-Besse 1030 m<\/li>\n<li>Pont de la Grange de Magne 981 m<\/li>\n<\/ul>\n<p>Ruisseau du Pont , na\u00eet sur le versant Est du Puy de Prat de Bouc<\/p>\n<p><a href=\"https:\/\/outsiderland.com\/Roger-Delcros\/wp-content\/uploads\/2015\/12\/10422467_965378366874780_134341138342639100_n.jpg\"><img loading=\"lazy\" decoding=\"async\" class=\"wp-image-920 aligncenter\" src=\"https:\/\/outsiderland.com\/Roger-Delcros\/wp-content\/uploads\/2015\/12\/10422467_965378366874780_134341138342639100_n-165x300.jpg\" alt=\"10422467_965378366874780_134341138342639100_n\" width=\"219\" height=\"398\" srcset=\"https:\/\/outsiderland.com\/Roger-Delcros\/wp-content\/uploads\/2015\/12\/10422467_965378366874780_134341138342639100_n-165x300.jpg 165w, https:\/\/outsiderland.com\/Roger-Delcros\/wp-content\/uploads\/2015\/12\/10422467_965378366874780_134341138342639100_n-123x224.jpg 123w, https:\/\/outsiderland.com\/Roger-Delcros\/wp-content\/uploads\/2015\/12\/10422467_965378366874780_134341138342639100_n-286x520.jpg 286w, https:\/\/outsiderland.com\/Roger-Delcros\/wp-content\/uploads\/2015\/12\/10422467_965378366874780_134341138342639100_n.jpg 528w\" sizes=\"auto, (max-width: 219px) 100vw, 219px\" \/><\/a><\/p>\n<p>Source de Chameirol<\/p>\n<ul>\n<li>Pont de Sagnepic<\/li>\n<li>Pont de la Bosse<\/li>\n<\/ul>\n<p>Rivi\u00e8re de l&rsquo; Alagnon prend sa source au Puy de Bataillouze<\/p>\n<ul>\n<li>Pont de Stalapos , 882 m<\/li>\n<li>Pont de Notre-Dame<\/li>\n<\/ul>\n<p><strong>Les cascades de la commune d&rsquo;Albepierre-Bredons : <\/strong>Ruisseau du Lagnon :<\/p>\n<ul>\n<li>Cascade de Prat de Bouc 1540 m<\/li>\n<li>Cascade du Puy du Rocher 1450 m<\/li>\n<li>Cascade des Pr\u00e9s Marty 1410 m<\/li>\n<li>Cascade du Lagnon 1330 m<\/li>\n<li>Cascade de ?<\/li>\n<li>Cascade des Vergnes 1172 m<\/li>\n<li>Cascade des Pr\u00e9s-Longs 1115 m<\/li>\n<li>Cascade du Roitelet 1240 m ( affluent du Lagnon )<\/li>\n<li>Cascade Pisse-Gel 1200 m ( affluent du Lagnon )<\/li>\n<li>Le Banc aux Libellules 1080 m<\/li>\n<li>Cascade du Prapsou 1060 m<\/li>\n<li>Cascatelle de la Bergeronnette 977 m\u00a0<\/li>\n<li>Cascade de Pignou 950 m<\/li>\n<\/ul>\n<p>Ruisseau du Benet\u00a0 :<\/p>\n<ul>\n<li>Cascade de la Mol\u00e8de<\/li>\n<\/ul>\n<p><strong>Les burons\u00a0 et vacheries de la commune d&rsquo; Albepierre-Bredons <\/strong>( Lieu de fabrication autrefois du fromage , le cantal ) .<\/p>\n<ul>\n<li>Buron le Cantal ( l ) 1464 m , ( en ruines ) cirque de Prat de Bouc<\/li>\n<li>Buron de Salabert 1449 m , cirque de Prat de Bouc<\/li>\n<li>Burons\u00a0 de la montagne de la Mol\u00e8de \u00e0 1448 m ( 4 en ruines ) et une soue \u00e0 cochons<\/li>\n<li>Buron le Cantal ( ll ) 1442 m , ( ruines ) , il y a une soue \u00e0 cochon \u00e0 quelques m\u00e8tres du buron , Prat de Bouc .<\/li>\n<li>Buron de Chamali\u00e8re 1436 m ( ruines ) cirque de Chamali\u00e8re<\/li>\n<li>Vacherie ou V\u00e9d\u00e9lat\/B\u00e9d\u00e9lat le Cantal ( I ) 1426 m , ( en ruines ) cirque de Prat de Bouc<\/li>\n<li>Buron de Chamali\u00e8re 1422 m ( ruines ) cirque de Chamali\u00e8re<\/li>\n<li>Vacherie ou V\u00e9d\u00e9lat\/B\u00e9d\u00e9lat le Cantal ( ll ) 1420 m , ( en ruines ) cirque de Prat de Bouc<\/li>\n<li>Buron des Pr\u00e9s Marty 1392 m<\/li>\n<li>Buron de la Souleyre 1380 m<\/li>\n<li>Buron de la Montagnoune Haute 1360 m<\/li>\n<li>Buron de la Cocarderie 1308 m<\/li>\n<li>Buron du Joaniol Haut 1308 m<\/li>\n<li>Buron de la Montagnoune Basse 1300 m<\/li>\n<li>Vacherie de la Montagnoune Basse , 1279 m ( Ruines )<\/li>\n<li>Buron et Soue \u00e0 cochons de Raveyrol , 1274 m ( Ruines )<\/li>\n<li>Buron du\u00a0 Triu 1270 m , proche du Pont de Fer ( Ruines )<\/li>\n<li>Buron ( Les Barthes ) , 1249 m<\/li>\n<li>Buron ( Ruines ) et \u00e9table d&rsquo; altitude le Benet , 1247 m<\/li>\n<\/ul>\n<p>Autres burons sur la commune d&rsquo;Albepierre-Bredons :\u00a0 \u00a0Les Vergnes 1238 m , 1216 m et 1198 m , Pr\u00e9 Vidal 1355 m\u00a0 , Les Crampes 1323 m , Le Joigny 1378 m &#8230;<\/p>\n<p><figure id=\"attachment_1376\" aria-describedby=\"caption-attachment-1376\" style=\"width: 428px\" class=\"wp-caption alignnone\"><img loading=\"lazy\" decoding=\"async\" class=\"wp-image-1376 size-medium\" src=\"https:\/\/outsiderland.com\/Roger-Delcros\/wp-content\/uploads\/2015\/12\/14203150_10210053118265140_7990394556630692222_n-428x300.jpg\" alt=\"14203150_10210053118265140_7990394556630692222_n\" width=\"428\" height=\"300\" srcset=\"https:\/\/outsiderland.com\/Roger-Delcros\/wp-content\/uploads\/2015\/12\/14203150_10210053118265140_7990394556630692222_n-428x300.jpg 428w, https:\/\/outsiderland.com\/Roger-Delcros\/wp-content\/uploads\/2015\/12\/14203150_10210053118265140_7990394556630692222_n-768x539.jpg 768w, https:\/\/outsiderland.com\/Roger-Delcros\/wp-content\/uploads\/2015\/12\/14203150_10210053118265140_7990394556630692222_n-720x505.jpg 720w, https:\/\/outsiderland.com\/Roger-Delcros\/wp-content\/uploads\/2015\/12\/14203150_10210053118265140_7990394556630692222_n-224x157.jpg 224w, https:\/\/outsiderland.com\/Roger-Delcros\/wp-content\/uploads\/2015\/12\/14203150_10210053118265140_7990394556630692222_n-741x520.jpg 741w, https:\/\/outsiderland.com\/Roger-Delcros\/wp-content\/uploads\/2015\/12\/14203150_10210053118265140_7990394556630692222_n.jpg 821w\" sizes=\"auto, (max-width: 428px) 100vw, 428px\" \/><figcaption id=\"caption-attachment-1376\" class=\"wp-caption-text\">Au loin le buron le Cantal et au premier plan : Vacherie ou v\u00e9d\u00e9lat\/B\u00e9d\u00e9lat le Cantal\u00a0 . Ces magnifiques b\u00e2timents sont malheureusement en ruines aujourd&rsquo; hui .<\/figcaption><\/figure><br \/>\n<figure id=\"attachment_1377\" aria-describedby=\"caption-attachment-1377\" style=\"width: 442px\" class=\"wp-caption aligncenter\"><img loading=\"lazy\" decoding=\"async\" class=\"wp-image-1377 size-medium\" src=\"https:\/\/outsiderland.com\/Roger-Delcros\/wp-content\/uploads\/2015\/12\/12647847_10208266972212605_1983854489_n-442x300.jpg\" alt=\"12647847_10208266972212605_1983854489_n\" width=\"442\" height=\"300\" srcset=\"https:\/\/outsiderland.com\/Roger-Delcros\/wp-content\/uploads\/2015\/12\/12647847_10208266972212605_1983854489_n-442x300.jpg 442w, https:\/\/outsiderland.com\/Roger-Delcros\/wp-content\/uploads\/2015\/12\/12647847_10208266972212605_1983854489_n-768x521.jpg 768w, https:\/\/outsiderland.com\/Roger-Delcros\/wp-content\/uploads\/2015\/12\/12647847_10208266972212605_1983854489_n-720x488.jpg 720w, https:\/\/outsiderland.com\/Roger-Delcros\/wp-content\/uploads\/2015\/12\/12647847_10208266972212605_1983854489_n-224x152.jpg 224w, https:\/\/outsiderland.com\/Roger-Delcros\/wp-content\/uploads\/2015\/12\/12647847_10208266972212605_1983854489_n-767x520.jpg 767w, https:\/\/outsiderland.com\/Roger-Delcros\/wp-content\/uploads\/2015\/12\/12647847_10208266972212605_1983854489_n.jpg 926w\" sizes=\"auto, (max-width: 442px) 100vw, 442px\" \/><figcaption id=\"caption-attachment-1377\" class=\"wp-caption-text\">Burons et vacheries ; aujourd&rsquo; hui en ruines dans le cirque de Prat de bouc et au pied du Plomb du Cantal.<\/figcaption><\/figure><br \/>\n<figure id=\"attachment_1621\" aria-describedby=\"caption-attachment-1621\" style=\"width: 457px\" class=\"wp-caption alignnone\"><img loading=\"lazy\" decoding=\"async\" class=\"wp-image-1621 size-medium\" src=\"https:\/\/outsiderland.com\/Roger-Delcros\/wp-content\/uploads\/2015\/12\/14199260_10210053121385218_8196771490272893938_n-457x300.jpg\" alt=\"\" width=\"457\" height=\"300\" srcset=\"https:\/\/outsiderland.com\/Roger-Delcros\/wp-content\/uploads\/2015\/12\/14199260_10210053121385218_8196771490272893938_n-457x300.jpg 457w, https:\/\/outsiderland.com\/Roger-Delcros\/wp-content\/uploads\/2015\/12\/14199260_10210053121385218_8196771490272893938_n-768x504.jpg 768w, https:\/\/outsiderland.com\/Roger-Delcros\/wp-content\/uploads\/2015\/12\/14199260_10210053121385218_8196771490272893938_n-720x473.jpg 720w, https:\/\/outsiderland.com\/Roger-Delcros\/wp-content\/uploads\/2015\/12\/14199260_10210053121385218_8196771490272893938_n-224x147.jpg 224w, https:\/\/outsiderland.com\/Roger-Delcros\/wp-content\/uploads\/2015\/12\/14199260_10210053121385218_8196771490272893938_n-792x520.jpg 792w, https:\/\/outsiderland.com\/Roger-Delcros\/wp-content\/uploads\/2015\/12\/14199260_10210053121385218_8196771490272893938_n.jpg 960w\" sizes=\"auto, (max-width: 457px) 100vw, 457px\" \/><figcaption id=\"caption-attachment-1621\" class=\"wp-caption-text\">Les burons et vacherie ou v\u00e9d\u00e9lat\/B\u00e9d\u00e9lat du cirque de Prat de Bouc .<\/figcaption><\/figure><br \/>\n<figure id=\"attachment_4085\" aria-describedby=\"caption-attachment-4085\" style=\"width: 400px\" class=\"wp-caption alignnone\"><img loading=\"lazy\" decoding=\"async\" class=\"wp-image-4085 size-medium\" src=\"https:\/\/outsiderland.com\/Roger-Delcros\/wp-content\/uploads\/2021\/10\/20211004_150105-400x300.jpg\" alt=\"\" width=\"400\" height=\"300\" srcset=\"https:\/\/outsiderland.com\/Roger-Delcros\/wp-content\/uploads\/2021\/10\/20211004_150105-400x300.jpg 400w, https:\/\/outsiderland.com\/Roger-Delcros\/wp-content\/uploads\/2021\/10\/20211004_150105-1024x768.jpg 1024w, https:\/\/outsiderland.com\/Roger-Delcros\/wp-content\/uploads\/2021\/10\/20211004_150105-768x576.jpg 768w, https:\/\/outsiderland.com\/Roger-Delcros\/wp-content\/uploads\/2021\/10\/20211004_150105-1536x1152.jpg 1536w, https:\/\/outsiderland.com\/Roger-Delcros\/wp-content\/uploads\/2021\/10\/20211004_150105-2048x1536.jpg 2048w, https:\/\/outsiderland.com\/Roger-Delcros\/wp-content\/uploads\/2021\/10\/20211004_150105-720x540.jpg 720w, https:\/\/outsiderland.com\/Roger-Delcros\/wp-content\/uploads\/2021\/10\/20211004_150105-224x168.jpg 224w, https:\/\/outsiderland.com\/Roger-Delcros\/wp-content\/uploads\/2021\/10\/20211004_150105-693x520.jpg 693w, https:\/\/outsiderland.com\/Roger-Delcros\/wp-content\/uploads\/2021\/10\/20211004_150105-1140x855.jpg 1140w\" sizes=\"auto, (max-width: 400px) 100vw, 400px\" \/><figcaption id=\"caption-attachment-4085\" class=\"wp-caption-text\">Soue \u00e0 cochon du buron le Cantal ( II ) \u00e0 1440 m .<\/figcaption><\/figure><br \/>\n<figure id=\"attachment_4069\" aria-describedby=\"caption-attachment-4069\" style=\"width: 400px\" class=\"wp-caption alignnone\"><img loading=\"lazy\" decoding=\"async\" class=\"wp-image-4069 size-medium\" src=\"https:\/\/outsiderland.com\/Roger-Delcros\/wp-content\/uploads\/2021\/09\/20210930_180715-400x300.jpg\" alt=\"\" width=\"400\" height=\"300\" srcset=\"https:\/\/outsiderland.com\/Roger-Delcros\/wp-content\/uploads\/2021\/09\/20210930_180715-400x300.jpg 400w, https:\/\/outsiderland.com\/Roger-Delcros\/wp-content\/uploads\/2021\/09\/20210930_180715-768x576.jpg 768w, https:\/\/outsiderland.com\/Roger-Delcros\/wp-content\/uploads\/2021\/09\/20210930_180715-720x540.jpg 720w, https:\/\/outsiderland.com\/Roger-Delcros\/wp-content\/uploads\/2021\/09\/20210930_180715-224x168.jpg 224w, https:\/\/outsiderland.com\/Roger-Delcros\/wp-content\/uploads\/2021\/09\/20210930_180715-693x520.jpg 693w, https:\/\/outsiderland.com\/Roger-Delcros\/wp-content\/uploads\/2021\/09\/20210930_180715.jpg 1009w\" sizes=\"auto, (max-width: 400px) 100vw, 400px\" \/><figcaption id=\"caption-attachment-4069\" class=\"wp-caption-text\">Buron le Cantal ( I ) 1464 m , en ruines aujourd&rsquo; hui<\/figcaption><\/figure><br \/>\n<figure id=\"attachment_2286\" aria-describedby=\"caption-attachment-2286\" style=\"width: 533px\" class=\"wp-caption alignnone\"><img loading=\"lazy\" decoding=\"async\" class=\"wp-image-2286 size-medium\" src=\"https:\/\/outsiderland.com\/Roger-Delcros\/wp-content\/uploads\/2017\/11\/20171123_135847-533x300.jpg\" alt=\"\" width=\"533\" height=\"300\" srcset=\"https:\/\/outsiderland.com\/Roger-Delcros\/wp-content\/uploads\/2017\/11\/20171123_135847-533x300.jpg 533w, https:\/\/outsiderland.com\/Roger-Delcros\/wp-content\/uploads\/2017\/11\/20171123_135847-768x432.jpg 768w, https:\/\/outsiderland.com\/Roger-Delcros\/wp-content\/uploads\/2017\/11\/20171123_135847-1024x576.jpg 1024w, https:\/\/outsiderland.com\/Roger-Delcros\/wp-content\/uploads\/2017\/11\/20171123_135847-720x405.jpg 720w, https:\/\/outsiderland.com\/Roger-Delcros\/wp-content\/uploads\/2017\/11\/20171123_135847-224x126.jpg 224w, https:\/\/outsiderland.com\/Roger-Delcros\/wp-content\/uploads\/2017\/11\/20171123_135847-924x520.jpg 924w, https:\/\/outsiderland.com\/Roger-Delcros\/wp-content\/uploads\/2017\/11\/20171123_135847-1140x641.jpg 1140w\" sizes=\"auto, (max-width: 533px) 100vw, 533px\" \/><figcaption id=\"caption-attachment-2286\" class=\"wp-caption-text\">Buron proche du Lac des Biches <span style=\"font-size: inherit;\">Les lieux dits de la commune : Roche du Bourru , Trou du Cheylut , Le Serre , Planol de la Rodde , Les Ca\u00efres , Roche du Cuzel ( Grottes ) , Les fouets , Le champ des Pommiers , Roche Jaili\u00e8re , Les Maupas\u00a0 , Raveyrol , For\u00eat les Barthes , La Bosse , Chameirol , La Testone , Les Blattes , Les Gardys\u00a0 \u00a0,\u00a0 Les Roches d&rsquo; Auzolles , Labro , Les Combes\u00a0 &#8230;<\/span><\/figcaption><\/figure><\/p>\n<figure id=\"attachment_2231\" aria-describedby=\"caption-attachment-2231\" style=\"width: 533px\" class=\"wp-caption alignnone\"><img loading=\"lazy\" decoding=\"async\" class=\"wp-image-2231 size-medium\" src=\"https:\/\/outsiderland.com\/Roger-Delcros\/wp-content\/uploads\/2015\/12\/20171019_152344-533x300.jpg\" alt=\"\" width=\"533\" height=\"300\" srcset=\"https:\/\/outsiderland.com\/Roger-Delcros\/wp-content\/uploads\/2015\/12\/20171019_152344-533x300.jpg 533w, https:\/\/outsiderland.com\/Roger-Delcros\/wp-content\/uploads\/2015\/12\/20171019_152344-768x432.jpg 768w, https:\/\/outsiderland.com\/Roger-Delcros\/wp-content\/uploads\/2015\/12\/20171019_152344-1024x576.jpg 1024w, https:\/\/outsiderland.com\/Roger-Delcros\/wp-content\/uploads\/2015\/12\/20171019_152344-720x405.jpg 720w, https:\/\/outsiderland.com\/Roger-Delcros\/wp-content\/uploads\/2015\/12\/20171019_152344-224x126.jpg 224w, https:\/\/outsiderland.com\/Roger-Delcros\/wp-content\/uploads\/2015\/12\/20171019_152344-924x520.jpg 924w, https:\/\/outsiderland.com\/Roger-Delcros\/wp-content\/uploads\/2015\/12\/20171019_152344-1140x641.jpg 1140w\" sizes=\"auto, (max-width: 533px) 100vw, 533px\" \/><figcaption id=\"caption-attachment-2231\" class=\"wp-caption-text\">Les Roches d&rsquo; Auzolles<\/figcaption><\/figure>\n<p style=\"text-align: left;\"><strong>Venez d\u00e9couvrir une faune de montagne exceptionnelle .\u00a0\u00a0\u00a0\u00a0\u00a0<\/strong>Mouflon , Chamois , Chevreuil ,Cerf , Marmotte , Hibou grand duc , Faucon P\u00e9lerin , Merle de roche , Merle \u00e0 plastron , Tichodrome \u00e9chelette , Bec-crois\u00e9 des sapins , Traquet motteux , Venturon montagnard , Circa\u00e8te jean-le-blanc , Bondr\u00e9e\u00a0 apivore , Epervier d&rsquo; europe , Chouette hulotte , Pic \u00e9peiche , Roitelet hup\u00e9 , Linotte m\u00e9lodieuse , Pouillot v\u00e9loce , Sittelle torchepot , L\u00e9zard vert , Renard , Loup , Chauves-souris &#8230;..<\/p>\n<p><figure id=\"attachment_1918\" aria-describedby=\"caption-attachment-1918\" style=\"width: 595px\" class=\"wp-caption alignnone\"><img loading=\"lazy\" decoding=\"async\" class=\"wp-image-1918\" src=\"https:\/\/outsiderland.com\/Roger-Delcros\/wp-content\/uploads\/2015\/12\/5988737_1-0-446287026_1000x625-480x300.jpg\" alt=\"\" width=\"595\" height=\"372\" srcset=\"https:\/\/outsiderland.com\/Roger-Delcros\/wp-content\/uploads\/2015\/12\/5988737_1-0-446287026_1000x625-480x300.jpg 480w, https:\/\/outsiderland.com\/Roger-Delcros\/wp-content\/uploads\/2015\/12\/5988737_1-0-446287026_1000x625-768x480.jpg 768w, https:\/\/outsiderland.com\/Roger-Delcros\/wp-content\/uploads\/2015\/12\/5988737_1-0-446287026_1000x625-720x450.jpg 720w, https:\/\/outsiderland.com\/Roger-Delcros\/wp-content\/uploads\/2015\/12\/5988737_1-0-446287026_1000x625-224x140.jpg 224w, https:\/\/outsiderland.com\/Roger-Delcros\/wp-content\/uploads\/2015\/12\/5988737_1-0-446287026_1000x625-832x520.jpg 832w, https:\/\/outsiderland.com\/Roger-Delcros\/wp-content\/uploads\/2015\/12\/5988737_1-0-446287026_1000x625.jpg 1000w\" sizes=\"auto, (max-width: 595px) 100vw, 595px\" \/><figcaption id=\"caption-attachment-1918\" class=\"wp-caption-text\">Les premiers mouflons ont \u00e9t\u00e9 introduits \u00e0 la fin de l&rsquo; ann\u00e9e 1959 sur le territoire de la commune d&rsquo; Albepierre-Bredons . Ces b\u00eates arrivaient de la r\u00e9serve nationale de Chambord .<\/figcaption><\/figure><br \/>\n<figure id=\"attachment_829\" aria-describedby=\"caption-attachment-829\" style=\"width: 600px\" class=\"wp-caption alignright\"><a href=\"https:\/\/outsiderland.com\/Roger-Delcros\/wp-content\/uploads\/2015\/12\/07JFC02040-venturon-montagnard.jpg\"><img loading=\"lazy\" decoding=\"async\" class=\"wp-image-829 size-medium\" src=\"https:\/\/outsiderland.com\/Roger-Delcros\/wp-content\/uploads\/2015\/12\/07JFC02040-venturon-montagnard-600x261.jpg\" alt=\"07JFC02040-venturon-montagnard\" width=\"600\" height=\"261\" srcset=\"https:\/\/outsiderland.com\/Roger-Delcros\/wp-content\/uploads\/2015\/12\/07JFC02040-venturon-montagnard-600x261.jpg 600w, https:\/\/outsiderland.com\/Roger-Delcros\/wp-content\/uploads\/2015\/12\/07JFC02040-venturon-montagnard-720x313.jpg 720w, https:\/\/outsiderland.com\/Roger-Delcros\/wp-content\/uploads\/2015\/12\/07JFC02040-venturon-montagnard-224x97.jpg 224w, https:\/\/outsiderland.com\/Roger-Delcros\/wp-content\/uploads\/2015\/12\/07JFC02040-venturon-montagnard.jpg 900w\" sizes=\"auto, (max-width: 600px) 100vw, 600px\" \/><\/a><figcaption id=\"caption-attachment-829\" class=\"wp-caption-text\">Venturon Montagnard<\/figcaption><\/figure><br \/>\n<figure id=\"attachment_831\" aria-describedby=\"caption-attachment-831\" style=\"width: 516px\" class=\"wp-caption alignnone\"><img loading=\"lazy\" decoding=\"async\" class=\"wp-image-831\" src=\"https:\/\/outsiderland.com\/Roger-Delcros\/wp-content\/uploads\/2015\/12\/594627715-pomme-de-pin-bec-croise-des-sapins-senvoler-decoller-aviation.jpg\" alt=\"\" width=\"516\" height=\"215\" srcset=\"https:\/\/outsiderland.com\/Roger-Delcros\/wp-content\/uploads\/2015\/12\/594627715-pomme-de-pin-bec-croise-des-sapins-senvoler-decoller-aviation.jpg 432w, https:\/\/outsiderland.com\/Roger-Delcros\/wp-content\/uploads\/2015\/12\/594627715-pomme-de-pin-bec-croise-des-sapins-senvoler-decoller-aviation-224x93.jpg 224w\" sizes=\"auto, (max-width: 516px) 100vw, 516px\" \/><figcaption id=\"caption-attachment-831\" class=\"wp-caption-text\">Bec Crois\u00e9 des Sapins<\/figcaption><\/figure><br \/>\n<figure id=\"attachment_1042\" aria-describedby=\"caption-attachment-1042\" style=\"width: 315px\" class=\"wp-caption alignnone\"><img loading=\"lazy\" decoding=\"async\" class=\"wp-image-1042\" src=\"https:\/\/outsiderland.com\/Roger-Delcros\/wp-content\/uploads\/2015\/12\/images1.jpg\" alt=\"\" width=\"315\" height=\"189\" srcset=\"https:\/\/outsiderland.com\/Roger-Delcros\/wp-content\/uploads\/2015\/12\/images1.jpg 240w, https:\/\/outsiderland.com\/Roger-Delcros\/wp-content\/uploads\/2015\/12\/images1-224x134.jpg 224w\" sizes=\"auto, (max-width: 315px) 100vw, 315px\" \/><figcaption id=\"caption-attachment-1042\" class=\"wp-caption-text\">Un loup dans les environs d &lsquo; Albepierre en 2008 . ( Photographie C Borel )<\/figcaption><\/figure><\/p>\n<p><strong>Partez gravir les nombreux sommets\u00a0 de la commune d&rsquo; Albepierre-Bredons :<\/strong><\/p>\n<ul>\n<li>Plomb du Cantal 1855 m ( Plus haut sommet du massif\u00a0 Cantalien )<\/li>\n<li>Rocher de la Sagne du Porc 1716 m<\/li>\n<li>L&rsquo; aiguillon 1665 m<\/li>\n<li>Rocher de Chamali\u00e8re 1641 m<\/li>\n<li>Puy de Prat de Bouc 1524 m<\/li>\n<li>Puy de la Mol\u00e8de 1384 m<\/li>\n<li>Puy du Bac 1203 m<\/li>\n<li>Rocher de Bredons 1013 m<\/li>\n<\/ul>\n<p><strong>Cols de la commune :<\/strong><\/p>\n<ul>\n<li>Col du Pas des Alpins 1750 m<\/li>\n<li>Col de l&rsquo; Aiguillon 1659 m<\/li>\n<li>Col de la tombe du p\u00e8re 1586 m<\/li>\n<li>Col de Prat de Bouc \/ Plomb du Cantal 1396 m , gravit plusieurs fois par le Tour de France<\/li>\n<li>Col de la Mol\u00e8de 1329 m ( col routier )<\/li>\n<\/ul>\n<figure id=\"attachment_1946\" aria-describedby=\"caption-attachment-1946\" style=\"width: 532px\" class=\"wp-caption alignnone\"><img loading=\"lazy\" decoding=\"async\" class=\"wp-image-1946\" src=\"https:\/\/outsiderland.com\/Roger-Delcros\/wp-content\/uploads\/2015\/12\/14199347_10210053175146562_2493657741073819643_n-479x300.jpg\" alt=\"\" width=\"532\" height=\"333\" srcset=\"https:\/\/outsiderland.com\/Roger-Delcros\/wp-content\/uploads\/2015\/12\/14199347_10210053175146562_2493657741073819643_n-479x300.jpg 479w, https:\/\/outsiderland.com\/Roger-Delcros\/wp-content\/uploads\/2015\/12\/14199347_10210053175146562_2493657741073819643_n-768x481.jpg 768w, https:\/\/outsiderland.com\/Roger-Delcros\/wp-content\/uploads\/2015\/12\/14199347_10210053175146562_2493657741073819643_n-720x451.jpg 720w, https:\/\/outsiderland.com\/Roger-Delcros\/wp-content\/uploads\/2015\/12\/14199347_10210053175146562_2493657741073819643_n-224x140.jpg 224w, https:\/\/outsiderland.com\/Roger-Delcros\/wp-content\/uploads\/2015\/12\/14199347_10210053175146562_2493657741073819643_n-831x520.jpg 831w, https:\/\/outsiderland.com\/Roger-Delcros\/wp-content\/uploads\/2015\/12\/14199347_10210053175146562_2493657741073819643_n.jpg 960w\" sizes=\"auto, (max-width: 532px) 100vw, 532px\" \/><figcaption id=\"caption-attachment-1946\" class=\"wp-caption-text\">Col de la Tombe du P\u00e8re<\/figcaption><\/figure>\n<p><strong>Les moulins hydrauliques\u00a0 <\/strong>( 13 au total ) de la commune d&rsquo;Albepierre-Bredons : Moulin de Stalapos , Moulin de la Planche du Jeu\u00a0 , Moulins de Pignou&#8230;<\/p>\n<p>Ils servaient au broyage du chanvre\u00a0 , pressage de l&rsquo;huile\u00a0 , foulage des draps\u00a0 ,\u00a0 la mouture des grains&#8230;<\/p>\n\n\n<figure class=\"wp-block-image size-large\"><img loading=\"lazy\" decoding=\"async\" width=\"1024\" height=\"576\" src=\"https:\/\/outsiderland.com\/Roger-Delcros\/wp-content\/uploads\/2023\/09\/20230921_135255-1024x576.jpg\" alt=\"\" class=\"wp-image-4484\" srcset=\"https:\/\/outsiderland.com\/Roger-Delcros\/wp-content\/uploads\/2023\/09\/20230921_135255-1024x576.jpg 1024w, https:\/\/outsiderland.com\/Roger-Delcros\/wp-content\/uploads\/2023\/09\/20230921_135255-533x300.jpg 533w, https:\/\/outsiderland.com\/Roger-Delcros\/wp-content\/uploads\/2023\/09\/20230921_135255-768x432.jpg 768w, https:\/\/outsiderland.com\/Roger-Delcros\/wp-content\/uploads\/2023\/09\/20230921_135255-1536x864.jpg 1536w, https:\/\/outsiderland.com\/Roger-Delcros\/wp-content\/uploads\/2023\/09\/20230921_135255-2048x1152.jpg 2048w, https:\/\/outsiderland.com\/Roger-Delcros\/wp-content\/uploads\/2023\/09\/20230921_135255-720x405.jpg 720w, https:\/\/outsiderland.com\/Roger-Delcros\/wp-content\/uploads\/2023\/09\/20230921_135255-224x126.jpg 224w, https:\/\/outsiderland.com\/Roger-Delcros\/wp-content\/uploads\/2023\/09\/20230921_135255-924x520.jpg 924w, https:\/\/outsiderland.com\/Roger-Delcros\/wp-content\/uploads\/2023\/09\/20230921_135255-1140x641.jpg 1140w\" sizes=\"auto, (max-width: 1024px) 100vw, 1024px\" \/><figcaption class=\"wp-element-caption\">Moulin hydraulique sur le Benet  ( en mauvais \u00e9tat  )  alti : 1060 m . Acc\u00e8s au b\u00e2timent : suivre la rue des moulins et remonter le cours d&rsquo;eau. <\/figcaption><\/figure>\n\n\n\n<div class=\"wp-block-cover\" style=\"min-height:430px;aspect-ratio:unset;\"><span aria-hidden=\"true\" class=\"wp-block-cover__background has-background-dim\"><\/span><img loading=\"lazy\" decoding=\"async\" width=\"1024\" height=\"576\" class=\"wp-block-cover__image-background wp-image-4669\" alt=\"\" src=\"https:\/\/outsiderland.com\/Roger-Delcros\/wp-content\/uploads\/2025\/04\/1000013083-1024x576.jpg\" data-object-fit=\"cover\" srcset=\"https:\/\/outsiderland.com\/Roger-Delcros\/wp-content\/uploads\/2025\/04\/1000013083-1024x576.jpg 1024w, https:\/\/outsiderland.com\/Roger-Delcros\/wp-content\/uploads\/2025\/04\/1000013083-533x300.jpg 533w, https:\/\/outsiderland.com\/Roger-Delcros\/wp-content\/uploads\/2025\/04\/1000013083-768x432.jpg 768w, https:\/\/outsiderland.com\/Roger-Delcros\/wp-content\/uploads\/2025\/04\/1000013083-1536x864.jpg 1536w, https:\/\/outsiderland.com\/Roger-Delcros\/wp-content\/uploads\/2025\/04\/1000013083-2048x1152.jpg 2048w, https:\/\/outsiderland.com\/Roger-Delcros\/wp-content\/uploads\/2025\/04\/1000013083-720x405.jpg 720w, https:\/\/outsiderland.com\/Roger-Delcros\/wp-content\/uploads\/2025\/04\/1000013083-224x126.jpg 224w, https:\/\/outsiderland.com\/Roger-Delcros\/wp-content\/uploads\/2025\/04\/1000013083-924x520.jpg 924w, https:\/\/outsiderland.com\/Roger-Delcros\/wp-content\/uploads\/2025\/04\/1000013083-1140x641.jpg 1140w\" sizes=\"auto, (max-width: 1024px) 100vw, 1024px\" \/><div class=\"wp-block-cover__inner-container is-layout-flow wp-block-cover-is-layout-flow\">\n<p class=\"has-text-align-center has-large-font-size\"><\/p>\n<\/div><\/div>\n\n\n\n<p>Buron de Salabert \/ Refuge de montagne <\/p>\n\n\n\n\n\n\n","protected":false},"excerpt":{"rendered":"<p>\u00a0La commune d&rsquo;Albepierre-Bredons est situ\u00e9e dans le d\u00e9partement : le Cantal . En r\u00e9gion\u00a0 ( Auvergne-Rh\u00f4ne-Alpes ) R\u00e9gion d &lsquo;Europe la plus montagneuse puisque 80 % de sa superficie est class\u00e9e en zone montagne et plus grand domaine skiable au monde . \u00a0 Hautes Terres Communaut\u00e9 \u00a0 Les villages et hameaux :\u00a0 Albepierre\u00a0 , La [&hellip;]<\/p>\n","protected":false},"author":2,"featured_media":0,"parent":608,"menu_order":0,"comment_status":"closed","ping_status":"closed","template":"","meta":{"footnotes":""},"class_list":["post-599","page","type-page","status-publish","hentry"],"_links":{"self":[{"href":"https:\/\/outsiderland.com\/Roger-Delcros\/index.php?rest_route=\/wp\/v2\/pages\/599","targetHints":{"allow":["GET"]}}],"collection":[{"href":"https:\/\/outsiderland.com\/Roger-Delcros\/index.php?rest_route=\/wp\/v2\/pages"}],"about":[{"href":"https:\/\/outsiderland.com\/Roger-Delcros\/index.php?rest_route=\/wp\/v2\/types\/page"}],"author":[{"embeddable":true,"href":"https:\/\/outsiderland.com\/Roger-Delcros\/index.php?rest_route=\/wp\/v2\/users\/2"}],"replies":[{"embeddable":true,"href":"https:\/\/outsiderland.com\/Roger-Delcros\/index.php?rest_route=%2Fwp%2Fv2%2Fcomments&post=599"}],"version-history":[{"count":337,"href":"https:\/\/outsiderland.com\/Roger-Delcros\/index.php?rest_route=\/wp\/v2\/pages\/599\/revisions"}],"predecessor-version":[{"id":4685,"href":"https:\/\/outsiderland.com\/Roger-Delcros\/index.php?rest_route=\/wp\/v2\/pages\/599\/revisions\/4685"}],"up":[{"embeddable":true,"href":"https:\/\/outsiderland.com\/Roger-Delcros\/index.php?rest_route=\/wp\/v2\/pages\/608"}],"wp:attachment":[{"href":"https:\/\/outsiderland.com\/Roger-Delcros\/index.php?rest_route=%2Fwp%2Fv2%2Fmedia&parent=599"}],"curies":[{"name":"wp","href":"https:\/\/api.w.org\/{rel}","templated":true}]}}