{"id":342,"date":"2015-09-27T16:16:45","date_gmt":"2015-09-27T16:16:45","guid":{"rendered":"https:\/\/outsiderland.com\/Roger-Delcros\/?page_id=342"},"modified":"2020-03-27T20:53:03","modified_gmt":"2020-03-27T20:53:03","slug":"rugby-football","status":"publish","type":"page","link":"https:\/\/outsiderland.com\/Roger-Delcros\/?page_id=342","title":{"rendered":"Rugby \/ Football Club Albepierre-Bredons"},"content":{"rendered":"<div class=\"post-header\"><\/div>\n<div class=\"post-body entry-content\"><b><u>RUGBY CLUB ALBEPIERRE BREDONS<\/u><\/b><br \/>\n<b><u><br \/>\n<\/u><\/b>L&rsquo; equipe d &lsquo; Albepierre\u00a0 ( ann\u00e9es 75 )<\/p>\n<div class=\"separator\">\n<figure style=\"width: 320px\" class=\"wp-caption alignnone\"><a href=\"http:\/\/3.bp.blogspot.com\/-BRl-UvWgV5Y\/UMoeL6EfRkI\/AAAAAAAABTU\/rhtOVuxCJFY\/s1600\/3132654.jpg\"><img loading=\"lazy\" decoding=\"async\" src=\"http:\/\/3.bp.blogspot.com\/-BRl-UvWgV5Y\/UMoeL6EfRkI\/AAAAAAAABTU\/rhtOVuxCJFY\/s320\/3132654.jpg\" alt=\"\" width=\"320\" height=\"223\" border=\"0\" \/><\/a><figcaption class=\"wp-caption-text\">Debout de gauche \u00e0 droite : ? , ? , Christian Peschaud , Benezit ,Victor Boffeli , ? ,? , ? , J M Charbonnel , Laurent Verdeaux , Marcel Martres . En bas de gauche \u00e0 droite : ? , Jean Martres , ? , ? , ? , Ventalon , Fran\u00e7ois Peschaud , et Daniel Chirol .<\/figcaption><\/figure>\n<figure style=\"width: 320px\" class=\"wp-caption alignleft\"><a href=\"http:\/\/4.bp.blogspot.com\/-Kkqee_tslp0\/UMoeRHDhUiI\/AAAAAAAABTc\/WGnvTtz90Ko\/s1600\/3132663.jpg\"><img loading=\"lazy\" decoding=\"async\" src=\"http:\/\/4.bp.blogspot.com\/-Kkqee_tslp0\/UMoeRHDhUiI\/AAAAAAAABTc\/WGnvTtz90Ko\/s320\/3132663.jpg\" alt=\"\" width=\"320\" height=\"215\" border=\"0\" \/><\/a><figcaption class=\"wp-caption-text\">Debout de gauche \u00e0 droite : Fran\u00e7ois Chissac , ? , Marcel Martres , Louisou Moulin , Charbonnel , Benezit , Faucillon , Laurent Verdeaux . Assis de gauche \u00e0 droite : ? , Daniel Chirol , ? , ? , ? , Fran\u00e7ois Peschaud et Christian Peschaud .<\/figcaption><\/figure>\n<\/div>\n<div class=\"separator\"><\/div>\n<div class=\"separator\"><\/div>\n<div class=\"separator\"><\/div>\n<div class=\"separator\"><\/div>\n<div class=\"separator\"><\/div>\n<\/div>\n<div class=\"separator\"><\/div>\n<div class=\"separator\"><\/div>\n<div class=\"separator\"><\/div>\n<div class=\"separator\"><\/div>\n<div class=\"separator\"><\/div>\n<div class=\"separator\"><\/div>\n<div class=\"separator\"><\/div>\n<div class=\"separator\"><\/div>\n<div class=\"separator\"><\/div>\n<div class=\"separator\"><\/div>\n<div class=\"separator\"><\/div>\n<div class=\"separator\"><\/div>\n<div class=\"separator\">Tournoi de Rugby amical \u00e0 Albepierre<\/div>\n<div class=\"separator\">Stade Jean Peschaud au Camp des Am\u00e9ricains<\/div>\n<div id=\"post-body-3227653954798552169\" class=\"post-body entry-content\">\n<div class=\"separator\">\n<figure style=\"width: 532px\" class=\"wp-caption alignnone\"><a href=\"http:\/\/2.bp.blogspot.com\/-qMrGn3dLCC0\/UMoegeVaPdI\/AAAAAAAABTk\/yPurpj6Rrns\/s1600\/num%C3%A9risation0003.jpg\"><img loading=\"lazy\" decoding=\"async\" src=\"http:\/\/2.bp.blogspot.com\/-qMrGn3dLCC0\/UMoegeVaPdI\/AAAAAAAABTk\/yPurpj6Rrns\/s400\/num%C3%A9risation0003.jpg\" width=\"532\" height=\"242\" border=\"0\" \/><\/a><figcaption class=\"wp-caption-text\">Debout de gauche \u00e0 droite : ( ? ) , Pierre Charrade , ( ? ) , J M Seccaud , Michel Mallet , Patrick Sanudo , ( ? ) , Pascal Mouret , B\u00e9n\u00e9zit , Eric Tissier , Jean-Marc Meyniel ,Didier Rigaud , Marie Jacomis ( arbitre ) , Cibiel , Regimbal , Philippe Andrieu , Didier Coste , Patou Andrieu , Francis Jacomis , Didier Seccaud , ( ? ) . Assis : Fr\u00e9deric Mallet , Fr\u00e9deric Croizet , Pierrot Rigal ,Erwan Lecoq , Roger Delcros , G\u00e9rard Croizet , Fran\u00e7ois Pechaud , Dadou Dubois , Paulo Parrachini , Patrick Rigal , Jacques Fouillade , ( ? ) , Jean-Claude Croizet , Michel Charbonnel arbitre de touche .<\/figcaption><\/figure>\n<\/div>\n<div class=\"separator\"><\/div>\n<div class=\"separator\">Equipe d &lsquo;Albepierre et de St Flour<\/div>\n<\/div>\n<div class=\"separator\"><\/div>\n<div class=\"separator\"><\/div>\n<div class=\"separator\"><\/div>\n<div id=\"post-body-3227653954798552169\" class=\"post-body entry-content\">\n<div class=\"separator\"><\/div>\n<div class=\"separator\"><\/div>\n<div class=\"separator\"><a href=\"http:\/\/2.bp.blogspot.com\/-tjf5U-YzhVY\/UMoeoUf73OI\/AAAAAAAABTs\/Bte8sm-5qoY\/s1600\/num%C3%A9risation0004.jpg\"><img loading=\"lazy\" decoding=\"async\" src=\"http:\/\/2.bp.blogspot.com\/-tjf5U-YzhVY\/UMoeoUf73OI\/AAAAAAAABTs\/Bte8sm-5qoY\/s320\/num%C3%A9risation0004.jpg\" alt=\"\" width=\"320\" height=\"194\" border=\"0\" \/><\/a><\/div>\n<div class=\"separator\"><\/div>\n<div class=\"separator\"><\/div>\n<\/div>\n<div class=\"separator\"><\/div>\n<div class=\"separator\"><\/div>\n<div id=\"post-body-3227653954798552169\" class=\"post-body entry-content\">\n<div class=\"separator\">Tournoi de Rugby \u00e0 St Jacques des Bl\u00e2ts<\/div>\n<div class=\"separator\"><\/div>\n<div class=\"separator\">\u00a0\u00bb Haka Arapiroux \u00ab\u00a0<\/div>\n<div class=\"separator\">\n<figure style=\"width: 640px\" class=\"wp-caption alignnone\"><a href=\"http:\/\/2.bp.blogspot.com\/-5LxH7K89Rwo\/UMoevSBL8GI\/AAAAAAAABT0\/VNqg9IHCm8o\/s1600\/num%C3%A9risation0002.jpg\"><img loading=\"lazy\" decoding=\"async\" src=\"http:\/\/2.bp.blogspot.com\/-5LxH7K89Rwo\/UMoevSBL8GI\/AAAAAAAABT0\/VNqg9IHCm8o\/s640\/num%C3%A9risation0002.jpg\" alt=\"\" width=\"640\" height=\"120\" border=\"0\" \/><\/a><figcaption class=\"wp-caption-text\">Merlet Regis , Croizet Jean- Claude , Andrieu Patrick , Jacomis Francis , Jacomis Patrice , Parrachini Paulo , ( ? )\u00a0 , Merlet Eric , Croizet Fr\u00e9d\u00e9ric , Rigal Patrick , Delcros Roger et Cambier Denis<\/figcaption><\/figure>\n<\/div>\n<div class=\"separator\">\n<figure style=\"width: 442px\" class=\"wp-caption alignnone\"><a href=\"http:\/\/4.bp.blogspot.com\/-QVSGeYy_lYY\/UMoezLjRG6I\/AAAAAAAABT8\/jUOaeKJxKxM\/s1600\/num%C3%A9risation0001.jpg\"><img loading=\"lazy\" decoding=\"async\" src=\"http:\/\/4.bp.blogspot.com\/-QVSGeYy_lYY\/UMoezLjRG6I\/AAAAAAAABT8\/jUOaeKJxKxM\/s320\/num%C3%A9risation0001.jpg\" alt=\"\" width=\"442\" height=\"366\" border=\"0\" \/><\/a><figcaption class=\"wp-caption-text\">Debout de gauche \u00e0 droite : ? , Croizet Fr\u00e9d\u00e9ric , Jacomis Patrice , Seccaud Didier , Andrieu Patrick , Croizet G\u00e9rard , Jacomis Francis , Croizet Jean Claude , Merlet R\u00e9gis et Rigal Patrick . Cambier Denis , Lecoq Erwan , Merlet Eric , Delcros Roger et Paulo Parachini<\/figcaption><\/figure>\n<\/div>\n<\/div>\n<p>&nbsp;<\/p>\n<p>&nbsp;<\/p>\n<div id=\"post-body-3227653954798552169\" class=\"post-body entry-content\">\n<div class=\"separator\">\n<p>&nbsp;<\/p>\n<\/div>\n<div class=\"separator\"><b><u>FOOTBALL CLUB ALBEPIERRE BREDONS<\/u><\/b><\/div>\n<div class=\"separator\"><b><u>\u00a0<\/u><\/b><\/div>\n<div class=\"separator\"><a href=\"http:\/\/3.bp.blogspot.com\/-pxi2MAFj5nw\/Uml5wOJhq8I\/AAAAAAAAB8s\/Xgxl5RuwUwo\/s1600\/550764_377450818980223_937922393_n.jpg\"><img loading=\"lazy\" decoding=\"async\" src=\"http:\/\/3.bp.blogspot.com\/-pxi2MAFj5nw\/Uml5wOJhq8I\/AAAAAAAAB8s\/Xgxl5RuwUwo\/s640\/550764_377450818980223_937922393_n.jpg\" alt=\"\" width=\"640\" height=\"436\" border=\"0\" \/><\/a><\/div>\n<div class=\"separator\"><\/div>\n<div class=\"separator\">Le Football Club Albepierre -Bredons est cr\u00e9e par : Roger Delcros , Didier Seccaud<\/div>\n<div class=\"separator\">et Francis Jacomis .<\/div>\n<\/div>\n<div class=\"separator\"><\/div>\n<div class=\"separator\"><\/div>\n<div id=\"post-body-3227653954798552169\" class=\"post-body entry-content\">\n<div class=\"separator\"><\/div>\n<div class=\"separator\"><\/div>\n<div class=\"separator\">Saison : 94\/95<\/div>\n<div class=\"separator\"><em>L&rsquo; \u00e9quipe : Combes Emmanuel , Seccaud jean Marc , Mallet Laurent , Mallet Frederic ,<\/em><\/div>\n<div class=\"separator\"><em>Seccaud Didier , Jacomis Francis , Andrieu Patrick . Arnau Dominique <\/em><\/div>\n<div class=\"separator\"><em>Mallet Michel , Delcros Roger , Bouche Franck , Aymar St\u00e9phane et Bos Laurent .<\/em><\/div>\n<div class=\"separator\"><\/div>\n<div class=\"separator\"><a href=\"http:\/\/4.bp.blogspot.com\/-aCXvZHF5WCU\/Uml5ncTQ6PI\/AAAAAAAAB8k\/sXJe7Hx7Hw0\/s1600\/543301_377450682313570_330351242_n.jpg\"><img loading=\"lazy\" decoding=\"async\" src=\"http:\/\/4.bp.blogspot.com\/-aCXvZHF5WCU\/Uml5ncTQ6PI\/AAAAAAAAB8k\/sXJe7Hx7Hw0\/s640\/543301_377450682313570_330351242_n.jpg\" alt=\"\" width=\"640\" height=\"436\" border=\"0\" \/><\/a><\/div>\n<div class=\"separator\"><\/div>\n<\/div>\n<div class=\"separator\"><\/div>\n<div class=\"separator\"><\/div>\n<div class=\"separator\"><\/div>\n<div id=\"post-body-3227653954798552169\" class=\"post-body entry-content\">\n<div class=\"separator\"><\/div>\n<div class=\"separator\"><\/div>\n<div class=\"separator\">Saison : 95 \/ 96 ( Stade jean Peschaud )<\/div>\n<div class=\"separator\">4 \u00e8me Division d\u00e9partementale<\/div>\n<div class=\"separator\"><\/div>\n<div class=\"separator\">\n<figure style=\"width: 400px\" class=\"wp-caption alignnone\"><a href=\"http:\/\/3.bp.blogspot.com\/-yzRkIJZIIZ4\/Uml78rineOI\/AAAAAAAAB80\/hOO8YuAhNPI\/s1600\/577563_377448965647075_2131230345_n.jpg\"><img loading=\"lazy\" decoding=\"async\" src=\"http:\/\/3.bp.blogspot.com\/-yzRkIJZIIZ4\/Uml78rineOI\/AAAAAAAAB80\/hOO8YuAhNPI\/s400\/577563_377448965647075_2131230345_n.jpg\" alt=\"\" width=\"400\" height=\"228\" border=\"0\" \/><\/a><figcaption class=\"wp-caption-text\">Debout de gauche \u00e0 droite : Cougouille Jacques , Dickodet Claude , Andrieu Patrick , Seccaud Didier , Mallet Fr\u00e9d\u00e9ric ,Bos Laurent , Delcros Jean-Michel , Seccaud Jean-Marc , Bouche Franck , Delcros Roger . Assis : Delmas Noel , Durand Eric , Arnau Dominique , Mallet Michel , Delcros joel , Delcros Laurent , Bouche Franck , Rigal Fr\u00e9d\u00e9ric et Alagna Guy<\/figcaption><\/figure>\n<\/div>\n<div class=\"separator\"><a href=\"http:\/\/2.bp.blogspot.com\/-uVTpqOsy870\/Uml8RBZE0LI\/AAAAAAAAB88\/jSsFpM-0vFg\/s1600\/577563_377448968980408_2090730085_n.jpg\"><img loading=\"lazy\" decoding=\"async\" class=\"alignright\" src=\"http:\/\/2.bp.blogspot.com\/-uVTpqOsy870\/Uml8RBZE0LI\/AAAAAAAAB88\/jSsFpM-0vFg\/s320\/577563_377448968980408_2090730085_n.jpg\" alt=\"\" width=\"320\" height=\"211\" border=\"0\" \/><\/a><\/div>\n<\/div>\n<div class=\"separator\"><\/div>\n<div class=\"separator\"><\/div>\n<div class=\"separator\"><\/div>\n<div class=\"separator\"><\/div>\n<div class=\"separator\"><\/div>\n<div class=\"separator\"><\/div>\n<div class=\"separator\"><\/div>\n<div class=\"separator\"><\/div>\n<div class=\"separator\"><\/div>\n<div class=\"separator\"><\/div>\n<div class=\"separator\"><\/div>\n<div class=\"separator\"><\/div>\n<div class=\"separator\"><\/div>\n<div id=\"post-body-3227653954798552169\" class=\"post-body entry-content\">\n<div class=\"separator\">\n<figure style=\"width: 400px\" class=\"wp-caption alignnone\"><a href=\"http:\/\/2.bp.blogspot.com\/-VG5s2TVvvl0\/UMokxFPaIPI\/AAAAAAAABUs\/-wbMxsq4PIs\/s1600\/num%C3%A9risation0001.jpg\"><img loading=\"lazy\" decoding=\"async\" src=\"http:\/\/2.bp.blogspot.com\/-VG5s2TVvvl0\/UMokxFPaIPI\/AAAAAAAABUs\/-wbMxsq4PIs\/s400\/num%C3%A9risation0001.jpg\" alt=\"\" width=\"400\" height=\"287\" border=\"0\" \/><\/a><figcaption class=\"wp-caption-text\">De gauche \u00e0 droite debout : Charbonnel Yannick , Velcin Jean , Delcros Roger , Rigal Fr\u00e9d\u00e9ric , Veyssi\u00e8re Philippe , Modenel Nicolas , Seccaud Didier , Andrieu Patrick , Teiss\u00e8dre Christian . Arnau Dominique , Charbonnel Michel , Charbonnel Jean-Marie , Chapoulade yvette , Cougouille Jacques . Durand Eric , Bouche Franck , Delcros Jean-Michel , Delcros Roland , Faucillon Christophe , Ribaud St\u00e9phane et Delcros joel<\/figcaption><\/figure>\n<\/div>\n<\/div>\n<p>&nbsp;<\/p>\n<p>Stade de Pierrefort<\/p>\n<div id=\"post-body-3227653954798552169\" class=\"post-body entry-content\">\n<div class=\"separator\">\n<figure style=\"width: 640px\" class=\"wp-caption alignleft\"><a href=\"http:\/\/3.bp.blogspot.com\/-A6Xw7kkAQOE\/UMok1WvTxWI\/AAAAAAAABU0\/gACtaShBoW8\/s1600\/num%C3%A9risation0002.jpg\"><img loading=\"lazy\" decoding=\"async\" src=\"http:\/\/3.bp.blogspot.com\/-A6Xw7kkAQOE\/UMok1WvTxWI\/AAAAAAAABU0\/gACtaShBoW8\/s640\/num%C3%A9risation0002.jpg\" alt=\"\" width=\"640\" height=\"432\" border=\"0\" \/><\/a><figcaption class=\"wp-caption-text\">Debout de gauche \u00e0 droite : Charbonnel Michel , Andrieu Patrick , Modenel Nicolas , Veyssi\u00e8re Philippe , Velcin Jean , Delcros Joel , Charbonnel Jean-Marie ,Seccaud Didier . Assis : Rigal Fred\u00e9ric , Charbonnel Franck , Durand Eric , Delcros Jean-Michel , Faucillon Christophe , Delcros Roger et Arnau Dominique .<\/figcaption><\/figure>\n<\/div>\n<div class=\"separator\"><\/div>\n<div class=\"separator\"><a href=\"http:\/\/4.bp.blogspot.com\/-gSJElTk5niU\/Uml86Tzs_NI\/AAAAAAAAB9E\/6T9sC5LQpes\/s1600\/554382_377451375646834_936335495_n.jpg\"><img loading=\"lazy\" decoding=\"async\" src=\"http:\/\/4.bp.blogspot.com\/-gSJElTk5niU\/Uml86Tzs_NI\/AAAAAAAAB9E\/6T9sC5LQpes\/s320\/554382_377451375646834_936335495_n.jpg\" alt=\"\" width=\"320\" height=\"147\" border=\"0\" \/><\/a><\/div>\n<div class=\"separator\"><\/div>\n<div class=\"separator\"><\/div>\n<\/div>\n<div class=\"separator\"><\/div>\n<div class=\"separator\"><\/div>\n<div class=\"separator\"><\/div>\n<div class=\"separator\"><\/div>\n<div class=\"separator\"><\/div>\n<div class=\"separator\"><\/div>\n<div id=\"post-body-3227653954798552169\" class=\"post-body entry-content\">\n<div class=\"separator\"><a href=\"http:\/\/2.bp.blogspot.com\/-B8XheNMfusA\/Uml9P1R9gxI\/AAAAAAAAB9M\/oAsIyHxNaeo\/s1600\/536710_377450882313550_1885029762_n.jpg\"><img loading=\"lazy\" decoding=\"async\" class=\"alignright\" src=\"http:\/\/2.bp.blogspot.com\/-B8XheNMfusA\/Uml9P1R9gxI\/AAAAAAAAB9M\/oAsIyHxNaeo\/s400\/536710_377450882313550_1885029762_n.jpg\" alt=\"\" width=\"400\" height=\"205\" border=\"0\" \/><\/a><\/div>\n<div class=\"separator\"><em>\u00a0L&rsquo;\u00e9quipe :<\/em><\/div>\n<div class=\"separator\"><em>Debout de gauche \u00e0 droite , Desserre Didier , Pons Laurent , Robalo Philippe , Rigal Fr\u00e9d\u00e9ric , Modenel Nicolas , Veyssi\u00e8re Philippe , Seccaud Didier , Andrieu\u00a0 Patrick , Arnau Dominique .<\/em><\/div>\n<\/div>\n<div class=\"separator\">\u00a0<em>Assis de gauche \u00e0 droite , Delcros Roger ,<\/em> <em>Durand Eric , Roussilhe\u00a0 Jean-Luc , Charbonnel\u00a0 Franck, Delcros Roland , Delcros laurent , Bouche Franck , Delcros joel et Mallet Fr\u00e9deric .<\/em><\/div>\n<div class=\"separator\"><\/div>\n","protected":false},"excerpt":{"rendered":"<p>RUGBY CLUB ALBEPIERRE BREDONS L&rsquo; equipe d &lsquo; Albepierre\u00a0 ( ann\u00e9es 75 ) Tournoi de Rugby amical \u00e0 Albepierre Stade Jean Peschaud au Camp des Am\u00e9ricains Equipe d &lsquo;Albepierre et de St Flour Tournoi de Rugby \u00e0 St Jacques des Bl\u00e2ts \u00a0\u00bb Haka Arapiroux \u00ab\u00a0 &nbsp; &nbsp; &nbsp; FOOTBALL CLUB ALBEPIERRE BREDONS \u00a0 Le Football [&hellip;]<\/p>\n","protected":false},"author":1,"featured_media":0,"parent":0,"menu_order":0,"comment_status":"open","ping_status":"open","template":"","meta":{"footnotes":""},"class_list":["post-342","page","type-page","status-publish","hentry"],"_links":{"self":[{"href":"https:\/\/outsiderland.com\/Roger-Delcros\/index.php?rest_route=\/wp\/v2\/pages\/342","targetHints":{"allow":["GET"]}}],"collection":[{"href":"https:\/\/outsiderland.com\/Roger-Delcros\/index.php?rest_route=\/wp\/v2\/pages"}],"about":[{"href":"https:\/\/outsiderland.com\/Roger-Delcros\/index.php?rest_route=\/wp\/v2\/types\/page"}],"author":[{"embeddable":true,"href":"https:\/\/outsiderland.com\/Roger-Delcros\/index.php?rest_route=\/wp\/v2\/users\/1"}],"replies":[{"embeddable":true,"href":"https:\/\/outsiderland.com\/Roger-Delcros\/index.php?rest_route=%2Fwp%2Fv2%2Fcomments&post=342"}],"version-history":[{"count":41,"href":"https:\/\/outsiderland.com\/Roger-Delcros\/index.php?rest_route=\/wp\/v2\/pages\/342\/revisions"}],"predecessor-version":[{"id":2709,"href":"https:\/\/outsiderland.com\/Roger-Delcros\/index.php?rest_route=\/wp\/v2\/pages\/342\/revisions\/2709"}],"wp:attachment":[{"href":"https:\/\/outsiderland.com\/Roger-Delcros\/index.php?rest_route=%2Fwp%2Fv2%2Fmedia&parent=342"}],"curies":[{"name":"wp","href":"https:\/\/api.w.org\/{rel}","templated":true}]}}