{"id":340,"date":"2015-09-27T16:16:29","date_gmt":"2015-09-27T16:16:29","guid":{"rendered":"https:\/\/outsiderland.com\/Roger-Delcros\/?page_id=340"},"modified":"2020-11-12T15:37:10","modified_gmt":"2020-11-12T15:37:10","slug":"sport-en-famille","status":"publish","type":"page","link":"https:\/\/outsiderland.com\/Roger-Delcros\/?page_id=340","title":{"rendered":"R\u00e9sultats Sportifs ( famille )"},"content":{"rendered":"<h3 class=\"post-title entry-title\"><\/h3>\n<div id=\"post-body-5601416280352384635\" class=\"post-body entry-content\"><em><u>EMILIE<\/u><\/em><br \/>\n<em><u><br \/>\n<\/u><\/em><u>CLUB<\/u>\u00a0: Clermont Athl\u00e9tisme Auvergne<br \/>\nLe club du Champion olympique 2012\u00a0 de saut \u00e0 la perche : Renaud Lavillenie<\/div>\n<div class=\"post-body entry-content\"><\/div>\n<div class=\"post-body entry-content\"><\/div>\n<div class=\"post-body entry-content\">Sports pratiqu\u00e9s en comp\u00e9tition :<\/div>\n<div class=\"post-body entry-content\"><\/div>\n<div class=\"post-body entry-content\">Hauteur , 60 m haies , 100 m haies , 400 m haies , Pentathlon ( Saut en longueur , Javelot , Disque , 200 m , et 1500 m ) , 800 m , Longueur , Poids et Trail .<\/div>\n<div class=\"post-body entry-content\"><\/div>\n<div class=\"post-body entry-content\"><\/div>\n<div class=\"post-body entry-content\"><\/div>\n<div class=\"post-body entry-content\">\n<ol>\n<li><strong><u>Championne d &lsquo; Auvergne 320 m haies unss en 2011<\/u><\/strong><\/li>\n<li><strong><u>Championne du Cantal 3400 m jr unss en 2011<\/u><\/strong><\/li>\n<li><strong><u>Championne d &lsquo; Auvergne indoor du 50 m haies jr en 2011<\/u><\/strong><\/li>\n<li><strong><u>Vice-Championne d &lsquo; Auvergne en hauteur espoirs en 2014<\/u><\/strong><\/li>\n<li><strong><u>Championne d &lsquo; Auvergne en hauteur espoirs en 2015<\/u><\/strong><\/li>\n<li><span style=\"text-decoration: underline;\"><strong>Championne d&rsquo; Auvergne en hauteur\u00a0 espoirs en salle en 2016<\/strong><\/span><\/li>\n<li><strong>Vice-Championne du Puy de D\u00f4me\u00a0 60 m Haies SEF en 2016<\/strong><\/li>\n<li><strong>Vice-Championne Auvergne Rh\u00f4ne Alpes 100 m haies SEF en 2017<\/strong><\/li>\n<\/ol>\n<\/div>\n<p>&nbsp;<\/p>\n<p><em><strong>LES PODIUMS D&rsquo; EMILIE<\/strong><\/em><\/p>\n<p>&nbsp;<\/p>\n<p><strong>\u00a0 \u00a0 \u00a0 \u00a0 \u00a0 \u00a0 \u00a0 \u00a0 \u00a0 \u00a0 \u00a0 \u00a0 \u00a0 \u00a0 \u00a0 \u00a0 \u00a0 \u00a0 \u00a0 \u00a0\u00a0<\/strong><\/p>\n<p>2018<\/p>\n<p>Stade\u00a0 \/\u00a0<strong>Championnats de France des clubs \u00c9lite Finale<\/strong>\u00a0 \u00a0\u00e0 Aix les Bains<\/p>\n<p>Hauteur : Emilie Combes saute 1,60 et termine 12 \u00e8me ( 830 points ) . Le Clermont Athl\u00e9tisme Auvergne finit 4 \u00e8me club elite , le meilleur classement de son histoire .<\/p>\n<p>Stade \/\u00a0 <strong>Championnats de France des clubs\u00a0<\/strong>\u00a0 ( Elite 1 ) AURA , \u00e0 Lyon le 6 mai , 1er Tour ,<\/p>\n<p>100 m haies en 16&Prime;23 ( 10 place ) et Hauteur , arr\u00eat \u00e0 1 m 50 suite \u00e0 une blessure\u00a0 ( 11 \u00e8me ) , Clermont Athl\u00e9tisme Auvergne termine 1er en AURA<\/p>\n<p>2017<\/p>\n<p>Stade \/ Vice-Championne R\u00e9gionale SEF \u00a0\u00a0\u00a0 ARA\u00a0\u00a0\u00a0\u00a0\u00a0\u00a0 100 m Haies\u00a0\u00a0\u00a0\u00a0\u00a0\u00a0\u00a0\u00a0\u00a0\u00a0\u00a0\u00a0\u00a0\u00a0 16.51\u00a0\u00a0\u00a0\u00a0\u00a0\u00a0\u00a0\u00a0\u00a0\u00a0\u00a0\u00a0\u00a0\u00a0\u00a0 Valence<\/p>\n<p>Stade \/ 3 \u00e8me place r\u00e9gionale SEF\u00a0\u00a0\u00a0\u00a0\u00a0\u00a0\u00a0\u00a0\u00a0\u00a0\u00a0\u00a0 ARA\u00a0\u00a0\u00a0\u00a0\u00a0\u00a0\u00a0 Hauteur\u00a0\u00a0\u00a0\u00a0\u00a0\u00a0\u00a0\u00a0\u00a0\u00a0\u00a0\u00a0\u00a0\u00a0\u00a0\u00a0\u00a0\u00a0\u00a0\u00a0\u00a0\u00a0\u00a0 \u00a0\u00a0 1.52\u00a0\u00a0\u00a0\u00a0\u00a0\u00a0\u00a0\u00a0\u00a0\u00a0\u00a0\u00a0\u00a0\u00a0\u00a0 Valence<\/p>\n<p>Stade\u00a0 \/\u00a0 Championne D\u00e9partementale\u00a0 \u00a0SEF\u00a0\u00a0\u00a0\u00a0\u00a0\u00a0\u00a0\u00a0\u00a0\u00a0\u00a0\u00a0\u00a0 063\u00a0\u00a0\u00a0\u00a0\u00a0\u00a0\u00a0\u00a0\u00a0 100 m Haies\u00a0\u00a0\u00a0\u00a0\u00a0\u00a0\u00a0\u00a0\u00a0\u00a0\u00a0\u00a0\u00a0\u00a0\u00a0\u00a0 16.06\u00a0\u00a0\u00a0\u00a0\u00a0\u00a0\u00a0\u00a0\u00a0\u00a0\u00a0\u00a0\u00a0\u00a0\u00a0 Aubi\u00e8re<\/p>\n<p>Salle\u00a0 \u00a0\/ Championne D\u00e9partementale\u00a0 SEF\u00a0\u00a0\u00a0\u00a0\u00a0\u00a0\u00a0\u00a0\u00a0\u00a0\u00a0\u00a0\u00a0\u00a0 063\u00a0\u00a0\u00a0\u00a0\u00a0\u00a0\u00a0\u00a0 Hauteur\u00a0\u00a0\u00a0\u00a0\u00a0\u00a0\u00a0\u00a0\u00a0\u00a0\u00a0\u00a0\u00a0\u00a0\u00a0\u00a0\u00a0\u00a0\u00a0\u00a0\u00a0\u00a0\u00a0\u00a0 1m57\u00a0\u00a0\u00a0\u00a0\u00a0\u00a0\u00a0\u00a0\u00a0\u00a0\u00a0\u00a0\u00a0\u00a0 Aubi\u00e8re<\/p>\n<p>&nbsp;<\/p>\n<p>2016<\/p>\n<p>Stade\u00a0 \/ Championne R\u00e9gionale\u00a0 ESF\u00a0\u00a0\u00a0\u00a0\u00a0\u00a0\u00a0\u00a0\u00a0 AUV\u00a0\u00a0\u00a0\u00a0\u00a0\u00a0 Hauteur\u00a0\u00a0\u00a0\u00a0\u00a0\u00a0\u00a0\u00a0\u00a0\u00a0\u00a0\u00a0\u00a0\u00a0\u00a0\u00a0\u00a0\u00a0\u00a0\u00a0\u00a0\u00a0\u00a0\u00a0 1m48\u00a0\u00a0\u00a0\u00a0\u00a0\u00a0\u00a0\u00a0\u00a0\u00a0\u00a0\u00a0\u00a0\u00a0 Aurillac<\/p>\n<p>Salle\u00a0 \/\u00a0 Championne R\u00e9gionale \u00a0 ESF \u00a0 \u00a0 \u00a0 \u00a0\u00a0 AUV \u00a0 \u00a0\u00a0 Hauteur salle \u00a0 \u00a0 \u00a0 \u00a0 \u00a0 \u00a0 \u00a0\u00a0 1m60 \u00a0 \u00a0 \u00a0 \u00a0 \u00a0 \u00a0\u00a0\u00a0 Aubi\u00e8re<\/p>\n<p>Salle\u00a0 \/ Championne D\u00e9partementale\u00a0 \u00a0 \u00a0 SEF \u00a0 \u00a0 \u00a0 \u00a0\u00a0 063 \u00a0 \u00a0 \u00a0 Hauteur \u00a0 \u00a0 \u00a0 \u00a0 \u00a0 \u00a0 \u00a0 \u00a0 \u00a0 \u00a0 \u00a0 \u00a0 1m57 \u00a0 \u00a0 \u00a0 \u00a0 \u00a0 \u00a0 \u00a0\u00a0 Aubi\u00e8re<\/p>\n<p>Stade \/\u00a0 Championne D\u00e9partementale\u00a0 \u00a0 \u00a0ESF\u00a0\u00a0\u00a0\u00a0\u00a0\u00a0\u00a0\u00a0\u00a0\u00a0 063\u00a0\u00a0\u00a0\u00a0\u00a0\u00a0 Hauteur\u00a0 \u00a0 \u00a0 \u00a0 \u00a0 \u00a0 \u00a0 \u00a0 \u00a0 \u00a0 \u00a0 \u00a0 \u00a0 \u00a0 \u00a0 \u00a01 m 57\u00a0\u00a0\u00a0\u00a0\u00a0\u00a0\u00a0\u00a0\u00a0\u00a0\u00a0\u00a0 Issoire<\/p>\n<p>Stade\u00a0 \/ Vice-Championne d\u00e9partementale SEF\u00a0\u00a0\u00a0\u00a0\u00a0\u00a0 063\u00a0\u00a0\u00a0\u00a0\u00a0 60 m Haies\u00a0\u00a0\u00a0\u00a0\u00a0\u00a0\u00a0\u00a0\u00a0\u00a0\u00a0\u00a0\u00a0\u00a0\u00a0\u00a0\u00a0\u00a0\u00a0\u00a0 9.99\u00a0\u00a0\u00a0\u00a0\u00a0\u00a0\u00a0\u00a0\u00a0\u00a0\u00a0\u00a0\u00a0\u00a0\u00a0\u00a0 Aubi\u00e8re<\/p>\n<p>&nbsp;<\/p>\n<p>&nbsp;<\/p>\n<p>2015<\/p>\n<p>Stade\u00a0 \/\u00a0 Championne\u00a0 R\u00e9gionale \u00a0 ESF \u00a0 \u00a0 \u00a0 \u00a0 AUV \u00a0 \u00a0\u00a0 Hauteur \u00a0 \u00a0\u00a0\u00a0\u00a0\u00a0\u00a0\u00a0\u00a0\u00a0\u00a0\u00a0\u00a0\u00a0\u00a0\u00a0\u00a0\u00a0\u00a0\u00a0\u00a0\u00a0\u00a0 <strong>1m60\u00a0<\/strong>\u00a0\u00a0\u00a0\u00a0\u00a0\u00a0\u00a0\u00a0\u00a0\u00a0\u00a0\u00a0\u00a0 Vichy<\/p>\n<p>Salle\u00a0 \u00a0 \/\u00a0 \u00a0Championne\u00a0 R\u00e9gionale\u00a0 ESF\u00a0\u00a0\u00a0\u00a0\u00a0\u00a0\u00a0\u00a0\u00a0 AUV\u00a0\u00a0\u00a0\u00a0 Hauteur salle\u00a0\u00a0\u00a0\u00a0\u00a0\u00a0\u00a0\u00a0\u00a0\u00a0\u00a0\u00a0\u00a0\u00a0\u00a0\u00a0\u00a0 1m57\u00a0\u00a0\u00a0\u00a0\u00a0\u00a0\u00a0\u00a0\u00a0\u00a0\u00a0\u00a0\u00a0\u00a0 Aubi\u00e8re<\/p>\n<p>Salle\u00a0 \u00a0\/\u00a0 \u00a0 Championne\u00a0 D\u00e9partementale\u00a0 \u00a0 ESF\u00a0\u00a0\u00a0\u00a0\u00a0\u00a0\u00a0\u00a0\u00a0\u00a0 063\u00a0\u00a0\u00a0\u00a0\u00a0 Hauteur salle\u00a0\u00a0\u00a0\u00a0\u00a0\u00a0\u00a0\u00a0\u00a0\u00a0\u00a0\u00a0\u00a0\u00a0\u00a0\u00a0\u00a0\u00a0 1m53\u00a0\u00a0\u00a0\u00a0\u00a0\u00a0\u00a0\u00a0\u00a0\u00a0\u00a0\u00a0\u00a0 Aubi\u00e9re<\/p>\n<p>Stade\u00a0 \u00a0 \/\u00a0 \u00a0Championne\u00a0 D\u00e9partementale\u00a0 \u00a0F\u00a0\u00a0\u00a0\u00a0\u00a0\u00a0\u00a0\u00a0\u00a0\u00a0\u00a0\u00a0\u00a0\u00a0 063\u00a0\u00a0\u00a0\u00a0\u00a0 100m haies ( 84 )\u00a0\u00a0\u00a0\u00a0\u00a0\u00a0\u00a0\u00a0\u00a0\u00a0\u00a0\u00a0 <strong>16&rsquo;35\u00a0\u00a0\u00a0\u00a0\u00a0\u00a0\u00a0\u00a0\u00a0\u00a0\u00a0\u00a0\u00a0 <\/strong>Aubi\u00e8re<\/p>\n<p>Stade\u00a0 \u00a0 \/\u00a0 \u00a0Championne\u00a0 D\u00e9partementale F\u00a0\u00a0\u00a0\u00a0\u00a0\u00a0\u00a0\u00a0\u00a0\u00a0\u00a0\u00a0\u00a0\u00a0 \u00a0 063\u00a0\u00a0\u00a0 \u00a0 Hauteur \u00a0\u00a0\u00a0\u00a0\u00a0\u00a0\u00a0\u00a0\u00a0\u00a0\u00a0\u00a0\u00a0\u00a0\u00a0\u00a0\u00a0\u00a0\u00a0\u00a0\u00a0\u00a0\u00a0\u00a0\u00a0\u00a0\u00a0 1m55\u00a0\u00a0\u00a0\u00a0\u00a0\u00a0\u00a0\u00a0\u00a0\u00a0\u00a0\u00a0\u00a0 Aubi\u00e8re<\/p>\n<p>&nbsp;<\/p>\n<p>2014<\/p>\n<p><strong>\u00a0<\/strong>Stade\u00a0\u00a0\u00a0\u00a0\u00a0 Championne\u00a0\u00a0\u00a0\u00a0\u00a0\u00a0\u00a0\u00a0\u00a0\u00a0\u00a0\u00a0\u00a0\u00a0 ESF\u00a0\u00a0\u00a0\u00a0\u00a0\u00a0\u00a0\u00a0\u00a0\u00a0\u00a0\u00a0\u00a0\u00a0\u00a0\u00a0\u00a0\u00a0\u00a0\u00a0\u00a0\u00a0\u00a0\u00a0 100m haies ( 84 )\u00a0\u00a0\u00a0\u00a0\u00a0\u00a0\u00a0\u00a0\u00a0\u00a0\u00a0\u00a0\u00a0 18&rsquo;54\u00a0\u00a0\u00a0\u00a0\u00a0\u00a0\u00a0\u00a0\u00a0\u00a0\u00a0\u00a0 Aubi\u00e8re<\/p>\n<p>Salle\u00a0\u00a0\u00a0\u00a0\u00a0\u00a0\u00a0 Vice-Championne R\u00e9gionale ESF\u00a0\u00a0\u00a0 AUV\u00a0\u00a0\u00a0\u00a0 Hauteur salle\u00a0\u00a0\u00a0\u00a0\u00a0\u00a0\u00a0\u00a0\u00a0\u00a0\u00a0\u00a0\u00a0\u00a0\u00a0\u00a0\u00a0\u00a0\u00a0 1m53\u00a0\u00a0\u00a0\u00a0\u00a0\u00a0\u00a0\u00a0\u00a0\u00a0\u00a0\u00a0 Aubi\u00e8re<\/p>\n<p>Salle\u00a0 \u00a0 \/\u00a0 \u00a03 \u00e8me ( place ) R\u00e9gionale \u00a0\u00a0 ESF\u00a0\u00a0\u00a0 AUV\u00a0\u00a0\u00a0\u00a0 Pentathlon jsf salle\u00a0\u00a0\u00a0\u00a0\u00a0 <strong>2758 pts<\/strong>\u00a0\u00a0\u00a0\u00a0\u00a0\u00a0\u00a0\u00a0\u00a0\u00a0\u00a0 Aubi\u00e8re<\/p>\n<p>Stade\u00a0 \u00a0 \/\u00a0 Championne D\u00e9partementale\u00a0 \u00a0 \u00a0 \u00a0 \u00a0TCF\u00a0\u00a0\u00a0\u00a0 063\u00a0\u00a0\u00a0\u00a0\u00a0\u00a0 Hauteur\u00a0\u00a0\u00a0\u00a0\u00a0\u00a0\u00a0\u00a0\u00a0\u00a0\u00a0\u00a0\u00a0\u00a0\u00a0\u00a0\u00a0\u00a0\u00a0\u00a0\u00a0\u00a0\u00a0\u00a0\u00a0\u00a0\u00a0 1m58\u00a0\u00a0\u00a0\u00a0\u00a0\u00a0\u00a0\u00a0\u00a0\u00a0\u00a0\u00a0 Aubi\u00e8re<\/p>\n<p>Salle\u00a0\u00a0\u00a0\u00a0\u00a0 Vice-Championne D\u00e9partementale\u00a0 ESF\u00a0\u00a0\u00a0\u00a0 063\u00a0\u00a0\u00a0\u00a0\u00a0\u00a0 Hauteur salle\u00a0\u00a0\u00a0\u00a0\u00a0\u00a0\u00a0\u00a0\u00a0\u00a0\u00a0\u00a0\u00a0\u00a0\u00a0\u00a0\u00a0\u00a0 1m50\u00a0\u00a0\u00a0\u00a0\u00a0\u00a0\u00a0\u00a0\u00a0\u00a0\u00a0\u00a0 Aubi\u00e8re<\/p>\n<p>Stade\u00a0 \u00a0\/\u00a0 \u00a03 \u00e8me ( place ) D\u00e9partementale\u00a0 \u00a0 \u00a0 ESF\u00a0 \u00a0 \u00a0 063\u00a0\u00a0\u00a0\u00a0\u00a0 Pentathlon jsf salle\u00a0\u00a0\u00a0 \u00a0 \u00a0 2674 pts\u00a0\u00a0\u00a0\u00a0\u00a0\u00a0\u00a0\u00a0\u00a0 Aubi\u00e8re<\/p>\n<p>&nbsp;<\/p>\n<p>2013<\/p>\n<p>Salle \/ Vice-Championne D\u00e9partementale\u00a0 \u00a0 \u00a0ESF\u00a0\u00a0\u00a0\u00a0\u00a0 063\u00a0\u00a0\u00a0\u00a0\u00a0 60 m haies ( 84 ) salle\u00a0\u00a0\u00a0 <strong>10&rsquo;17\u00a0\u00a0\u00a0\u00a0\u00a0\u00a0\u00a0\u00a0\u00a0\u00a0\u00a0\u00a0\u00a0 <\/strong>Aubi\u00e8re<\/p>\n<p>Salle\u00a0 \u00a0\/ Vice-Championne D\u00e9partementale\u00a0 \u00a0 \u00a0ESF\u00a0\u00a0\u00a0\u00a0\u00a0 063\u00a0\u00a0\u00a0\u00a0\u00a0 Hauteur salle\u00a0\u00a0\u00a0\u00a0\u00a0\u00a0\u00a0\u00a0\u00a0\u00a0\u00a0\u00a0\u00a0\u00a0\u00a0\u00a0\u00a0\u00a0 1m53\u00a0\u00a0\u00a0\u00a0\u00a0\u00a0\u00a0\u00a0\u00a0\u00a0\u00a0\u00a0\u00a0 Aubi\u00e8re<\/p>\n<p>Stade \/ Vice-Championne D\u00e9partementale\u00a0 \u00a0 JUF \u00a0\u00a0\u00a0\u00a0\u00a0 063\u00a0\u00a0\u00a0 \u00a0 100 m haies ( 84 )\u00a0\u00a0\u00a0\u00a0\u00a0\u00a0\u00a0\u00a0\u00a0\u00a0 18&rsquo;08\u00a0\u00a0\u00a0\u00a0\u00a0\u00a0\u00a0\u00a0\u00a0\u00a0\u00a0\u00a0\u00a0 Thiers<\/p>\n<p>Stade \/ 3 \u00e8me ( place )\u00a0\u00a0\u00a0\u00a0 D\u00e9partementale\u00a0 \u00a0 JUF\u00a0\u00a0\u00a0\u00a0\u00a0\u00a0\u00a0 063\u00a0 \u00a0 \u00a0\u00a0 Hauteur \u00a0 \u00a0 \u00a0 \u00a0 \u00a0 \u00a0 \u00a0 \u00a0 \u00a0 \u00a0 \u00a0 \u00a0 \u00a0\u00a0 1m30 \u00a0 \u00a0 \u00a0 \u00a0 \u00a0 \u00a0\u00a0 Thiers<\/p>\n<p>&nbsp;<\/p>\n<p>2012<\/p>\n<p>Salle \/ 3 \u00e8me ( place )\u00a0\u00a0\u00a0 D\u00e9partementale\u00a0 \u00a0 \u00a0JUF\u00a0\u00a0\u00a0\u00a0\u00a0\u00a0\u00a0 063\u00a0\u00a0\u00a0\u00a0\u00a0\u00a0\u00a0 Hauteur salle\u00a0\u00a0\u00a0\u00a0\u00a0\u00a0\u00a0\u00a0\u00a0\u00a0\u00a0\u00a0\u00a0\u00a0\u00a0 \u00a0 \u00a0 1m35\u00a0\u00a0\u00a0\u00a0\u00a0\u00a0\u00a0\u00a0\u00a0\u00a0\u00a0\u00a0 Aubi\u00e8re<\/p>\n<p>&nbsp;<\/p>\n<p>&nbsp;<\/p>\n<p>&nbsp;<\/p>\n<p>&nbsp;<\/p>\n<p>&nbsp;<\/p>\n<div id=\"post-body-5601416280352384635\" class=\"post-body entry-content\">\n<p><strong>Tour du Nipalou (Cantal) Trail de 9 km 2010 : <\/strong>Emilie 2 \u00e9me cadette<\/p>\n<div class=\"separator\"><a href=\"http:\/\/2.bp.blogspot.com\/-MpSyAYpA77Q\/UJY9qocu2XI\/AAAAAAAABB0\/hVQRmoATt4Y\/s1600\/DSC02582.jpg\"><img loading=\"lazy\" decoding=\"async\" src=\"http:\/\/2.bp.blogspot.com\/-MpSyAYpA77Q\/UJY9qocu2XI\/AAAAAAAABB0\/hVQRmoATt4Y\/s320\/DSC02582.jpg\" alt=\"\" width=\"320\" height=\"239\" border=\"0\" \/><\/a><\/div>\n<p><strong><u>Championnat de France<\/u> unss \u00e0 Caen 2011\u00a0: <\/strong>Championne d&rsquo; Auvergne de 320 m haies ( Emilie Combes )<br \/>\nFrance : 12 \u00e9me sur 30<\/p>\n<p><strong>Oxygen Challenge au Lioran 10 km\u00a0 Trail 2011 <\/strong>Emilie 22 sur 120 f\u00e9minines ,1 \u00e9re cadette<br \/>\nen 1 h 22 \u00ab\u00a020<\/p>\n<div class=\"separator\"><a href=\"http:\/\/4.bp.blogspot.com\/-96ZBVweZHK8\/UJY_jdg20BI\/AAAAAAAABCY\/jeLzPhKDuJw\/s1600\/100-3383.JPG\"><img loading=\"lazy\" decoding=\"async\" src=\"http:\/\/4.bp.blogspot.com\/-96ZBVweZHK8\/UJY_jdg20BI\/AAAAAAAABCY\/jeLzPhKDuJw\/s320\/100-3383.JPG\" alt=\"\" width=\"320\" height=\"213\" border=\"0\" \/><\/a><\/div>\n<div class=\"separator\"><a href=\"http:\/\/2.bp.blogspot.com\/-_7FgVY4vB5w\/UJY_sGYsmWI\/AAAAAAAABCg\/zc26lW-fulI\/s1600\/100-3382.JPG\"><img loading=\"lazy\" decoding=\"async\" src=\"http:\/\/2.bp.blogspot.com\/-_7FgVY4vB5w\/UJY_sGYsmWI\/AAAAAAAABCg\/zc26lW-fulI\/s320\/100-3382.JPG\" alt=\"\" width=\"320\" height=\"213\" border=\"0\" \/><\/a><\/div>\n<div class=\"separator\">De gauche \u00e0 droite : Roger Delcros , Sylvie Tapie , Emilie Combes et Lucinda Gondin\u00e9ac<\/div>\n<\/div>\n<div class=\"separator\"><\/div>\n<div class=\"separator\"><\/div>\n<div id=\"post-body-5601416280352384635\" class=\"post-body entry-content\">\n<div class=\"separator\"><\/div>\n<p><strong>Championnat de France cross-country\u00a0unss\u00a0\u00e0 Cr\u00e9teil :<\/strong>171 \u00e9me sur 400<\/p>\n<\/div>\n<p>&nbsp;<\/p>\n<p>&nbsp;<\/p>\n<div id=\"post-body-5601416280352384635\" class=\"post-body entry-content\">\n<p><strong>Tour du Nipalou 2011 ( Trail 9 km\u00a0) :<\/strong>Emilie ,29 \u00e9me au scratch , 1\u00e9re cadette<br \/>\net 4 \u00e9me f\u00e9minine en 1h00 \u00ab\u00a046<\/p>\n<div class=\"separator\"><a href=\"http:\/\/3.bp.blogspot.com\/-jA_s6d8pJZU\/UJY-HMTrP_I\/AAAAAAAABB8\/lcg-M0OwRFA\/s1600\/Photo0059+%25282%2529.jpg\"><img loading=\"lazy\" decoding=\"async\" src=\"http:\/\/3.bp.blogspot.com\/-jA_s6d8pJZU\/UJY-HMTrP_I\/AAAAAAAABB8\/lcg-M0OwRFA\/s320\/Photo0059+%25282%2529.jpg\" alt=\"\" width=\"240\" height=\"320\" border=\"0\" \/><\/a><\/div>\n<p><strong>Championnat du Cantal UNSS \u00e0 Aurillac 2011 : <\/strong>Championne du Cantal du<br \/>\n3 400 m jr ( Emilie Combes)<\/p>\n<p><strong>Championnat d&rsquo;Auvergne UNSS indoor \u00e0 Clermont\u00a0 2011:<\/strong>Championne d Auvergne junior du 50 m haies et saut en hauteur ( 1,45 ) Emilie<\/p>\n<p><b>Oxygen challenge 2012 : ( trail de 11 km ) <\/b>10 f\u00e9minine ,<b>\u00a0<\/b>72 scratch , 4 \u00e9me -35 ans .en 1h 17 ,37<\/p>\n<div class=\"separator\"><a href=\"http:\/\/2.bp.blogspot.com\/-KEGaaE7Po6A\/UJY-W-ZBeNI\/AAAAAAAABCE\/tNMGlYx1kBc\/s1600\/oxygen-challenge-dimanche-20-photo-thierry-marsilhac-1228602_694695.jpg\"><img loading=\"lazy\" decoding=\"async\" src=\"http:\/\/2.bp.blogspot.com\/-KEGaaE7Po6A\/UJY-W-ZBeNI\/AAAAAAAABCE\/tNMGlYx1kBc\/s320\/oxygen-challenge-dimanche-20-photo-thierry-marsilhac-1228602_694695.jpg\" alt=\"\" width=\"320\" height=\"221\" border=\"0\" \/><\/a><\/div>\n<div class=\"separator\"><\/div>\n<div class=\"separator\"><\/div>\n<div class=\"separator\">L&rsquo; ECIR HIVERNAL A MURAT 2012<\/div>\n<div class=\"separator\">Massif du Cantal<\/div>\n<div class=\"separator\"><a href=\"http:\/\/4.bp.blogspot.com\/--4ozXWkK0_4\/UN3YjmNO6sI\/AAAAAAAABbE\/uYLLN5G4wvo\/s1600\/IMG_6893.JPG\"><img loading=\"lazy\" decoding=\"async\" src=\"http:\/\/4.bp.blogspot.com\/--4ozXWkK0_4\/UN3YjmNO6sI\/AAAAAAAABbE\/uYLLN5G4wvo\/s320\/IMG_6893.JPG\" alt=\"\" width=\"213\" height=\"320\" border=\"0\" \/><\/a><\/div>\n<div class=\"separator\"><\/div>\n<div class=\"separator\">Emilie Combes<\/div>\n<div class=\"separator\"><a href=\"http:\/\/2.bp.blogspot.com\/-cRKIQ8Enqqg\/UN3Yo_VL7EI\/AAAAAAAABbM\/VuUY71WIL0Q\/s1600\/IMG_6894.JPG\"><img loading=\"lazy\" decoding=\"async\" src=\"http:\/\/2.bp.blogspot.com\/-cRKIQ8Enqqg\/UN3Yo_VL7EI\/AAAAAAAABbM\/VuUY71WIL0Q\/s640\/IMG_6894.JPG\" alt=\"\" width=\"426\" height=\"640\" border=\"0\" \/><\/a><\/div>\n<div class=\"separator\"><\/div>\n<div class=\"separator\"><\/div>\n<div class=\"separator\"><b>Interclubs R\u00e9gionaux \u00e0 Vichy , le 5 \/ 05 \/ 2013 . ( 100 m haies ) \u00a0 \u00a0 \u00a0 \u00a0 \u00a0 \u00a0 \u00a0 \u00a0 \u00a0 \u00a0<\/b>\u00a0Finale directe 1<\/div>\n<div class=\"separator\">1 tour , Emilie termine 1 \u00e8re en 17 \u00a0\u00bb 15 ( Clermont Athl\u00e9tisme Auvergne )<\/div>\n<\/div>\n<div class=\"separator\"><\/div>\n<div class=\"separator\"><\/div>\n<div class=\"separator\"><\/div>\n<div id=\"post-body-5601416280352384635\" class=\"post-body entry-content\">\n<div class=\"separator\"><\/div>\n<div class=\"separator\"><\/div>\n<div class=\"separator\"><b>Ultra Trail Puy Mary Aurillac \u00a0, le 22 juin 2013 : Aurillacoise 7 km , D\u00e9nivel\u00e9 + 200 m<\/b><\/div>\n<div class=\"separator\">Emilie se classe 30 \u00e8me au scratch sur 113 partants ,\u00a0<u>1 \u00e9re junior<\/u>\u00a0, et 8 \u00e9me f\u00e9minine en 49 , 44 mn .<\/div>\n<div class=\"separator\"><\/div>\n<div class=\"separator\"><\/div>\n<div class=\"separator\"><a href=\"http:\/\/4.bp.blogspot.com\/-2PDwY7zyYqQ\/UdsDsquUVfI\/AAAAAAAABzQ\/TrRciZAswMo\/s1600\/img_1173.jpg\"><img loading=\"lazy\" decoding=\"async\" src=\"http:\/\/4.bp.blogspot.com\/-2PDwY7zyYqQ\/UdsDsquUVfI\/AAAAAAAABzQ\/TrRciZAswMo\/s640\/img_1173.jpg\" alt=\"\" width=\"640\" height=\"425\" border=\"0\" \/><\/a><\/div>\n<div class=\"separator\"><\/div>\n<div class=\"separator\">Emilie \u00a0( \u00e0 droite de la photo , maillot bleu ) au d\u00e9part de l &lsquo; Aurillacoise<\/div>\n<\/div>\n<div class=\"separator\"><\/div>\n<div class=\"separator\"><\/div>\n<div class=\"separator\"><\/div>\n<div id=\"post-body-5601416280352384635\" class=\"post-body entry-content\">\n<div class=\"separator\"><\/div>\n<div class=\"separator\"><\/div>\n<div class=\"separator\"><b>La Foresti\u00e8re de la Margeride , le 16 septembre 2013 \u00e0 Clavi\u00e8res<\/b><\/div>\n<div class=\"separator\"><b>Massif de la Margeride<\/b><\/div>\n<div class=\"separator\"><b>\u00a0<\/b><\/div>\n<div class=\"separator\"><a href=\"http:\/\/2.bp.blogspot.com\/-mxAA5dfWAUE\/UkHkNNHsahI\/AAAAAAAAB68\/rsE6VYCVG1s\/s1600\/Foto-J4SK8DCW.jpg\"><img loading=\"lazy\" decoding=\"async\" src=\"http:\/\/2.bp.blogspot.com\/-mxAA5dfWAUE\/UkHkNNHsahI\/AAAAAAAAB68\/rsE6VYCVG1s\/s400\/Foto-J4SK8DCW.jpg\" alt=\"\" width=\"400\" height=\"268\" border=\"0\" \/><\/a><\/div>\n<div class=\"separator\"><\/div>\n<div class=\"separator\">Roger Delcros et Emilie Combes<\/div>\n<div class=\"separator\"><b>\u00a0<\/b><\/div>\n<div class=\"separator\">Emilie termine 3 \u00e8me f\u00e9minine et 35 \u00e8me au scratch \u00a0sur le 10 km en 1 h 04 . 07<\/div>\n<\/div>\n<div class=\"separator\"><\/div>\n<div class=\"separator\"><\/div>\n<div class=\"separator\"><\/div>\n<div id=\"post-body-5601416280352384635\" class=\"post-body entry-content\">\n<div class=\"separator\"><\/div>\n<div class=\"separator\"><\/div>\n<div class=\"separator\"><b>Trail La Plan\u00e8zarde , le 22 septembre \u00e0 Coltines ( Cantal )<\/b><\/div>\n<div class=\"separator\"><b>10 km plan\u00e8z &lsquo;hardie<\/b><\/div>\n<div class=\"separator\"><b>\u00a0<\/b><\/div>\n<div class=\"separator\"><a href=\"http:\/\/4.bp.blogspot.com\/-Jzbr714v0iU\/UkRyOFLosRI\/AAAAAAAAB7g\/VXmtD87JjqU\/s1600\/1378071_524465194307188_153536770_n.jpg\"><img loading=\"lazy\" decoding=\"async\" src=\"http:\/\/4.bp.blogspot.com\/-Jzbr714v0iU\/UkRyOFLosRI\/AAAAAAAAB7g\/VXmtD87JjqU\/s400\/1378071_524465194307188_153536770_n.jpg\" alt=\"\" width=\"400\" height=\"300\" border=\"0\" \/><\/a><\/div>\n<div class=\"separator\"><\/div>\n<div class=\"separator\">Emilie au d\u00e9part \u00a0( d\u00e9bardeur bleu ) termine 1\u00e9re junior et 6 \u00e8me f\u00e9minine en 0.52.04<\/div>\n<div class=\"separator\">35 \u00e8me au scratch<\/div>\n<div class=\"separator\"><\/div>\n<div class=\"separator\"><\/div>\n<div class=\"separator\"><b>R\u00e9gionaux Athl\u00e9tisme au Stadium Jean Pellez \u00e0 Aubi\u00e9re 2014<\/b><\/div>\n<div class=\"separator\"><b>\u00a0<\/b><\/div>\n<div class=\"separator\"><b>Hauteur espoirs :<\/b>\u00a0Emilie se classe 2 \u00e9me avec une hauteur de 1.53 m et devient vice-championne d &lsquo; Auvergne espoirs en hauteur<\/div>\n<div class=\"separator\"><b>\u00a0<\/b><\/div>\n<div class=\"separator\"><u>Pr\u00e9-France d &lsquo; Athl\u00e9tisme Centre Est \u00e0 Aubi\u00e9re<\/u><\/div>\n<div class=\"separator\"><\/div>\n<div class=\"separator\">Emilie se classe 2 \u00e9me espoir en Saut en hauteur ( 1.49 m )<\/div>\n<div class=\"separator\"><\/div>\n<div class=\"separator\"><\/div>\n<div class=\"separator\"><b>UTPMA\u00a0<\/b><\/div>\n<div class=\"separator\"><b>\u00a0<\/b><\/div>\n<div class=\"separator\"><b>Aurillacoise , 7 km , d\u00e9nivel\u00e9 positif 200 m ,le 21 juin 2014<\/b><\/div>\n<div class=\"separator\"><b>\u00a0<\/b><\/div>\n<div class=\"separator\">Emilie finit \u00e0 la 38 \u00e9me place f\u00e9minine et 6 \u00e9me espoir en 1 h 02 . 03<\/div>\n<\/div>\n<div class=\"separator\"><\/div>\n<div class=\"separator\"><\/div>\n<div id=\"post-body-5601416280352384635\" class=\"post-body entry-content\">\n<div class=\"separator\"><\/div>\n<div class=\"separator\"><\/div>\n<div class=\"separator\"><b><u>R\u00e9gionaux d &lsquo; Athl\u00e9tisme \u00e0 Aubi\u00e9re 2015<\/u><\/b><\/div>\n<div class=\"separator\"><b><u>\u00a0<\/u><\/b><\/div>\n<div class=\"separator\"><b><u>Championne d &lsquo; Auvergne en hauteur avec un saut \u00e0 1.60 m<\/u><\/b><\/div>\n<div class=\"separator\"><b><u>\u00a0<\/u><\/b><\/div>\n<div class=\"separator\"><a href=\"http:\/\/4.bp.blogspot.com\/-P5mv5LMUAT8\/VLv_DklpOII\/AAAAAAAACYM\/s6S_-PQ9ync\/s1600\/10854921_767841236623249_6561508903934195814_o.jpg\"><img loading=\"lazy\" decoding=\"async\" src=\"http:\/\/4.bp.blogspot.com\/-P5mv5LMUAT8\/VLv_DklpOII\/AAAAAAAACYM\/s6S_-PQ9ync\/s1600\/10854921_767841236623249_6561508903934195814_o.jpg\" alt=\"\" width=\"212\" height=\"320\" border=\"0\" \/><\/a><\/div>\n<div class=\"separator\"><a href=\"http:\/\/3.bp.blogspot.com\/-J0sUFKnvYdU\/VLv_HRxO6sI\/AAAAAAAACYU\/VjYSVvtgYOY\/s1600\/10931319_767841329956573_4206884692635207170_n.jpg\"><img loading=\"lazy\" decoding=\"async\" src=\"http:\/\/3.bp.blogspot.com\/-J0sUFKnvYdU\/VLv_HRxO6sI\/AAAAAAAACYU\/VjYSVvtgYOY\/s1600\/10931319_767841329956573_4206884692635207170_n.jpg\" alt=\"\" width=\"320\" height=\"155\" border=\"0\" \/><\/a><\/div>\n<div class=\"separator\"><a href=\"http:\/\/4.bp.blogspot.com\/-4_Vbid3rR3o\/VLv_KPa6O9I\/AAAAAAAACYc\/NpI5RypaJ04\/s1600\/10911526_767841483289891_8177999414666169135_o.jpg\"><img loading=\"lazy\" decoding=\"async\" src=\"http:\/\/4.bp.blogspot.com\/-4_Vbid3rR3o\/VLv_KPa6O9I\/AAAAAAAACYc\/NpI5RypaJ04\/s1600\/10911526_767841483289891_8177999414666169135_o.jpg\" alt=\"\" width=\"223\" height=\"320\" border=\"0\" \/><\/a><\/div>\n<div class=\"separator\"><a href=\"http:\/\/4.bp.blogspot.com\/-52N8CTKsXU8\/VLv_PNJF80I\/AAAAAAAACYk\/ydqinF2Zbzs\/s1600\/10481574_767841573289882_4992942568083886499_n.jpg\"><img loading=\"lazy\" decoding=\"async\" src=\"http:\/\/4.bp.blogspot.com\/-52N8CTKsXU8\/VLv_PNJF80I\/AAAAAAAACYk\/ydqinF2Zbzs\/s1600\/10481574_767841573289882_4992942568083886499_n.jpg\" alt=\"\" width=\"313\" height=\"320\" border=\"0\" \/><\/a><\/div>\n<div class=\"separator\"><a href=\"http:\/\/4.bp.blogspot.com\/-sZBAax3Am6U\/VLv_SrpnasI\/AAAAAAAACYs\/TIAdbTqpUo4\/s1600\/10917445_767841933289846_3309352686686813982_n.jpg\"><img loading=\"lazy\" decoding=\"async\" src=\"http:\/\/4.bp.blogspot.com\/-sZBAax3Am6U\/VLv_SrpnasI\/AAAAAAAACYs\/TIAdbTqpUo4\/s1600\/10917445_767841933289846_3309352686686813982_n.jpg\" alt=\"\" width=\"320\" height=\"253\" border=\"0\" \/><\/a><\/div>\n<div class=\"separator\"><a href=\"http:\/\/2.bp.blogspot.com\/-8VtzRdq_Fy8\/VLv_VIO4XMI\/AAAAAAAACY0\/tnTA4XYOrNQ\/s1600\/10451691_767842846623088_8540587432531139638_n.jpg\"><img loading=\"lazy\" decoding=\"async\" src=\"http:\/\/2.bp.blogspot.com\/-8VtzRdq_Fy8\/VLv_VIO4XMI\/AAAAAAAACY0\/tnTA4XYOrNQ\/s1600\/10451691_767842846623088_8540587432531139638_n.jpg\" alt=\"\" width=\"320\" height=\"217\" border=\"0\" \/><\/a><\/div>\n<div class=\"separator\"><b><u>\u00a0<\/u><\/b><\/div>\n<div class=\"separator\"><b><u>\u00a0<\/u><\/b><\/div>\n<div class=\"separator\"><b><u>\u00a0<\/u><\/b><\/div>\n<div class=\"separator\"><b><u>Championnat d\u00e9partemental du Puy de D\u00f4me 2015<\/u><\/b><\/div>\n<div class=\"separator\"><b><u>\u00a0<\/u><\/b><\/div>\n<div class=\"separator\">Emilie devient championne du Puy de D\u00f4me en Hauteur et haies<\/div>\n<div class=\"separator\"><\/div>\n<div class=\"separator\">Hauteur : 1.60 \u00a0et \u00a0Haies en 16&rsquo;18<\/div>\n<\/div>\n<div><\/div>\n<div><\/div>\n<div><\/div>\n<div id=\"post-body-5601416280352384635\" class=\"post-body entry-content\">\n<div class=\"separator\"><\/div>\n<div class=\"separator\"><\/div>\n<div class=\"separator\"><\/div>\n<div class=\"separator\"><b>La Plan\u00e9zarde \u00a0( 10 km trail ) \u00e0 Coltines ( Cantal ) , le 20 \/ 09 \/ 2015<\/b><\/div>\n<div class=\"separator\"><b>\u00a0<\/b><\/div>\n<div class=\"separator\">Emilie termine 1 \u00e9re en espoir sur le 10 km \u00a0et 11 \u00e8me f\u00e9minine<\/div>\n<p><u><i>LAETITIA<\/i><\/u><br \/>\n<u><i><br \/>\n<\/i><\/u><b>Oxygen challenge 2012 : ( trail de 11 km ) , <\/b>28 f\u00e9minine ,\u00a0<b>\u00a0<\/b>120 scratch ,14 \u00e9me 35-44 en 1 h 29,29<\/p>\n<div class=\"separator\"><a href=\"http:\/\/3.bp.blogspot.com\/-T45u33E0KAw\/UJY-0ZWXgHI\/AAAAAAAABCM\/TrPc1BNBbeo\/s1600\/Photo0126%255B1%255D.jpg\"><img loading=\"lazy\" decoding=\"async\" src=\"http:\/\/3.bp.blogspot.com\/-T45u33E0KAw\/UJY-0ZWXgHI\/AAAAAAAABCM\/TrPc1BNBbeo\/s320\/Photo0126%255B1%255D.jpg\" alt=\"\" width=\"240\" height=\"320\" border=\"0\" \/><\/a><\/div>\n<p>Sortie trail avant L&rsquo;Oxygen Challenge pour La\u00ebtitia<\/p>\n<div class=\"separator\"><a href=\"http:\/\/2.bp.blogspot.com\/-KEGaaE7Po6A\/UJY-W-ZBeNI\/AAAAAAAABCE\/tNMGlYx1kBc\/s1600\/oxygen-challenge-dimanche-20-photo-thierry-marsilhac-1228602_694695.jpg\"><img loading=\"lazy\" decoding=\"async\" src=\"http:\/\/2.bp.blogspot.com\/-KEGaaE7Po6A\/UJY-W-ZBeNI\/AAAAAAAABCE\/tNMGlYx1kBc\/s400\/oxygen-challenge-dimanche-20-photo-thierry-marsilhac-1228602_694695.jpg\" alt=\"\" width=\"400\" height=\"276\" border=\"0\" \/><\/a><\/div>\n<div class=\"separator\">La course de 11 km pour La\u00ebtitia ,Emilie et Roger<\/div>\n<div class=\"separator\"><\/div>\n<div class=\"separator\"><\/div>\n<div class=\"separator\"><b>UTPMA 2014<\/b><\/div>\n<div class=\"separator\"><b>\u00a0<\/b><\/div>\n<div class=\"separator\"><b>Aurillacoise , 7 km pour 200 m de d\u00e9nivel\u00e9 positif<\/b><\/div>\n<div class=\"separator\"><b>\u00a0<\/b><\/div>\n<div class=\"separator\">La\u00ebtitia se classe 66 \u00e9me f\u00e9minine et 36 en senior en 1 h 07 .38<\/div>\n<div class=\"separator\"><b>\u00a0<\/b><\/div>\n<div class=\"separator\"><\/div>\n<div class=\"separator\"><\/div>\n<div class=\"separator\"><\/div>\n<div class=\"separator\"><\/div>\n<div class=\"separator\"><\/div>\n<div class=\"separator\"><\/div>\n<div class=\"separator\"><\/div>\n<div class=\"separator\"><\/div>\n<div class=\"separator\"><\/div>\n<div class=\"separator\"><\/div>\n<div class=\"separator\"><\/div>\n<div class=\"separator\"><\/div>\n<div class=\"separator\"><\/div>\n<div class=\"separator\"><\/div>\n<div class=\"separator\"><\/div>\n<div class=\"separator\"><\/div>\n<div class=\"separator\"><\/div>\n<div class=\"separator\"><\/div>\n<div class=\"separator\"><\/div>\n<p><i><u>DIMITRI<\/u><\/i><br \/>\n<i><u><br \/>\n<\/u><\/i><u>CLUB<\/u>\u00a0: Union Sportive Sanfloraine ( ST Flour )<\/p>\n<p>Championnat du Cantal UNSS Athl\u00e9tisme \u00e0 Aurillac 2011 , 16 \u00e9me place ( 3400 m ) et 1er par \u00e9quipe<\/p>\n<div class=\"separator\"><\/div>\n<div class=\"separator\"><\/div>\n<div class=\"separator\"><\/div>\n<div class=\"separator\"><a href=\"http:\/\/4.bp.blogspot.com\/-UPzq7FLQHlE\/UJLJQ28LJpI\/AAAAAAAABBM\/TNPPTjaBULQ\/s1600\/photo12_u15.JPG\"><img loading=\"lazy\" decoding=\"async\" src=\"http:\/\/4.bp.blogspot.com\/-UPzq7FLQHlE\/UJLJQ28LJpI\/AAAAAAAABBM\/TNPPTjaBULQ\/s320\/photo12_u15.JPG\" alt=\"\" width=\"320\" height=\"238\" border=\"0\" \/><\/a><\/div>\n<div class=\"separator\">Dimitri ,est au premier rang \u00e0 l &lsquo; extr\u00e9mit\u00e9 gauche ( 2012 )<\/div>\n<\/div>\n<div class=\"separator\"><\/div>\n<div class=\"separator\"><\/div>\n<div class=\"separator\"><\/div>\n<div class=\"separator\">\n<figure id=\"attachment_960\" aria-describedby=\"caption-attachment-960\" style=\"width: 186px\" class=\"wp-caption alignnone\"><a href=\"https:\/\/outsiderland.com\/Roger-Delcros\/wp-content\/uploads\/2015\/09\/12509211_915171531936273_8628951713301876010_n.jpg\"><img loading=\"lazy\" decoding=\"async\" class=\"wp-image-960 size-medium\" src=\"https:\/\/outsiderland.com\/Roger-Delcros\/wp-content\/uploads\/2015\/09\/12509211_915171531936273_8628951713301876010_n-186x300.jpg\" alt=\"12509211_915171531936273_8628951713301876010_n\" width=\"186\" height=\"300\" srcset=\"https:\/\/outsiderland.com\/Roger-Delcros\/wp-content\/uploads\/2015\/09\/12509211_915171531936273_8628951713301876010_n-186x300.jpg 186w, https:\/\/outsiderland.com\/Roger-Delcros\/wp-content\/uploads\/2015\/09\/12509211_915171531936273_8628951713301876010_n-139x224.jpg 139w, https:\/\/outsiderland.com\/Roger-Delcros\/wp-content\/uploads\/2015\/09\/12509211_915171531936273_8628951713301876010_n-322x520.jpg 322w, https:\/\/outsiderland.com\/Roger-Delcros\/wp-content\/uploads\/2015\/09\/12509211_915171531936273_8628951713301876010_n.jpg 373w\" sizes=\"auto, (max-width: 186px) 100vw, 186px\" \/><\/a><figcaption id=\"caption-attachment-960\" class=\"wp-caption-text\">Dimitri Combes ( 2016 )<\/figcaption><\/figure>\n<figure id=\"attachment_1837\" aria-describedby=\"caption-attachment-1837\" style=\"width: 450px\" class=\"wp-caption alignnone\"><img loading=\"lazy\" decoding=\"async\" class=\"wp-image-1837 size-medium\" src=\"https:\/\/outsiderland.com\/Roger-Delcros\/wp-content\/uploads\/2015\/09\/18057660_447157795623189_6973911693348634964_n-450x300.jpg\" alt=\"\" width=\"450\" height=\"300\" srcset=\"https:\/\/outsiderland.com\/Roger-Delcros\/wp-content\/uploads\/2015\/09\/18057660_447157795623189_6973911693348634964_n-450x300.jpg 450w, https:\/\/outsiderland.com\/Roger-Delcros\/wp-content\/uploads\/2015\/09\/18057660_447157795623189_6973911693348634964_n-768x512.jpg 768w, https:\/\/outsiderland.com\/Roger-Delcros\/wp-content\/uploads\/2015\/09\/18057660_447157795623189_6973911693348634964_n-720x480.jpg 720w, https:\/\/outsiderland.com\/Roger-Delcros\/wp-content\/uploads\/2015\/09\/18057660_447157795623189_6973911693348634964_n-224x149.jpg 224w, https:\/\/outsiderland.com\/Roger-Delcros\/wp-content\/uploads\/2015\/09\/18057660_447157795623189_6973911693348634964_n-780x520.jpg 780w, https:\/\/outsiderland.com\/Roger-Delcros\/wp-content\/uploads\/2015\/09\/18057660_447157795623189_6973911693348634964_n.jpg 960w\" sizes=\"auto, (max-width: 450px) 100vw, 450px\" \/><figcaption id=\"caption-attachment-1837\" class=\"wp-caption-text\">R\u00e9gional 2 en 2017 : Premier but de Dimitri Combes ( au centre de la photo ) contre Ambert \u00e0 St Flour .<\/figcaption><\/figure>\n<p><img loading=\"lazy\" decoding=\"async\" class=\"alignnone wp-image-1838\" src=\"https:\/\/outsiderland.com\/Roger-Delcros\/wp-content\/uploads\/2015\/09\/num\u00e9risation0001-102x300.jpg\" alt=\"\" width=\"126\" height=\"371\" srcset=\"https:\/\/outsiderland.com\/Roger-Delcros\/wp-content\/uploads\/2015\/09\/num\u00e9risation0001-102x300.jpg 102w, https:\/\/outsiderland.com\/Roger-Delcros\/wp-content\/uploads\/2015\/09\/num\u00e9risation0001-349x1024.jpg 349w, https:\/\/outsiderland.com\/Roger-Delcros\/wp-content\/uploads\/2015\/09\/num\u00e9risation0001-76x224.jpg 76w, https:\/\/outsiderland.com\/Roger-Delcros\/wp-content\/uploads\/2015\/09\/num\u00e9risation0001-177x520.jpg 177w, https:\/\/outsiderland.com\/Roger-Delcros\/wp-content\/uploads\/2015\/09\/num\u00e9risation0001.jpg 693w\" sizes=\"auto, (max-width: 126px) 100vw, 126px\" \/><\/p>\n<\/div>\n<div id=\"post-body-5601416280352384635\" class=\"post-body entry-content\">\n<div class=\"separator\"><\/div>\n<div class=\"separator\"><\/div>\n<div class=\"separator\">\n<figure id=\"attachment_2465\" aria-describedby=\"caption-attachment-2465\" style=\"width: 447px\" class=\"wp-caption alignnone\"><img loading=\"lazy\" decoding=\"async\" class=\"wp-image-2465 size-medium\" src=\"https:\/\/outsiderland.com\/Roger-Delcros\/wp-content\/uploads\/2018\/04\/180422_183445-447x300.jpg\" alt=\"\" width=\"447\" height=\"300\" srcset=\"https:\/\/outsiderland.com\/Roger-Delcros\/wp-content\/uploads\/2018\/04\/180422_183445-447x300.jpg 447w, https:\/\/outsiderland.com\/Roger-Delcros\/wp-content\/uploads\/2018\/04\/180422_183445-768x515.jpg 768w, https:\/\/outsiderland.com\/Roger-Delcros\/wp-content\/uploads\/2018\/04\/180422_183445-720x483.jpg 720w, https:\/\/outsiderland.com\/Roger-Delcros\/wp-content\/uploads\/2018\/04\/180422_183445-224x150.jpg 224w, https:\/\/outsiderland.com\/Roger-Delcros\/wp-content\/uploads\/2018\/04\/180422_183445-775x520.jpg 775w, https:\/\/outsiderland.com\/Roger-Delcros\/wp-content\/uploads\/2018\/04\/180422_183445.jpg 1000w\" sizes=\"auto, (max-width: 447px) 100vw, 447px\" \/><figcaption id=\"caption-attachment-2465\" class=\"wp-caption-text\">R\u00e9gional 1 St Flour \/ Le Puy B ( Avril 2018 ) 2\/0 avec un but de Dimitri .<\/figcaption><\/figure>\n<p>&nbsp;<\/p>\n<\/div>\n<div>\n<figure id=\"attachment_2466\" aria-describedby=\"caption-attachment-2466\" style=\"width: 448px\" class=\"wp-caption alignnone\"><img loading=\"lazy\" decoding=\"async\" class=\"wp-image-2466 size-medium\" src=\"https:\/\/outsiderland.com\/Roger-Delcros\/wp-content\/uploads\/2018\/04\/31562001_632096793795954_706668496972414976_n-448x300.jpg\" alt=\"\" width=\"448\" height=\"300\" srcset=\"https:\/\/outsiderland.com\/Roger-Delcros\/wp-content\/uploads\/2018\/04\/31562001_632096793795954_706668496972414976_n-448x300.jpg 448w, https:\/\/outsiderland.com\/Roger-Delcros\/wp-content\/uploads\/2018\/04\/31562001_632096793795954_706668496972414976_n-768x514.jpg 768w, https:\/\/outsiderland.com\/Roger-Delcros\/wp-content\/uploads\/2018\/04\/31562001_632096793795954_706668496972414976_n-720x482.jpg 720w, https:\/\/outsiderland.com\/Roger-Delcros\/wp-content\/uploads\/2018\/04\/31562001_632096793795954_706668496972414976_n-224x150.jpg 224w, https:\/\/outsiderland.com\/Roger-Delcros\/wp-content\/uploads\/2018\/04\/31562001_632096793795954_706668496972414976_n-776x520.jpg 776w, https:\/\/outsiderland.com\/Roger-Delcros\/wp-content\/uploads\/2018\/04\/31562001_632096793795954_706668496972414976_n.jpg 960w\" sizes=\"auto, (max-width: 448px) 100vw, 448px\" \/><figcaption id=\"caption-attachment-2466\" class=\"wp-caption-text\">Match de r\u00e9gional 1 entre Cournon et St Flour Dimitri est au centre de la photographie . Victoire de St Flour 2 \u00e0 3<\/figcaption><\/figure>\n<\/div>\n<div class=\"separator\"><\/div>\n<div class=\"separator\"><\/div>\n<div class=\"separator\"><\/div>\n<div class=\"separator\"><\/div>\n<div class=\"separator\"><\/div>\n<div class=\"separator\"><\/div>\n<div class=\"separator\"><\/div>\n<div class=\"separator\"><\/div>\n<div class=\"separator\"><u>Oxygen \u00a0Challenge 2012 au Lioran ( CANTAL )<\/u><\/div>\n<div class=\"separator\"><u>\u00a0<\/u><\/div>\n<div class=\"separator\"><u>\u00a0<\/u><\/div>\n<div class=\"separator\"><u>MAELLE<\/u>\u00a0 :\u00a0Premi\u00e8re course de Ma\u00eblle Vendredi 18\/05\/2012 (800m)<\/div>\n<div class=\"separator\"><\/div>\n<div class=\"separator\"><a href=\"http:\/\/3.bp.blogspot.com\/-F4IxTp23TW8\/T7ah0R3vr4I\/AAAAAAAAAok\/xDzyAS_2ht0\/s1600\/Photo0139%5B1%5D.jpg\"><img loading=\"lazy\" decoding=\"async\" src=\"http:\/\/3.bp.blogspot.com\/-F4IxTp23TW8\/T7ah0R3vr4I\/AAAAAAAAAok\/xDzyAS_2ht0\/s320\/Photo0139%5B1%5D.jpg\" alt=\"\" width=\"240\" height=\"320\" border=\"0\" \/><\/a><\/div>\n<p>Soutenue par son cousin Dimitri.<\/p>\n<div>Ma\u00eblle\u00a0r\u00e9alisa\u00a0une jolie course avec de grandes<\/div>\n<div>\u00e9motions, elle fut r\u00e9compens\u00e9e par sa\u00a0premi\u00e8re\u00a0m\u00e9daille.<\/div>\n<div class=\"separator\"><a href=\"http:\/\/4.bp.blogspot.com\/-bQEoheitrVY\/T7ah_BStG6I\/AAAAAAAAAos\/nsoD--DdeC8\/s1600\/Photo0138%5B1%5D.jpg\"><img loading=\"lazy\" decoding=\"async\" src=\"http:\/\/4.bp.blogspot.com\/-bQEoheitrVY\/T7ah_BStG6I\/AAAAAAAAAos\/nsoD--DdeC8\/s320\/Photo0138%5B1%5D.jpg\" alt=\"\" width=\"240\" height=\"320\" border=\"0\" \/><\/a><\/div>\n<div class=\"separator\"><\/div>\n<div class=\"separator\">Ma\u00eblle se demande ,si cette m\u00e9daille est en chocolat : OU PAS !!!!!!<\/div>\n<div class=\"separator\">et Dimitri souhaite conna\u00eetre le contenu de sa gourde<\/div>\n<div class=\"separator\"><\/div>\n<div class=\"separator\"><a href=\"http:\/\/1.bp.blogspot.com\/-t__aLkJ8Ce0\/T7angleJDDI\/AAAAAAAAAo4\/V5eFML4ei38\/s1600\/Photo0140%5B1%5D.jpg\"><img loading=\"lazy\" decoding=\"async\" src=\"http:\/\/1.bp.blogspot.com\/-t__aLkJ8Ce0\/T7angleJDDI\/AAAAAAAAAo4\/V5eFML4ei38\/s320\/Photo0140%5B1%5D.jpg\" alt=\"\" width=\"320\" height=\"240\" border=\"0\" \/><\/a><\/div>\n<div class=\"separator\"><\/div>\n<div class=\"separator\"><\/div>\n<div class=\"separator\"><\/div>\n<div class=\"separator\"><\/div>\n<div class=\"separator\"><\/div>\n<div class=\"separator\"><\/div>\n<div class=\"separator\"><\/div>\n<div class=\"separator\"><\/div>\n<div class=\"separator\"><\/div>\n<div class=\"separator\"><\/div>\n<div class=\"separator\"><\/div>\n<\/div>\n","protected":false},"excerpt":{"rendered":"<p>EMILIE CLUB\u00a0: Clermont Athl\u00e9tisme Auvergne Le club du Champion olympique 2012\u00a0 de saut \u00e0 la perche : Renaud Lavillenie Sports pratiqu\u00e9s en comp\u00e9tition : Hauteur , 60 m haies , 100 m haies , 400 m haies , Pentathlon ( Saut en longueur , Javelot , Disque , 200 m , et 1500 m ) [&hellip;]<\/p>\n","protected":false},"author":1,"featured_media":0,"parent":0,"menu_order":0,"comment_status":"open","ping_status":"open","template":"","meta":{"footnotes":""},"class_list":["post-340","page","type-page","status-publish","hentry"],"_links":{"self":[{"href":"https:\/\/outsiderland.com\/Roger-Delcros\/index.php?rest_route=\/wp\/v2\/pages\/340","targetHints":{"allow":["GET"]}}],"collection":[{"href":"https:\/\/outsiderland.com\/Roger-Delcros\/index.php?rest_route=\/wp\/v2\/pages"}],"about":[{"href":"https:\/\/outsiderland.com\/Roger-Delcros\/index.php?rest_route=\/wp\/v2\/types\/page"}],"author":[{"embeddable":true,"href":"https:\/\/outsiderland.com\/Roger-Delcros\/index.php?rest_route=\/wp\/v2\/users\/1"}],"replies":[{"embeddable":true,"href":"https:\/\/outsiderland.com\/Roger-Delcros\/index.php?rest_route=%2Fwp%2Fv2%2Fcomments&post=340"}],"version-history":[{"count":56,"href":"https:\/\/outsiderland.com\/Roger-Delcros\/index.php?rest_route=\/wp\/v2\/pages\/340\/revisions"}],"predecessor-version":[{"id":3634,"href":"https:\/\/outsiderland.com\/Roger-Delcros\/index.php?rest_route=\/wp\/v2\/pages\/340\/revisions\/3634"}],"wp:attachment":[{"href":"https:\/\/outsiderland.com\/Roger-Delcros\/index.php?rest_route=%2Fwp%2Fv2%2Fmedia&parent=340"}],"curies":[{"name":"wp","href":"https:\/\/api.w.org\/{rel}","templated":true}]}}