{"id":281,"date":"2015-06-05T12:23:41","date_gmt":"2015-06-05T12:23:41","guid":{"rendered":"https:\/\/outsiderland.com\/Roger-Delcros\/?page_id=281"},"modified":"2026-02-11T20:21:02","modified_gmt":"2026-02-11T20:21:02","slug":"alfred-jacomis","status":"publish","type":"page","link":"https:\/\/outsiderland.com\/Roger-Delcros\/?page_id=281","title":{"rendered":"L&rsquo;histoire du skieur d&rsquo;Albepierre Alfred Jacomis"},"content":{"rendered":"<p>\u00a0Alfred Jacomis, 3i\u00e8me enfant d&rsquo;une famille de cultivateurs \u00e0 Albepierre . C&rsquo;est peut -\u00eatre parce qu&rsquo;il \u00e9tait le troisi\u00e8me de la famille que ses parents lui firent faire des \u00e9tudes \u00e0 Murat et ensuite \u00e0 l&rsquo;\u00e9cole d&rsquo; agriculture \u00e0 Aurillac. Ces deux ou trois ann\u00e9es pass\u00e9es, c&rsquo;est avec un grand plaisir que le jeune Jacomis regagnait Albepierre et le toit familial ( un grand b\u00e2timent massif\u00a0 et trapu, bien fait pour r\u00e9sister aux \u00e9cirs \u00a0\u00bb vent du nord \u00a0\u00bb qui pendant les longues nuits d&rsquo;hiver hurlent d\u00e9sesp\u00e9r\u00e9ment leur plainte lancinante ) . C&rsquo;\u00e9tait l\u00e0 retrouver les travaux ruraux, l&rsquo;\u00e9t\u00e9, la fenaison, la moisson, sans oublier chaque jour la traite des vaches. L&rsquo;\u00e9t\u00e9, le travail \u00e9tait plus facile, on \u00a0\u00bb montait \u00a0\u00bb les vaches \u00e0 la montagne ( au buron de la souleyre 1380 m ), c&rsquo;est- \u00e0- dire sur les versants verts du Plomb du cantal ( 1855 m ), l\u00e0, le \u00ab\u00a0vacher\u00a0\u00bb transformait le lait sur place en bonnes grosses \u00ab\u00a0fourmes\u00a0\u00bb. L &lsquo;hiver on laissait le troupeau dans une \u00e9table du \u00ab\u00a0haut\u00a0\u00bb ( le Joaniol 1255 m ), c&rsquo;est-\u00e0 -dire un peu plus haut qu&rsquo;Albepierre vers Prat de bouc pour qu&rsquo;il puisse consommer sur place le foin engrang\u00e9 durant l&rsquo;\u00e9t\u00e9 pass\u00e9. Donc chaque matin et chaque soir, on faisait le trajet Albepierre et le Joaniol pour la traite, mais il fallait redescendre le bidon de lait au village et ceci deux fois par jour , la pente \u00e9tait rapide, la neige souvent t\u00f4l\u00e9e .<\/p>\n<figure id=\"attachment_3300\" aria-describedby=\"caption-attachment-3300\" style=\"width: 441px\" class=\"wp-caption alignnone\"><img loading=\"lazy\" decoding=\"async\" class=\"wp-image-3300 size-medium\" src=\"https:\/\/outsiderland.com\/Roger-Delcros\/wp-content\/uploads\/2020\/03\/FB_IMG_1585383699013-441x300.jpg\" alt=\"\" width=\"441\" height=\"300\" srcset=\"https:\/\/outsiderland.com\/Roger-Delcros\/wp-content\/uploads\/2020\/03\/FB_IMG_1585383699013-441x300.jpg 441w, https:\/\/outsiderland.com\/Roger-Delcros\/wp-content\/uploads\/2020\/03\/FB_IMG_1585383699013-768x523.jpg 768w, https:\/\/outsiderland.com\/Roger-Delcros\/wp-content\/uploads\/2020\/03\/FB_IMG_1585383699013-1024x697.jpg 1024w, https:\/\/outsiderland.com\/Roger-Delcros\/wp-content\/uploads\/2020\/03\/FB_IMG_1585383699013-720x490.jpg 720w, https:\/\/outsiderland.com\/Roger-Delcros\/wp-content\/uploads\/2020\/03\/FB_IMG_1585383699013-224x152.jpg 224w, https:\/\/outsiderland.com\/Roger-Delcros\/wp-content\/uploads\/2020\/03\/FB_IMG_1585383699013-764x520.jpg 764w, https:\/\/outsiderland.com\/Roger-Delcros\/wp-content\/uploads\/2020\/03\/FB_IMG_1585383699013.jpg 1080w\" sizes=\"auto, (max-width: 441px) 100vw, 441px\" \/><figcaption id=\"caption-attachment-3300\" class=\"wp-caption-text\">Albepierre ou Arapeyre dans les ann\u00e9es 1910 depuis le Tournant de la Rodde. Route qui monte au Joaniol , Buron de la Souleyre et Prat de Bouc.<\/figcaption><\/figure>\n<figure id=\"attachment_295\" aria-describedby=\"caption-attachment-295\" style=\"width: 250px\" class=\"wp-caption aligncenter\"><a href=\"https:\/\/outsiderland.com\/Roger-Delcros\/wp-content\/uploads\/2015\/06\/num\u00e9risation00111.jpg\"><img loading=\"lazy\" decoding=\"async\" class=\"wp-image-295 size-full\" src=\"https:\/\/outsiderland.com\/Roger-Delcros\/wp-content\/uploads\/2015\/06\/num\u00e9risation00111.jpg\" alt=\"num\u00e9risation0011\" width=\"250\" height=\"163\" srcset=\"https:\/\/outsiderland.com\/Roger-Delcros\/wp-content\/uploads\/2015\/06\/num\u00e9risation00111.jpg 250w, https:\/\/outsiderland.com\/Roger-Delcros\/wp-content\/uploads\/2015\/06\/num\u00e9risation00111-224x146.jpg 224w\" sizes=\"auto, (max-width: 250px) 100vw, 250px\" \/><\/a><figcaption id=\"caption-attachment-295\" class=\"wp-caption-text\">La grange du Joaniol ( \u00e9table d&rsquo;altitude )<\/figcaption><\/figure>\n<figure id=\"attachment_289\" aria-describedby=\"caption-attachment-289\" style=\"width: 300px\" class=\"wp-caption aligncenter\"><a href=\"https:\/\/outsiderland.com\/Roger-Delcros\/wp-content\/uploads\/2015\/06\/33841910_m1.jpg\"><img loading=\"lazy\" decoding=\"async\" class=\"wp-image-289 size-medium\" src=\"https:\/\/outsiderland.com\/Roger-Delcros\/wp-content\/uploads\/2015\/06\/33841910_m1-300x225.jpg\" alt=\"Buron de la Souleyre , datant de 1724\" width=\"300\" height=\"225\" \/><\/a><figcaption id=\"caption-attachment-289\" class=\"wp-caption-text\">Buron de la Souleyre .<\/figcaption><\/figure>\n<p><span style=\"font-size: 1rem;\">Les hivers sont rudes en montagne et \u00e0 cette \u00e9poque, les ann\u00e9es 25, on ne circulait qu \u00e0 ski, et Alfred, parce qu&rsquo;il \u00e9tait le plus \u00ab\u00a0d\u00e9brouillard\u00a0\u00bb \u00e0 ski \u00e9tait charg\u00e9 du service \u00ab\u00a0d&rsquo;en haut\u00a0\u00bb matin et soir : il montait \u00e0 ski par n &lsquo;importe quel temps, il la connaissait la montagne, brouillard ou temp\u00eate, il devait monter. \u00ab\u00a0<\/span><em style=\"font-size: 1rem;\">Je ne me suis jamais perdu, que voulez -vous, j&rsquo;y suis n\u00e9!. . . .<\/em><span style=\"font-size: 1rem;\"> \u00ab\u00a0. Pour redescendre \u00e7a n&rsquo;\u00e9tait pas le plus facile, car sur le dos il transportait un bidon de 20 \u00e0 30 litres de lait et c&rsquo;\u00e9tait continuellement qu&rsquo;il faisait des prouesses pour que le bidon arrive en bon \u00e9tat \u00e0 Albepierre. Inconsciemment chez lui naissait la technique de l&rsquo; \u00e9quilibre, l&rsquo;endurance se durcissait, les muscles s&rsquo;habituaient \u00e0 l &lsquo;effort et c&rsquo;est ainsi que naquit, non pas Alfred Jacomis car il \u00e9tait n\u00e9 en 1910, mais le futur champion de France de ski de fond. Comme il aimait le ski et que le dimanche c&rsquo;\u00e9tait bien agr\u00e9able de retrouver les amis au col de Prat de bouc ( 1392 m ), en 1928 Alfred s&rsquo;inscrivit au club d&rsquo;Albepierre fond\u00e9 en 1909. C&rsquo;est \u00e0 ce club que le d\u00e9couvrit celui qui devait le suivre tout au long sa carri\u00e8re, le regrett\u00e9 Monier-Garnier son \u00ab\u00a0manager\u00a0\u00bb (\u00a0 * Joseph Monier-Granier souhaitait\u00a0 d\u00e9velopper le ski de comp\u00e9tition dans le Cantal ) . C&rsquo;est lui-m\u00eame qui d\u00e9crivait ainsi Jacomis il y \u00e0 quelques ann\u00e9es dans un journal local : \u00ab\u00a0<\/span><em style=\"font-size: 1rem;\">J&rsquo;arrivais de St- Moritz en Suisse\u00a0 ou j&rsquo;avais assist\u00e9 aux jeux olympiques en 1928 , le dimanche je me rendais donc \u00e0 Albepierre pour assister au concours, le parcours comme d&rsquo;habitude \u00e9tait tr\u00e8s dur, mais quelle ne fut pas ma surprise de voir surgir \u00e0 l&rsquo; arriv\u00e9e un grand gaillard de 18 ans un peu d\u00e9gingand\u00e9 qui terminait premier sans la moindre fatigue : c&rsquo;\u00e9tait Jacomis. <\/em><em style=\"font-size: 1rem;\">D\u00e9s cet instant j&rsquo;eus l&rsquo;intuition tr\u00e8s nette que nous poss\u00e9dions l\u00e0 un v\u00e9ritable ph\u00e9nom\u00e8ne, il avait un style particulier, il trottait sur ses skis exactement comme \u00e0 pied. Le mouvement de ses bras \u00e9tait identique et cela formait un tout vraiement curieux. Il eut d&rsquo;ailleurs beaucoup de mal \u00e0 se d\u00e9faire de ce style primitif. Chose curieuse, malgr\u00e9 l &lsquo;effort fourni, Jacomis ne suait jamais et terminait aussi sec qu&rsquo;il \u00e9tait parti<\/em><span style=\"font-size: 1rem;\"> \u00ab\u00a0.<\/span><\/p>\n<ul>\n<li>Joseph Monier-Granier tenait un commerce de textile , rue Faubourg Notre Dame \u00e0 Murat . Il \u00e9tait l&rsquo; entra\u00eeneur d&rsquo; Alfred , son manager , sponsor et entra\u00eeneur R\u00e9gional de ski de fond .<\/li>\n<\/ul>\n<p>Ce fut le d\u00e9part d&rsquo;une lutte : <em>lutter contre soi-m\u00eame pour triompher,<\/em> telle \u00e9tait la devise d&rsquo;Alfred Jacomis et de son entra\u00eeneur Monier-Granier.<\/p>\n<p>Avec son mat\u00e9riel de fortune, des skis ( de 5 kg ) taill\u00e9s par son p\u00e8re , Pierre , ainsi que des b\u00e2tons dont le disque \u00e9tait un rond en bois massif et la pointe , \u00e0 la grande stup\u00e9faction \u00e9tait r\u00e9alis\u00e9e avec un d\u00e9 \u00e0 coude , donn\u00e9 par sa maman , Louise L\u00e9onie\u00a0 . \u00a0 \u00ab\u00a0Jaco\u00a0\u00bb remportait toutes les comp\u00e9titions locales.<\/p>\n<p>C \u00e9tait en 1930, le 16 f\u00e9vrier, que les skieurs auvergnats commenc\u00e8rent \u00e0 entendre \u00ab\u00a0<em>parler de celui qui allait faire parler de lui<\/em> \u00ab\u00a0. En effet, engag\u00e9 au concours de ski de Besse ( Puy de d\u00f4me ), il remporte haut la main la 1\u00e9re place. Le nouvelliste du 22 f\u00e9vrier 1930, journal local de l\u2019\u00e9poque, rapporte le fait ainsi : \u00ab\u00a0La course s&rsquo;effectuait sur un circuit de 5 km \u00e0 parcourir 4 fois. Le d\u00e9part est donn\u00e9 \u00e0 10 h dans une v\u00e9ritable temp\u00eate de neige. Au 1er tour, Jacomis prend la t\u00eate, au 2\u00e9me tour il a\u00a0 une avance de 300 m, au 3\u00e9me tour dans un effort magnifique, Jacomis s&rsquo; envole litt\u00e9ralement, il finit le parcours tr\u00e8s frais avec 9 mn d&rsquo;avance, soit 1500 m sur tout le lot. Les 4 tours soit 20 km ont \u00e9t\u00e9 effectu\u00e9s en 1 h 58 et cela avec de tr\u00e8s mauvaises conditions. Jacomis s&rsquo;est impos\u00e9 comme capable de la s\u00e9lection et nous esp\u00e9rons bien le voir l&rsquo; an prochain aux championnats de France. Il y trouvera enfin des concurrents \u00e0 sa taille. Nous fondons les plus grands espoirs sur ses possibilit\u00e9s futures.<\/p>\n<p>Toujours en 1930 et pour la 2\u00e9me fois, au Lioran, il fit parler de lui. Parmi les concurrents engag\u00e9s, les favoris \u00e9taient les coureurs du Puy de d\u00f4me mais aussi quelques \u00a0\u00bb vedettes du ski \u00a0\u00bb des clubs de Lavigerie, de Laveissi\u00e8re et bien s\u00fbr d&rsquo;Albepierre. Inutile de rapporter le d\u00e9roulement de la course : Jacomis fut encore le plus fort. Lui- m\u00eame nous a racont\u00e9 avec sa modestie cette anecdote r\u00e9elle : \u00ab\u00a0<em>Lorsque je passais la bande d&rsquo; arriv\u00e9e, je fus assez \u00e9tonn\u00e9 car, \u00e0 part moi, il n&rsquo; y avait personne, aucun officiel, aucun chronom\u00e9treur en vue, je me posais de nombreuses questions et commen\u00e7ais \u00e0 m &lsquo;affoler pensant avoir \u00e9court\u00e9 le trajet sans m &lsquo;en \u00eatre rendu compte, quand j&rsquo;eus l &lsquo;id\u00e9e de jeter un \u0153il au seul et unique bistrot de l&rsquo;\u00e9poque \u00e0 Laveissiere, et l\u00e0, quelle ne fut pas ma surprise, ces messieurs se r\u00e9chauffaient autour d&rsquo; un bon vin chaud. \u00c9videmment mon apparition fit l &lsquo;effet d&rsquo;une bombe. Ils furent tr\u00e8s bless\u00e9s dans leur amour propre, car ainsi je leur avais d\u00e9montr\u00e9 qu ils s&rsquo;\u00e9taient tromp\u00e9s en faisant le calcul du temps minimum mis pour faire le parcours<\/em>\u00ab\u00a0, mais l &lsquo;on peut ajouter que les officiels furent certainement tr\u00e8s vex\u00e9s d&rsquo; avoir \u00e9t\u00e9 surpris par un futur champion les pieds au chaud et le verre \u00e0 la main.<\/p>\n<p>C&rsquo;est en f\u00e9vrier 1931 que Jacomis fit sa premi\u00e8re sortie hors d&rsquo; Auvergne, toujours accompagn\u00e9 par Monier-granier. Il se rendit \u00e0 Villars de Lans ou il participa aux Championnats de France de fond. Cette course de 18 km r\u00e9unissait les meilleurs coureurs fran\u00e7ais et \u00e9trangers en tout 120 partants. Parti 39\u00e8me, Jacomis remontait 20 coureurs et fini 19\u00e9me \u00ab\u00a0tr\u00e8s frais\u00a0\u00bb, selon le journal de l&rsquo; \u00e9poque et en battant Cachat, \u00ab\u00a0l &lsquo;homme de Chamonix\u00a0\u00bb. Il profita de ce d\u00e9placement pour passer le brevet de skieur militaire terminant 1er devant 37 concurrents.<\/p>\n<figure id=\"attachment_291\" aria-describedby=\"caption-attachment-291\" style=\"width: 250px\" class=\"wp-caption aligncenter\"><a href=\"https:\/\/outsiderland.com\/Roger-Delcros\/wp-content\/uploads\/2015\/06\/num\u00e9risation00021.jpg\"><img loading=\"lazy\" decoding=\"async\" class=\"wp-image-291 size-full\" src=\"https:\/\/outsiderland.com\/Roger-Delcros\/wp-content\/uploads\/2015\/06\/num\u00e9risation00021.jpg\" alt=\"num\u00e9risation0002\" width=\"250\" height=\"179\" srcset=\"https:\/\/outsiderland.com\/Roger-Delcros\/wp-content\/uploads\/2015\/06\/num\u00e9risation00021.jpg 250w, https:\/\/outsiderland.com\/Roger-Delcros\/wp-content\/uploads\/2015\/06\/num\u00e9risation00021-224x160.jpg 224w\" sizes=\"auto, (max-width: 250px) 100vw, 250px\" \/><\/a><figcaption id=\"caption-attachment-291\" class=\"wp-caption-text\">Alfred Jacomis \u00e0 Chamonix en 1932. De gauche \u00e0 droite : (?), Trapenat ( Besse ) , Rodde ( Lavigerie ), Jacomis ( Albepierre ) , Condamine ( Laveissi\u00e8re ), Bernard ( Besse ) et Monier ( Murat ), constituent la s\u00e9lection d&rsquo;Auvergne.<\/figcaption><\/figure>\n<p>De 1932 \u00e0 1935, Monier essaie de le faire s\u00e9lectionner pour \u00eatre admis dans l&rsquo;equipe de france, ce fut en vain, les dirigeants ne pouvant s&rsquo; imaginer qu &lsquo;un cantalien remporte des titres qui jusqu &lsquo;ici \u00e9taient r\u00e9serv\u00e9s aux athl\u00e8tes des Alpes, du Jura et ou des Pyr\u00e9n\u00e9es. En 1935, il est \u00e9limin\u00e9 de l &lsquo;equipe d&rsquo; Auvergne pour des raisons de chauvinisme un peu louche. Jacomis, \u00e9c\u0153ur\u00e9, songe \u00e0 abandonner le ski de fond, mais Monier, en auvergnat tenace, fait quantit\u00e9 de d\u00e9marches qui ne furent pas vaines car Jacomis est enfin d\u00e9sign\u00e9 pour participer \u00e0 la s\u00e9lection &#8211; pr\u00e9militaire de l&rsquo;\u00e9quipe de france \u00e0 Morzine. Fin 1935, il passe le cap des \u00e9liminatoires \u00e0 Morzine.<\/p>\n<figure id=\"attachment_299\" aria-describedby=\"caption-attachment-299\" style=\"width: 173px\" class=\"wp-caption alignleft\"><a href=\"https:\/\/outsiderland.com\/Roger-Delcros\/wp-content\/uploads\/2015\/06\/num\u00e9risation00041.jpg\"><img loading=\"lazy\" decoding=\"async\" class=\"size-full wp-image-299\" src=\"https:\/\/outsiderland.com\/Roger-Delcros\/wp-content\/uploads\/2015\/06\/num\u00e9risation00041.jpg\" alt=\"BREVET DES MONITEURS 1934 anim\u00e9 par Roger Frison- Roche ( ALPES ) Jacomis est au 13\u00e8me rang\" width=\"173\" height=\"250\" srcset=\"https:\/\/outsiderland.com\/Roger-Delcros\/wp-content\/uploads\/2015\/06\/num\u00e9risation00041.jpg 173w, https:\/\/outsiderland.com\/Roger-Delcros\/wp-content\/uploads\/2015\/06\/num\u00e9risation00041-155x224.jpg 155w\" sizes=\"auto, (max-width: 173px) 100vw, 173px\" \/><\/a><figcaption id=\"caption-attachment-299\" class=\"wp-caption-text\">BREVET DES MONITEURS 1934 anim\u00e9 par Roger Frison- Roche ( ALPES )<br \/>Jacomis est au 13\u00e8me rang<\/figcaption><\/figure>\n<figure id=\"attachment_300\" aria-describedby=\"caption-attachment-300\" style=\"width: 150px\" class=\"wp-caption alignright\"><a href=\"https:\/\/outsiderland.com\/Roger-Delcros\/wp-content\/uploads\/2015\/06\/GarmischZugspitzeI_Nag-470x3531.jpg\"><img loading=\"lazy\" decoding=\"async\" class=\"wp-image-300 size-thumbnail\" src=\"https:\/\/outsiderland.com\/Roger-Delcros\/wp-content\/uploads\/2015\/06\/GarmischZugspitzeI_Nag-470x3531-150x150.jpg\" alt=\"GarmischZugspitzeI_Nag-470x353\" width=\"150\" height=\"150\" \/><\/a><figcaption id=\"caption-attachment-300\" class=\"wp-caption-text\">GARMISCH &#8211; PARTENKIRCHEN Au loin l&rsquo; Alpspize ( 2628 m )<\/figcaption><\/figure>\n<p>En, janvier 1936, il se classe rempla\u00e7ant de l &lsquo;\u00e9quipe de France \u00e0 M\u00e9geve. En f\u00e9vrier, il est titulaire de cette m\u00eame \u00e9quipe et international olympique, alors qu&rsquo;une ann\u00e9e auparavant, il \u00e9tait jug\u00e9 incapable de repr\u00e9senter l &lsquo;Auvergne.<\/p>\n<p>C&rsquo;est le 6 fevrier 1936 qu&rsquo; Alfred Jacomis pose le pied \u00e0 Garmisch &#8211; Partenkirchen ( Allemagne ) ou vont se d\u00e9rouler les 4\u00e8me jeux Olympiques d&rsquo;hiver. Il est confiant car une huitaine de jours avant, il s &lsquo;est class\u00e9 second \u00e0 1&rsquo; 21 de Gindre dans le Championnat de Suisse Romande \u00e0 St-Cergues et cela devant 12 s\u00e9lectionn\u00e9s olympiques suisses et fran\u00e7ais. Inutile de relater la majestuosit\u00e9 dans laquelle vont se d\u00e9rouler les jeux. Alfred Jacomis n&rsquo;a pas oubli\u00e9, il revoie le stade olympique, Hitler proclamant les jeux ouverts et lui un peu perdu dans cette foule h\u00e9t\u00e9roclite.<\/p>\n<p><a href=\"https:\/\/outsiderland.com\/Roger-Delcros\/wp-content\/uploads\/2015\/06\/garmisch-partenkirchen-1936-du-6-au-16-fevrier-l-auteur-est-ludwig-hohlwein-architecte-peintre.jpg\"><img loading=\"lazy\" decoding=\"async\" class=\" size-full wp-image-290 alignleft\" src=\"https:\/\/outsiderland.com\/Roger-Delcros\/wp-content\/uploads\/2015\/06\/garmisch-partenkirchen-1936-du-6-au-16-fevrier-l-auteur-est-ludwig-hohlwein-architecte-peintre.jpg\" alt=\"garmisch-partenkirchen-1936-(du-6-au-16-fevrier)-l-auteur-est-ludwig-hohlwein-architecte-peintre\" width=\"170\" height=\"250\" srcset=\"https:\/\/outsiderland.com\/Roger-Delcros\/wp-content\/uploads\/2015\/06\/garmisch-partenkirchen-1936-du-6-au-16-fevrier-l-auteur-est-ludwig-hohlwein-architecte-peintre.jpg 170w, https:\/\/outsiderland.com\/Roger-Delcros\/wp-content\/uploads\/2015\/06\/garmisch-partenkirchen-1936-du-6-au-16-fevrier-l-auteur-est-ludwig-hohlwein-architecte-peintre-152x224.jpg 152w\" sizes=\"auto, (max-width: 170px) 100vw, 170px\" \/><\/a><\/p>\n<figure id=\"attachment_286\" aria-describedby=\"caption-attachment-286\" style=\"width: 80px\" class=\"wp-caption alignright\"><a href=\"https:\/\/outsiderland.com\/Roger-Delcros\/wp-content\/uploads\/2015\/06\/1936h1.jpg\"><img loading=\"lazy\" decoding=\"async\" class=\"size-full wp-image-286\" src=\"https:\/\/outsiderland.com\/Roger-Delcros\/wp-content\/uploads\/2015\/06\/1936h1.jpg\" alt=\"La m\u00e9daille d'or remis aux vainqueurs\" width=\"80\" height=\"80\" \/><\/a><figcaption id=\"caption-attachment-286\" class=\"wp-caption-text\">La m\u00e9daille d&rsquo;or remis aux vainqueurs<\/figcaption><\/figure>\n<p>Dans le relais 4 fois 10 km, il termine avec l&rsquo;\u00c9quipe de France ( compos\u00e9e de Gindre, Mermoud, Cr\u00e9tin et Jacomis ) \u00e0 la 9\u00e9me place en 3h 03&prime; 33 sur 16 \u00e9quipes engag\u00e9es.<br \/>Dans le fond sp\u00e9cial ( 18 km ) enlev\u00e9 par Larsson ( Su\u00e9de ) en 1 h 14&prime; 38, il se classe 42\u00e8me sur 72 partants. \u00c9puis\u00e9 par son relais de l &lsquo;avant-veille ou il tomba \u00e0 demi \u00e9vanoui sit\u00f4t la ligne franchie dans les bras d&rsquo;\u00c9mile Allais, Jacomis ne put r\u00e9cup\u00e9rer compl\u00e8tement avant le d\u00e9part du 18 km.<\/p>\n<div id='gallery-1' class='gallery galleryid-281 gallery-columns-2 gallery-size-full'><figure class='gallery-item'>\n\t\t\t<div class='gallery-icon landscape'>\n\t\t\t\t<a href='https:\/\/outsiderland.com\/Roger-Delcros\/?attachment_id=303'><img loading=\"lazy\" decoding=\"async\" width=\"250\" height=\"188\" src=\"https:\/\/outsiderland.com\/Roger-Delcros\/wp-content\/uploads\/2015\/06\/243024-759961-317-2381.jpg\" class=\"attachment-full size-full\" alt=\"\" aria-describedby=\"gallery-1-303\" srcset=\"https:\/\/outsiderland.com\/Roger-Delcros\/wp-content\/uploads\/2015\/06\/243024-759961-317-2381.jpg 250w, https:\/\/outsiderland.com\/Roger-Delcros\/wp-content\/uploads\/2015\/06\/243024-759961-317-2381-224x168.jpg 224w\" sizes=\"auto, (max-width: 250px) 100vw, 250px\" \/><\/a>\n\t\t\t<\/div>\n\t\t\t\t<figcaption class='wp-caption-text gallery-caption' id='gallery-1-303'>\n\t\t\t\tC\u00c9R\u00c9MONIE D&rsquo;OUVERTURE JO 1936\n\t\t\t\t<\/figcaption><\/figure><figure class='gallery-item'>\n\t\t\t<div class='gallery-icon landscape'>\n\t\t\t\t<a href='https:\/\/outsiderland.com\/Roger-Delcros\/?attachment_id=304'><img loading=\"lazy\" decoding=\"async\" width=\"250\" height=\"171\" src=\"https:\/\/outsiderland.com\/Roger-Delcros\/wp-content\/uploads\/2015\/06\/RAADK099_HD1.jpg\" class=\"attachment-full size-full\" alt=\"\" aria-describedby=\"gallery-1-304\" srcset=\"https:\/\/outsiderland.com\/Roger-Delcros\/wp-content\/uploads\/2015\/06\/RAADK099_HD1.jpg 250w, https:\/\/outsiderland.com\/Roger-Delcros\/wp-content\/uploads\/2015\/06\/RAADK099_HD1-224x153.jpg 224w\" sizes=\"auto, (max-width: 250px) 100vw, 250px\" \/><\/a>\n\t\t\t<\/div>\n\t\t\t\t<figcaption class='wp-caption-text gallery-caption' id='gallery-1-304'>\n\t\t\t\tC\u00e9r\u00e9monie d&rsquo; ouverture au Stade Olympique\n\t\t\t\t<\/figcaption><\/figure><figure class='gallery-item'>\n\t\t\t<div class='gallery-icon landscape'>\n\t\t\t\t<a href='https:\/\/outsiderland.com\/Roger-Delcros\/?attachment_id=309'><img loading=\"lazy\" decoding=\"async\" width=\"250\" height=\"186\" src=\"https:\/\/outsiderland.com\/Roger-Delcros\/wp-content\/uploads\/2015\/06\/4779840_122g1627.jpg\" class=\"attachment-full size-full\" alt=\"\" aria-describedby=\"gallery-1-309\" srcset=\"https:\/\/outsiderland.com\/Roger-Delcros\/wp-content\/uploads\/2015\/06\/4779840_122g1627.jpg 250w, https:\/\/outsiderland.com\/Roger-Delcros\/wp-content\/uploads\/2015\/06\/4779840_122g1627-224x167.jpg 224w\" sizes=\"auto, (max-width: 250px) 100vw, 250px\" \/><\/a>\n\t\t\t<\/div>\n\t\t\t\t<figcaption class='wp-caption-text gallery-caption' id='gallery-1-309'>\n\t\t\t\t 1936 ( Allais \u00e9mile ) : premier m\u00e9daill\u00e9 olympique fran\u00e7ais en ski alpin\n\t\t\t\t<\/figcaption><\/figure><figure class='gallery-item'>\n\t\t\t<div class='gallery-icon portrait'>\n\t\t\t\t<a href='https:\/\/outsiderland.com\/Roger-Delcros\/?attachment_id=308'><img loading=\"lazy\" decoding=\"async\" width=\"1083\" height=\"1333\" src=\"https:\/\/outsiderland.com\/Roger-Delcros\/wp-content\/uploads\/2015\/06\/num\u00e9risation000g2.jpg\" class=\"attachment-full size-full\" alt=\"\" aria-describedby=\"gallery-1-308\" srcset=\"https:\/\/outsiderland.com\/Roger-Delcros\/wp-content\/uploads\/2015\/06\/num\u00e9risation000g2.jpg 1083w, https:\/\/outsiderland.com\/Roger-Delcros\/wp-content\/uploads\/2015\/06\/num\u00e9risation000g2-244x300.jpg 244w, https:\/\/outsiderland.com\/Roger-Delcros\/wp-content\/uploads\/2015\/06\/num\u00e9risation000g2-832x1024.jpg 832w, https:\/\/outsiderland.com\/Roger-Delcros\/wp-content\/uploads\/2015\/06\/num\u00e9risation000g2-720x886.jpg 720w, https:\/\/outsiderland.com\/Roger-Delcros\/wp-content\/uploads\/2015\/06\/num\u00e9risation000g2-182x224.jpg 182w, https:\/\/outsiderland.com\/Roger-Delcros\/wp-content\/uploads\/2015\/06\/num\u00e9risation000g2-422x520.jpg 422w\" sizes=\"auto, (max-width: 1083px) 100vw, 1083px\" \/><\/a>\n\t\t\t<\/div>\n\t\t\t\t<figcaption class='wp-caption-text gallery-caption' id='gallery-1-308'>\n\t\t\t\tArriv\u00e9e du 18 km dans le stade\n\t\t\t\t<\/figcaption><\/figure><figure class='gallery-item'>\n\t\t\t<div class='gallery-icon portrait'>\n\t\t\t\t<a href='https:\/\/outsiderland.com\/Roger-Delcros\/?attachment_id=307'><img loading=\"lazy\" decoding=\"async\" width=\"1075\" height=\"1442\" src=\"https:\/\/outsiderland.com\/Roger-Delcros\/wp-content\/uploads\/2015\/06\/num\u00e9risation0003g.jpg\" class=\"attachment-full size-full\" alt=\"\" aria-describedby=\"gallery-1-307\" srcset=\"https:\/\/outsiderland.com\/Roger-Delcros\/wp-content\/uploads\/2015\/06\/num\u00e9risation0003g.jpg 1075w, https:\/\/outsiderland.com\/Roger-Delcros\/wp-content\/uploads\/2015\/06\/num\u00e9risation0003g-224x300.jpg 224w, https:\/\/outsiderland.com\/Roger-Delcros\/wp-content\/uploads\/2015\/06\/num\u00e9risation0003g-763x1024.jpg 763w, https:\/\/outsiderland.com\/Roger-Delcros\/wp-content\/uploads\/2015\/06\/num\u00e9risation0003g-720x966.jpg 720w, https:\/\/outsiderland.com\/Roger-Delcros\/wp-content\/uploads\/2015\/06\/num\u00e9risation0003g-167x224.jpg 167w, https:\/\/outsiderland.com\/Roger-Delcros\/wp-content\/uploads\/2015\/06\/num\u00e9risation0003g-388x520.jpg 388w\" sizes=\"auto, (max-width: 1075px) 100vw, 1075px\" \/><\/a>\n\t\t\t<\/div>\n\t\t\t\t<figcaption class='wp-caption-text gallery-caption' id='gallery-1-307'>\n\t\t\t\tl&rsquo;\u00e9preuve des 18 km , ski de fond\n\t\t\t\t<\/figcaption><\/figure><figure class='gallery-item'>\n\t\t\t<div class='gallery-icon landscape'>\n\t\t\t\t<a href='https:\/\/outsiderland.com\/Roger-Delcros\/?attachment_id=306'><img loading=\"lazy\" decoding=\"async\" width=\"250\" height=\"197\" src=\"https:\/\/outsiderland.com\/Roger-Delcros\/wp-content\/uploads\/2015\/06\/untitled1.jpg\" class=\"attachment-full size-full\" alt=\"\" aria-describedby=\"gallery-1-306\" srcset=\"https:\/\/outsiderland.com\/Roger-Delcros\/wp-content\/uploads\/2015\/06\/untitled1.jpg 250w, https:\/\/outsiderland.com\/Roger-Delcros\/wp-content\/uploads\/2015\/06\/untitled1-224x177.jpg 224w\" sizes=\"auto, (max-width: 250px) 100vw, 250px\" \/><\/a>\n\t\t\t<\/div>\n\t\t\t\t<figcaption class='wp-caption-text gallery-caption' id='gallery-1-306'>\n\t\t\t\tRelais 4 x 10 km de l&rsquo;equipe de france ( alfred en plein effort sous les yeux des autres membres de l&rsquo;equipe de droite \u00e0 gauche : emile allais,maurice et ren\u00e9 lafforgue ,allard.\n\t\t\t\t<\/figcaption><\/figure><figure class='gallery-item'>\n\t\t\t<div class='gallery-icon landscape'>\n\t\t\t\t<a href='https:\/\/outsiderland.com\/Roger-Delcros\/?attachment_id=305'><img loading=\"lazy\" decoding=\"async\" width=\"126\" height=\"85\" src=\"https:\/\/outsiderland.com\/Roger-Delcros\/wp-content\/uploads\/2015\/06\/FCATQZ7MXCAWOFM1TCACK5BLQCA3G5W3GCAS4JW1ICAI3VZGBCA9DZYYKCAKAG0XYCA8UP41MCADF7JIUCAR98FZOCA2VEADLCAF5DGYNCABWZ0NDCAEY1MOMCAL8ZJOPCAPH0BI7CA7AHRYXCAOQJBVT1.jpg\" class=\"attachment-full size-full\" alt=\"\" aria-describedby=\"gallery-1-305\" \/><\/a>\n\t\t\t<\/div>\n\t\t\t\t<figcaption class='wp-caption-text gallery-caption' id='gallery-1-305'>\n\t\t\t\tRELAIS ( 4 x 10 km ) finlande &#8211; Nurmelo sulo \u00e0 Karppinen klaus\n\t\t\t\t<\/figcaption><\/figure><figure class='gallery-item'>\n\t\t\t<div class='gallery-icon landscape'>\n\t\t\t\t<a href='https:\/\/outsiderland.com\/Roger-Delcros\/?attachment_id=287'><img loading=\"lazy\" decoding=\"async\" width=\"250\" height=\"176\" src=\"https:\/\/outsiderland.com\/Roger-Delcros\/wp-content\/uploads\/2015\/06\/0802361.gif\" class=\"attachment-full size-full\" alt=\"\" aria-describedby=\"gallery-1-287\" \/><\/a>\n\t\t\t<\/div>\n\t\t\t\t<figcaption class='wp-caption-text gallery-caption' id='gallery-1-287'>\n\t\t\t\tCOURRIER DE GARMISCH 1936\n\t\t\t\t<\/figcaption><\/figure><figure class='gallery-item'>\n\t\t\t<div class='gallery-icon landscape'>\n\t\t\t\t<a href='https:\/\/outsiderland.com\/Roger-Delcros\/?attachment_id=288'><img loading=\"lazy\" decoding=\"async\" width=\"250\" height=\"155\" src=\"https:\/\/outsiderland.com\/Roger-Delcros\/wp-content\/uploads\/2015\/06\/0902361.gif\" class=\"attachment-full size-full\" alt=\"\" aria-describedby=\"gallery-1-288\" \/><\/a>\n\t\t\t<\/div>\n\t\t\t\t<figcaption class='wp-caption-text gallery-caption' id='gallery-1-288'>\n\t\t\t\tCOURRIER DE GARMISCH 1936\n\t\t\t\t<\/figcaption><\/figure><figure class='gallery-item'>\n\t\t\t<div class='gallery-icon portrait'>\n\t\t\t\t<a href='https:\/\/outsiderland.com\/Roger-Delcros\/?attachment_id=310'><img loading=\"lazy\" decoding=\"async\" width=\"1083\" height=\"1542\" src=\"https:\/\/outsiderland.com\/Roger-Delcros\/wp-content\/uploads\/2015\/06\/num\u00e9risation0g001.jpg\" class=\"attachment-full size-full\" alt=\"\" aria-describedby=\"gallery-1-310\" srcset=\"https:\/\/outsiderland.com\/Roger-Delcros\/wp-content\/uploads\/2015\/06\/num\u00e9risation0g001.jpg 1083w, https:\/\/outsiderland.com\/Roger-Delcros\/wp-content\/uploads\/2015\/06\/num\u00e9risation0g001-211x300.jpg 211w, https:\/\/outsiderland.com\/Roger-Delcros\/wp-content\/uploads\/2015\/06\/num\u00e9risation0g001-719x1024.jpg 719w, https:\/\/outsiderland.com\/Roger-Delcros\/wp-content\/uploads\/2015\/06\/num\u00e9risation0g001-720x1025.jpg 720w, https:\/\/outsiderland.com\/Roger-Delcros\/wp-content\/uploads\/2015\/06\/num\u00e9risation0g001-157x224.jpg 157w, https:\/\/outsiderland.com\/Roger-Delcros\/wp-content\/uploads\/2015\/06\/num\u00e9risation0g001-365x520.jpg 365w\" sizes=\"auto, (max-width: 1083px) 100vw, 1083px\" \/><\/a>\n\t\t\t<\/div>\n\t\t\t\t<figcaption class='wp-caption-text gallery-caption' id='gallery-1-310'>\n\t\t\t\tc\u00e9r\u00e9monie de cl\u00f4ture des JO 1936\n\t\t\t\t<\/figcaption><\/figure>\n\t\t<\/div>\n\n<p>L&rsquo; ann\u00e9e d\u2019apr\u00e8s c&rsquo;est \u00e0 dire en 1937, Jacomis est de nouveau s\u00e9lectionn\u00e9 en \u00e9quipe de France \u00e0 l &lsquo;issue d&rsquo; un stage \u00e0 Brueil (Alpes Maritimes ) en se classant respectivement 2 et 3\u00e8me et en battant Mermoud, Gindre et Cr\u00e9tin, consid\u00e9r\u00e9s comme les meilleurs depuis plusieurs ann\u00e9es. N &lsquo;ayant pu trouver \u00e0 la F\u00e9d\u00e9ration d&rsquo; Auvergne l &lsquo;appui moral et mat\u00e9riel sur lequel il \u00e9tait en droit de compter, Jacomis dut bien \u00e0 regret aller chercher ailleurs ce qu&rsquo;il ne trouvait pas chez lui, c&rsquo;est pourquoi lors de la s\u00e9lection pour l\u2019\u00e9quipe de France, Jacomis devient le repr\u00e9sentant de la f\u00e9d\u00e9ration pyr\u00e9n\u00e9enne. \u00a0\u00bb Dans son pays d&rsquo;origine dit notre confr\u00e8re : Roger Frison-Roche , sa classe \u00e9tait fort contest\u00e9e , mais en France Jacomis est consid\u00e9r\u00e9 comme un grand coureur . Et soyons reconnaissants \u00e0 l&rsquo; Auvergne \u00e0 laquelle nous devions d\u00e9j\u00e0 un de nos skieurs les plus complets : Jean Malignas , de nous fournir un \u00e9l\u00e9ment de la valeur de Jacomis \u00a0\u00bb Et c&rsquo;est \u00e0 Chamonix que se d\u00e9roul\u00e8rent les <strong>Championnats de<\/strong> <strong>France de 1937<\/strong>. Malgr\u00e9 un entra\u00eenement tr\u00e8s incomplet car la douceur des temp\u00e9ratures l&rsquo; emp\u00eacha de s&rsquo; entra\u00eener\u00a0 sur les pentes du Plomb du Cantal avant le 20 janvier\u00a0 , il termine 3\u00e8me, seulement devanc\u00e9 par Gindre et Mermoud. Puis-je ajouter que la veille, il participa, sans raisons apparentes, \u00e0 la descente des Championnats de France aux Houches, disput\u00e9e dans la neige et le brouillard . Or \u00e0 la m\u00eame heure, les jurassiens, Gindre en t\u00eate, se reposaient bien au chaud dans leur chambre. . . Jaco perdit ce jour l\u00e0, par sa faute, le titre national, car, courbatur\u00e9 le lendemain, il ne put fournir une course normale.<\/p>\n<p>C&rsquo;est sous les couleurs du ski club Toulousain qu&rsquo;il participe au Championnat du Monde \u00e0 Chamonix, en f\u00e9vrier 1937 ( relais 4 x 10 km avec Mermoud, Cr\u00e9tin et Gindre et 18 km individuel ).<\/p>\n<div id='gallery-2' class='gallery galleryid-281 gallery-columns-3 gallery-size-thumbnail'><figure class='gallery-item'>\n\t\t\t<div class='gallery-icon landscape'>\n\t\t\t\t<a href='https:\/\/outsiderland.com\/Roger-Delcros\/?attachment_id=313'><img loading=\"lazy\" decoding=\"async\" width=\"150\" height=\"150\" src=\"https:\/\/outsiderland.com\/Roger-Delcros\/wp-content\/uploads\/2015\/06\/untitledg-150x150.jpg\" class=\"attachment-thumbnail size-thumbnail\" alt=\"\" aria-describedby=\"gallery-2-313\" \/><\/a>\n\t\t\t<\/div>\n\t\t\t\t<figcaption class='wp-caption-text gallery-caption' id='gallery-2-313'>\n\t\t\t\tCHAMPIONNAT DE FRANCE 1939 A LUCHON SUPER BAGNIERES ( PYRENEES )\nLes deux grands rivaux et amis \u00e0 gauche Gindre robert champion du 18 km et Jacomis alfred champion du 33 km . \n\t\t\t\t<\/figcaption><\/figure><figure class='gallery-item'>\n\t\t\t<div class='gallery-icon landscape'>\n\t\t\t\t<a href='https:\/\/outsiderland.com\/Roger-Delcros\/?attachment_id=312'><img loading=\"lazy\" decoding=\"async\" width=\"150\" height=\"150\" src=\"https:\/\/outsiderland.com\/Roger-Delcros\/wp-content\/uploads\/2015\/06\/SM0_1-M-1442-11-150x150.jpg\" class=\"attachment-thumbnail size-thumbnail\" alt=\"\" aria-describedby=\"gallery-2-312\" \/><\/a>\n\t\t\t<\/div>\n\t\t\t\t<figcaption class='wp-caption-text gallery-caption' id='gallery-2-312'>\n\t\t\t\tC\u00e9r\u00e9monie de cl\u00f4ture \u00e0 Chamonix, chpts du monde 1937\n\t\t\t\t<\/figcaption><\/figure><figure class='gallery-item'>\n\t\t\t<div class='gallery-icon portrait'>\n\t\t\t\t<a href='https:\/\/outsiderland.com\/Roger-Delcros\/?attachment_id=311'><img loading=\"lazy\" decoding=\"async\" width=\"150\" height=\"150\" src=\"https:\/\/outsiderland.com\/Roger-Delcros\/wp-content\/uploads\/2015\/06\/57116793cham004-jpg1-150x150.jpg\" class=\"attachment-thumbnail size-thumbnail\" alt=\"\" aria-describedby=\"gallery-2-311\" \/><\/a>\n\t\t\t<\/div>\n\t\t\t\t<figcaption class='wp-caption-text gallery-caption' id='gallery-2-311'>\n\t\t\t\taffiche des chpts du Monde 1937 \u00e0 Chamonix\n\t\t\t\t<\/figcaption><\/figure>\n\t\t<\/div>\n\n<p>L&rsquo;\u00e9preuve de fond de 18 km a vu \u00e0 nouveau la sup\u00e9riorit\u00e9 des pays nordiques. Le d\u00e9part de la course fut donn\u00e9e \u00e0 partir de 9 h ( 70 inscrits ). Lars Bergendahl ( norv\u00e9gien ) domina la course de bout en bout.<\/p>\n<p>En septembre de la m\u00eame ann\u00e9e, nous assistions joyeusement ma femme et moi au mariage de notre champion avec Aim\u00e9e Boutillier ( employ\u00e9e de banque\u00a0 , 29 ans ,\u00a0 domicili\u00e9e \u00e0 Paris ) , dans la petite \u00e9glise de Virargues ( Cantal ). L&rsquo;avenir lui souriait. Qui nous aurait dit ce jour-l\u00e0 que moins de deux mois apr\u00e8s, les cloches argentines, qui avaient joyeusement sonn\u00e9 les \u00e9pousailles nous appelleraient encore, mais bien tristement cette fois. . . C&rsquo;\u00e9tait, h\u00e9las !, pour conduire en terre celle qui n&rsquo; \u00e9tait plus ! A la vieille maison familiale la mort avait frapp\u00e9 durement et en l &lsquo;espace d&rsquo; un an, notre sympathique ami eut la douleur de perdre successivement son p\u00e8re : Pierre , sa premi\u00e8re femme : Aim\u00e9e\u00a0 et sa m\u00e8re : L\u00e9onie. . . Puis-je dire que ses vieux parents, fiers du succ\u00e9s de leur fils, s&rsquo;\u00e9taient peut-\u00eatre us\u00e9s avant l &lsquo;heure en voulant le remplacer dans les travaux ?<\/p>\n<p>Monier-granier son entra\u00eeneur.<\/p>\n<p>En 1938 , Jacomis s&rsquo; entraine dans les Pyr\u00e9n\u00e9es , \u00e0 Cauterets . Mais tr\u00e8s r\u00e9guli\u00e8rement il part pour la journ\u00e9e, de la gare de Toulouse pour L&rsquo; Hospitalet-pr\u00e8s-l&rsquo;Andorre 1429 m ( Ari\u00e8ge ) puis chausse ses skis et monte au Pas de Case 2085 ( Andorre ) m puis au coll Blanc 2528 m .\u00a0 \u00a0Il devient Champion de ce Comit\u00e9 en fond et Grand Fond . Il participe \u00e9galement aux \u00e9preuves de Sauts , ce qui lui vaut une deuxi\u00e8me place au Combin\u00e9 ( fond et saut ) . Pour son malheur il lui prendra fantaisie de participer \u00e0 la course de descente . Il s&rsquo;y tordra la cheville . Pour Jacomis la saison qui aurait sans doute \u00e9t\u00e9 la plus brillante s&rsquo; achevait pr\u00e9matur\u00e9ment . Adieu les Championnats du Monde<\/p>\n<p>Quant aux Championnats de France de 1938 des fartages d\u00e9fectueux valurent \u00e0 Jacomis et \u00e0 Gindre une dure d\u00e9faite.<\/p>\n<p>Nous arrivons enfin \u00e0 l&rsquo; apoth\u00e9ose tardive de 1939 ann\u00e9e durant laquelle Jacomis participa aux 28\u00e8me Championnats de France \u00e0 Luchon Superbagn\u00e9res et devint Champion de France de grand fond en effectuant les 32 km en 2 h23&rsquo;57\u00a0\u00bb, avec 2&rsquo;23\u00a0\u00bb d&rsquo; avance sur Gindre\u00a0 . Le <em>D\u00e9mocrate<\/em> du 18 mars 1939 rapporte ces paroles de Jacomis : \u00ab\u00a0<em>Je ne me suis jamais senti aussi en forme. Par ailleurs, j &lsquo;ai parfaitement r\u00e9ussi mon fartage, chose primordiale, et enfin, j ai pu me servir pour la premi\u00e8re fois aujourd&rsquo;hui d&rsquo; une excellente paire de skis dont les ar\u00eates en fibres m&rsquo;ont permis de marcher sans fatigue<\/em>\u00ab\u00a0. Pour Jacomis, la gloire, il ne l&rsquo;obtient pas gr\u00e2ce \u00e0 sa volont\u00e9 et \u00e0 son entra\u00eenement mais gr\u00e2ce \u00e0 ses skis et son fartage : la modestie ne l&rsquo; a jamais quitt\u00e9.<\/p>\n<p>Alfred est \u00e9galement Vice-Champion de France de ski de fond ,\u00a0 sur le 18 km derri\u00e8re Gindre .<\/p>\n<p>Son entra\u00eeneur ( Monier-granier )\u00a0 , d\u00e9clara le jour du titre. Ce jour est le plus beau\u00a0 de ma vie sportive.<\/p>\n<p>En 1941 , Alfred participe aux Championnats de France de ski de fond \u00e0 Superbagni\u00e8res et termine 4 \u00e8me sur une distance de 14 km 500 .<\/p>\n<p>En 1942 le 12 D\u00e9cembre \u00e0 Lab\u00e8ge , Alfred \u00e9pouse Reine Justine Boudes .( C&rsquo;est son deuxi\u00e8me mariage ) . Malheureusement , Reine d\u00e9c\u00e9dera bien trop t\u00f4t\u00a0 \u00e0 l&rsquo;\u00e2ge de 49 ans .<\/p>\n<p>La guerre viendra malheureusement interrompre une carri\u00e8re qui aurait pu \u00eatre plus belle encore. . Malgr\u00e9 tout , Alfred participe aux 25 \u00e9me Championnats de France \u00e0 Superbagn\u00e8res en <strong>1948 , \u00e0 l&rsquo; \u00e2ge de 38 ans et il termine \u00e0 la 15 \u00e9me place .<\/strong><\/p>\n<p><img loading=\"lazy\" decoding=\"async\" class=\"wp-image-2865 aligncenter\" src=\"https:\/\/outsiderland.com\/Roger-Delcros\/wp-content\/uploads\/2019\/08\/20190815_143930-239x300.jpg\" alt=\"\" width=\"271\" height=\"340\" srcset=\"https:\/\/outsiderland.com\/Roger-Delcros\/wp-content\/uploads\/2019\/08\/20190815_143930-239x300.jpg 239w, https:\/\/outsiderland.com\/Roger-Delcros\/wp-content\/uploads\/2019\/08\/20190815_143930-768x962.jpg 768w, https:\/\/outsiderland.com\/Roger-Delcros\/wp-content\/uploads\/2019\/08\/20190815_143930-817x1024.jpg 817w, https:\/\/outsiderland.com\/Roger-Delcros\/wp-content\/uploads\/2019\/08\/20190815_143930-720x902.jpg 720w, https:\/\/outsiderland.com\/Roger-Delcros\/wp-content\/uploads\/2019\/08\/20190815_143930-179x224.jpg 179w, https:\/\/outsiderland.com\/Roger-Delcros\/wp-content\/uploads\/2019\/08\/20190815_143930-415x520.jpg 415w, https:\/\/outsiderland.com\/Roger-Delcros\/wp-content\/uploads\/2019\/08\/20190815_143930-1140x1428.jpg 1140w\" sizes=\"auto, (max-width: 271px) 100vw, 271px\" \/><\/p>\n<figure id=\"attachment_2867\" aria-describedby=\"caption-attachment-2867\" style=\"width: 533px\" class=\"wp-caption alignnone\"><img loading=\"lazy\" decoding=\"async\" class=\"wp-image-2867 size-medium\" src=\"https:\/\/outsiderland.com\/Roger-Delcros\/wp-content\/uploads\/2019\/08\/20190812_183000-533x300.jpg\" alt=\"\" width=\"533\" height=\"300\" srcset=\"https:\/\/outsiderland.com\/Roger-Delcros\/wp-content\/uploads\/2019\/08\/20190812_183000-533x300.jpg 533w, https:\/\/outsiderland.com\/Roger-Delcros\/wp-content\/uploads\/2019\/08\/20190812_183000-768x432.jpg 768w, https:\/\/outsiderland.com\/Roger-Delcros\/wp-content\/uploads\/2019\/08\/20190812_183000-1024x576.jpg 1024w, https:\/\/outsiderland.com\/Roger-Delcros\/wp-content\/uploads\/2019\/08\/20190812_183000-720x405.jpg 720w, https:\/\/outsiderland.com\/Roger-Delcros\/wp-content\/uploads\/2019\/08\/20190812_183000-224x126.jpg 224w, https:\/\/outsiderland.com\/Roger-Delcros\/wp-content\/uploads\/2019\/08\/20190812_183000-924x520.jpg 924w, https:\/\/outsiderland.com\/Roger-Delcros\/wp-content\/uploads\/2019\/08\/20190812_183000-1140x641.jpg 1140w\" sizes=\"auto, (max-width: 533px) 100vw, 533px\" \/><figcaption id=\"caption-attachment-2867\" class=\"wp-caption-text\">A gauche , la coupe du titre de Champion de France de ski de fond 1939 .<\/figcaption><\/figure>\n<p><img loading=\"lazy\" decoding=\"async\" class=\"alignnone size-medium wp-image-2869\" src=\"https:\/\/outsiderland.com\/Roger-Delcros\/wp-content\/uploads\/2019\/08\/20190812_182647-533x300.jpg\" alt=\"\" width=\"533\" height=\"300\" srcset=\"https:\/\/outsiderland.com\/Roger-Delcros\/wp-content\/uploads\/2019\/08\/20190812_182647-533x300.jpg 533w, https:\/\/outsiderland.com\/Roger-Delcros\/wp-content\/uploads\/2019\/08\/20190812_182647-768x432.jpg 768w, https:\/\/outsiderland.com\/Roger-Delcros\/wp-content\/uploads\/2019\/08\/20190812_182647-1024x576.jpg 1024w, https:\/\/outsiderland.com\/Roger-Delcros\/wp-content\/uploads\/2019\/08\/20190812_182647-720x405.jpg 720w, https:\/\/outsiderland.com\/Roger-Delcros\/wp-content\/uploads\/2019\/08\/20190812_182647-224x126.jpg 224w, https:\/\/outsiderland.com\/Roger-Delcros\/wp-content\/uploads\/2019\/08\/20190812_182647-924x520.jpg 924w, https:\/\/outsiderland.com\/Roger-Delcros\/wp-content\/uploads\/2019\/08\/20190812_182647-1140x641.jpg 1140w\" sizes=\"auto, (max-width: 533px) 100vw, 533px\" \/><\/p>\n<figure id=\"attachment_3051\" aria-describedby=\"caption-attachment-3051\" style=\"width: 366px\" class=\"wp-caption alignnone\"><img loading=\"lazy\" decoding=\"async\" class=\"wp-image-3051 size-medium\" src=\"https:\/\/outsiderland.com\/Roger-Delcros\/wp-content\/uploads\/2019\/11\/20191101_142902-366x300.jpg\" alt=\"\" width=\"366\" height=\"300\" srcset=\"https:\/\/outsiderland.com\/Roger-Delcros\/wp-content\/uploads\/2019\/11\/20191101_142902-366x300.jpg 366w, https:\/\/outsiderland.com\/Roger-Delcros\/wp-content\/uploads\/2019\/11\/20191101_142902-768x630.jpg 768w, https:\/\/outsiderland.com\/Roger-Delcros\/wp-content\/uploads\/2019\/11\/20191101_142902-1024x840.jpg 1024w, https:\/\/outsiderland.com\/Roger-Delcros\/wp-content\/uploads\/2019\/11\/20191101_142902-720x591.jpg 720w, https:\/\/outsiderland.com\/Roger-Delcros\/wp-content\/uploads\/2019\/11\/20191101_142902-224x184.jpg 224w, https:\/\/outsiderland.com\/Roger-Delcros\/wp-content\/uploads\/2019\/11\/20191101_142902-634x520.jpg 634w, https:\/\/outsiderland.com\/Roger-Delcros\/wp-content\/uploads\/2019\/11\/20191101_142902-1140x935.jpg 1140w\" sizes=\"auto, (max-width: 366px) 100vw, 366px\" \/><figcaption id=\"caption-attachment-3051\" class=\"wp-caption-text\">M\u00e9dailles<\/figcaption><\/figure>\n<figure id=\"attachment_3236\" aria-describedby=\"caption-attachment-3236\" style=\"width: 217px\" class=\"wp-caption aligncenter\"><img loading=\"lazy\" decoding=\"async\" class=\"wp-image-3236 size-medium\" src=\"https:\/\/outsiderland.com\/Roger-Delcros\/wp-content\/uploads\/2020\/03\/20200323_000207-217x300.jpg\" alt=\"\" width=\"217\" height=\"300\" srcset=\"https:\/\/outsiderland.com\/Roger-Delcros\/wp-content\/uploads\/2020\/03\/20200323_000207-217x300.jpg 217w, https:\/\/outsiderland.com\/Roger-Delcros\/wp-content\/uploads\/2020\/03\/20200323_000207-768x1060.jpg 768w, https:\/\/outsiderland.com\/Roger-Delcros\/wp-content\/uploads\/2020\/03\/20200323_000207-742x1024.jpg 742w, https:\/\/outsiderland.com\/Roger-Delcros\/wp-content\/uploads\/2020\/03\/20200323_000207-720x994.jpg 720w, https:\/\/outsiderland.com\/Roger-Delcros\/wp-content\/uploads\/2020\/03\/20200323_000207-162x224.jpg 162w, https:\/\/outsiderland.com\/Roger-Delcros\/wp-content\/uploads\/2020\/03\/20200323_000207-377x520.jpg 377w, https:\/\/outsiderland.com\/Roger-Delcros\/wp-content\/uploads\/2020\/03\/20200323_000207-1140x1573.jpg 1140w\" sizes=\"auto, (max-width: 217px) 100vw, 217px\" \/><figcaption id=\"caption-attachment-3236\" class=\"wp-caption-text\">De gauche \u00e0 droite : Alfred Jacomis , Pierre Jacomis , Marie Jacomis , Louise \u00ab\u00a0L\u00e9onie\u00a0\u00bb Jacomis et Marcel Jacomis \u00e0 Albepierre.<\/figcaption><\/figure>\n<figure id=\"attachment_3228\" aria-describedby=\"caption-attachment-3228\" style=\"width: 208px\" class=\"wp-caption aligncenter\"><img loading=\"lazy\" decoding=\"async\" class=\"wp-image-3228 size-medium\" src=\"https:\/\/outsiderland.com\/Roger-Delcros\/wp-content\/uploads\/2020\/03\/20200322_191914-208x300.jpg\" alt=\"\" width=\"208\" height=\"300\" srcset=\"https:\/\/outsiderland.com\/Roger-Delcros\/wp-content\/uploads\/2020\/03\/20200322_191914-208x300.jpg 208w, https:\/\/outsiderland.com\/Roger-Delcros\/wp-content\/uploads\/2020\/03\/20200322_191914-768x1107.jpg 768w, https:\/\/outsiderland.com\/Roger-Delcros\/wp-content\/uploads\/2020\/03\/20200322_191914-710x1024.jpg 710w, https:\/\/outsiderland.com\/Roger-Delcros\/wp-content\/uploads\/2020\/03\/20200322_191914-720x1038.jpg 720w, https:\/\/outsiderland.com\/Roger-Delcros\/wp-content\/uploads\/2020\/03\/20200322_191914-155x224.jpg 155w, https:\/\/outsiderland.com\/Roger-Delcros\/wp-content\/uploads\/2020\/03\/20200322_191914-361x520.jpg 361w, https:\/\/outsiderland.com\/Roger-Delcros\/wp-content\/uploads\/2020\/03\/20200322_191914-1140x1644.jpg 1140w\" sizes=\"auto, (max-width: 208px) 100vw, 208px\" \/><figcaption id=\"caption-attachment-3228\" class=\"wp-caption-text\">Pierre Henri \u00ab\u00a0Alfred\u00a0\u00bb Jacomis et Reine Justine Jacomis sa deuxi\u00e8me\u00a0 femme ( famille Boudes ) .<\/figcaption><\/figure>\n<figure id=\"attachment_3624\" aria-describedby=\"caption-attachment-3624\" style=\"width: 204px\" class=\"wp-caption alignnone\"><img loading=\"lazy\" decoding=\"async\" class=\"size-medium wp-image-3624\" src=\"https:\/\/outsiderland.com\/Roger-Delcros\/wp-content\/uploads\/2020\/11\/20191107_185840-204x300.jpg\" alt=\"\" width=\"204\" height=\"300\" srcset=\"https:\/\/outsiderland.com\/Roger-Delcros\/wp-content\/uploads\/2020\/11\/20191107_185840-204x300.jpg 204w, https:\/\/outsiderland.com\/Roger-Delcros\/wp-content\/uploads\/2020\/11\/20191107_185840-768x1132.jpg 768w, https:\/\/outsiderland.com\/Roger-Delcros\/wp-content\/uploads\/2020\/11\/20191107_185840-695x1024.jpg 695w, https:\/\/outsiderland.com\/Roger-Delcros\/wp-content\/uploads\/2020\/11\/20191107_185840-720x1061.jpg 720w, https:\/\/outsiderland.com\/Roger-Delcros\/wp-content\/uploads\/2020\/11\/20191107_185840-152x224.jpg 152w, https:\/\/outsiderland.com\/Roger-Delcros\/wp-content\/uploads\/2020\/11\/20191107_185840-353x520.jpg 353w, https:\/\/outsiderland.com\/Roger-Delcros\/wp-content\/uploads\/2020\/11\/20191107_185840-1140x1680.jpg 1140w, https:\/\/outsiderland.com\/Roger-Delcros\/wp-content\/uploads\/2020\/11\/20191107_185840.jpg 1749w\" sizes=\"auto, (max-width: 204px) 100vw, 204px\" \/><figcaption id=\"caption-attachment-3624\" class=\"wp-caption-text\">De gauche \u00e0 droite : Mich\u00e8le Jacomis, Michel et Jean-Pierre Jacomis fils d&rsquo; Alfred et de Reine\u00a0 Justine et devant Alain Chavignier.<\/figcaption><\/figure>\n<figure id=\"attachment_3627\" aria-describedby=\"caption-attachment-3627\" style=\"width: 202px\" class=\"wp-caption alignright\"><img loading=\"lazy\" decoding=\"async\" class=\"wp-image-3627 size-medium\" src=\"https:\/\/outsiderland.com\/Roger-Delcros\/wp-content\/uploads\/2020\/11\/20201112_101516-202x300.jpg\" alt=\"\" width=\"202\" height=\"300\" srcset=\"https:\/\/outsiderland.com\/Roger-Delcros\/wp-content\/uploads\/2020\/11\/20201112_101516-202x300.jpg 202w, https:\/\/outsiderland.com\/Roger-Delcros\/wp-content\/uploads\/2020\/11\/20201112_101516-768x1142.jpg 768w, https:\/\/outsiderland.com\/Roger-Delcros\/wp-content\/uploads\/2020\/11\/20201112_101516-688x1024.jpg 688w, https:\/\/outsiderland.com\/Roger-Delcros\/wp-content\/uploads\/2020\/11\/20201112_101516-720x1071.jpg 720w, https:\/\/outsiderland.com\/Roger-Delcros\/wp-content\/uploads\/2020\/11\/20201112_101516-151x224.jpg 151w, https:\/\/outsiderland.com\/Roger-Delcros\/wp-content\/uploads\/2020\/11\/20201112_101516-350x520.jpg 350w, https:\/\/outsiderland.com\/Roger-Delcros\/wp-content\/uploads\/2020\/11\/20201112_101516-1140x1696.jpg 1140w, https:\/\/outsiderland.com\/Roger-Delcros\/wp-content\/uploads\/2020\/11\/20201112_101516.jpg 1889w\" sizes=\"auto, (max-width: 202px) 100vw, 202px\" \/><figcaption id=\"caption-attachment-3627\" class=\"wp-caption-text\">Lucienne Jacomis ( la plus grande ) et de gauche \u00e0 droite : Alain Chavignier, Jean-Pierre Jacomis , Mich\u00e8le Jacomis et Michel Jacomis \u00e0 la maison d&rsquo;Albepierre.<\/figcaption><\/figure>\n<figure id=\"attachment_3230\" aria-describedby=\"caption-attachment-3230\" style=\"width: 447px\" class=\"wp-caption alignnone\"><img loading=\"lazy\" decoding=\"async\" class=\"wp-image-3230 size-medium\" src=\"https:\/\/outsiderland.com\/Roger-Delcros\/wp-content\/uploads\/2020\/03\/20200322_194133-447x300.jpg\" alt=\"\" width=\"447\" height=\"300\" srcset=\"https:\/\/outsiderland.com\/Roger-Delcros\/wp-content\/uploads\/2020\/03\/20200322_194133-447x300.jpg 447w, https:\/\/outsiderland.com\/Roger-Delcros\/wp-content\/uploads\/2020\/03\/20200322_194133-768x515.jpg 768w, https:\/\/outsiderland.com\/Roger-Delcros\/wp-content\/uploads\/2020\/03\/20200322_194133-1024x687.jpg 1024w, https:\/\/outsiderland.com\/Roger-Delcros\/wp-content\/uploads\/2020\/03\/20200322_194133-720x483.jpg 720w, https:\/\/outsiderland.com\/Roger-Delcros\/wp-content\/uploads\/2020\/03\/20200322_194133-224x150.jpg 224w, https:\/\/outsiderland.com\/Roger-Delcros\/wp-content\/uploads\/2020\/03\/20200322_194133-775x520.jpg 775w, https:\/\/outsiderland.com\/Roger-Delcros\/wp-content\/uploads\/2020\/03\/20200322_194133-1140x764.jpg 1140w\" sizes=\"auto, (max-width: 447px) 100vw, 447px\" \/><figcaption id=\"caption-attachment-3230\" class=\"wp-caption-text\">De gauche \u00e0 droite : Alfred Jacomis , Michel Jacomis , Jean-Pierre Jacomis et un ami .<\/figcaption><\/figure>\n<p>Mon grand oncle s&rsquo;est \u00e9teint en 2004 \u00e0 l&rsquo; \u00e2ge de 94 ans \u00e0 Lab\u00e9ge 31254 .<\/p>\n<p>* Jean-Pierre Jacomis 1828\/1900 et Catherine Delpirou 1837\/1903 ( la Mol\u00e8de\u00a0 ) \u00e9taient les grands parents paternels d&rsquo;Alfred, Marcel et Marie .<\/p>\n<figure id=\"attachment_4293\" aria-describedby=\"caption-attachment-4293\" style=\"width: 400px\" class=\"wp-caption alignnone\"><img loading=\"lazy\" decoding=\"async\" class=\"wp-image-4293 size-medium\" src=\"https:\/\/outsiderland.com\/Roger-Delcros\/wp-content\/uploads\/2022\/11\/20221110_122209-400x300.jpg\" alt=\"\" width=\"400\" height=\"300\" srcset=\"https:\/\/outsiderland.com\/Roger-Delcros\/wp-content\/uploads\/2022\/11\/20221110_122209-400x300.jpg 400w, https:\/\/outsiderland.com\/Roger-Delcros\/wp-content\/uploads\/2022\/11\/20221110_122209-1024x768.jpg 1024w, https:\/\/outsiderland.com\/Roger-Delcros\/wp-content\/uploads\/2022\/11\/20221110_122209-768x576.jpg 768w, https:\/\/outsiderland.com\/Roger-Delcros\/wp-content\/uploads\/2022\/11\/20221110_122209-1536x1152.jpg 1536w, https:\/\/outsiderland.com\/Roger-Delcros\/wp-content\/uploads\/2022\/11\/20221110_122209-2048x1536.jpg 2048w, https:\/\/outsiderland.com\/Roger-Delcros\/wp-content\/uploads\/2022\/11\/20221110_122209-720x540.jpg 720w, https:\/\/outsiderland.com\/Roger-Delcros\/wp-content\/uploads\/2022\/11\/20221110_122209-224x168.jpg 224w, https:\/\/outsiderland.com\/Roger-Delcros\/wp-content\/uploads\/2022\/11\/20221110_122209-693x520.jpg 693w, https:\/\/outsiderland.com\/Roger-Delcros\/wp-content\/uploads\/2022\/11\/20221110_122209-1140x855.jpg 1140w\" sizes=\"auto, (max-width: 400px) 100vw, 400px\" \/><figcaption id=\"caption-attachment-4293\" class=\"wp-caption-text\">Autrefois , la famille Jacomis habitait cette maison \u00e0 la Mol\u00e8de .<\/figcaption><\/figure>\n<p>* Guillaume Boyer 1826\/1903 et Catherine Charbonnel n\u00e9e vers 1843\/1903 ( Albepierre ) , grands-parents maternels d&rsquo; Alfred.<\/p>\n<p>* Pierre Jacomis ( p\u00e8re de Marcel , Marie et Alfred ) est n\u00e9 le 4 octobre 1873 \u00e0 la Mol\u00e8de et il d\u00e9c\u00e8de en 1937 \u00e0 Albepierre<\/p>\n<p>* Louise \u00ab\u00a0L\u00e9onie\u00a0\u00bb Boyer , n\u00e9e le 16 octobre 1874 \u00e0 Albepierre. Elle \u00e9pouse Pierre Jacomis le 13 juin 1903 \u00e0 Albepierre.Elle meurt en 1937 \u00e0 Albepierre.<\/p>\n<p>* Marcel Guillaume Chazeau Jacomis est n\u00e9 le 30 avril 1905 et il d\u00e9c\u00e8de\u00a0 le 18 mars 1996 . Marcel est enterr\u00e9 \u00e0 Albepierre\u00a0<\/p>\n<p>* Marie Jacomis est n\u00e9e le 11 mai 1906 , elle se marie le 25 Janvier 1937 \u00e0 Albepierre\u00a0 , avec\u00a0 Henri Louis Farradesche et elle d\u00e9c\u00e8de le 31 Janvier 1997 \u00e0 Gerzat dans le Puy de D\u00f4me.<\/p>\n<p>*Antoinette Juliette Germaine Lh\u00e9ritier , n\u00e9e le 3 juillet 1909 \u00e0 Entraygues sur Truy\u00e8re\u00a0 ( Aveyron ) . Elle a \u00e9pous\u00e9e le 5 juin 1934 \u00e0 Paris 14 \u00e8me\u00a0 , Marcel Jacomis . Juliette est d\u00e9c\u00e9d\u00e9e le 21 f\u00e9vrier 1995 \u00e0 Murat. Juliette est enterr\u00e9e \u00e0 Albepierre.\u00a0<\/p>\n<p>* Aim\u00e9e Boutillier , employ\u00e9e de banque , n\u00e9e le 25 novembre 1907 et domicili\u00e9e \u00e0 Paris\u00a0 . Fille de Henri Joseph Rapha\u00ebl Boutillier mort pour la France et de L\u00e9ontine Ginioux domicili\u00e9e \u00e0 Auxillac Commune de Virargues , Cantal. Ils se sont mari\u00e9s le 28 septembre en 1937 \u00e0 Virargues. Elle d\u00e9c\u00e9dera la m\u00eame ann\u00e9e \u00e0 l&rsquo;\u00e2ge de 29 ans. Aim\u00e9e est enterr\u00e9e au cimeti\u00e8re de Virargues.<\/p>\n<p>* Alfred Jacomis \u00e9pouse Reine Justine Boudes originaire de l&rsquo;Aveyron , le 12 d\u00e9cembre 1942 \u00e0 Lab\u00e8ge\u00a0 . Malheureusement Reine d\u00e9c\u00e9dera trop t\u00f4t\u00a0 \u00e0 l&rsquo;\u00e2ge de 49 ans.<\/p>\n<p><img loading=\"lazy\" decoding=\"async\" class=\"alignnone wp-image-3902 size-medium\" src=\"https:\/\/outsiderland.com\/Roger-Delcros\/wp-content\/uploads\/2021\/05\/20200324_225709-195x300.jpg\" alt=\"Alfred et Reine Jacomis\" width=\"195\" height=\"300\" srcset=\"https:\/\/outsiderland.com\/Roger-Delcros\/wp-content\/uploads\/2021\/05\/20200324_225709-195x300.jpg 195w, https:\/\/outsiderland.com\/Roger-Delcros\/wp-content\/uploads\/2021\/05\/20200324_225709-666x1024.jpg 666w, https:\/\/outsiderland.com\/Roger-Delcros\/wp-content\/uploads\/2021\/05\/20200324_225709-768x1181.jpg 768w, https:\/\/outsiderland.com\/Roger-Delcros\/wp-content\/uploads\/2021\/05\/20200324_225709-999x1536.jpg 999w, https:\/\/outsiderland.com\/Roger-Delcros\/wp-content\/uploads\/2021\/05\/20200324_225709-1331x2048.jpg 1331w, https:\/\/outsiderland.com\/Roger-Delcros\/wp-content\/uploads\/2021\/05\/20200324_225709-720x1108.jpg 720w, https:\/\/outsiderland.com\/Roger-Delcros\/wp-content\/uploads\/2021\/05\/20200324_225709-146x224.jpg 146w, https:\/\/outsiderland.com\/Roger-Delcros\/wp-content\/uploads\/2021\/05\/20200324_225709-338x520.jpg 338w, https:\/\/outsiderland.com\/Roger-Delcros\/wp-content\/uploads\/2021\/05\/20200324_225709-1140x1754.jpg 1140w, https:\/\/outsiderland.com\/Roger-Delcros\/wp-content\/uploads\/2021\/05\/20200324_225709-scaled.jpg 1664w\" sizes=\"auto, (max-width: 195px) 100vw, 195px\" \/><\/p>\n<figure id=\"attachment_3242\" aria-describedby=\"caption-attachment-3242\" style=\"width: 258px\" class=\"wp-caption aligncenter\"><img loading=\"lazy\" decoding=\"async\" class=\"wp-image-3242 size-medium\" src=\"https:\/\/outsiderland.com\/Roger-Delcros\/wp-content\/uploads\/2020\/03\/20200323_203347-258x300.jpg\" alt=\"\" width=\"258\" height=\"300\" srcset=\"https:\/\/outsiderland.com\/Roger-Delcros\/wp-content\/uploads\/2020\/03\/20200323_203347-258x300.jpg 258w, https:\/\/outsiderland.com\/Roger-Delcros\/wp-content\/uploads\/2020\/03\/20200323_203347-768x892.jpg 768w, https:\/\/outsiderland.com\/Roger-Delcros\/wp-content\/uploads\/2020\/03\/20200323_203347-881x1024.jpg 881w, https:\/\/outsiderland.com\/Roger-Delcros\/wp-content\/uploads\/2020\/03\/20200323_203347-720x837.jpg 720w, https:\/\/outsiderland.com\/Roger-Delcros\/wp-content\/uploads\/2020\/03\/20200323_203347-193x224.jpg 193w, https:\/\/outsiderland.com\/Roger-Delcros\/wp-content\/uploads\/2020\/03\/20200323_203347-448x520.jpg 448w, https:\/\/outsiderland.com\/Roger-Delcros\/wp-content\/uploads\/2020\/03\/20200323_203347-1140x1325.jpg 1140w\" sizes=\"auto, (max-width: 258px) 100vw, 258px\" \/><figcaption id=\"caption-attachment-3242\" class=\"wp-caption-text\">Debout de gauche \u00e0 droite : * Roger Jacomis , Lucienne Jacomis et Pierrot Jacomis. Marcel Jacomis, Mich\u00e8le Jacomis et Juliette Jacomis \u00e0 Albepierre.<\/figcaption><\/figure>\n<p>* Apr\u00e8s avoir particip\u00e9 \u00e0 une course \u00e0 pied dans la vall\u00e9e de l&rsquo; Alagnon .Roger remonte \u00e0 Albepierre en courant sous une chaleur \u00e9touffante, s&rsquo;arr\u00eate \u00e0 la fontaine proche de l&rsquo;\u00e9glise pour se d\u00e9salt\u00e9rer , puis rentre chez ses parents. Quelques heures apr\u00e8s cette belle journ\u00e9e, Roger d\u00e9c\u00e9dera \u00e0 l&rsquo;\u00e2ge de 18 ans . Il pratiquait la course \u00e0 pied, ski alpin, ski de fond &#8230;<\/p>\n<ul>\n<li>\n<figure id=\"attachment_3935\" aria-describedby=\"caption-attachment-3935\" style=\"width: 187px\" class=\"wp-caption alignnone\"><img loading=\"lazy\" decoding=\"async\" class=\"size-medium wp-image-3935\" src=\"https:\/\/outsiderland.com\/Roger-Delcros\/wp-content\/uploads\/2021\/07\/20210709_091757-187x300.jpg\" alt=\"\" width=\"187\" height=\"300\" srcset=\"https:\/\/outsiderland.com\/Roger-Delcros\/wp-content\/uploads\/2021\/07\/20210709_091757-187x300.jpg 187w, https:\/\/outsiderland.com\/Roger-Delcros\/wp-content\/uploads\/2021\/07\/20210709_091757-638x1024.jpg 638w, https:\/\/outsiderland.com\/Roger-Delcros\/wp-content\/uploads\/2021\/07\/20210709_091757-768x1233.jpg 768w, https:\/\/outsiderland.com\/Roger-Delcros\/wp-content\/uploads\/2021\/07\/20210709_091757-956x1536.jpg 956w, https:\/\/outsiderland.com\/Roger-Delcros\/wp-content\/uploads\/2021\/07\/20210709_091757-1275x2048.jpg 1275w, https:\/\/outsiderland.com\/Roger-Delcros\/wp-content\/uploads\/2021\/07\/20210709_091757-720x1156.jpg 720w, https:\/\/outsiderland.com\/Roger-Delcros\/wp-content\/uploads\/2021\/07\/20210709_091757-139x224.jpg 139w, https:\/\/outsiderland.com\/Roger-Delcros\/wp-content\/uploads\/2021\/07\/20210709_091757-324x520.jpg 324w, https:\/\/outsiderland.com\/Roger-Delcros\/wp-content\/uploads\/2021\/07\/20210709_091757-1140x1831.jpg 1140w, https:\/\/outsiderland.com\/Roger-Delcros\/wp-content\/uploads\/2021\/07\/20210709_091757-scaled.jpg 1594w\" sizes=\"auto, (max-width: 187px) 100vw, 187px\" \/><figcaption id=\"caption-attachment-3935\" class=\"wp-caption-text\">Roger Jacomis<\/figcaption><\/figure>\n<p>\u00a0<\/p>\n<\/li>\n<\/ul>\n<p>* Jean Germain \u00c9mile Marquet n\u00e9 en 1903 \/ 1952 , \u00e9tait un ami de la famille Jacomis. Germain\u00a0 venait garder les vaches de Marcel et Juliette malgr\u00e9 son handicap et sa petite taille.<\/p>\n<p>Collection photos : Roger Delcros et Michel Jacomis<\/p>\n<figure id=\"attachment_3310\" aria-describedby=\"caption-attachment-3310\" style=\"width: 247px\" class=\"wp-caption aligncenter\"><img loading=\"lazy\" decoding=\"async\" class=\"wp-image-3310 size-medium\" src=\"https:\/\/outsiderland.com\/Roger-Delcros\/wp-content\/uploads\/2020\/03\/20200329_171101-247x300.jpg\" alt=\"\" width=\"247\" height=\"300\" srcset=\"https:\/\/outsiderland.com\/Roger-Delcros\/wp-content\/uploads\/2020\/03\/20200329_171101-247x300.jpg 247w, https:\/\/outsiderland.com\/Roger-Delcros\/wp-content\/uploads\/2020\/03\/20200329_171101-768x931.jpg 768w, https:\/\/outsiderland.com\/Roger-Delcros\/wp-content\/uploads\/2020\/03\/20200329_171101-845x1024.jpg 845w, https:\/\/outsiderland.com\/Roger-Delcros\/wp-content\/uploads\/2020\/03\/20200329_171101-720x873.jpg 720w, https:\/\/outsiderland.com\/Roger-Delcros\/wp-content\/uploads\/2020\/03\/20200329_171101-185x224.jpg 185w, https:\/\/outsiderland.com\/Roger-Delcros\/wp-content\/uploads\/2020\/03\/20200329_171101-429x520.jpg 429w, https:\/\/outsiderland.com\/Roger-Delcros\/wp-content\/uploads\/2020\/03\/20200329_171101-1140x1382.jpg 1140w\" sizes=\"auto, (max-width: 247px) 100vw, 247px\" \/><figcaption id=\"caption-attachment-3310\" class=\"wp-caption-text\">Journal : La montagne, le 8 f\u00e9vrier 1980<\/figcaption><\/figure>\n<figure id=\"attachment_3319\" aria-describedby=\"caption-attachment-3319\" style=\"width: 390px\" class=\"wp-caption alignnone\"><img loading=\"lazy\" decoding=\"async\" class=\"wp-image-3319 size-medium\" src=\"https:\/\/outsiderland.com\/Roger-Delcros\/wp-content\/uploads\/2020\/03\/20200330_113802-390x300.jpg\" alt=\"\" width=\"390\" height=\"300\" srcset=\"https:\/\/outsiderland.com\/Roger-Delcros\/wp-content\/uploads\/2020\/03\/20200330_113802-390x300.jpg 390w, https:\/\/outsiderland.com\/Roger-Delcros\/wp-content\/uploads\/2020\/03\/20200330_113802-768x591.jpg 768w, https:\/\/outsiderland.com\/Roger-Delcros\/wp-content\/uploads\/2020\/03\/20200330_113802-1024x788.jpg 1024w, https:\/\/outsiderland.com\/Roger-Delcros\/wp-content\/uploads\/2020\/03\/20200330_113802-720x554.jpg 720w, https:\/\/outsiderland.com\/Roger-Delcros\/wp-content\/uploads\/2020\/03\/20200330_113802-224x172.jpg 224w, https:\/\/outsiderland.com\/Roger-Delcros\/wp-content\/uploads\/2020\/03\/20200330_113802-676x520.jpg 676w, https:\/\/outsiderland.com\/Roger-Delcros\/wp-content\/uploads\/2020\/03\/20200330_113802-1140x877.jpg 1140w\" sizes=\"auto, (max-width: 390px) 100vw, 390px\" \/><figcaption id=\"caption-attachment-3319\" class=\"wp-caption-text\">Dans les ann\u00e9es 1990 , Dominique Baudis ( maire de Toulouse ) invite Alfred pour lui rendre hommage \u00e0 la mairie avec de nombreux invit\u00e9s. Ce f\u00fbt un joli moment de partage pour mon grand oncle.<\/figcaption><\/figure>\n<figure id=\"attachment_3652\" aria-describedby=\"caption-attachment-3652\" style=\"width: 487px\" class=\"wp-caption alignnone\"><img loading=\"lazy\" decoding=\"async\" class=\"size-medium wp-image-3652\" src=\"https:\/\/outsiderland.com\/Roger-Delcros\/wp-content\/uploads\/2020\/11\/20200430_114226-487x300.jpg\" alt=\"\" width=\"487\" height=\"300\" srcset=\"https:\/\/outsiderland.com\/Roger-Delcros\/wp-content\/uploads\/2020\/11\/20200430_114226-487x300.jpg 487w, https:\/\/outsiderland.com\/Roger-Delcros\/wp-content\/uploads\/2020\/11\/20200430_114226-768x473.jpg 768w, https:\/\/outsiderland.com\/Roger-Delcros\/wp-content\/uploads\/2020\/11\/20200430_114226-1024x631.jpg 1024w, https:\/\/outsiderland.com\/Roger-Delcros\/wp-content\/uploads\/2020\/11\/20200430_114226-720x444.jpg 720w, https:\/\/outsiderland.com\/Roger-Delcros\/wp-content\/uploads\/2020\/11\/20200430_114226-224x138.jpg 224w, https:\/\/outsiderland.com\/Roger-Delcros\/wp-content\/uploads\/2020\/11\/20200430_114226-844x520.jpg 844w, https:\/\/outsiderland.com\/Roger-Delcros\/wp-content\/uploads\/2020\/11\/20200430_114226-1140x702.jpg 1140w\" sizes=\"auto, (max-width: 487px) 100vw, 487px\" \/><figcaption id=\"caption-attachment-3652\" class=\"wp-caption-text\">De gauche \u00e0 droite : Alfred , Marie et Marcel Jacomis.<\/figcaption><\/figure>\n<p>Mon Cantal Secret , novembre 2016 : le magazine du journal\u00a0 la Montagne et Bruno-Serge Leroy ,vous propose un sujet\u00a0 sur mon grand-oncle .<\/p>\n<p><img loading=\"lazy\" decoding=\"async\" class=\"wp-image-1844 aligncenter\" src=\"https:\/\/outsiderland.com\/Roger-Delcros\/wp-content\/uploads\/2015\/06\/20170517_123724-206x300.jpg\" alt=\"\" width=\"252\" height=\"367\" srcset=\"https:\/\/outsiderland.com\/Roger-Delcros\/wp-content\/uploads\/2015\/06\/20170517_123724-206x300.jpg 206w, https:\/\/outsiderland.com\/Roger-Delcros\/wp-content\/uploads\/2015\/06\/20170517_123724-768x1118.jpg 768w, https:\/\/outsiderland.com\/Roger-Delcros\/wp-content\/uploads\/2015\/06\/20170517_123724-704x1024.jpg 704w, https:\/\/outsiderland.com\/Roger-Delcros\/wp-content\/uploads\/2015\/06\/20170517_123724-720x1048.jpg 720w, https:\/\/outsiderland.com\/Roger-Delcros\/wp-content\/uploads\/2015\/06\/20170517_123724-154x224.jpg 154w, https:\/\/outsiderland.com\/Roger-Delcros\/wp-content\/uploads\/2015\/06\/20170517_123724-357x520.jpg 357w, https:\/\/outsiderland.com\/Roger-Delcros\/wp-content\/uploads\/2015\/06\/20170517_123724-1140x1659.jpg 1140w\" sizes=\"auto, (max-width: 252px) 100vw, 252px\" \/><\/p>\n<figure id=\"attachment_1845\" aria-describedby=\"caption-attachment-1845\" style=\"width: 247px\" class=\"wp-caption aligncenter\"><img loading=\"lazy\" decoding=\"async\" class=\"wp-image-1845\" src=\"https:\/\/outsiderland.com\/Roger-Delcros\/wp-content\/uploads\/2015\/06\/20170517_123851-209x300.jpg\" alt=\"\" width=\"247\" height=\"355\" srcset=\"https:\/\/outsiderland.com\/Roger-Delcros\/wp-content\/uploads\/2015\/06\/20170517_123851-209x300.jpg 209w, https:\/\/outsiderland.com\/Roger-Delcros\/wp-content\/uploads\/2015\/06\/20170517_123851-768x1102.jpg 768w, https:\/\/outsiderland.com\/Roger-Delcros\/wp-content\/uploads\/2015\/06\/20170517_123851-714x1024.jpg 714w, https:\/\/outsiderland.com\/Roger-Delcros\/wp-content\/uploads\/2015\/06\/20170517_123851-720x1033.jpg 720w, https:\/\/outsiderland.com\/Roger-Delcros\/wp-content\/uploads\/2015\/06\/20170517_123851-156x224.jpg 156w, https:\/\/outsiderland.com\/Roger-Delcros\/wp-content\/uploads\/2015\/06\/20170517_123851-363x520.jpg 363w, https:\/\/outsiderland.com\/Roger-Delcros\/wp-content\/uploads\/2015\/06\/20170517_123851-1140x1635.jpg 1140w\" sizes=\"auto, (max-width: 247px) 100vw, 247px\" \/><figcaption id=\"caption-attachment-1845\" class=\"wp-caption-text\">De gauche \u00e0 droite : Alfred Jacomis , Agn\u00e8s Delcros, Roger Delcros , Colette Delcros et Marcel Jacomis \u00e0 Albepierre.<\/figcaption><\/figure>\n\n\n<figure class=\"wp-block-image size-large\"><img loading=\"lazy\" decoding=\"async\" width=\"106\" height=\"158\" src=\"https:\/\/outsiderland.com\/Roger-Delcros\/wp-content\/uploads\/2024\/03\/1000005846.jpg\" alt=\"\" class=\"wp-image-4609\"\/><figcaption>Roger Jacomis en 1951<\/figcaption><\/figure>\n\n\n\n<p><\/p>\n","protected":false},"excerpt":{"rendered":"<p>\u00a0Alfred Jacomis, 3i\u00e8me enfant d&rsquo;une famille de cultivateurs \u00e0 Albepierre . C&rsquo;est peut -\u00eatre parce qu&rsquo;il \u00e9tait le troisi\u00e8me de la famille que ses parents lui firent faire des \u00e9tudes \u00e0 Murat et ensuite \u00e0 l&rsquo;\u00e9cole d&rsquo; agriculture \u00e0 Aurillac. Ces deux ou trois ann\u00e9es pass\u00e9es, c&rsquo;est avec un grand plaisir que le jeune Jacomis [&hellip;]<\/p>\n","protected":false},"author":1,"featured_media":2864,"parent":0,"menu_order":0,"comment_status":"open","ping_status":"open","template":"","meta":{"footnotes":""},"class_list":["post-281","page","type-page","status-publish","has-post-thumbnail","hentry"],"_links":{"self":[{"href":"https:\/\/outsiderland.com\/Roger-Delcros\/index.php?rest_route=\/wp\/v2\/pages\/281","targetHints":{"allow":["GET"]}}],"collection":[{"href":"https:\/\/outsiderland.com\/Roger-Delcros\/index.php?rest_route=\/wp\/v2\/pages"}],"about":[{"href":"https:\/\/outsiderland.com\/Roger-Delcros\/index.php?rest_route=\/wp\/v2\/types\/page"}],"author":[{"embeddable":true,"href":"https:\/\/outsiderland.com\/Roger-Delcros\/index.php?rest_route=\/wp\/v2\/users\/1"}],"replies":[{"embeddable":true,"href":"https:\/\/outsiderland.com\/Roger-Delcros\/index.php?rest_route=%2Fwp%2Fv2%2Fcomments&post=281"}],"version-history":[{"count":130,"href":"https:\/\/outsiderland.com\/Roger-Delcros\/index.php?rest_route=\/wp\/v2\/pages\/281\/revisions"}],"predecessor-version":[{"id":4611,"href":"https:\/\/outsiderland.com\/Roger-Delcros\/index.php?rest_route=\/wp\/v2\/pages\/281\/revisions\/4611"}],"wp:featuredmedia":[{"embeddable":true,"href":"https:\/\/outsiderland.com\/Roger-Delcros\/index.php?rest_route=\/wp\/v2\/media\/2864"}],"wp:attachment":[{"href":"https:\/\/outsiderland.com\/Roger-Delcros\/index.php?rest_route=%2Fwp%2Fv2%2Fmedia&parent=281"}],"curies":[{"name":"wp","href":"https:\/\/api.w.org\/{rel}","templated":true}]}}